{"id":164,"date":"2022-12-17T18:22:33","date_gmt":"2022-12-17T21:22:33","guid":{"rendered":"http:\/\/anuario.fundacionfranciscana.org\/2022\/?page_id=164"},"modified":"2022-12-30T12:58:55","modified_gmt":"2022-12-30T15:58:55","slug":"educacion-2","status":"publish","type":"page","link":"http:\/\/anuario.fundacionfranciscana.org\/2022\/educacion-2\/","title":{"rendered":"Educaci\u00f3n"},"content":{"rendered":"<p>[et_pb_section fb_built=&#8221;1&#8243; disabled_on=&#8221;off|off|off&#8221; _builder_version=&#8221;4.17.4&#8243; _module_preset=&#8221;default&#8221; background_color=&#8221;#6d7f83&#8243; custom_margin=&#8221;||||false|false&#8221; custom_margin_tablet=&#8221;&#8221; custom_margin_phone=&#8221;||||false|false&#8221; custom_margin_last_edited=&#8221;on|phone&#8221; custom_padding=&#8221;20px||0px||false|false&#8221; border_color_all=&#8221;RGBA(255,255,255,0)&#8221; locked=&#8221;off&#8221; global_colors_info=&#8221;{}&#8221;][et_pb_row column_structure=&#8221;1_3,1_3,1_3&#8243; _builder_version=&#8221;4.17.4&#8243; _module_preset=&#8221;default&#8221; width=&#8221;100%&#8221; max_width=&#8221;100%&#8221; custom_margin=&#8221;0px|0px|0px|0px|false|false&#8221; custom_padding=&#8221;0px|0px|0px|0px|false|false&#8221; global_colors_info=&#8221;{}&#8221;][et_pb_column type=&#8221;1_3&#8243; module_class=&#8221;trescolumnas&#8221; _builder_version=&#8221;4.17.4&#8243; _module_preset=&#8221;default&#8221; global_colors_info=&#8221;{}&#8221;][et_pb_image src=&#8221;http:\/\/anuario.fundacionfranciscana.org\/2022\/wp-content\/uploads\/2022\/12\/fundacion-franciscana.png&#8221; title_text=&#8221;fundacion-franciscana&#8221; align=&#8221;center&#8221; _builder_version=&#8221;4.17.4&#8243; _module_preset=&#8221;default&#8221; custom_padding=&#8221;10px||10px||false|false&#8221; global_colors_info=&#8221;{}&#8221;][\/et_pb_image][\/et_pb_column][et_pb_column type=&#8221;1_3&#8243; module_class=&#8221;trescolumnas&#8221; _builder_version=&#8221;4.17.4&#8243; _module_preset=&#8221;default&#8221; global_colors_info=&#8221;{}&#8221;][et_pb_image src=&#8221;http:\/\/anuario.fundacionfranciscana.org\/2022\/wp-content\/uploads\/2022\/12\/volver.png&#8221; title_text=&#8221;volver&#8221; url=&#8221;@ET-DC@eyJkeW5hbWljIjp0cnVlLCJjb250ZW50IjoicG9zdF9saW5rX3VybF9wYWdlIiwic2V0dGluZ3MiOnsicG9zdF9pZCI6IjQwNyJ9fQ==@&#8221; align=&#8221;center&#8221; disabled_on=&#8221;on|on|off&#8221; _builder_version=&#8221;4.17.4&#8243; _dynamic_attributes=&#8221;url&#8221; _module_preset=&#8221;default&#8221; custom_margin=&#8221;||0px||false|false&#8221; custom_padding=&#8221;10px||||false|false&#8221; global_colors_info=&#8221;{}&#8221;][\/et_pb_image][et_pb_image src=&#8221;http:\/\/anuario.fundacionfranciscana.org\/2022\/wp-content\/uploads\/2022\/12\/volver.png&#8221; title_text=&#8221;volver&#8221; url=&#8221;@ET-DC@eyJkeW5hbWljIjp0cnVlLCJjb250ZW50IjoicG9zdF9saW5rX3VybF9wYWdlIiwic2V0dGluZ3MiOnsicG9zdF9pZCI6IjQ3In19@&#8221; align=&#8221;center&#8221; disabled_on=&#8221;off|off|on&#8221; _builder_version=&#8221;4.17.4&#8243; _dynamic_attributes=&#8221;url&#8221; _module_preset=&#8221;default&#8221; custom_padding=&#8221;10px||10px||false|false&#8221; global_colors_info=&#8221;{}&#8221;][\/et_pb_image][\/et_pb_column][et_pb_column type=&#8221;1_3&#8243; module_class=&#8221;trescolumnas&#8221; _builder_version=&#8221;4.17.4&#8243; _module_preset=&#8221;default&#8221; global_colors_info=&#8221;{}&#8221;][et_pb_image src=&#8221;http:\/\/anuario.fundacionfranciscana.org\/2022\/wp-content\/uploads\/2022\/12\/energy.png&#8221; title_text=&#8221;energy&#8221; align=&#8221;center&#8221; _builder_version=&#8221;4.17.4&#8243; _module_preset=&#8221;default&#8221; custom_padding=&#8221;10px||10px||false|false&#8221; global_colors_info=&#8221;{}&#8221;][\/et_pb_image][\/et_pb_column][\/et_pb_row][\/et_pb_section][et_pb_section fb_built=&#8221;1&#8243; disabled_on=&#8221;on|on|off&#8221; _builder_version=&#8221;4.17.4&#8243; _module_preset=&#8221;default&#8221; custom_margin=&#8221;0px||||false|false&#8221; custom_padding=&#8221;0px||0px||false|false&#8221; locked=&#8221;off&#8221; global_colors_info=&#8221;{}&#8221;][et_pb_row column_structure=&#8221;2_5,3_5&#8243; make_equal=&#8221;on&#8221; _builder_version=&#8221;4.17.4&#8243; _module_preset=&#8221;default&#8221; background_color=&#8221;#FFFFFF&#8221; width=&#8221;100%&#8221; max_width=&#8221;100%&#8221; custom_margin=&#8221;0px||0px||false|false&#8221; custom_padding=&#8221;0px|100px|0px||false|false&#8221; global_colors_info=&#8221;{}&#8221;][et_pb_column type=&#8221;2_5&#8243; _builder_version=&#8221;4.17.4&#8243; _module_preset=&#8221;default&#8221; background_color=&#8221;#b3bbbc&#8221; global_colors_info=&#8221;{}&#8221;][et_pb_image src=&#8221;http:\/\/anuario.fundacionfranciscana.org\/2022\/wp-content\/uploads\/2022\/12\/educacion.png&#8221; title_text=&#8221;educacion&#8221; show_bottom_space=&#8221;off&#8221; _builder_version=&#8221;4.17.4&#8243; _module_preset=&#8221;default&#8221; custom_margin=&#8221;50px||||false|false&#8221; custom_padding=&#8221;0px||||false|false&#8221; sticky_position=&#8221;top&#8221; global_colors_info=&#8221;{}&#8221;][\/et_pb_image][\/et_pb_column][et_pb_column type=&#8221;3_5&#8243; _builder_version=&#8221;4.17.4&#8243; _module_preset=&#8221;default&#8221; background_color=&#8221;#FFFFFF&#8221; global_colors_info=&#8221;{}&#8221;][et_pb_image src=&#8221;http:\/\/anuario.fundacionfranciscana.org\/2022\/wp-content\/uploads\/2022\/12\/educacion-titulo.png&#8221; title_text=&#8221;educacion-titulo&#8221; align=&#8221;center&#8221; _builder_version=&#8221;4.17.4&#8243; _module_preset=&#8221;default&#8221; custom_margin=&#8221;50px||-10px||false|false&#8221; custom_padding=&#8221;||||false|false&#8221; locked=&#8221;off&#8221; global_colors_info=&#8221;{}&#8221;][\/et_pb_image][et_pb_image src=&#8221;http:\/\/anuario.fundacionfranciscana.org\/2022\/wp-content\/uploads\/2022\/12\/educacion-linea.png&#8221; title_text=&#8221;educacion-linea&#8221; _builder_version=&#8221;4.17.4&#8243; _module_preset=&#8221;default&#8221; max_width=&#8221;70%&#8221; module_alignment=&#8221;center&#8221; custom_margin=&#8221;20px||10px||false|false&#8221; locked=&#8221;off&#8221; global_colors_info=&#8221;{}&#8221;][\/et_pb_image][et_pb_text _builder_version=&#8221;4.17.4&#8243; _module_preset=&#8221;default&#8221; text_font=&#8221;Gotham Light|500|||||||&#8221; text_text_color=&#8221;#606060&#8243; text_font_size=&#8221;1em&#8221; text_orientation=&#8221;center&#8221; custom_margin=&#8221;20px||20px||false|false&#8221; locked=&#8221;off&#8221; global_colors_info=&#8221;{}&#8221;]<\/p>\n<p>La Educaci\u00f3n es uno de los tres pilares de transformaci\u00f3n social para la Fundaci\u00f3n Franciscana. Para el desarrollo integral de los\/as ni\u00f1os\/as es fundamental un aprendizaje sostenido y sistem\u00e1tico acompa\u00f1ado del juego, la recreaci\u00f3n, la estimulaci\u00f3n y la contenci\u00f3n, propiciando un espacio seguro y saludable.<\/p>\n<p>Por eso dentro del eje de Educaci\u00f3n tambi\u00e9n se encuentran los programas de Alfabetizaci\u00f3n, Estimulaci\u00f3n Temprana, Servicio de Orientaci\u00f3n al Aprendizaje y Juegoteca. Todos ellos trabajan interdisciplinariamente para acompa\u00f1ar a ni\u00f1os\/as de 0 a 14 a\u00f1os de nuestros dos barrios: Lomas de Maril\u00f3 y Ej\u00e9rcito de los Andes.<\/p>\n<p>Esta historia de crecimiento y aprendizaje comienza en el 2007 con los primeros pasos que fue dando la Fundaci\u00f3n en Lomas de Maril\u00f3, <em><strong>\u00bfQuer\u00e9s conocerla?<\/strong><\/em><\/p>\n<p>[\/et_pb_text][et_pb_image src=&#8221;http:\/\/anuario.fundacionfranciscana.org\/2022\/wp-content\/uploads\/2022\/12\/educacion-2007.png&#8221; title_text=&#8221;educacion-2007&#8243; align=&#8221;center&#8221; _builder_version=&#8221;4.17.4&#8243; _module_preset=&#8221;default&#8221; custom_margin=&#8221;0px||0px||false|false&#8221; custom_padding=&#8221;0px||0px||false|false&#8221; locked=&#8221;off&#8221; global_colors_info=&#8221;{}&#8221;][\/et_pb_image][et_pb_text _builder_version=&#8221;4.17.4&#8243; _module_preset=&#8221;default&#8221; text_font=&#8221;Gotham Light|500|||||||&#8221; text_text_color=&#8221;#606060&#8243; text_font_size=&#8221;1em&#8221; text_orientation=&#8221;center&#8221; custom_margin=&#8221;20px||20px||false|false&#8221; custom_padding=&#8221;0px||20px||false|false&#8221; custom_css_main_element=&#8221;display: block&#8221; locked=&#8221;off&#8221; global_colors_info=&#8221;{}&#8221;]<\/p>\n<p><img decoding=\"async\" src=\"http:\/\/anuario.fundacionfranciscana.org\/2022\/wp-content\/uploads\/2022\/12\/educacion-2007-fotos.png\" width=\"50%\" height=\"auto\" alt=\"\" class=\"wp-image-177 alignright size-full\" srcset=\"http:\/\/anuario.fundacionfranciscana.org\/2022\/wp-content\/uploads\/2022\/12\/educacion-2007-fotos.png 400w, http:\/\/anuario.fundacionfranciscana.org\/2022\/wp-content\/uploads\/2022\/12\/educacion-2007-fotos-191x300.png 191w\" sizes=\"(max-width: 400px) 100vw, 400px\" \/>Comienzan los primeros espacios de la Fundaci\u00f3n, uno de ellos el <strong>Apoyo Escolar <\/strong>con 40 chicos\/as divididos\/as en 4 grupos a cargo de una maestra cada uno.<\/p>\n<p>Ese mismo a\u00f1o en agosto nace la <strong>Juegoteca<\/strong> los d\u00edas s\u00e1bados, como un espacio de juego y recreaci\u00f3n para los\/as chicos\/as que ven\u00edan en la semana. Comenz\u00f3 con 5 voluntarios\/as.<\/p>\n<p>[\/et_pb_text][\/et_pb_column][\/et_pb_row][et_pb_row column_structure=&#8221;2_5,3_5&#8243; make_equal=&#8221;on&#8221; _builder_version=&#8221;4.17.4&#8243; _module_preset=&#8221;default&#8221; background_color=&#8221;#FFFFFF&#8221; width=&#8221;100%&#8221; max_width=&#8221;100%&#8221; custom_margin=&#8221;0px||0px||false|false&#8221; custom_padding=&#8221;0px|100px|0px||false|false&#8221; global_colors_info=&#8221;{}&#8221;][et_pb_column type=&#8221;2_5&#8243; _builder_version=&#8221;4.17.4&#8243; _module_preset=&#8221;default&#8221; background_color=&#8221;#b3bbbc&#8221; global_colors_info=&#8221;{}&#8221;][\/et_pb_column][et_pb_column type=&#8221;3_5&#8243; _builder_version=&#8221;4.17.4&#8243; _module_preset=&#8221;default&#8221; background_color=&#8221;#FFFFFF&#8221; global_colors_info=&#8221;{}&#8221;][et_pb_image src=&#8221;http:\/\/anuario.fundacionfranciscana.org\/2022\/wp-content\/uploads\/2022\/12\/educacion-2008.png&#8221; title_text=&#8221;educacion-2008&#8243; align=&#8221;center&#8221; _builder_version=&#8221;4.17.4&#8243; _module_preset=&#8221;default&#8221; custom_margin=&#8221;30px||||false|false&#8221; custom_padding=&#8221;||||false|false&#8221; locked=&#8221;off&#8221; global_colors_info=&#8221;{}&#8221;][\/et_pb_image][et_pb_text _builder_version=&#8221;4.17.4&#8243; _module_preset=&#8221;default&#8221; text_font=&#8221;Gotham Light|500|||||||&#8221; text_text_color=&#8221;#606060&#8243; text_font_size=&#8221;1em&#8221; text_orientation=&#8221;center&#8221; custom_margin=&#8221;20px||20px||false|false&#8221; locked=&#8221;off&#8221; global_colors_info=&#8221;{}&#8221;]<\/p>\n<p><img decoding=\"async\" src=\"http:\/\/anuario.fundacionfranciscana.org\/2022\/wp-content\/uploads\/2022\/12\/educacion-2008-fotos.png\" width=\"50%\" height=\"auto\" alt=\"\" class=\"wp-image-184 alignleft size-full\" srcset=\"http:\/\/anuario.fundacionfranciscana.org\/2022\/wp-content\/uploads\/2022\/12\/educacion-2008-fotos.png 400w, http:\/\/anuario.fundacionfranciscana.org\/2022\/wp-content\/uploads\/2022\/12\/educacion-2008-fotos-185x300.png 185w\" sizes=\"(max-width: 400px) 100vw, 400px\" \/><\/p>\n<p>Luego de la experiencia del primer a\u00f1o, se observ\u00f3 que no era suficiente con ayudar a hacer las tareas de la escuela. La realidad nos ped\u00eda que repensemos nuestra propuesta. Era necesario comenzar con alfabetizaci\u00f3n inicial y as\u00ed nace el <strong>P.A.C.: Programa de Alfabetizaci\u00f3n Complementaria.<\/strong> En este nuevo camino, los\/as chicos\/as comenzaron a ser divididos\/as, ya no por edad y grado en la escuela, sino por nivel de alfabetizaci\u00f3n..<\/p>\n<p><span style=\"font-size: 14px;\">.<\/span><\/p>\n<p>[\/et_pb_text][\/et_pb_column][\/et_pb_row][et_pb_row column_structure=&#8221;2_5,3_5&#8243; make_equal=&#8221;on&#8221; _builder_version=&#8221;4.17.4&#8243; _module_preset=&#8221;default&#8221; background_color=&#8221;#FFFFFF&#8221; width=&#8221;100%&#8221; max_width=&#8221;100%&#8221; custom_margin=&#8221;0px||0px||false|false&#8221; custom_padding=&#8221;0px|100px|0px||false|false&#8221; global_colors_info=&#8221;{}&#8221;][et_pb_column type=&#8221;2_5&#8243; _builder_version=&#8221;4.17.4&#8243; _module_preset=&#8221;default&#8221; background_color=&#8221;#b3bbbc&#8221; global_colors_info=&#8221;{}&#8221;][\/et_pb_column][et_pb_column type=&#8221;3_5&#8243; _builder_version=&#8221;4.17.4&#8243; _module_preset=&#8221;default&#8221; background_color=&#8221;#FFFFFF&#8221; global_colors_info=&#8221;{}&#8221;][et_pb_image src=&#8221;http:\/\/anuario.fundacionfranciscana.org\/2022\/wp-content\/uploads\/2022\/12\/educacion-2011.png&#8221; title_text=&#8221;educacion-2011&#8243; align=&#8221;center&#8221; _builder_version=&#8221;4.17.4&#8243; _module_preset=&#8221;default&#8221; custom_margin=&#8221;30px||||false|false&#8221; custom_padding=&#8221;||||false|false&#8221; locked=&#8221;off&#8221; global_colors_info=&#8221;{}&#8221;][\/et_pb_image][et_pb_text _builder_version=&#8221;4.17.4&#8243; _module_preset=&#8221;default&#8221; text_font=&#8221;Gotham Light|500|||||||&#8221; text_text_color=&#8221;#606060&#8243; text_font_size=&#8221;1em&#8221; text_orientation=&#8221;center&#8221; custom_margin=&#8221;20px||20px||false|false&#8221; locked=&#8221;off&#8221; global_colors_info=&#8221;{}&#8221;]<img decoding=\"async\" src=\"http:\/\/anuario.fundacionfranciscana.org\/2022\/wp-content\/uploads\/2022\/12\/educacion-2011-fotos.png\" width=\"50%\" height=\"auto\" alt=\"\" class=\"wp-image-441 alignright size-full\" srcset=\"http:\/\/anuario.fundacionfranciscana.org\/2022\/wp-content\/uploads\/2022\/12\/educacion-2011-fotos.png 400w, http:\/\/anuario.fundacionfranciscana.org\/2022\/wp-content\/uploads\/2022\/12\/educacion-2011-fotos-211x300.png 211w\" sizes=\"(max-width: 400px) 100vw, 400px\" \/>Continuaba la inquietud sobre la base con la que llegaban los\/as chicos\/as al proceso de alfabetizaci\u00f3n, una base que dificultaba el aprendizaje. Desde esta experiencia se piensa un proyecto para trabajar con la primera infancia y nace el programa de <strong>Estimulaci\u00f3n Temprana<\/strong> con un grupo de ni\u00f1os\/as de 0 a 5 a\u00f1os con sus madres.[\/et_pb_text][\/et_pb_column][\/et_pb_row][et_pb_row column_structure=&#8221;2_5,3_5&#8243; make_equal=&#8221;on&#8221; _builder_version=&#8221;4.17.4&#8243; _module_preset=&#8221;default&#8221; background_color=&#8221;#FFFFFF&#8221; width=&#8221;100%&#8221; max_width=&#8221;100%&#8221; custom_margin=&#8221;0px||0px||false|false&#8221; custom_padding=&#8221;0px|100px|0px||false|false&#8221; global_colors_info=&#8221;{}&#8221;][et_pb_column type=&#8221;2_5&#8243; _builder_version=&#8221;4.17.4&#8243; _module_preset=&#8221;default&#8221; background_color=&#8221;#b3bbbc&#8221; global_colors_info=&#8221;{}&#8221;][\/et_pb_column][et_pb_column type=&#8221;3_5&#8243; _builder_version=&#8221;4.17.4&#8243; _module_preset=&#8221;default&#8221; background_color=&#8221;#FFFFFF&#8221; global_colors_info=&#8221;{}&#8221;][et_pb_image src=&#8221;http:\/\/anuario.fundacionfranciscana.org\/2022\/wp-content\/uploads\/2022\/12\/educacion-2013.png&#8221; title_text=&#8221;educacion-2013&#8243; align=&#8221;center&#8221; _builder_version=&#8221;4.17.4&#8243; _module_preset=&#8221;default&#8221; custom_margin=&#8221;30px||||false|false&#8221; custom_padding=&#8221;||||false|false&#8221; locked=&#8221;off&#8221; global_colors_info=&#8221;{}&#8221;][\/et_pb_image][et_pb_text _builder_version=&#8221;4.17.4&#8243; _module_preset=&#8221;default&#8221; text_font=&#8221;Gotham Light|500|||||||&#8221; text_text_color=&#8221;#606060&#8243; text_font_size=&#8221;1em&#8221; text_orientation=&#8221;center&#8221; custom_margin=&#8221;20px||20px||false|false&#8221; locked=&#8221;off&#8221; global_colors_info=&#8221;{}&#8221;]<img decoding=\"async\" src=\"http:\/\/anuario.fundacionfranciscana.org\/2022\/wp-content\/uploads\/2022\/12\/educacion-2013-fotos.png\" width=\"50%\" height=\"auto\" alt=\"\" class=\"wp-image-206 alignleft size-full\" srcset=\"http:\/\/anuario.fundacionfranciscana.org\/2022\/wp-content\/uploads\/2022\/12\/educacion-2013-fotos.png 400w, http:\/\/anuario.fundacionfranciscana.org\/2022\/wp-content\/uploads\/2022\/12\/educacion-2013-fotos-196x300.png 196w\" sizes=\"(max-width: 400px) 100vw, 400px\" \/>Desde el 2008, siempre contamos con el apoyo de psicopedagogas que se acercaban como voluntarias al espacio. Era muy necesario y enriquecedor trabajar interdisciplinariamente en la alfabetizaci\u00f3n. As\u00ed nos dimos cuenta que se requer\u00eda darle m\u00e1s identidad como espacio y surge el programa <strong>S.O.A.: Servicio de Orientaci\u00f3n del Aprendizaje.<\/strong><\/p>\n<p><span style=\"font-size: 14px;\">.<\/span>[\/et_pb_text][\/et_pb_column][\/et_pb_row][et_pb_row column_structure=&#8221;2_5,3_5&#8243; make_equal=&#8221;on&#8221; _builder_version=&#8221;4.17.4&#8243; _module_preset=&#8221;default&#8221; background_color=&#8221;#FFFFFF&#8221; width=&#8221;100%&#8221; max_width=&#8221;100%&#8221; custom_margin=&#8221;0px||0px||false|false&#8221; custom_padding=&#8221;0px|100px|0px||false|false&#8221; global_colors_info=&#8221;{}&#8221;][et_pb_column type=&#8221;2_5&#8243; _builder_version=&#8221;4.17.4&#8243; _module_preset=&#8221;default&#8221; background_color=&#8221;#b3bbbc&#8221; global_colors_info=&#8221;{}&#8221;][\/et_pb_column][et_pb_column type=&#8221;3_5&#8243; _builder_version=&#8221;4.17.4&#8243; _module_preset=&#8221;default&#8221; background_color=&#8221;#FFFFFF&#8221; global_colors_info=&#8221;{}&#8221;][et_pb_image src=&#8221;http:\/\/anuario.fundacionfranciscana.org\/2022\/wp-content\/uploads\/2022\/12\/educacion-2014.png&#8221; title_text=&#8221;educacion-2014&#8243; align=&#8221;center&#8221; _builder_version=&#8221;4.17.4&#8243; _module_preset=&#8221;default&#8221; custom_margin=&#8221;30px||||false|false&#8221; custom_padding=&#8221;||||false|false&#8221; locked=&#8221;off&#8221; global_colors_info=&#8221;{}&#8221;][\/et_pb_image][et_pb_text _builder_version=&#8221;4.17.4&#8243; _module_preset=&#8221;default&#8221; text_font=&#8221;Gotham Light|500|||||||&#8221; text_text_color=&#8221;#606060&#8243; text_font_size=&#8221;1em&#8221; text_orientation=&#8221;center&#8221; custom_margin=&#8221;20px||20px||false|false&#8221; locked=&#8221;off&#8221; global_colors_info=&#8221;{}&#8221;]<\/p>\n<p><img decoding=\"async\" src=\"http:\/\/anuario.fundacionfranciscana.org\/2022\/wp-content\/uploads\/2022\/12\/educacion-2014-fotos.png\" width=\"50%\" height=\"auto\" alt=\"\" class=\"wp-image-209 alignright size-full\" srcset=\"http:\/\/anuario.fundacionfranciscana.org\/2022\/wp-content\/uploads\/2022\/12\/educacion-2014-fotos.png 400w, http:\/\/anuario.fundacionfranciscana.org\/2022\/wp-content\/uploads\/2022\/12\/educacion-2014-fotos-220x300.png 220w\" sizes=\"(max-width: 400px) 100vw, 400px\" \/>La Fundaci\u00f3n comienza a crecer. En Lomas de Maril\u00f3 se construyen tres aulas y se suma una nueva sede en el barrio <strong>Ej\u00e9rcito de los Andes<\/strong>. All\u00ed ya exist\u00eda hace 25 a\u00f1os Casa del Ni\u00f1o, un proyecto de desarrollo infantil creado y sostenido por vecinos\/as del barrio en el que ni\u00f1os\/as de 3 a 12 a\u00f1os concurren a contraturno del colegio.<\/p>\n<p>[\/et_pb_text][\/et_pb_column][\/et_pb_row][et_pb_row column_structure=&#8221;2_5,3_5&#8243; make_equal=&#8221;on&#8221; _builder_version=&#8221;4.17.4&#8243; _module_preset=&#8221;default&#8221; background_color=&#8221;#FFFFFF&#8221; width=&#8221;100%&#8221; max_width=&#8221;100%&#8221; custom_margin=&#8221;0px||0px||false|false&#8221; custom_padding=&#8221;0px|100px|0px||false|false&#8221; global_colors_info=&#8221;{}&#8221;][et_pb_column type=&#8221;2_5&#8243; _builder_version=&#8221;4.17.4&#8243; _module_preset=&#8221;default&#8221; background_color=&#8221;#b3bbbc&#8221; global_colors_info=&#8221;{}&#8221;][\/et_pb_column][et_pb_column type=&#8221;3_5&#8243; _builder_version=&#8221;4.17.4&#8243; _module_preset=&#8221;default&#8221; background_color=&#8221;#FFFFFF&#8221; global_colors_info=&#8221;{}&#8221;][et_pb_image src=&#8221;http:\/\/anuario.fundacionfranciscana.org\/2022\/wp-content\/uploads\/2022\/12\/educacion-2015.png&#8221; title_text=&#8221;educacion-2015&#8243; align=&#8221;center&#8221; _builder_version=&#8221;4.17.4&#8243; _module_preset=&#8221;default&#8221; custom_margin=&#8221;30px||||false|false&#8221; custom_padding=&#8221;||||false|false&#8221; locked=&#8221;off&#8221; global_colors_info=&#8221;{}&#8221;][\/et_pb_image][et_pb_text _builder_version=&#8221;4.17.4&#8243; _module_preset=&#8221;default&#8221; text_font=&#8221;Gotham Light|500|||||||&#8221; text_text_color=&#8221;#606060&#8243; text_font_size=&#8221;1em&#8221; text_orientation=&#8221;center&#8221; custom_margin=&#8221;20px||20px||false|false&#8221; locked=&#8221;off&#8221; global_colors_info=&#8221;{}&#8221;]<img decoding=\"async\" src=\"http:\/\/anuario.fundacionfranciscana.org\/2022\/wp-content\/uploads\/2022\/12\/educacion-2015-fotos.png\" width=\"50%\" height=\"auto\" alt=\"\" class=\"wp-image-212 alignleft size-full\" srcset=\"http:\/\/anuario.fundacionfranciscana.org\/2022\/wp-content\/uploads\/2022\/12\/educacion-2015-fotos.png 400w, http:\/\/anuario.fundacionfranciscana.org\/2022\/wp-content\/uploads\/2022\/12\/educacion-2015-fotos-220x300.png 220w\" sizes=\"(max-width: 400px) 100vw, 400px\" \/>Comenzamos a trabajar en red con el colegio Santa Ethnea de Bella Vista. Alumnos\/as del colegio volvieron a formar un grupo de Apoyo Escolar. Se acercan una vez a la semana para ayudar a los\/as chicos\/as con las tareas de la escuela.[\/et_pb_text][\/et_pb_column][\/et_pb_row][et_pb_row column_structure=&#8221;2_5,3_5&#8243; make_equal=&#8221;on&#8221; _builder_version=&#8221;4.17.4&#8243; _module_preset=&#8221;default&#8221; background_color=&#8221;#FFFFFF&#8221; width=&#8221;100%&#8221; max_width=&#8221;100%&#8221; custom_margin=&#8221;0px||0px||false|false&#8221; custom_padding=&#8221;0px|100px|0px||false|false&#8221; global_colors_info=&#8221;{}&#8221;][et_pb_column type=&#8221;2_5&#8243; _builder_version=&#8221;4.17.4&#8243; _module_preset=&#8221;default&#8221; background_color=&#8221;#b3bbbc&#8221; global_colors_info=&#8221;{}&#8221;][\/et_pb_column][et_pb_column type=&#8221;3_5&#8243; _builder_version=&#8221;4.17.4&#8243; _module_preset=&#8221;default&#8221; background_color=&#8221;#FFFFFF&#8221; global_colors_info=&#8221;{}&#8221;][et_pb_image src=&#8221;http:\/\/anuario.fundacionfranciscana.org\/2022\/wp-content\/uploads\/2022\/12\/educacion-2017.png&#8221; title_text=&#8221;educacion-2017&#8243; align=&#8221;center&#8221; _builder_version=&#8221;4.17.4&#8243; _module_preset=&#8221;default&#8221; custom_margin=&#8221;30px||||false|false&#8221; custom_padding=&#8221;||||false|false&#8221; locked=&#8221;off&#8221; global_colors_info=&#8221;{}&#8221;][\/et_pb_image][et_pb_text _builder_version=&#8221;4.17.4&#8243; _module_preset=&#8221;default&#8221; text_font=&#8221;Gotham Light|500|||||||&#8221; text_text_color=&#8221;#606060&#8243; text_font_size=&#8221;1em&#8221; text_orientation=&#8221;center&#8221; custom_margin=&#8221;20px||20px||false|false&#8221; locked=&#8221;off&#8221; global_colors_info=&#8221;{}&#8221;]<img decoding=\"async\" src=\"http:\/\/anuario.fundacionfranciscana.org\/2022\/wp-content\/uploads\/2022\/12\/educacion-2017-fotos.png\" width=\"50%\" height=\"auto\" alt=\"\" class=\"wp-image-216 alignright size-full\" srcset=\"http:\/\/anuario.fundacionfranciscana.org\/2022\/wp-content\/uploads\/2022\/12\/educacion-2017-fotos.png 400w, http:\/\/anuario.fundacionfranciscana.org\/2022\/wp-content\/uploads\/2022\/12\/educacion-2017-fotos-220x300.png 220w\" sizes=\"(max-width: 400px) 100vw, 400px\" \/>A los 10 a\u00f1os de la Fundaci\u00f3n, el espacio deja de llamarse PAC. La nueva denominaci\u00f3n es <strong>Programa de Alfabetizaci\u00f3n.<\/strong><\/p>\n<p><strong><img decoding=\"async\" src=\"http:\/\/anuario.fundacionfranciscana.org\/2022\/wp-content\/uploads\/2022\/12\/educacion-2017-foto.png\" width=\"45%\" height=\"\" alt=\"\" class=\"wp-image-215 alignnone size-full\" srcset=\"http:\/\/anuario.fundacionfranciscana.org\/2022\/wp-content\/uploads\/2022\/12\/educacion-2017-foto.png 393w, http:\/\/anuario.fundacionfranciscana.org\/2022\/wp-content\/uploads\/2022\/12\/educacion-2017-foto-300x233.png 300w\" sizes=\"(max-width: 393px) 100vw, 393px\" \/><\/strong>[\/et_pb_text][\/et_pb_column][\/et_pb_row][et_pb_row column_structure=&#8221;2_5,3_5&#8243; make_equal=&#8221;on&#8221; _builder_version=&#8221;4.17.4&#8243; _module_preset=&#8221;default&#8221; background_color=&#8221;#FFFFFF&#8221; width=&#8221;100%&#8221; max_width=&#8221;100%&#8221; custom_margin=&#8221;0px||0px||false|false&#8221; custom_padding=&#8221;0px|100px|0px||false|false&#8221; global_colors_info=&#8221;{}&#8221;][et_pb_column type=&#8221;2_5&#8243; _builder_version=&#8221;4.17.4&#8243; _module_preset=&#8221;default&#8221; background_color=&#8221;#b3bbbc&#8221; global_colors_info=&#8221;{}&#8221;][\/et_pb_column][et_pb_column type=&#8221;3_5&#8243; _builder_version=&#8221;4.17.4&#8243; _module_preset=&#8221;default&#8221; background_color=&#8221;#FFFFFF&#8221; global_colors_info=&#8221;{}&#8221;][et_pb_text _builder_version=&#8221;4.17.4&#8243; _module_preset=&#8221;default&#8221; text_font=&#8221;Gotham Light|500|||||||&#8221; text_text_color=&#8221;#606060&#8243; text_font_size=&#8221;0.9em&#8221; text_line_height=&#8221;1.4em&#8221; text_orientation=&#8221;center&#8221; custom_margin=&#8221;40px|-10px|0px|-10px|false|false&#8221; custom_padding=&#8221;10px|10px|10px|10px|false|false&#8221; border_radii=&#8221;on|1px|1px|1px|1px&#8221; border_width_all=&#8221;1px&#8221; border_color_all=&#8221;#9e9e9e&#8221; locked=&#8221;off&#8221; global_colors_info=&#8221;{}&#8221;]<\/p>\n<p>Con el correr de los a\u00f1os, fuimos descubriendo, investigando y poniendo en pr\u00e1ctica diferentes estrategias, herramientas y recursos, siempre con la atenci\u00f3n puesta en las necesidades de los\/as chicos\/as. Algunos de ellos fueron: el recurso \u201c9letras\u201d, la propuesta \u201c<strong>Dale<\/strong>!\u201d (Derecho a leer y escribir), el programa LEE COMPRENSIVAMENTE.<span><a href=\"#_msoanchor_1\"><\/a><\/span><\/p>\n<p>[\/et_pb_text][et_pb_image src=&#8221;http:\/\/anuario.fundacionfranciscana.org\/2022\/wp-content\/uploads\/2022\/12\/educacion-2020.png&#8221; title_text=&#8221;educacion-2020&#8243; align=&#8221;center&#8221; _builder_version=&#8221;4.17.4&#8243; _module_preset=&#8221;default&#8221; custom_margin=&#8221;30px||||false|false&#8221; custom_padding=&#8221;||||false|false&#8221; locked=&#8221;off&#8221; global_colors_info=&#8221;{}&#8221;][\/et_pb_image][et_pb_text _builder_version=&#8221;4.17.4&#8243; _module_preset=&#8221;default&#8221; text_font=&#8221;Gotham Light|500|||||||&#8221; text_text_color=&#8221;#606060&#8243; text_font_size=&#8221;1em&#8221; text_orientation=&#8221;center&#8221; custom_margin=&#8221;20px||20px||false|false&#8221; locked=&#8221;off&#8221; global_colors_info=&#8221;{}&#8221;]<span><img decoding=\"async\" src=\"http:\/\/anuario.fundacionfranciscana.org\/2022\/wp-content\/uploads\/2022\/12\/educacion-2020-fotos.png\" width=\"50%\" height=\"\" alt=\"\" class=\"wp-image-221 alignleft size-full\" srcset=\"http:\/\/anuario.fundacionfranciscana.org\/2022\/wp-content\/uploads\/2022\/12\/educacion-2020-fotos.png 400w, http:\/\/anuario.fundacionfranciscana.org\/2022\/wp-content\/uploads\/2022\/12\/educacion-2020-fotos-220x300.png 220w\" sizes=\"(max-width: 400px) 100vw, 400px\" \/>Con la pandemia, se sostuvieron los encuentros a trav\u00e9s de videollamadas de grupos de 3\/4, ya que era muy dif\u00edcil poder tener encuentros con m\u00e1s participantes. En algunos casos, los encuentros fueron mediante llamadas o mensajes, seg\u00fan la posibilidad de cada familia.<\/span>[\/et_pb_text][\/et_pb_column][\/et_pb_row][et_pb_row column_structure=&#8221;2_5,3_5&#8243; make_equal=&#8221;on&#8221; _builder_version=&#8221;4.17.4&#8243; _module_preset=&#8221;default&#8221; background_color=&#8221;#FFFFFF&#8221; width=&#8221;100%&#8221; max_width=&#8221;100%&#8221; custom_margin=&#8221;0px||0px||false|false&#8221; custom_padding=&#8221;0px|100px|0px||false|false&#8221; global_colors_info=&#8221;{}&#8221;][et_pb_column type=&#8221;2_5&#8243; _builder_version=&#8221;4.17.4&#8243; _module_preset=&#8221;default&#8221; background_color=&#8221;#b3bbbc&#8221; global_colors_info=&#8221;{}&#8221;][\/et_pb_column][et_pb_column type=&#8221;3_5&#8243; _builder_version=&#8221;4.17.4&#8243; _module_preset=&#8221;default&#8221; background_color=&#8221;#FFFFFF&#8221; global_colors_info=&#8221;{}&#8221;][et_pb_image src=&#8221;http:\/\/anuario.fundacionfranciscana.org\/2022\/wp-content\/uploads\/2022\/12\/educacion-2021.png&#8221; title_text=&#8221;educacion-2021&#8243; align=&#8221;center&#8221; _builder_version=&#8221;4.17.4&#8243; _module_preset=&#8221;default&#8221; custom_margin=&#8221;30px||||false|false&#8221; custom_padding=&#8221;||||false|false&#8221; locked=&#8221;off&#8221; global_colors_info=&#8221;{}&#8221;][\/et_pb_image][et_pb_text _builder_version=&#8221;4.17.4&#8243; _module_preset=&#8221;default&#8221; text_font=&#8221;Gotham Light|500|||||||&#8221; text_text_color=&#8221;#606060&#8243; text_font_size=&#8221;1em&#8221; text_orientation=&#8221;center&#8221; custom_margin=&#8221;20px||20px||false|false&#8221; locked=&#8221;off&#8221; global_colors_info=&#8221;{}&#8221;]<span><img decoding=\"async\" src=\"http:\/\/anuario.fundacionfranciscana.org\/2022\/wp-content\/uploads\/2022\/12\/educacion-2021-fotos.png\" width=\"50%\" height=\"\" alt=\"\" class=\"wp-image-224 alignright size-full\" srcset=\"http:\/\/anuario.fundacionfranciscana.org\/2022\/wp-content\/uploads\/2022\/12\/educacion-2021-fotos.png 400w, http:\/\/anuario.fundacionfranciscana.org\/2022\/wp-content\/uploads\/2022\/12\/educacion-2021-fotos-220x300.png 220w\" sizes=\"(max-width: 400px) 100vw, 400px\" \/>Se comenz\u00f3 a probar Glifing, un m\u00e9todo de entrenamiento de la lectura que mejora la velocidad y la comprensi\u00f3n lectora. Luego de capacitaciones y observar buenos resultados, se empez\u00f3 a implementar en todos los grupos y en ambas sedes.<\/span>[\/et_pb_text][\/et_pb_column][\/et_pb_row][et_pb_row column_structure=&#8221;2_5,3_5&#8243; make_equal=&#8221;on&#8221; _builder_version=&#8221;4.17.4&#8243; _module_preset=&#8221;default&#8221; background_color=&#8221;#FFFFFF&#8221; width=&#8221;100%&#8221; max_width=&#8221;100%&#8221; custom_margin=&#8221;0px||0px||false|false&#8221; custom_padding=&#8221;0px|100px|0px||false|false&#8221; global_colors_info=&#8221;{}&#8221;][et_pb_column type=&#8221;2_5&#8243; _builder_version=&#8221;4.17.4&#8243; _module_preset=&#8221;default&#8221; background_color=&#8221;#b3bbbc&#8221; global_colors_info=&#8221;{}&#8221;][\/et_pb_column][et_pb_column type=&#8221;3_5&#8243; _builder_version=&#8221;4.17.4&#8243; _module_preset=&#8221;default&#8221; background_color=&#8221;#FFFFFF&#8221; global_colors_info=&#8221;{}&#8221;][et_pb_image src=&#8221;http:\/\/anuario.fundacionfranciscana.org\/2022\/wp-content\/uploads\/2022\/12\/educacion-2022-1.png&#8221; title_text=&#8221;educacion-2022&#8243; align=&#8221;center&#8221; _builder_version=&#8221;4.17.4&#8243; _module_preset=&#8221;default&#8221; custom_margin=&#8221;30px||||false|false&#8221; custom_padding=&#8221;||||false|false&#8221; locked=&#8221;off&#8221; global_colors_info=&#8221;{}&#8221;][\/et_pb_image][et_pb_text _builder_version=&#8221;4.17.4&#8243; _module_preset=&#8221;default&#8221; text_font=&#8221;Gotham Light|500|||||||&#8221; text_text_color=&#8221;#606060&#8243; text_font_size=&#8221;1em&#8221; text_orientation=&#8221;center&#8221; custom_margin=&#8221;20px||10px||false|false&#8221; locked=&#8221;off&#8221; global_colors_info=&#8221;{}&#8221;]<\/p>\n<p><span><img decoding=\"async\" src=\"http:\/\/anuario.fundacionfranciscana.org\/2022\/wp-content\/uploads\/2022\/12\/educacion-2022-fotos.png\" width=\"50%\" height=\"\" alt=\"\" class=\"wp-image-228 alignleft size-full\" srcset=\"http:\/\/anuario.fundacionfranciscana.org\/2022\/wp-content\/uploads\/2022\/12\/educacion-2022-fotos.png 400w, http:\/\/anuario.fundacionfranciscana.org\/2022\/wp-content\/uploads\/2022\/12\/educacion-2022-fotos-100x300.png 100w, http:\/\/anuario.fundacionfranciscana.org\/2022\/wp-content\/uploads\/2022\/12\/educacion-2022-fotos-341x1024.png 341w\" sizes=\"(max-width: 400px) 100vw, 400px\" \/>3495 ni\u00f1os y ni\u00f1as de 0 a 15 a\u00f1os pasaron por el eje de Educaci\u00f3n, compartiendo espacios de alfabetizaci\u00f3n, contenci\u00f3n, cuidado, juego y recreaci\u00f3n para favorecer su desarrollo integral y saludable. Hoy en ambas sedes contamos con:<\/span><\/p>\n<p>6 grupos de Estimulaci\u00f3n Temprana con ni\u00f1os\/as de 0 a 5 a\u00f1os<br \/><img decoding=\"async\" src=\"http:\/\/anuario.fundacionfranciscana.org\/2022\/wp-content\/uploads\/2022\/12\/educacion-2022-puntos.png\" width=\"45%\" height=\"20\" alt=\"\" class=\"wp-image-230 alignnone size-full\" \/><br \/>6 grupos de Alfabetizaci\u00f3n de 12\/15 chicos\/as de 6 a 12 a\u00f1os<img decoding=\"async\" src=\"http:\/\/anuario.fundacionfranciscana.org\/2022\/wp-content\/uploads\/2022\/12\/educacion-2022-puntos.png\" width=\"45%\" height=\"20\" alt=\"\" class=\"wp-image-230 alignnone size-full\" \/><br \/>2 salas de 2 a 6 a\u00f1os en Casa del Ni\u00f1o<img decoding=\"async\" src=\"http:\/\/anuario.fundacionfranciscana.org\/2022\/wp-content\/uploads\/2022\/12\/educacion-2022-puntos.png\" width=\"45%\" height=\"20\" alt=\"\" class=\"wp-image-230 alignnone size-full\" \/><br \/>1 sala de 6 a 12 a\u00f1os en Casa del Ni\u00f1o<img decoding=\"async\" src=\"http:\/\/anuario.fundacionfranciscana.org\/2022\/wp-content\/uploads\/2022\/12\/educacion-2022-puntos.png\" width=\"45%\" height=\"20\" alt=\"\" class=\"wp-image-230 alignnone size-full\" \/><br \/>1 espacio de Alfabetizaci\u00f3n complementaria para Adolescentes de 12 a 15 a\u00f1os<img decoding=\"async\" src=\"http:\/\/anuario.fundacionfranciscana.org\/2022\/wp-content\/uploads\/2022\/12\/educacion-2022-puntos.png\" width=\"45%\" height=\"20\" alt=\"\" class=\"wp-image-230 alignnone size-full\" \/><br \/>1 grupo de Habilidades Sociales junto con el programa de Psicolog\u00eda<img decoding=\"async\" src=\"http:\/\/anuario.fundacionfranciscana.org\/2022\/wp-content\/uploads\/2022\/12\/educacion-2022-puntos.png\" width=\"45%\" height=\"20\" alt=\"\" class=\"wp-image-230 alignnone size-full\" \/><br \/>3 grupos de Juegoteca<img decoding=\"async\" src=\"http:\/\/anuario.fundacionfranciscana.org\/2022\/wp-content\/uploads\/2022\/12\/educacion-2022-puntos.png\" width=\"45%\" height=\"20\" alt=\"\" class=\"wp-image-230 alignnone size-full\" \/><\/p>\n<p>[\/et_pb_text][\/et_pb_column][\/et_pb_row][et_pb_row column_structure=&#8221;2_5,3_5&#8243; make_equal=&#8221;on&#8221; _builder_version=&#8221;4.17.4&#8243; _module_preset=&#8221;default&#8221; background_color=&#8221;#FFFFFF&#8221; width=&#8221;100%&#8221; max_width=&#8221;100%&#8221; custom_margin=&#8221;0px||0px||false|false&#8221; custom_padding=&#8221;0px|100px|0px||false|false&#8221; global_colors_info=&#8221;{}&#8221;][et_pb_column type=&#8221;2_5&#8243; _builder_version=&#8221;4.17.4&#8243; _module_preset=&#8221;default&#8221; background_color=&#8221;#b3bbbc&#8221; global_colors_info=&#8221;{}&#8221;][\/et_pb_column][et_pb_column type=&#8221;3_5&#8243; _builder_version=&#8221;4.17.4&#8243; _module_preset=&#8221;default&#8221; background_color=&#8221;#FFFFFF&#8221; global_colors_info=&#8221;{}&#8221;][et_pb_image src=&#8221;http:\/\/anuario.fundacionfranciscana.org\/2022\/wp-content\/uploads\/2022\/12\/educacion-2022-puntos-final.png&#8221; title_text=&#8221;educacion-2022-puntos-final&#8221; align=&#8221;center&#8221; _builder_version=&#8221;4.17.4&#8243; _module_preset=&#8221;default&#8221; custom_margin=&#8221;0px||0px||false|false&#8221; custom_padding=&#8221;0px||30px||false|false&#8221; locked=&#8221;off&#8221; global_colors_info=&#8221;{}&#8221;][\/et_pb_image][\/et_pb_column][\/et_pb_row][\/et_pb_section][et_pb_section fb_built=&#8221;1&#8243; _builder_version=&#8221;4.17.4&#8243; _module_preset=&#8221;default&#8221; min_height=&#8221;0px&#8221; height=&#8221;0px&#8221; max_height=&#8221;0px&#8221; custom_margin=&#8221;0px|0px|0px|0px|false|false&#8221; custom_padding=&#8221;0px|0px|0px|0px|false|false&#8221; custom_css_main_element=&#8221;visibility: hidden&#8221; global_colors_info=&#8221;{}&#8221;][et_pb_row _builder_version=&#8221;4.17.4&#8243; _module_preset=&#8221;default&#8221; min_height=&#8221;0px&#8221; height=&#8221;0px&#8221; max_height=&#8221;0px&#8221; custom_margin=&#8221;0px||0px||false|false&#8221; custom_padding=&#8221;0px||0px||false|false&#8221; global_colors_info=&#8221;{}&#8221;][et_pb_column type=&#8221;4_4&#8243; _builder_version=&#8221;4.17.4&#8243; _module_preset=&#8221;default&#8221; custom_padding=&#8221;0px||0px||false|false&#8221; global_colors_info=&#8221;{}&#8221;][et_pb_code _builder_version=&#8221;4.17.4&#8243; _module_preset=&#8221;default&#8221; min_height=&#8221;0px&#8221; height=&#8221;0px&#8221; max_height=&#8221;0px&#8221; global_colors_info=&#8221;{}&#8221;] <\/p>\n<style>.trescolumnas {<!-- [et_pb_line_break_holder] -->display: inline-block; <!-- [et_pb_line_break_holder] -->max-width :33.33%;<!-- [et_pb_line_break_holder] -->} <\/style>\n<p>[\/et_pb_code][\/et_pb_column][\/et_pb_row][\/et_pb_section][et_pb_section fb_built=&#8221;1&#8243; disabled_on=&#8221;off|off|on&#8221; _builder_version=&#8221;4.17.4&#8243; _module_preset=&#8221;default&#8221; background_color=&#8221;#b3bbbc&#8221; custom_margin=&#8221;||||false|false&#8221; custom_padding=&#8221;0px|0px|0px|0px|false|false&#8221; global_colors_info=&#8221;{}&#8221;][et_pb_row _builder_version=&#8221;4.17.4&#8243; _module_preset=&#8221;default&#8221; global_colors_info=&#8221;{}&#8221;][et_pb_column type=&#8221;4_4&#8243; _builder_version=&#8221;4.17.4&#8243; _module_preset=&#8221;default&#8221; custom_padding=&#8221;||||false|false&#8221; global_colors_info=&#8221;{}&#8221;][et_pb_image src=&#8221;http:\/\/anuario.fundacionfranciscana.org\/2022\/wp-content\/uploads\/2022\/12\/educacion.png&#8221; title_text=&#8221;educacion&#8221; show_bottom_space=&#8221;off&#8221; _builder_version=&#8221;4.17.4&#8243; _module_preset=&#8221;default&#8221; custom_margin=&#8221;-20px||||false|false&#8221; custom_padding=&#8221;0px||||false|false&#8221; global_colors_info=&#8221;{}&#8221;][\/et_pb_image][\/et_pb_column][\/et_pb_row][\/et_pb_section][et_pb_section fb_built=&#8221;1&#8243; disabled_on=&#8221;off|off|on&#8221; _builder_version=&#8221;4.17.4&#8243; _module_preset=&#8221;default&#8221; background_color=&#8221;#b3bbbc&#8221; custom_margin=&#8221;||||false|false&#8221; custom_padding=&#8221;0px|20px|0px|20px|false|false&#8221; global_colors_info=&#8221;{}&#8221;][et_pb_row _builder_version=&#8221;4.17.4&#8243; _module_preset=&#8221;default&#8221; background_color=&#8221;#FFFFFF&#8221; width=&#8221;100%&#8221; custom_margin=&#8221;||||false|false&#8221; custom_padding=&#8221;10px|20px|10px|20px|true|true&#8221; global_colors_info=&#8221;{}&#8221;][et_pb_column type=&#8221;4_4&#8243; _builder_version=&#8221;4.17.4&#8243; _module_preset=&#8221;default&#8221; global_colors_info=&#8221;{}&#8221;][et_pb_image src=&#8221;http:\/\/anuario.fundacionfranciscana.org\/2022\/wp-content\/uploads\/2022\/12\/educacion-titulo.png&#8221; title_text=&#8221;educacion-titulo&#8221; align=&#8221;center&#8221; _builder_version=&#8221;4.17.4&#8243; _module_preset=&#8221;default&#8221; custom_margin=&#8221;20px||-10px||false|false&#8221; custom_padding=&#8221;||||false|false&#8221; global_colors_info=&#8221;{}&#8221;][\/et_pb_image][et_pb_image src=&#8221;http:\/\/anuario.fundacionfranciscana.org\/2022\/wp-content\/uploads\/2022\/12\/educacion-linea.png&#8221; title_text=&#8221;educacion-linea&#8221; _builder_version=&#8221;4.17.4&#8243; _module_preset=&#8221;default&#8221; max_width=&#8221;70%&#8221; module_alignment=&#8221;center&#8221; custom_margin=&#8221;20px||10px||false|false&#8221; global_colors_info=&#8221;{}&#8221;][\/et_pb_image][et_pb_text _builder_version=&#8221;4.17.4&#8243; _module_preset=&#8221;default&#8221; text_font=&#8221;Gotham Light|500|||||||&#8221; text_text_color=&#8221;#606060&#8243; text_font_size=&#8221;1em&#8221; text_orientation=&#8221;center&#8221; custom_margin=&#8221;20px||0px||false|false&#8221; custom_padding=&#8221;0px||0px||false|false&#8221; global_colors_info=&#8221;{}&#8221;]<\/p>\n<p>La Educaci\u00f3n es uno de los tres pilares de transformaci\u00f3n social para la Fundaci\u00f3n Franciscana. Para el desarrollo integral de los\/as ni\u00f1os\/as es fundamental un aprendizaje sostenido y sistem\u00e1tico acompa\u00f1ado del juego, la recreaci\u00f3n, la estimulaci\u00f3n y la contenci\u00f3n, propiciando un espacio seguro y saludable.<\/p>\n<p>Por eso dentro del eje de Educaci\u00f3n tambi\u00e9n se encuentran los programas de Alfabetizaci\u00f3n, Estimulaci\u00f3n Temprana, Servicio de Orientaci\u00f3n al Aprendizaje y Juegoteca. Todos ellos trabajan interdisciplinariamente para acompa\u00f1ar a ni\u00f1os\/as de 0 a 14 a\u00f1os de nuestros dos barrios: Lomas de Maril\u00f3 y Ej\u00e9rcito de los Andes.<\/p>\n<p>Esta historia de crecimiento y aprendizaje comienza en el 2007 con los primeros pasos que fue dando la Fundaci\u00f3n en Lomas de Maril\u00f3, <em><strong>\u00bfQuer\u00e9s conocerla?<\/strong><\/em><\/p>\n<p>[\/et_pb_text][\/et_pb_column][\/et_pb_row][\/et_pb_section][et_pb_section fb_built=&#8221;1&#8243; disabled_on=&#8221;off|off|on&#8221; _builder_version=&#8221;4.17.4&#8243; _module_preset=&#8221;default&#8221; background_color=&#8221;#b3bbbc&#8221; custom_margin=&#8221;0px||0px||false|false&#8221; custom_padding=&#8221;0px|20px|0px|20px|false|false&#8221; global_colors_info=&#8221;{}&#8221;][et_pb_row _builder_version=&#8221;4.17.4&#8243; _module_preset=&#8221;default&#8221; background_color=&#8221;#FFFFFF&#8221; width=&#8221;100%&#8221; custom_margin=&#8221;||||false|false&#8221; custom_padding=&#8221;10px|20px|10px|20px|true|true&#8221; global_colors_info=&#8221;{}&#8221;][et_pb_column type=&#8221;4_4&#8243; _builder_version=&#8221;4.17.4&#8243; _module_preset=&#8221;default&#8221; global_colors_info=&#8221;{}&#8221;][et_pb_image src=&#8221;http:\/\/anuario.fundacionfranciscana.org\/2022\/wp-content\/uploads\/2022\/12\/educacion-2007.png&#8221; title_text=&#8221;educacion-2007&#8243; align=&#8221;center&#8221; _builder_version=&#8221;4.17.4&#8243; _module_preset=&#8221;default&#8221; custom_margin=&#8221;0px||||false|false&#8221; custom_padding=&#8221;0px||||false|false&#8221; global_colors_info=&#8221;{}&#8221;][\/et_pb_image][\/et_pb_column][\/et_pb_row][\/et_pb_section][et_pb_section fb_built=&#8221;1&#8243; disabled_on=&#8221;off|off|on&#8221; _builder_version=&#8221;4.17.4&#8243; _module_preset=&#8221;default&#8221; background_color=&#8221;#b3bbbc&#8221; custom_margin=&#8221;0px||0px||false|false&#8221; custom_padding=&#8221;0px|20px|0px|20px|false|false&#8221; global_colors_info=&#8221;{}&#8221;][et_pb_row column_structure=&#8221;1_2,1_2&#8243; _builder_version=&#8221;4.17.4&#8243; _module_preset=&#8221;default&#8221; background_color=&#8221;#FFFFFF&#8221; width=&#8221;100%&#8221; custom_margin=&#8221;0px||||false|false&#8221; custom_padding=&#8221;0px|20px|0px|20px|true|true&#8221; global_colors_info=&#8221;{}&#8221;][et_pb_column type=&#8221;1_2&#8243; module_class=&#8221;doscolumnas&#8221; _builder_version=&#8221;4.17.4&#8243; _module_preset=&#8221;default&#8221; custom_padding=&#8221;0px|0px||0px|false|false&#8221; global_colors_info=&#8221;{}&#8221;][et_pb_text _builder_version=&#8221;4.17.4&#8243; _module_preset=&#8221;default&#8221; text_font=&#8221;Gotham Light|500|||||||&#8221; text_text_color=&#8221;#606060&#8243; text_font_size=&#8221;0.9em&#8221; text_line_height=&#8221;1.4em&#8221; text_orientation=&#8221;center&#8221; custom_margin=&#8221;0px|0px|0px|-10px|false|false&#8221; global_colors_info=&#8221;{}&#8221;]<\/p>\n<p>Comienzan los primeros espacios de la Fundaci\u00f3n, uno de ellos el <strong>Apoyo Escolar <\/strong>con 40 chicos\/as divididos\/as en 4 grupos a cargo de una maestra cada uno.<\/p>\n<p>Ese mismo a\u00f1o en agosto nace la <strong>Juegoteca<\/strong> los d\u00edas s\u00e1bados, como un espacio de juego y recreaci\u00f3n para los\/as chicos\/as que ven\u00edan en la semana. Comenz\u00f3 con 5 voluntarios\/as.<\/p>\n<p>[\/et_pb_text][\/et_pb_column][et_pb_column type=&#8221;1_2&#8243; module_class=&#8221;doscolumnas&#8221; _builder_version=&#8221;4.17.4&#8243; _module_preset=&#8221;default&#8221; custom_padding=&#8221;10px|||10px|false|false&#8221; global_colors_info=&#8221;{}&#8221;][et_pb_image src=&#8221;http:\/\/anuario.fundacionfranciscana.org\/2022\/wp-content\/uploads\/2022\/12\/educacion-2007-fotos.png&#8221; title_text=&#8221;educacion-2007-fotos&#8221; _builder_version=&#8221;4.17.4&#8243; _module_preset=&#8221;default&#8221; global_colors_info=&#8221;{}&#8221;][\/et_pb_image][\/et_pb_column][\/et_pb_row][\/et_pb_section][et_pb_section fb_built=&#8221;1&#8243; disabled_on=&#8221;off|off|on&#8221; _builder_version=&#8221;4.17.4&#8243; _module_preset=&#8221;default&#8221; background_color=&#8221;#b3bbbc&#8221; custom_margin=&#8221;0px||0px||false|false&#8221; custom_padding=&#8221;0px|20px|0px|20px|false|false&#8221; global_colors_info=&#8221;{}&#8221;][et_pb_row _builder_version=&#8221;4.17.4&#8243; _module_preset=&#8221;default&#8221; background_color=&#8221;#FFFFFF&#8221; width=&#8221;100%&#8221; custom_margin=&#8221;||||false|false&#8221; custom_padding=&#8221;10px|20px|10px|20px|true|true&#8221; global_colors_info=&#8221;{}&#8221;][et_pb_column type=&#8221;4_4&#8243; _builder_version=&#8221;4.17.4&#8243; _module_preset=&#8221;default&#8221; global_colors_info=&#8221;{}&#8221;][et_pb_image src=&#8221;http:\/\/anuario.fundacionfranciscana.org\/2022\/wp-content\/uploads\/2022\/12\/educacion-2008.png&#8221; title_text=&#8221;educacion-2008&#8243; align=&#8221;center&#8221; _builder_version=&#8221;4.17.4&#8243; _module_preset=&#8221;default&#8221; custom_margin=&#8221;||||false|false&#8221; custom_padding=&#8221;||||false|false&#8221; global_colors_info=&#8221;{}&#8221;][\/et_pb_image][\/et_pb_column][\/et_pb_row][\/et_pb_section][et_pb_section fb_built=&#8221;1&#8243; disabled_on=&#8221;off|off|on&#8221; _builder_version=&#8221;4.17.4&#8243; _module_preset=&#8221;default&#8221; background_color=&#8221;#b3bbbc&#8221; custom_margin=&#8221;0px||0px||false|false&#8221; custom_padding=&#8221;0px|20px|0px|20px|false|false&#8221; global_colors_info=&#8221;{}&#8221;][et_pb_row column_structure=&#8221;1_2,1_2&#8243; _builder_version=&#8221;4.17.4&#8243; _module_preset=&#8221;default&#8221; background_color=&#8221;#FFFFFF&#8221; width=&#8221;100%&#8221; custom_margin=&#8221;0px||||false|false&#8221; custom_padding=&#8221;0px|20px|0px|20px|true|true&#8221; global_colors_info=&#8221;{}&#8221;][et_pb_column type=&#8221;1_2&#8243; module_class=&#8221;doscolumnas&#8221; _builder_version=&#8221;4.17.4&#8243; _module_preset=&#8221;default&#8221; custom_padding=&#8221;10px|||0px|false|false&#8221; global_colors_info=&#8221;{}&#8221;][et_pb_image src=&#8221;http:\/\/anuario.fundacionfranciscana.org\/2022\/wp-content\/uploads\/2022\/12\/educacion-2008-fotos.png&#8221; title_text=&#8221;educacion-2008-fotos&#8221; _builder_version=&#8221;4.17.4&#8243; _module_preset=&#8221;default&#8221; global_colors_info=&#8221;{}&#8221;][\/et_pb_image][\/et_pb_column][et_pb_column type=&#8221;1_2&#8243; module_class=&#8221;doscolumnas&#8221; _builder_version=&#8221;4.17.4&#8243; _module_preset=&#8221;default&#8221; custom_padding=&#8221;0px|0px||0px|false|false&#8221; global_colors_info=&#8221;{}&#8221;][et_pb_text _builder_version=&#8221;4.17.4&#8243; _module_preset=&#8221;default&#8221; text_font=&#8221;Gotham Light|500|||||||&#8221; text_text_color=&#8221;#606060&#8243; text_font_size=&#8221;0.9em&#8221; text_line_height=&#8221;1.4em&#8221; text_orientation=&#8221;center&#8221; custom_margin=&#8221;0px|-10px|0px|0px|false|false&#8221; hover_enabled=&#8221;0&#8243; global_colors_info=&#8221;{}&#8221; sticky_enabled=&#8221;0&#8243;]<\/p>\n<p>Luego de la experiencia del primer a\u00f1o, se observ\u00f3 que no era suficiente con ayudar a hacer las tareas de la escuela. La realidad nos ped\u00eda que repensemos nuestra propuesta. Era necesario comenzar con alfabetizaci\u00f3n inicial y as\u00ed nace el <strong>P.A.C.: Programa de Alfabetizaci\u00f3n Complementaria.<\/strong> En este nuevo camino, los\/as chicos\/as comenzaron a ser divididos\/as, ya no por edad y grado en la escuela, sino por nivel de alfabetizaci\u00f3n.<\/p>\n<p>[\/et_pb_text][\/et_pb_column][\/et_pb_row][\/et_pb_section][et_pb_section fb_built=&#8221;1&#8243; disabled_on=&#8221;off|off|on&#8221; _builder_version=&#8221;4.17.4&#8243; _module_preset=&#8221;default&#8221; background_color=&#8221;#b3bbbc&#8221; custom_margin=&#8221;0px||0px||false|false&#8221; custom_padding=&#8221;0px|20px|0px|20px|false|false&#8221; global_colors_info=&#8221;{}&#8221;][et_pb_row _builder_version=&#8221;4.17.4&#8243; _module_preset=&#8221;default&#8221; background_color=&#8221;#FFFFFF&#8221; width=&#8221;100%&#8221; custom_margin=&#8221;||||false|false&#8221; custom_padding=&#8221;10px|20px|10px|20px|true|true&#8221; global_colors_info=&#8221;{}&#8221;][et_pb_column type=&#8221;4_4&#8243; _builder_version=&#8221;4.17.4&#8243; _module_preset=&#8221;default&#8221; global_colors_info=&#8221;{}&#8221;][et_pb_image src=&#8221;http:\/\/anuario.fundacionfranciscana.org\/2022\/wp-content\/uploads\/2022\/12\/educacion-2011.png&#8221; title_text=&#8221;educacion-2011&#8243; align=&#8221;center&#8221; _builder_version=&#8221;4.17.4&#8243; _module_preset=&#8221;default&#8221; custom_margin=&#8221;||||false|false&#8221; custom_padding=&#8221;||||false|false&#8221; global_colors_info=&#8221;{}&#8221;][\/et_pb_image][\/et_pb_column][\/et_pb_row][\/et_pb_section][et_pb_section fb_built=&#8221;1&#8243; disabled_on=&#8221;off|off|on&#8221; _builder_version=&#8221;4.17.4&#8243; _module_preset=&#8221;default&#8221; background_color=&#8221;#b3bbbc&#8221; custom_margin=&#8221;0px||0px||false|false&#8221; custom_padding=&#8221;0px|20px|0px|20px|false|false&#8221; global_colors_info=&#8221;{}&#8221;][et_pb_row column_structure=&#8221;1_2,1_2&#8243; _builder_version=&#8221;4.17.4&#8243; _module_preset=&#8221;default&#8221; background_color=&#8221;#FFFFFF&#8221; width=&#8221;100%&#8221; custom_margin=&#8221;0px||||false|false&#8221; custom_padding=&#8221;0px|20px|0px|20px|true|true&#8221; global_colors_info=&#8221;{}&#8221;][et_pb_column type=&#8221;1_2&#8243; module_class=&#8221;doscolumnas&#8221; _builder_version=&#8221;4.17.4&#8243; _module_preset=&#8221;default&#8221; custom_padding=&#8221;0px|0px||0px|false|false&#8221; global_colors_info=&#8221;{}&#8221;][et_pb_text _builder_version=&#8221;4.17.4&#8243; _module_preset=&#8221;default&#8221; text_font=&#8221;Gotham Light|500|||||||&#8221; text_text_color=&#8221;#606060&#8243; text_font_size=&#8221;0.9em&#8221; text_line_height=&#8221;1.4em&#8221; text_orientation=&#8221;center&#8221; custom_margin=&#8221;0px|0px|0px|-10px|false|false&#8221; global_colors_info=&#8221;{}&#8221;]<\/p>\n<p>Continuaba la inquietud sobre la base con la que llegaban los\/as chicos\/as al proceso de alfabetizaci\u00f3n, una base que dificultaba el aprendizaje. Desde esta experiencia se piensa un proyecto para trabajar con la primera infancia y nace el programa de <strong>Estimulaci\u00f3n Temprana<\/strong> con un grupo de ni\u00f1os\/as de 0 a 5 a\u00f1os con sus madres.<\/p>\n<p>[\/et_pb_text][\/et_pb_column][et_pb_column type=&#8221;1_2&#8243; module_class=&#8221;doscolumnas&#8221; _builder_version=&#8221;4.17.4&#8243; _module_preset=&#8221;default&#8221; custom_padding=&#8221;10px|||10px|false|false&#8221; global_colors_info=&#8221;{}&#8221;][et_pb_image src=&#8221;http:\/\/anuario.fundacionfranciscana.org\/2022\/wp-content\/uploads\/2022\/12\/educacion-2011-fotos.png&#8221; title_text=&#8221;educacion-2011-fotos&#8221; _builder_version=&#8221;4.17.4&#8243; _module_preset=&#8221;default&#8221; global_colors_info=&#8221;{}&#8221;][\/et_pb_image][\/et_pb_column][\/et_pb_row][\/et_pb_section][et_pb_section fb_built=&#8221;1&#8243; disabled_on=&#8221;off|off|on&#8221; _builder_version=&#8221;4.17.4&#8243; _module_preset=&#8221;default&#8221; background_color=&#8221;#b3bbbc&#8221; custom_margin=&#8221;0px||0px||false|false&#8221; custom_padding=&#8221;0px|20px|0px|20px|false|false&#8221; global_colors_info=&#8221;{}&#8221;][et_pb_row _builder_version=&#8221;4.17.4&#8243; _module_preset=&#8221;default&#8221; background_color=&#8221;#FFFFFF&#8221; width=&#8221;100%&#8221; custom_margin=&#8221;||||false|false&#8221; custom_padding=&#8221;10px|20px|10px|20px|true|true&#8221; global_colors_info=&#8221;{}&#8221;][et_pb_column type=&#8221;4_4&#8243; _builder_version=&#8221;4.17.4&#8243; _module_preset=&#8221;default&#8221; global_colors_info=&#8221;{}&#8221;][et_pb_image src=&#8221;http:\/\/anuario.fundacionfranciscana.org\/2022\/wp-content\/uploads\/2022\/12\/educacion-2013.png&#8221; title_text=&#8221;educacion-2013&#8243; align=&#8221;center&#8221; _builder_version=&#8221;4.17.4&#8243; _module_preset=&#8221;default&#8221; custom_margin=&#8221;||||false|false&#8221; custom_padding=&#8221;||||false|false&#8221; global_colors_info=&#8221;{}&#8221;][\/et_pb_image][\/et_pb_column][\/et_pb_row][\/et_pb_section][et_pb_section fb_built=&#8221;1&#8243; disabled_on=&#8221;off|off|on&#8221; _builder_version=&#8221;4.17.4&#8243; _module_preset=&#8221;default&#8221; background_color=&#8221;#b3bbbc&#8221; custom_margin=&#8221;0px||0px||false|false&#8221; custom_padding=&#8221;0px|20px|0px|20px|false|false&#8221; global_colors_info=&#8221;{}&#8221;][et_pb_row column_structure=&#8221;1_2,1_2&#8243; _builder_version=&#8221;4.17.4&#8243; _module_preset=&#8221;default&#8221; background_color=&#8221;#FFFFFF&#8221; width=&#8221;100%&#8221; custom_margin=&#8221;0px||||false|false&#8221; custom_padding=&#8221;0px|20px|0px|20px|true|true&#8221; global_colors_info=&#8221;{}&#8221;][et_pb_column type=&#8221;1_2&#8243; module_class=&#8221;doscolumnas&#8221; _builder_version=&#8221;4.17.4&#8243; _module_preset=&#8221;default&#8221; custom_padding=&#8221;10px|||0px|false|false&#8221; global_colors_info=&#8221;{}&#8221;][et_pb_image src=&#8221;http:\/\/anuario.fundacionfranciscana.org\/2022\/wp-content\/uploads\/2022\/12\/educacion-2013-fotos.png&#8221; title_text=&#8221;educacion-2013-fotos&#8221; _builder_version=&#8221;4.17.4&#8243; _module_preset=&#8221;default&#8221; global_colors_info=&#8221;{}&#8221;][\/et_pb_image][\/et_pb_column][et_pb_column type=&#8221;1_2&#8243; module_class=&#8221;doscolumnas&#8221; _builder_version=&#8221;4.17.4&#8243; _module_preset=&#8221;default&#8221; custom_padding=&#8221;0px|0px||0px|false|false&#8221; global_colors_info=&#8221;{}&#8221;][et_pb_text _builder_version=&#8221;4.17.4&#8243; _module_preset=&#8221;default&#8221; text_font=&#8221;Gotham Light|500|||||||&#8221; text_text_color=&#8221;#606060&#8243; text_font_size=&#8221;0.9em&#8221; text_line_height=&#8221;1.4em&#8221; text_orientation=&#8221;center&#8221; custom_margin=&#8221;0px|-10px|0px|0px|false|false&#8221; global_colors_info=&#8221;{}&#8221;]<\/p>\n<p>Desde el 2008, siempre contamos con el apoyo de psicopedagogas que se acercaban como voluntarias al espacio. Era muy necesario y enriquecedor trabajar interdisciplinariamente en la alfabetizaci\u00f3n. As\u00ed nos dimos cuenta que se requer\u00eda darle m\u00e1s identidad como espacio y surge el programa <strong>S.O.A.: Servicio de Orientaci\u00f3n del Aprendizaje.<\/strong><\/p>\n<p>[\/et_pb_text][\/et_pb_column][\/et_pb_row][\/et_pb_section][et_pb_section fb_built=&#8221;1&#8243; disabled_on=&#8221;off|off|on&#8221; _builder_version=&#8221;4.17.4&#8243; _module_preset=&#8221;default&#8221; background_color=&#8221;#b3bbbc&#8221; custom_margin=&#8221;0px||0px||false|false&#8221; custom_padding=&#8221;0px|20px|0px|20px|false|false&#8221; global_colors_info=&#8221;{}&#8221;][et_pb_row _builder_version=&#8221;4.17.4&#8243; _module_preset=&#8221;default&#8221; background_color=&#8221;#FFFFFF&#8221; width=&#8221;100%&#8221; custom_margin=&#8221;||||false|false&#8221; custom_padding=&#8221;10px|20px|10px|20px|true|true&#8221; global_colors_info=&#8221;{}&#8221;][et_pb_column type=&#8221;4_4&#8243; _builder_version=&#8221;4.17.4&#8243; _module_preset=&#8221;default&#8221; global_colors_info=&#8221;{}&#8221;][et_pb_image src=&#8221;http:\/\/anuario.fundacionfranciscana.org\/2022\/wp-content\/uploads\/2022\/12\/educacion-2014.png&#8221; title_text=&#8221;educacion-2014&#8243; align=&#8221;center&#8221; _builder_version=&#8221;4.17.4&#8243; _module_preset=&#8221;default&#8221; custom_margin=&#8221;||||false|false&#8221; custom_padding=&#8221;||||false|false&#8221; global_colors_info=&#8221;{}&#8221;][\/et_pb_image][\/et_pb_column][\/et_pb_row][\/et_pb_section][et_pb_section fb_built=&#8221;1&#8243; disabled_on=&#8221;off|off|on&#8221; _builder_version=&#8221;4.17.4&#8243; _module_preset=&#8221;default&#8221; background_color=&#8221;#b3bbbc&#8221; custom_margin=&#8221;0px||0px||false|false&#8221; custom_padding=&#8221;0px|20px|0px|20px|false|false&#8221; global_colors_info=&#8221;{}&#8221;][et_pb_row column_structure=&#8221;1_2,1_2&#8243; _builder_version=&#8221;4.17.4&#8243; _module_preset=&#8221;default&#8221; background_color=&#8221;#FFFFFF&#8221; width=&#8221;100%&#8221; custom_margin=&#8221;0px||||false|false&#8221; custom_padding=&#8221;0px|20px|0px|20px|true|true&#8221; global_colors_info=&#8221;{}&#8221;][et_pb_column type=&#8221;1_2&#8243; module_class=&#8221;doscolumnas&#8221; _builder_version=&#8221;4.17.4&#8243; _module_preset=&#8221;default&#8221; custom_padding=&#8221;0px|0px||0px|false|false&#8221; global_colors_info=&#8221;{}&#8221;][et_pb_text _builder_version=&#8221;4.17.4&#8243; _module_preset=&#8221;default&#8221; text_font=&#8221;Gotham Light|500|||||||&#8221; text_text_color=&#8221;#606060&#8243; text_font_size=&#8221;0.9em&#8221; text_line_height=&#8221;1.4em&#8221; text_orientation=&#8221;center&#8221; custom_margin=&#8221;0px|0px|0px|-10px|false|false&#8221; global_colors_info=&#8221;{}&#8221;]<\/p>\n<p>La Fundaci\u00f3n comienza a crecer. En Lomas de Maril\u00f3 se construyen tres aulas y se suma una nueva sede en el barrio <strong>Ej\u00e9rcito de los Andes<\/strong>. All\u00ed ya exist\u00eda hace 25 a\u00f1os Casa del Ni\u00f1o, un proyecto de desarrollo infantil creado y sostenido por vecinos\/as del barrio en el que ni\u00f1os\/as de 3 a 12 a\u00f1os concurren a contraturno del colegio.<\/p>\n<p>[\/et_pb_text][\/et_pb_column][et_pb_column type=&#8221;1_2&#8243; module_class=&#8221;doscolumnas&#8221; _builder_version=&#8221;4.17.4&#8243; _module_preset=&#8221;default&#8221; custom_padding=&#8221;10px|||10px|false|false&#8221; global_colors_info=&#8221;{}&#8221;][et_pb_image src=&#8221;http:\/\/anuario.fundacionfranciscana.org\/2022\/wp-content\/uploads\/2022\/12\/educacion-2014-fotos.png&#8221; title_text=&#8221;educacion-2014-fotos&#8221; _builder_version=&#8221;4.17.4&#8243; _module_preset=&#8221;default&#8221; global_colors_info=&#8221;{}&#8221;][\/et_pb_image][\/et_pb_column][\/et_pb_row][\/et_pb_section][et_pb_section fb_built=&#8221;1&#8243; disabled_on=&#8221;off|off|on&#8221; _builder_version=&#8221;4.17.4&#8243; _module_preset=&#8221;default&#8221; background_color=&#8221;#b3bbbc&#8221; custom_margin=&#8221;0px||0px||false|false&#8221; custom_padding=&#8221;0px|20px|0px|20px|false|false&#8221; global_colors_info=&#8221;{}&#8221;][et_pb_row _builder_version=&#8221;4.17.4&#8243; _module_preset=&#8221;default&#8221; background_color=&#8221;#FFFFFF&#8221; width=&#8221;100%&#8221; custom_margin=&#8221;||||false|false&#8221; custom_padding=&#8221;10px|20px|10px|20px|true|true&#8221; global_colors_info=&#8221;{}&#8221;][et_pb_column type=&#8221;4_4&#8243; _builder_version=&#8221;4.17.4&#8243; _module_preset=&#8221;default&#8221; global_colors_info=&#8221;{}&#8221;][et_pb_image src=&#8221;http:\/\/anuario.fundacionfranciscana.org\/2022\/wp-content\/uploads\/2022\/12\/educacion-2015.png&#8221; title_text=&#8221;educacion-2015&#8243; align=&#8221;center&#8221; _builder_version=&#8221;4.17.4&#8243; _module_preset=&#8221;default&#8221; custom_margin=&#8221;||||false|false&#8221; custom_padding=&#8221;||||false|false&#8221; global_colors_info=&#8221;{}&#8221;][\/et_pb_image][\/et_pb_column][\/et_pb_row][\/et_pb_section][et_pb_section fb_built=&#8221;1&#8243; disabled_on=&#8221;off|off|on&#8221; _builder_version=&#8221;4.17.4&#8243; _module_preset=&#8221;default&#8221; background_color=&#8221;#b3bbbc&#8221; custom_margin=&#8221;0px||0px||false|false&#8221; custom_padding=&#8221;0px|20px|0px|20px|false|false&#8221; global_colors_info=&#8221;{}&#8221;][et_pb_row column_structure=&#8221;1_2,1_2&#8243; _builder_version=&#8221;4.17.4&#8243; _module_preset=&#8221;default&#8221; background_color=&#8221;#FFFFFF&#8221; width=&#8221;100%&#8221; custom_margin=&#8221;0px||||false|false&#8221; custom_padding=&#8221;0px|20px|0px|20px|true|true&#8221; global_colors_info=&#8221;{}&#8221;][et_pb_column type=&#8221;1_2&#8243; module_class=&#8221;doscolumnas&#8221; _builder_version=&#8221;4.17.4&#8243; _module_preset=&#8221;default&#8221; custom_padding=&#8221;10px|||0px|false|false&#8221; global_colors_info=&#8221;{}&#8221;][et_pb_image src=&#8221;http:\/\/anuario.fundacionfranciscana.org\/2022\/wp-content\/uploads\/2022\/12\/educacion-2015-fotos.png&#8221; title_text=&#8221;educacion-2015-fotos&#8221; _builder_version=&#8221;4.17.4&#8243; _module_preset=&#8221;default&#8221; global_colors_info=&#8221;{}&#8221;][\/et_pb_image][\/et_pb_column][et_pb_column type=&#8221;1_2&#8243; module_class=&#8221;doscolumnas&#8221; _builder_version=&#8221;4.17.4&#8243; _module_preset=&#8221;default&#8221; custom_padding=&#8221;0px|0px||0px|false|false&#8221; global_colors_info=&#8221;{}&#8221;][et_pb_text _builder_version=&#8221;4.17.4&#8243; _module_preset=&#8221;default&#8221; text_font=&#8221;Gotham Light|500|||||||&#8221; text_text_color=&#8221;#606060&#8243; text_font_size=&#8221;0.9em&#8221; text_line_height=&#8221;1.4em&#8221; text_orientation=&#8221;center&#8221; custom_margin=&#8221;0px|-10px|0px|0px|false|false&#8221; global_colors_info=&#8221;{}&#8221;]<\/p>\n<p>&nbsp;<\/p>\n<p>\u00a0Comenzamos a trabajar en red con el colegio Santa Ethnea de Bella Vista. Alumnos\/as del colegio volvieron a formar un grupo de Apoyo Escolar. Se acercan una vez a la semana para ayudar a los\/as chicos\/as con las tareas de la escuela.<\/p>\n<p>[\/et_pb_text][\/et_pb_column][\/et_pb_row][\/et_pb_section][et_pb_section fb_built=&#8221;1&#8243; disabled_on=&#8221;off|off|on&#8221; _builder_version=&#8221;4.17.4&#8243; _module_preset=&#8221;default&#8221; background_color=&#8221;#b3bbbc&#8221; custom_margin=&#8221;0px||0px||false|false&#8221; custom_padding=&#8221;0px|20px|0px|20px|false|false&#8221; global_colors_info=&#8221;{}&#8221;][et_pb_row _builder_version=&#8221;4.17.4&#8243; _module_preset=&#8221;default&#8221; background_color=&#8221;#FFFFFF&#8221; width=&#8221;100%&#8221; custom_margin=&#8221;||||false|false&#8221; custom_padding=&#8221;10px|20px|10px|20px|true|true&#8221; global_colors_info=&#8221;{}&#8221;][et_pb_column type=&#8221;4_4&#8243; _builder_version=&#8221;4.17.4&#8243; _module_preset=&#8221;default&#8221; global_colors_info=&#8221;{}&#8221;][et_pb_image src=&#8221;http:\/\/anuario.fundacionfranciscana.org\/2022\/wp-content\/uploads\/2022\/12\/educacion-2017.png&#8221; title_text=&#8221;educacion-2017&#8243; align=&#8221;center&#8221; _builder_version=&#8221;4.17.4&#8243; _module_preset=&#8221;default&#8221; custom_margin=&#8221;||||false|false&#8221; custom_padding=&#8221;||||false|false&#8221; global_colors_info=&#8221;{}&#8221;][\/et_pb_image][\/et_pb_column][\/et_pb_row][\/et_pb_section][et_pb_section fb_built=&#8221;1&#8243; disabled_on=&#8221;off|off|on&#8221; _builder_version=&#8221;4.17.4&#8243; _module_preset=&#8221;default&#8221; background_color=&#8221;#b3bbbc&#8221; custom_margin=&#8221;0px||0px||false|false&#8221; custom_padding=&#8221;0px|20px|0px|20px|false|false&#8221; global_colors_info=&#8221;{}&#8221;][et_pb_row column_structure=&#8221;1_2,1_2&#8243; _builder_version=&#8221;4.17.4&#8243; _module_preset=&#8221;default&#8221; background_color=&#8221;#FFFFFF&#8221; width=&#8221;100%&#8221; custom_margin=&#8221;0px||0px||false|false&#8221; custom_padding=&#8221;0px|20px|0px|20px|true|true&#8221; global_colors_info=&#8221;{}&#8221;][et_pb_column type=&#8221;1_2&#8243; module_class=&#8221;doscolumnas&#8221; _builder_version=&#8221;4.17.4&#8243; _module_preset=&#8221;default&#8221; custom_padding=&#8221;0px|0px||0px|false|false&#8221; global_colors_info=&#8221;{}&#8221;][et_pb_text _builder_version=&#8221;4.17.4&#8243; _module_preset=&#8221;default&#8221; text_font=&#8221;Gotham Light|500|||||||&#8221; text_text_color=&#8221;#606060&#8243; text_font_size=&#8221;0.9em&#8221; text_line_height=&#8221;1.4em&#8221; text_orientation=&#8221;center&#8221; custom_margin=&#8221;20px|0px|0px|-10px|false|false&#8221; custom_padding=&#8221;||0px||false|false&#8221; global_colors_info=&#8221;{}&#8221;]<\/p>\n<p>A los 10 a\u00f1os de la Fundaci\u00f3n, el espacio deja de llamarse PAC. La nueva denominaci\u00f3n es <strong>Programa de Alfabetizaci\u00f3n.<\/strong><\/p>\n<p><img decoding=\"async\" src=\"http:\/\/anuario.fundacionfranciscana.org\/2022\/wp-content\/uploads\/2022\/12\/educacion-2017-foto.png\" width=\"130\" alt=\"\" \/><\/p>\n<p>[\/et_pb_text][\/et_pb_column][et_pb_column type=&#8221;1_2&#8243; module_class=&#8221;doscolumnas&#8221; _builder_version=&#8221;4.17.4&#8243; _module_preset=&#8221;default&#8221; custom_padding=&#8221;10px|||10px|false|false&#8221; global_colors_info=&#8221;{}&#8221;][et_pb_image src=&#8221;http:\/\/anuario.fundacionfranciscana.org\/2022\/wp-content\/uploads\/2022\/12\/educacion-2017-fotos.png&#8221; title_text=&#8221;educacion-2017-fotos&#8221; _builder_version=&#8221;4.17.4&#8243; _module_preset=&#8221;default&#8221; custom_margin=&#8221;|-10px|0px||false|false&#8221; custom_padding=&#8221;||0px||false|false&#8221; global_colors_info=&#8221;{}&#8221;][\/et_pb_image][\/et_pb_column][\/et_pb_row][\/et_pb_section][et_pb_section fb_built=&#8221;1&#8243; disabled_on=&#8221;off|off|on&#8221; _builder_version=&#8221;4.17.4&#8243; _module_preset=&#8221;default&#8221; background_color=&#8221;#b3bbbc&#8221; custom_margin=&#8221;0px||0px||false|false&#8221; custom_padding=&#8221;0px|20px|0px|20px|false|false&#8221; global_colors_info=&#8221;{}&#8221;][et_pb_row _builder_version=&#8221;4.17.4&#8243; _module_preset=&#8221;default&#8221; background_color=&#8221;#FFFFFF&#8221; width=&#8221;100%&#8221; custom_margin=&#8221;0px||0px||false|false&#8221; custom_padding=&#8221;0px|20px|0px|20px|true|true&#8221; global_colors_info=&#8221;{}&#8221;][et_pb_column type=&#8221;4_4&#8243; _builder_version=&#8221;4.17.4&#8243; _module_preset=&#8221;default&#8221; custom_padding=&#8221;0px|0px||0px|false|false&#8221; global_colors_info=&#8221;{}&#8221;][et_pb_text _builder_version=&#8221;4.17.4&#8243; _module_preset=&#8221;default&#8221; text_font=&#8221;Gotham Light|500|||||||&#8221; text_text_color=&#8221;#606060&#8243; text_font_size=&#8221;0.9em&#8221; text_line_height=&#8221;1.4em&#8221; text_orientation=&#8221;center&#8221; custom_margin=&#8221;-20px|-10px|0px|-10px|false|false&#8221; custom_padding=&#8221;10px|10px|10px|10px|false|false&#8221; border_radii=&#8221;on|1px|1px|1px|1px&#8221; border_width_all=&#8221;1px&#8221; border_color_all=&#8221;#9e9e9e&#8221; global_colors_info=&#8221;{}&#8221;]<\/p>\n<p>Con el correr de los a\u00f1os, fuimos descubriendo, investigando y poniendo en pr\u00e1ctica diferentes estrategias, herramientas y recursos, siempre con la atenci\u00f3n puesta en las necesidades de los\/as chicos\/as. Algunos de ellos fueron: el recurso \u201c9letras\u201d, la propuesta \u201c<strong>Dale<\/strong>!\u201d (Derecho a leer y escribir), el programa LEE COMPRENSIVAMENTE.<span><a href=\"#_msoanchor_1\"><\/a><\/span><\/p>\n<p>[\/et_pb_text][\/et_pb_column][\/et_pb_row][\/et_pb_section][et_pb_section fb_built=&#8221;1&#8243; disabled_on=&#8221;off|off|on&#8221; _builder_version=&#8221;4.17.4&#8243; _module_preset=&#8221;default&#8221; background_color=&#8221;#b3bbbc&#8221; custom_margin=&#8221;0px||0px||false|false&#8221; custom_padding=&#8221;0px|20px|0px|20px|false|false&#8221; global_colors_info=&#8221;{}&#8221;][et_pb_row _builder_version=&#8221;4.17.4&#8243; _module_preset=&#8221;default&#8221; background_color=&#8221;#FFFFFF&#8221; width=&#8221;100%&#8221; custom_margin=&#8221;||||false|false&#8221; custom_padding=&#8221;10px|20px|10px|20px|true|true&#8221; global_colors_info=&#8221;{}&#8221;][et_pb_column type=&#8221;4_4&#8243; _builder_version=&#8221;4.17.4&#8243; _module_preset=&#8221;default&#8221; global_colors_info=&#8221;{}&#8221;][et_pb_image src=&#8221;http:\/\/anuario.fundacionfranciscana.org\/2022\/wp-content\/uploads\/2022\/12\/educacion-2020.png&#8221; title_text=&#8221;educacion-2020&#8243; align=&#8221;center&#8221; _builder_version=&#8221;4.17.4&#8243; _module_preset=&#8221;default&#8221; custom_margin=&#8221;||||false|false&#8221; custom_padding=&#8221;||||false|false&#8221; global_colors_info=&#8221;{}&#8221;][\/et_pb_image][\/et_pb_column][\/et_pb_row][\/et_pb_section][et_pb_section fb_built=&#8221;1&#8243; disabled_on=&#8221;off|off|on&#8221; _builder_version=&#8221;4.17.4&#8243; _module_preset=&#8221;default&#8221; background_color=&#8221;#b3bbbc&#8221; custom_margin=&#8221;0px||0px||false|false&#8221; custom_padding=&#8221;0px|20px|0px|20px|false|false&#8221; global_colors_info=&#8221;{}&#8221;][et_pb_row column_structure=&#8221;1_2,1_2&#8243; _builder_version=&#8221;4.17.4&#8243; _module_preset=&#8221;default&#8221; background_color=&#8221;#FFFFFF&#8221; width=&#8221;100%&#8221; custom_margin=&#8221;0px||||false|false&#8221; custom_padding=&#8221;0px|20px|0px|20px|true|true&#8221; global_colors_info=&#8221;{}&#8221;][et_pb_column type=&#8221;1_2&#8243; module_class=&#8221;doscolumnas&#8221; _builder_version=&#8221;4.17.4&#8243; _module_preset=&#8221;default&#8221; custom_padding=&#8221;10px|||0px|false|false&#8221; global_colors_info=&#8221;{}&#8221;][et_pb_image src=&#8221;http:\/\/anuario.fundacionfranciscana.org\/2022\/wp-content\/uploads\/2022\/12\/educacion-2020-fotos.png&#8221; title_text=&#8221;educacion-2020-fotos&#8221; _builder_version=&#8221;4.17.4&#8243; _module_preset=&#8221;default&#8221; global_colors_info=&#8221;{}&#8221;][\/et_pb_image][\/et_pb_column][et_pb_column type=&#8221;1_2&#8243; module_class=&#8221;doscolumnas&#8221; _builder_version=&#8221;4.17.4&#8243; _module_preset=&#8221;default&#8221; custom_padding=&#8221;0px|0px||0px|false|false&#8221; global_colors_info=&#8221;{}&#8221;][et_pb_text _builder_version=&#8221;4.17.4&#8243; _module_preset=&#8221;default&#8221; text_font=&#8221;Gotham Light|500|||||||&#8221; text_text_color=&#8221;#606060&#8243; text_font_size=&#8221;0.9em&#8221; text_line_height=&#8221;1.4em&#8221; text_orientation=&#8221;center&#8221; custom_margin=&#8221;0px|-5px|0px|5px|false|false&#8221; global_colors_info=&#8221;{}&#8221;]<\/p>\n<p>Con la pandemia, se sostuvieron los encuentros a trav\u00e9s de videollamadas de grupos de 3\/4, ya que era muy dif\u00edcil poder tener encuentros con m\u00e1s participantes. En algunos casos, los encuentros fueron mediante llamadas o mensajes, seg\u00fan la posibilidad de cada familia.<\/p>\n<p>[\/et_pb_text][\/et_pb_column][\/et_pb_row][\/et_pb_section][et_pb_section fb_built=&#8221;1&#8243; disabled_on=&#8221;off|off|on&#8221; _builder_version=&#8221;4.17.4&#8243; _module_preset=&#8221;default&#8221; background_color=&#8221;#b3bbbc&#8221; custom_margin=&#8221;0px||0px||false|false&#8221; custom_padding=&#8221;0px|20px|0px|20px|false|false&#8221; global_colors_info=&#8221;{}&#8221;][et_pb_row _builder_version=&#8221;4.17.4&#8243; _module_preset=&#8221;default&#8221; background_color=&#8221;#FFFFFF&#8221; width=&#8221;100%&#8221; custom_margin=&#8221;||||false|false&#8221; custom_padding=&#8221;10px|20px|10px|20px|true|true&#8221; global_colors_info=&#8221;{}&#8221;][et_pb_column type=&#8221;4_4&#8243; _builder_version=&#8221;4.17.4&#8243; _module_preset=&#8221;default&#8221; global_colors_info=&#8221;{}&#8221;][et_pb_image src=&#8221;http:\/\/anuario.fundacionfranciscana.org\/2022\/wp-content\/uploads\/2022\/12\/educacion-2021.png&#8221; title_text=&#8221;educacion-2021&#8243; align=&#8221;center&#8221; _builder_version=&#8221;4.17.4&#8243; _module_preset=&#8221;default&#8221; custom_margin=&#8221;||||false|false&#8221; custom_padding=&#8221;||||false|false&#8221; global_colors_info=&#8221;{}&#8221;][\/et_pb_image][\/et_pb_column][\/et_pb_row][\/et_pb_section][et_pb_section fb_built=&#8221;1&#8243; disabled_on=&#8221;off|off|on&#8221; _builder_version=&#8221;4.17.4&#8243; _module_preset=&#8221;default&#8221; background_color=&#8221;#b3bbbc&#8221; custom_margin=&#8221;0px||0px||false|false&#8221; custom_padding=&#8221;0px|20px|0px|20px|false|false&#8221; global_colors_info=&#8221;{}&#8221;][et_pb_row column_structure=&#8221;1_2,1_2&#8243; _builder_version=&#8221;4.17.4&#8243; _module_preset=&#8221;default&#8221; background_color=&#8221;#FFFFFF&#8221; width=&#8221;100%&#8221; custom_margin=&#8221;0px||0px||false|false&#8221; custom_padding=&#8221;0px|20px|0px|20px|true|true&#8221; global_colors_info=&#8221;{}&#8221;][et_pb_column type=&#8221;1_2&#8243; module_class=&#8221;doscolumnas&#8221; _builder_version=&#8221;4.17.4&#8243; _module_preset=&#8221;default&#8221; custom_padding=&#8221;0px|0px||0px|false|false&#8221; global_colors_info=&#8221;{}&#8221;][et_pb_text _builder_version=&#8221;4.17.4&#8243; _module_preset=&#8221;default&#8221; text_font=&#8221;Gotham Light|500|||||||&#8221; text_text_color=&#8221;#606060&#8243; text_font_size=&#8221;0.9em&#8221; text_line_height=&#8221;1.4em&#8221; text_orientation=&#8221;center&#8221; custom_margin=&#8221;20px|0px|0px|-10px|false|false&#8221; custom_padding=&#8221;||0px||false|false&#8221; global_colors_info=&#8221;{}&#8221;]<\/p>\n<p>Se comenz\u00f3 a probar Glifing, un m\u00e9todo de entrenamiento de la lectura que mejora la velocidad y la comprensi\u00f3n lectora. Luego de capacitaciones y observar buenos resultados, se empez\u00f3 a implementar en todos los grupos y en ambas sedes.<\/p>\n<p>[\/et_pb_text][\/et_pb_column][et_pb_column type=&#8221;1_2&#8243; module_class=&#8221;doscolumnas&#8221; _builder_version=&#8221;4.17.4&#8243; _module_preset=&#8221;default&#8221; custom_padding=&#8221;10px|||10px|false|false&#8221; global_colors_info=&#8221;{}&#8221;][et_pb_image src=&#8221;http:\/\/anuario.fundacionfranciscana.org\/2022\/wp-content\/uploads\/2022\/12\/educacion-2021-fotos.png&#8221; title_text=&#8221;educacion-2021-fotos&#8221; _builder_version=&#8221;4.17.4&#8243; _module_preset=&#8221;default&#8221; custom_margin=&#8221;|-10px|0px||false|false&#8221; custom_padding=&#8221;||0px||false|false&#8221; global_colors_info=&#8221;{}&#8221;][\/et_pb_image][\/et_pb_column][\/et_pb_row][\/et_pb_section][et_pb_section fb_built=&#8221;1&#8243; disabled_on=&#8221;off|off|on&#8221; _builder_version=&#8221;4.17.4&#8243; _module_preset=&#8221;default&#8221; background_color=&#8221;#b3bbbc&#8221; custom_margin=&#8221;0px||0px||false|false&#8221; custom_padding=&#8221;0px|20px|0px|20px|false|false&#8221; global_colors_info=&#8221;{}&#8221;][et_pb_row _builder_version=&#8221;4.17.4&#8243; _module_preset=&#8221;default&#8221; background_color=&#8221;#FFFFFF&#8221; width=&#8221;100%&#8221; custom_margin=&#8221;||||false|false&#8221; custom_padding=&#8221;10px|20px|10px|20px|true|true&#8221; global_colors_info=&#8221;{}&#8221;][et_pb_column type=&#8221;4_4&#8243; _builder_version=&#8221;4.17.4&#8243; _module_preset=&#8221;default&#8221; global_colors_info=&#8221;{}&#8221;][et_pb_image src=&#8221;http:\/\/anuario.fundacionfranciscana.org\/2022\/wp-content\/uploads\/2022\/12\/educacion-2022-1.png&#8221; title_text=&#8221;educacion-2022&#8243; align=&#8221;center&#8221; _builder_version=&#8221;4.17.4&#8243; _module_preset=&#8221;default&#8221; custom_margin=&#8221;||||false|false&#8221; custom_padding=&#8221;||||false|false&#8221; global_colors_info=&#8221;{}&#8221;][\/et_pb_image][\/et_pb_column][\/et_pb_row][\/et_pb_section][et_pb_section fb_built=&#8221;1&#8243; disabled_on=&#8221;off|off|on&#8221; _builder_version=&#8221;4.17.4&#8243; _module_preset=&#8221;default&#8221; background_color=&#8221;#b3bbbc&#8221; custom_margin=&#8221;0px||0px||false|false&#8221; custom_padding=&#8221;0px|20px|0px|20px|false|false&#8221; global_colors_info=&#8221;{}&#8221;][et_pb_row column_structure=&#8221;1_2,1_2&#8243; _builder_version=&#8221;4.17.4&#8243; _module_preset=&#8221;default&#8221; background_color=&#8221;#FFFFFF&#8221; width=&#8221;100%&#8221; custom_margin=&#8221;0px||||false|false&#8221; custom_padding=&#8221;0px|20px|0px|20px|true|true&#8221; global_colors_info=&#8221;{}&#8221;][et_pb_column type=&#8221;1_2&#8243; module_class=&#8221;doscolumnas&#8221; _builder_version=&#8221;4.17.4&#8243; _module_preset=&#8221;default&#8221; custom_padding=&#8221;10px|||0px|false|false&#8221; global_colors_info=&#8221;{}&#8221;][et_pb_image src=&#8221;http:\/\/anuario.fundacionfranciscana.org\/2022\/wp-content\/uploads\/2022\/12\/educacion-2022-fotos.png&#8221; title_text=&#8221;educacion-2022-fotos&#8221; _builder_version=&#8221;4.17.4&#8243; _module_preset=&#8221;default&#8221; custom_margin=&#8221;|-5px||-5px|false|false&#8221; global_colors_info=&#8221;{}&#8221;][\/et_pb_image][\/et_pb_column][et_pb_column type=&#8221;1_2&#8243; module_class=&#8221;doscolumnas&#8221; _builder_version=&#8221;4.17.4&#8243; _module_preset=&#8221;default&#8221; custom_padding=&#8221;0px|0px||0px|false|false&#8221; global_colors_info=&#8221;{}&#8221;][et_pb_text _builder_version=&#8221;4.17.4&#8243; _module_preset=&#8221;default&#8221; text_font=&#8221;Gotham Light|500|||||||&#8221; text_text_color=&#8221;#606060&#8243; text_font_size=&#8221;0.85em&#8221; text_line_height=&#8221;1.3em&#8221; text_orientation=&#8221;center&#8221; custom_margin=&#8221;0px|-10px|0px|10px|false|false&#8221; custom_padding=&#8221;||10px||false|false&#8221; global_colors_info=&#8221;{}&#8221;]<\/p>\n<p>3495 ni\u00f1os y ni\u00f1as de 0 a 15 a\u00f1os pasaron por el eje de Educaci\u00f3n, compartiendo espacios de alfabetizaci\u00f3n, contenci\u00f3n, cuidado, juego y recreaci\u00f3n para favorecer su desarrollo integral y saludable. Hoy en ambas sedes contamos con:<\/p>\n<p>[\/et_pb_text][et_pb_text _builder_version=&#8221;4.17.4&#8243; _module_preset=&#8221;default&#8221; text_font=&#8221;Gotham Light|500|||||||&#8221; text_text_color=&#8221;#606060&#8243; text_font_size=&#8221;0.85em&#8221; text_line_height=&#8221;1.3em&#8221; text_orientation=&#8221;center&#8221; custom_margin=&#8221;0px|-10px|0px|10px|false|false&#8221; custom_padding=&#8221;||0px||false|false&#8221; global_colors_info=&#8221;{}&#8221;]<\/p>\n<p>6 grupos de Estimulaci\u00f3n Temprana con ni\u00f1os\/as de 0 a 5 a\u00f1os<\/p>\n<p>[\/et_pb_text][et_pb_image src=&#8221;http:\/\/anuario.fundacionfranciscana.org\/2022\/wp-content\/uploads\/2022\/12\/educacion-2022-puntos.png&#8221; title_text=&#8221;educacion-2022-puntos&#8221; _builder_version=&#8221;4.17.4&#8243; _module_preset=&#8221;default&#8221; custom_margin=&#8221;5px|-10px|5px|10px|false|false&#8221; custom_padding=&#8221;||||false|false&#8221; global_colors_info=&#8221;{}&#8221;][\/et_pb_image][et_pb_text _builder_version=&#8221;4.17.4&#8243; _module_preset=&#8221;default&#8221; text_font=&#8221;Gotham Light|500|||||||&#8221; text_text_color=&#8221;#606060&#8243; text_font_size=&#8221;0.85em&#8221; text_line_height=&#8221;1.3em&#8221; text_orientation=&#8221;center&#8221; custom_margin=&#8221;0px|-10px|0px|10px|false|false&#8221; custom_padding=&#8221;||0px||false|false&#8221; global_colors_info=&#8221;{}&#8221;]<\/p>\n<p>6 grupos de Alfabetizaci\u00f3n de 12\/15 chicos\/as de 6 a 12 a\u00f1os<\/p>\n<p>[\/et_pb_text][et_pb_image src=&#8221;http:\/\/anuario.fundacionfranciscana.org\/2022\/wp-content\/uploads\/2022\/12\/educacion-2022-puntos.png&#8221; title_text=&#8221;educacion-2022-puntos&#8221; _builder_version=&#8221;4.17.4&#8243; _module_preset=&#8221;default&#8221; custom_margin=&#8221;5px|-10px|5px|10px|false|false&#8221; custom_padding=&#8221;||||false|false&#8221; global_colors_info=&#8221;{}&#8221;][\/et_pb_image][et_pb_text _builder_version=&#8221;4.17.4&#8243; _module_preset=&#8221;default&#8221; text_font=&#8221;Gotham Light|500|||||||&#8221; text_text_color=&#8221;#606060&#8243; text_font_size=&#8221;0.9em&#8221; text_line_height=&#8221;1.4em&#8221; text_orientation=&#8221;center&#8221; custom_margin=&#8221;0px|-10px|0px|10px|false|false&#8221; global_colors_info=&#8221;{}&#8221;]<\/p>\n<p>2 salas de 2 a 6 a\u00f1os en Casa del Ni\u00f1o<\/p>\n<p>[\/et_pb_text][et_pb_image src=&#8221;http:\/\/anuario.fundacionfranciscana.org\/2022\/wp-content\/uploads\/2022\/12\/educacion-2022-puntos.png&#8221; title_text=&#8221;educacion-2022-puntos&#8221; _builder_version=&#8221;4.17.4&#8243; _module_preset=&#8221;default&#8221; custom_margin=&#8221;5px|-10px|5px|10px|false|false&#8221; custom_padding=&#8221;||||false|false&#8221; global_colors_info=&#8221;{}&#8221;][\/et_pb_image][et_pb_text _builder_version=&#8221;4.17.4&#8243; _module_preset=&#8221;default&#8221; text_font=&#8221;Gotham Light|500|||||||&#8221; text_text_color=&#8221;#606060&#8243; text_font_size=&#8221;0.85em&#8221; text_line_height=&#8221;1.3em&#8221; text_orientation=&#8221;center&#8221; custom_margin=&#8221;0px|-10px|0px|10px|false|false&#8221; custom_padding=&#8221;||0px||false|false&#8221; global_colors_info=&#8221;{}&#8221;]<\/p>\n<p>1 sala de 6 a 12 a\u00f1os en Casa del Ni\u00f1o<\/p>\n<p>[\/et_pb_text][et_pb_image src=&#8221;http:\/\/anuario.fundacionfranciscana.org\/2022\/wp-content\/uploads\/2022\/12\/educacion-2022-puntos.png&#8221; title_text=&#8221;educacion-2022-puntos&#8221; _builder_version=&#8221;4.17.4&#8243; _module_preset=&#8221;default&#8221; custom_margin=&#8221;5px|-10px|5px|10px|false|false&#8221; custom_padding=&#8221;||||false|false&#8221; global_colors_info=&#8221;{}&#8221;][\/et_pb_image][et_pb_text _builder_version=&#8221;4.17.4&#8243; _module_preset=&#8221;default&#8221; text_font=&#8221;Gotham Light|500|||||||&#8221; text_text_color=&#8221;#606060&#8243; text_font_size=&#8221;0.85em&#8221; text_line_height=&#8221;1.3em&#8221; text_orientation=&#8221;center&#8221; custom_margin=&#8221;0px|-10px|0px|10px|false|false&#8221; custom_padding=&#8221;||0px||false|false&#8221; global_colors_info=&#8221;{}&#8221;]<\/p>\n<p>1 espacio de Alfabetizaci\u00f3n complementaria para Adolescentes de 12 a 15 a\u00f1os<\/p>\n<p>[\/et_pb_text][et_pb_image src=&#8221;http:\/\/anuario.fundacionfranciscana.org\/2022\/wp-content\/uploads\/2022\/12\/educacion-2022-puntos.png&#8221; title_text=&#8221;educacion-2022-puntos&#8221; _builder_version=&#8221;4.17.4&#8243; _module_preset=&#8221;default&#8221; custom_margin=&#8221;5px|-10px|5px|10px|false|false&#8221; custom_padding=&#8221;||||false|false&#8221; global_colors_info=&#8221;{}&#8221;][\/et_pb_image][et_pb_text _builder_version=&#8221;4.17.4&#8243; _module_preset=&#8221;default&#8221; text_font=&#8221;Gotham Light|500|||||||&#8221; text_text_color=&#8221;#606060&#8243; text_font_size=&#8221;0.85em&#8221; text_line_height=&#8221;1.3em&#8221; text_orientation=&#8221;center&#8221; custom_margin=&#8221;0px|-10px|0px|10px|false|false&#8221; custom_padding=&#8221;||0px||false|false&#8221; global_colors_info=&#8221;{}&#8221;]<\/p>\n<p>1 grupo de Habilidades Sociales junto con el programa de Psicolog\u00eda<\/p>\n<p>[\/et_pb_text][et_pb_image src=&#8221;http:\/\/anuario.fundacionfranciscana.org\/2022\/wp-content\/uploads\/2022\/12\/educacion-2022-puntos.png&#8221; title_text=&#8221;educacion-2022-puntos&#8221; _builder_version=&#8221;4.17.4&#8243; _module_preset=&#8221;default&#8221; custom_margin=&#8221;5px|-10px|5px|10px|false|false&#8221; custom_padding=&#8221;||||false|false&#8221; global_colors_info=&#8221;{}&#8221;][\/et_pb_image][et_pb_text _builder_version=&#8221;4.17.4&#8243; _module_preset=&#8221;default&#8221; text_font=&#8221;Gotham Light|500|||||||&#8221; text_text_color=&#8221;#606060&#8243; text_font_size=&#8221;0.85em&#8221; text_line_height=&#8221;1.3em&#8221; text_orientation=&#8221;center&#8221; custom_margin=&#8221;0px|-10px|0px|10px|false|false&#8221; custom_padding=&#8221;||0px||false|false&#8221; global_colors_info=&#8221;{}&#8221;]<\/p>\n<p>3 grupos de Juegoteca<\/p>\n<p>[\/et_pb_text][\/et_pb_column][\/et_pb_row][\/et_pb_section][et_pb_section fb_built=&#8221;1&#8243; disabled_on=&#8221;off|off|on&#8221; _builder_version=&#8221;4.17.4&#8243; _module_preset=&#8221;default&#8221; background_color=&#8221;#b3bbbc&#8221; custom_margin=&#8221;0px||0px||false|false&#8221; custom_padding=&#8221;0px|20px|0px|20px|false|false&#8221; global_colors_info=&#8221;{}&#8221;][et_pb_row _builder_version=&#8221;4.17.4&#8243; _module_preset=&#8221;default&#8221; background_color=&#8221;#FFFFFF&#8221; width=&#8221;100%&#8221; custom_margin=&#8221;||||false|false&#8221; custom_padding=&#8221;10px|20px|10px|20px|true|true&#8221; global_colors_info=&#8221;{}&#8221;][et_pb_column type=&#8221;4_4&#8243; _builder_version=&#8221;4.17.4&#8243; _module_preset=&#8221;default&#8221; global_colors_info=&#8221;{}&#8221;][et_pb_image src=&#8221;http:\/\/anuario.fundacionfranciscana.org\/2022\/wp-content\/uploads\/2022\/12\/educacion-2022-puntos-final.png&#8221; title_text=&#8221;educacion-2022-puntos-final&#8221; align=&#8221;center&#8221; _builder_version=&#8221;4.17.4&#8243; _module_preset=&#8221;default&#8221; custom_margin=&#8221;0px||0px||false|false&#8221; custom_padding=&#8221;30px||30px||false|false&#8221; global_colors_info=&#8221;{}&#8221;][\/et_pb_image][et_pb_code _builder_version=&#8221;4.17.4&#8243; _module_preset=&#8221;default&#8221; global_colors_info=&#8221;{}&#8221;]<\/p>\n<style>.doscolumnas {<!-- [et_pb_line_break_holder] -->display: inline-block; <!-- [et_pb_line_break_holder] -->max-width :50%;<!-- [et_pb_line_break_holder] -->} <!-- [et_pb_line_break_holder] --><\/style>\n<p>[\/et_pb_code][\/et_pb_column][\/et_pb_row][\/et_pb_section][et_pb_section fb_built=&#8221;1&#8243; disabled_on=&#8221;off|off|off&#8221; _builder_version=&#8221;4.17.4&#8243; _module_preset=&#8221;default&#8221; background_color=&#8221;#6d7f83&#8243; custom_padding=&#8221;20px||0px||false|false&#8221; border_color_all=&#8221;RGBA(255,255,255,0)&#8221; locked=&#8221;off&#8221; global_colors_info=&#8221;{}&#8221;][et_pb_row column_structure=&#8221;1_3,1_3,1_3&#8243; _builder_version=&#8221;4.17.4&#8243; _module_preset=&#8221;default&#8221; width=&#8221;100%&#8221; max_width=&#8221;100%&#8221; custom_margin=&#8221;0px|0px|0px|0px|false|false&#8221; custom_padding=&#8221;0px|0px|0px|0px|false|false&#8221; global_colors_info=&#8221;{}&#8221;][et_pb_column type=&#8221;1_3&#8243; module_class=&#8221;trescolumnas&#8221; _builder_version=&#8221;4.17.4&#8243; _module_preset=&#8221;default&#8221; global_colors_info=&#8221;{}&#8221;][et_pb_image src=&#8221;http:\/\/anuario.fundacionfranciscana.org\/2022\/wp-content\/uploads\/2022\/12\/fundacion-franciscana.png&#8221; title_text=&#8221;fundacion-franciscana&#8221; align=&#8221;center&#8221; _builder_version=&#8221;4.17.4&#8243; _module_preset=&#8221;default&#8221; custom_padding=&#8221;10px||10px||false|false&#8221; global_colors_info=&#8221;{}&#8221;][\/et_pb_image][\/et_pb_column][et_pb_column type=&#8221;1_3&#8243; module_class=&#8221;trescolumnas&#8221; _builder_version=&#8221;4.17.4&#8243; _module_preset=&#8221;default&#8221; global_colors_info=&#8221;{}&#8221;][et_pb_image src=&#8221;http:\/\/anuario.fundacionfranciscana.org\/2022\/wp-content\/uploads\/2022\/12\/volver.png&#8221; title_text=&#8221;volver&#8221; url=&#8221;@ET-DC@eyJkeW5hbWljIjp0cnVlLCJjb250ZW50IjoicG9zdF9saW5rX3VybF9wYWdlIiwic2V0dGluZ3MiOnsicG9zdF9pZCI6IjQwNyJ9fQ==@&#8221; align=&#8221;center&#8221; disabled_on=&#8221;on|on|off&#8221; _builder_version=&#8221;4.17.4&#8243; _dynamic_attributes=&#8221;url&#8221; _module_preset=&#8221;default&#8221; custom_margin=&#8221;||0px||false|false&#8221; custom_padding=&#8221;10px||||false|false&#8221; global_colors_info=&#8221;{}&#8221;][\/et_pb_image][et_pb_image src=&#8221;http:\/\/anuario.fundacionfranciscana.org\/2022\/wp-content\/uploads\/2022\/12\/volver.png&#8221; title_text=&#8221;volver&#8221; url=&#8221;@ET-DC@eyJkeW5hbWljIjp0cnVlLCJjb250ZW50IjoicG9zdF9saW5rX3VybF9wYWdlIiwic2V0dGluZ3MiOnsicG9zdF9pZCI6IjQ3In19@&#8221; align=&#8221;center&#8221; disabled_on=&#8221;off|off|on&#8221; _builder_version=&#8221;4.17.4&#8243; _dynamic_attributes=&#8221;url&#8221; _module_preset=&#8221;default&#8221; custom_padding=&#8221;10px||10px||false|false&#8221; global_colors_info=&#8221;{}&#8221;][\/et_pb_image][\/et_pb_column][et_pb_column type=&#8221;1_3&#8243; module_class=&#8221;trescolumnas&#8221; _builder_version=&#8221;4.17.4&#8243; _module_preset=&#8221;default&#8221; global_colors_info=&#8221;{}&#8221;][et_pb_image src=&#8221;http:\/\/anuario.fundacionfranciscana.org\/2022\/wp-content\/uploads\/2022\/12\/energy.png&#8221; title_text=&#8221;energy&#8221; align=&#8221;center&#8221; _builder_version=&#8221;4.17.4&#8243; _module_preset=&#8221;default&#8221; custom_padding=&#8221;10px||10px||false|false&#8221; global_colors_info=&#8221;{}&#8221;][\/et_pb_image][\/et_pb_column][\/et_pb_row][\/et_pb_section]<\/p>\n","protected":false},"excerpt":{"rendered":"<p>La Educaci\u00f3n es uno de los tres pilares de transformaci\u00f3n social para la Fundaci\u00f3n Franciscana. Para el desarrollo integral de los\/as ni\u00f1os\/as es fundamental un aprendizaje sostenido y sistem\u00e1tico acompa\u00f1ado del juego, la recreaci\u00f3n, la estimulaci\u00f3n y la contenci\u00f3n, propiciando un espacio seguro y saludable. Por eso dentro del eje de Educaci\u00f3n tambi\u00e9n se encuentran [&hellip;]<\/p>\n","protected":false},"author":1,"featured_media":0,"parent":0,"menu_order":0,"comment_status":"closed","ping_status":"closed","template":"","meta":{"_et_pb_use_builder":"on","_et_pb_old_content":"","_et_gb_content_width":"","ngg_post_thumbnail":0,"iawp_total_views":74,"footnotes":""},"class_list":["post-164","page","type-page","status-publish","hentry"],"_links":{"self":[{"href":"http:\/\/anuario.fundacionfranciscana.org\/2022\/wp-json\/wp\/v2\/pages\/164","targetHints":{"allow":["GET"]}}],"collection":[{"href":"http:\/\/anuario.fundacionfranciscana.org\/2022\/wp-json\/wp\/v2\/pages"}],"about":[{"href":"http:\/\/anuario.fundacionfranciscana.org\/2022\/wp-json\/wp\/v2\/types\/page"}],"author":[{"embeddable":true,"href":"http:\/\/anuario.fundacionfranciscana.org\/2022\/wp-json\/wp\/v2\/users\/1"}],"replies":[{"embeddable":true,"href":"http:\/\/anuario.fundacionfranciscana.org\/2022\/wp-json\/wp\/v2\/comments?post=164"}],"version-history":[{"count":56,"href":"http:\/\/anuario.fundacionfranciscana.org\/2022\/wp-json\/wp\/v2\/pages\/164\/revisions"}],"predecessor-version":[{"id":935,"href":"http:\/\/anuario.fundacionfranciscana.org\/2022\/wp-json\/wp\/v2\/pages\/164\/revisions\/935"}],"wp:attachment":[{"href":"http:\/\/anuario.fundacionfranciscana.org\/2022\/wp-json\/wp\/v2\/media?parent=164"}],"curies":[{"name":"wp","href":"https:\/\/api.w.org\/{rel}","templated":true}]}}