{"id":241,"date":"2022-12-17T23:22:33","date_gmt":"2022-12-18T02:22:33","guid":{"rendered":"http:\/\/anuario.fundacionfranciscana.org\/2022\/?page_id=241"},"modified":"2022-12-30T09:41:45","modified_gmt":"2022-12-30T12:41:45","slug":"economia-social","status":"publish","type":"page","link":"http:\/\/anuario.fundacionfranciscana.org\/2022\/economia-social\/","title":{"rendered":"Econom\u00eda social"},"content":{"rendered":"<p>[et_pb_section fb_built=&#8221;1&#8243; disabled_on=&#8221;off|off|off&#8221; _builder_version=&#8221;4.17.4&#8243; _module_preset=&#8221;default&#8221; background_color=&#8221;#3a5027&#8243; custom_margin=&#8221;||||false|false&#8221; custom_margin_tablet=&#8221;&#8221; custom_margin_phone=&#8221;||||false|false&#8221; custom_margin_last_edited=&#8221;on|phone&#8221; custom_padding=&#8221;20px||0px||false|false&#8221; border_color_all=&#8221;RGBA(255,255,255,0)&#8221; locked=&#8221;off&#8221; global_colors_info=&#8221;{}&#8221;][et_pb_row column_structure=&#8221;1_3,1_3,1_3&#8243; _builder_version=&#8221;4.17.4&#8243; _module_preset=&#8221;default&#8221; width=&#8221;100%&#8221; max_width=&#8221;100%&#8221; custom_margin=&#8221;0px|0px|0px|0px|false|false&#8221; custom_padding=&#8221;0px|0px|0px|0px|false|false&#8221; global_colors_info=&#8221;{}&#8221;][et_pb_column type=&#8221;1_3&#8243; module_class=&#8221;trescolumnas&#8221; _builder_version=&#8221;4.17.4&#8243; _module_preset=&#8221;default&#8221; global_colors_info=&#8221;{}&#8221;][et_pb_image src=&#8221;http:\/\/anuario.fundacionfranciscana.org\/2022\/wp-content\/uploads\/2022\/12\/fundacion-franciscana.png&#8221; title_text=&#8221;fundacion-franciscana&#8221; align=&#8221;center&#8221; _builder_version=&#8221;4.17.4&#8243; _module_preset=&#8221;default&#8221; custom_padding=&#8221;10px||10px||false|false&#8221; global_colors_info=&#8221;{}&#8221;][\/et_pb_image][\/et_pb_column][et_pb_column type=&#8221;1_3&#8243; module_class=&#8221;trescolumnas&#8221; _builder_version=&#8221;4.17.4&#8243; _module_preset=&#8221;default&#8221; global_colors_info=&#8221;{}&#8221;][et_pb_image src=&#8221;http:\/\/anuario.fundacionfranciscana.org\/2022\/wp-content\/uploads\/2022\/12\/volver.png&#8221; title_text=&#8221;volver&#8221; url=&#8221;@ET-DC@eyJkeW5hbWljIjp0cnVlLCJjb250ZW50IjoicG9zdF9saW5rX3VybF9wYWdlIiwic2V0dGluZ3MiOnsicG9zdF9pZCI6IjQwNyJ9fQ==@&#8221; align=&#8221;center&#8221; disabled_on=&#8221;on|on|off&#8221; _builder_version=&#8221;4.17.4&#8243; _dynamic_attributes=&#8221;url&#8221; _module_preset=&#8221;default&#8221; custom_margin=&#8221;||0px||false|false&#8221; custom_padding=&#8221;10px||||false|false&#8221; global_colors_info=&#8221;{}&#8221;][\/et_pb_image][et_pb_image src=&#8221;http:\/\/anuario.fundacionfranciscana.org\/2022\/wp-content\/uploads\/2022\/12\/volver.png&#8221; title_text=&#8221;volver&#8221; url=&#8221;@ET-DC@eyJkeW5hbWljIjp0cnVlLCJjb250ZW50IjoicG9zdF9saW5rX3VybF9wYWdlIiwic2V0dGluZ3MiOnsicG9zdF9pZCI6IjQ3In19@&#8221; align=&#8221;center&#8221; disabled_on=&#8221;off|off|on&#8221; _builder_version=&#8221;4.17.4&#8243; _dynamic_attributes=&#8221;url&#8221; _module_preset=&#8221;default&#8221; custom_padding=&#8221;10px||10px||false|false&#8221; global_colors_info=&#8221;{}&#8221;][\/et_pb_image][\/et_pb_column][et_pb_column type=&#8221;1_3&#8243; module_class=&#8221;trescolumnas&#8221; _builder_version=&#8221;4.17.4&#8243; _module_preset=&#8221;default&#8221; global_colors_info=&#8221;{}&#8221;][et_pb_image src=&#8221;http:\/\/anuario.fundacionfranciscana.org\/2022\/wp-content\/uploads\/2022\/12\/energy.png&#8221; title_text=&#8221;energy&#8221; align=&#8221;center&#8221; _builder_version=&#8221;4.17.4&#8243; _module_preset=&#8221;default&#8221; custom_padding=&#8221;10px||10px||false|false&#8221; global_colors_info=&#8221;{}&#8221;][\/et_pb_image][\/et_pb_column][\/et_pb_row][\/et_pb_section][et_pb_section fb_built=&#8221;1&#8243; disabled_on=&#8221;on|on|off&#8221; _builder_version=&#8221;4.17.4&#8243; _module_preset=&#8221;default&#8221; custom_margin=&#8221;0px||||false|false&#8221; custom_padding=&#8221;0px||||false|false&#8221; locked=&#8221;off&#8221; global_colors_info=&#8221;{}&#8221;][et_pb_row column_structure=&#8221;2_5,3_5&#8243; make_equal=&#8221;on&#8221; _builder_version=&#8221;4.17.4&#8243; _module_preset=&#8221;default&#8221; width=&#8221;100%&#8221; max_width=&#8221;100%&#8221; custom_margin=&#8221;0px||||false|false&#8221; custom_padding=&#8221;0px|100px|||false|false&#8221; global_colors_info=&#8221;{}&#8221;][et_pb_column type=&#8221;2_5&#8243; _builder_version=&#8221;4.17.4&#8243; _module_preset=&#8221;default&#8221; background_color=&#8221;#64813d&#8221; global_colors_info=&#8221;{}&#8221;][et_pb_image src=&#8221;http:\/\/anuario.fundacionfranciscana.org\/2022\/wp-content\/uploads\/2022\/12\/economia-social.png&#8221; title_text=&#8221;economia social&#8221; show_bottom_space=&#8221;off&#8221; _builder_version=&#8221;4.17.4&#8243; _module_preset=&#8221;default&#8221; transform_rotate=&#8221;0deg|0deg|6deg&#8221; custom_margin=&#8221;50px||||false|false&#8221; custom_padding=&#8221;||||false|false&#8221; hover_enabled=&#8221;0&#8243; global_colors_info=&#8221;{}&#8221; sticky_position=&#8221;top&#8221; sticky_enabled=&#8221;0&#8243;][\/et_pb_image][\/et_pb_column][et_pb_column type=&#8221;3_5&#8243; _builder_version=&#8221;4.17.4&#8243; _module_preset=&#8221;default&#8221; global_colors_info=&#8221;{}&#8221;][et_pb_image src=&#8221;http:\/\/anuario.fundacionfranciscana.org\/2022\/wp-content\/uploads\/2022\/12\/economia-social-titulo.png&#8221; title_text=&#8221;economia-social-titulo&#8221; align=&#8221;center&#8221; _builder_version=&#8221;4.17.4&#8243; _module_preset=&#8221;default&#8221; custom_margin=&#8221;50px||0px||false|false&#8221; custom_padding=&#8221;||||false|false&#8221; locked=&#8221;off&#8221; global_colors_info=&#8221;{}&#8221;][\/et_pb_image][et_pb_image src=&#8221;http:\/\/anuario.fundacionfranciscana.org\/2022\/wp-content\/uploads\/2022\/12\/educacion-linea.png&#8221; title_text=&#8221;educacion-linea&#8221; _builder_version=&#8221;4.17.4&#8243; _module_preset=&#8221;default&#8221; max_width=&#8221;70%&#8221; module_alignment=&#8221;center&#8221; custom_margin=&#8221;20px||10px||false|false&#8221; locked=&#8221;off&#8221; global_colors_info=&#8221;{}&#8221;][\/et_pb_image][et_pb_text _builder_version=&#8221;4.17.4&#8243; _module_preset=&#8221;default&#8221; text_font=&#8221;Gotham Light|500|||||||&#8221; text_text_color=&#8221;#606060&#8243; text_font_size=&#8221;1em&#8221; text_orientation=&#8221;center&#8221; custom_margin=&#8221;||||false|false&#8221; locked=&#8221;off&#8221; global_colors_info=&#8221;{}&#8221;]<\/p>\n<p><span>Los grupos de microcr\u00e9ditos del programa de Econom\u00eda Social funcionan desde el 2017. Anteriormente se dieron cr\u00e9ditos individuales desde el 0000. Nacieron con el objetivo de acompa\u00f1ar a las familias para que puedan mejorar la calidad de sus vidas. <strong><span style=\"color: #008000;\"><em>Hasta el 2022 se dieron 1620 microcr\u00e9ditos <\/em><\/span><\/strong>para mejoras habitacionales y tambi\u00e9n para acompa\u00f1ar el crecimiento de emprendimientos de nuestros barrios.<\/span><\/p>\n<p><span>Viviana es integrante y tesorera de uno de los grupos. Nos abri\u00f3 las puertas de su casa y de su emprendimiento de est\u00e9tica para contarnos sobre c\u00f3mo los cr\u00e9ditos grupales la ayudaron, c\u00f3mo funciona el grupo y lo que significa la Fundaci\u00f3n para ella.<\/span><\/p>\n<p>[\/et_pb_text][et_pb_image src=&#8221;http:\/\/anuario.fundacionfranciscana.org\/2022\/wp-content\/uploads\/2022\/12\/economia-social-frase1.png&#8221; title_text=&#8221;economia social-frase1&#8243; align=&#8221;center&#8221; _builder_version=&#8221;4.17.4&#8243; _module_preset=&#8221;default&#8221; z_index=&#8221;40&#8243; custom_margin=&#8221;|-20px||-20px|true|false&#8221; custom_padding=&#8221;|0px||0px|false|false&#8221; locked=&#8221;off&#8221; global_colors_info=&#8221;{}&#8221;][\/et_pb_image][et_pb_text _builder_version=&#8221;4.17.4&#8243; _module_preset=&#8221;default&#8221; text_font=&#8221;Gotham Light|500|||||||&#8221; text_text_color=&#8221;#606060&#8243; text_font_size=&#8221;1em&#8221; text_orientation=&#8221;center&#8221; custom_margin=&#8221;||||false|false&#8221; locked=&#8221;off&#8221; global_colors_info=&#8221;{}&#8221;]<\/p>\n<p><span>Viviana es del barrio Lomas de Maril\u00f3 y asiste a la Fundaci\u00f3n desde el 2018. Vive en su casa con su marido Alfredo y sus cuatro hijos: Priscila de 16 a\u00f1os, Tiziano de 12, Matheo de 10 e Ivonne de 7. \u201c<em><strong><span style=\"color: #008000;\">Somos un equipo, yo sin ellos no podr\u00eda<\/span><\/strong><\/em>\u201d nos comparte Viviana.<\/span><\/p>\n<p>[\/et_pb_text][et_pb_image src=&#8221;http:\/\/anuario.fundacionfranciscana.org\/2022\/wp-content\/uploads\/2022\/12\/economia-social-foto1.png&#8221; title_text=&#8221;economia social-foto1&#8243; align=&#8221;center&#8221; _builder_version=&#8221;4.17.4&#8243; _module_preset=&#8221;default&#8221; z_index=&#8221;40&#8243; custom_margin=&#8221;-30px|0px|0px|0px|false|false&#8221; custom_padding=&#8221;|0px||0px|false|false&#8221; locked=&#8221;off&#8221; global_colors_info=&#8221;{}&#8221;][\/et_pb_image][et_pb_text _builder_version=&#8221;4.17.4&#8243; _module_preset=&#8221;default&#8221; text_font=&#8221;Gotham Light|500|||||||&#8221; text_text_color=&#8221;#606060&#8243; text_font_size=&#8221;1em&#8221; text_orientation=&#8221;center&#8221; custom_margin=&#8221;||||false|false&#8221; locked=&#8221;off&#8221; global_colors_info=&#8221;{}&#8221;]<\/p>\n<p><span>En estos cuatro a\u00f1os, gracias a los microcr\u00e9ditos pudo hacer <strong><em><span style=\"color: #008000;\">mejoras en su casa<\/span><\/em><\/strong>. Fue armando y mejor\u00e1ndola, haciendo ampliaciones. Hizo dos dormitorios, el piso y mejor\u00f3 algunas partes de la cocina.<\/span><\/p>\n<p><span>\u201cCuando una vecina me invit\u00f3 al grupo yo no entend\u00eda nada. Y ella me dijo: \u201c<span style=\"color: #008000;\"><em><strong>Ven\u00ed Vivi que vos reci\u00e9n estas empezando, te van a ayudar.<\/strong><\/em><\/span>\u201d Y yo fui a ver qu\u00e9 onda. El primer microcr\u00e9dito que me dieron fue de $5000. Con eso arranqu\u00e9 a estudiar peluquer\u00eda.\u201d<\/span><\/p>\n<p>[\/et_pb_text][et_pb_image src=&#8221;http:\/\/anuario.fundacionfranciscana.org\/2022\/wp-content\/uploads\/2022\/12\/economia-social-foto2.png&#8221; title_text=&#8221;economia social-foto2&#8243; align=&#8221;center&#8221; _builder_version=&#8221;4.17.4&#8243; _module_preset=&#8221;default&#8221; z_index=&#8221;40&#8243; custom_margin=&#8221;0px|0px|20px|0px|false|false&#8221; custom_padding=&#8221;|0px||0px|false|false&#8221; locked=&#8221;off&#8221; global_colors_info=&#8221;{}&#8221;][\/et_pb_image][et_pb_text _builder_version=&#8221;4.17.4&#8243; _module_preset=&#8221;default&#8221; text_font=&#8221;Gotham Light|500|||||||&#8221; text_text_color=&#8221;#606060&#8243; text_font_size=&#8221;1em&#8221; text_orientation=&#8221;center&#8221; custom_margin=&#8221;||||false|false&#8221; locked=&#8221;off&#8221; global_colors_info=&#8221;{}&#8221;]<\/p>\n<p>Tambi\u00e9n pudo<span><span style=\"color: #008000;\"><em> <strong>estudiar y comprar materiales para su emprendimiento de est\u00e9tica y belleza<\/strong><\/em><\/span> (manicur\u00eda, pedicur\u00eda, depilaci\u00f3n laser y con cera, lifting de pesta\u00f1as)<\/span>. En cada renovaci\u00f3n de los microcr\u00e9ditos sigue comprando materiales y haciendo cursos de perfeccionamiento.<\/p>\n<p><span>\u201cEl \u00fanico apoyo que yo tuve durante este proceso en el que forj\u00e9 mi oficio fue la Fundaci\u00f3n. Cuando arranqu\u00e9 con las u\u00f1as yo vend\u00eda pan casero en la calle con mis nenes. As\u00ed me pagu\u00e9 el curso de u\u00f1as. Todav\u00eda no lo hab\u00eda terminado y ya ten\u00eda 10 clientas. A medida que pasaba el tiempo iba teniendo cada vez m\u00e1s clientas y comprando m\u00e1s materiales. Cada vez que tengo la posibilidad voy adquiriendo m\u00e1s herramientas de trabajo, sigo estudiando y capacit\u00e1ndome.\u201d<\/span><\/p>\n<p>[\/et_pb_text][et_pb_image src=&#8221;http:\/\/anuario.fundacionfranciscana.org\/2022\/wp-content\/uploads\/2022\/12\/economia-social-foto3.png&#8221; title_text=&#8221;economia social-foto3&#8243; align=&#8221;center&#8221; _builder_version=&#8221;4.17.4&#8243; _module_preset=&#8221;default&#8221; z_index=&#8221;40&#8243; custom_margin=&#8221;0px|0px|20px|0px|false|false&#8221; custom_padding=&#8221;|0px||0px|false|false&#8221; locked=&#8221;off&#8221; global_colors_info=&#8221;{}&#8221;][\/et_pb_image][et_pb_text _builder_version=&#8221;4.17.4&#8243; _module_preset=&#8221;default&#8221; text_font=&#8221;Gotham Medium|700|on||||||&#8221; text_text_color=&#8221;#7b5d41&#8243; text_font_size=&#8221;1em&#8221; text_orientation=&#8221;center&#8221; custom_margin=&#8221;||||false|false&#8221; locked=&#8221;off&#8221; global_colors_info=&#8221;{}&#8221;]<\/p>\n<p style=\"text-align: center;\">Las bases de los microcr\u00e9ditos:<br \/>el GRUPO y el EQUIPO<\/p>\n<p>[\/et_pb_text][et_pb_image src=&#8221;http:\/\/anuario.fundacionfranciscana.org\/2022\/wp-content\/uploads\/2022\/12\/economia-social-grupo.png&#8221; title_text=&#8221;economia social-grupo&#8221; align=&#8221;center&#8221; _builder_version=&#8221;4.17.4&#8243; _module_preset=&#8221;default&#8221; custom_margin=&#8221;|-10px||-10px|false|false&#8221; custom_padding=&#8221;|0px||0px|false|false&#8221; locked=&#8221;off&#8221; global_colors_info=&#8221;{}&#8221;][\/et_pb_image][et_pb_text _builder_version=&#8221;4.17.4&#8243; _module_preset=&#8221;default&#8221; text_font=&#8221;Gotham Light|500|||||||&#8221; text_text_color=&#8221;#606060&#8243; text_font_size=&#8221;1em&#8221; text_orientation=&#8221;center&#8221; custom_margin=&#8221;||||false|false&#8221; locked=&#8221;off&#8221; global_colors_info=&#8221;{}&#8221;]<\/p>\n<p><span>Cada grupo de microcr\u00e9ditos es armado por los\/as mismos\/as vecinos\/as, necesitan un m\u00ednimo de 5 integrantes para comenzar. Las claves son <span style=\"color: #008000;\"><em><strong>la co-responsabilidad y el compromiso<\/strong><\/em><\/span> ya que tienen que devolver la plata del cr\u00e9dito todos\/as juntos\/as en cuotas. Por eso tambi\u00e9n la asistencia a las reuniones quincenales es muy importante.<\/span><\/p>\n<p><span>\u201cEs un grupo muy responsable, pagamos todas juntas, somos 7 mujeres. Tratamos de acomodar los horarios entre todas, fij\u00e1ndonos de que todas puedan. Estoy muy contenta y muy agradecida con el grupo, y creo que todas.\u201d<\/span><\/p>\n<p>[\/et_pb_text][et_pb_image src=&#8221;http:\/\/anuario.fundacionfranciscana.org\/2022\/wp-content\/uploads\/2022\/12\/economia-social-equipo.png&#8221; title_text=&#8221;economia social-equipo&#8221; align=&#8221;center&#8221; _builder_version=&#8221;4.17.4&#8243; _module_preset=&#8221;default&#8221; custom_margin=&#8221;|-10px||-10px|false|false&#8221; custom_padding=&#8221;|0px||0px|false|false&#8221; locked=&#8221;off&#8221; global_colors_info=&#8221;{}&#8221;][\/et_pb_image][et_pb_text _builder_version=&#8221;4.17.4&#8243; _module_preset=&#8221;default&#8221; text_font=&#8221;Gotham Light|500|||||||&#8221; text_text_color=&#8221;#606060&#8243; text_font_size=&#8221;1em&#8221; text_orientation=&#8221;center&#8221; custom_margin=&#8221;||||false|false&#8221; locked=&#8221;off&#8221; global_colors_info=&#8221;{}&#8221;]<\/p>\n<p><span>El equipo del programa de Econom\u00eda Social: Lucas, el referente, y Maxi, un voluntario, son quienes acompa\u00f1an y asesoran a todos los grupos de microcr\u00e9ditos. Hacen visitas a las casas y se encuentran en reuniones para hacer un <span style=\"color: #008000;\"><em><strong>seguimiento<\/strong><\/em><\/span>.<\/span><\/p>\n<p>[\/et_pb_text][et_pb_image src=&#8221;http:\/\/anuario.fundacionfranciscana.org\/2022\/wp-content\/uploads\/2022\/12\/economia-social-foto4.png&#8221; title_text=&#8221;economia social-foto4&#8243; align=&#8221;center&#8221; _builder_version=&#8221;4.17.4&#8243; _module_preset=&#8221;default&#8221; z_index=&#8221;40&#8243; custom_margin=&#8221;0px|0px|20px|0px|false|false&#8221; custom_padding=&#8221;|0px||0px|false|false&#8221; locked=&#8221;off&#8221; global_colors_info=&#8221;{}&#8221;][\/et_pb_image][et_pb_text _builder_version=&#8221;4.17.4&#8243; _module_preset=&#8221;default&#8221; text_font=&#8221;Gotham Medium|700|on||||||&#8221; text_text_color=&#8221;#7b5d41&#8243; text_font_size=&#8221;1em&#8221; text_orientation=&#8221;center&#8221; custom_margin=&#8221;0px||10px||false|false&#8221; locked=&#8221;off&#8221; global_colors_info=&#8221;{}&#8221;]<\/p>\n<p style=\"text-align: center;\"><strong>Los frutos del trabajo <\/strong><\/p>\n<p>[\/et_pb_text][et_pb_text _builder_version=&#8221;4.17.4&#8243; _module_preset=&#8221;default&#8221; text_font=&#8221;Gotham Light|500|||||||&#8221; text_text_color=&#8221;#606060&#8243; text_font_size=&#8221;1em&#8221; text_orientation=&#8221;center&#8221; custom_margin=&#8221;||||false|false&#8221; locked=&#8221;off&#8221; global_colors_info=&#8221;{}&#8221;]<\/p>\n<p><span>\u201cYo soy consciente de que el pr\u00e9stamo es una motivaci\u00f3n, es un apoyo. A eso se le suma lo que uno va trabajando. Para m\u00ed la Fundaci\u00f3n es eso: motivaci\u00f3n, ganas, energ\u00eda y amor\u201d nos comparte Viviana.<\/span><\/p>\n<p>[\/et_pb_text][et_pb_image src=&#8221;http:\/\/anuario.fundacionfranciscana.org\/2022\/wp-content\/uploads\/2022\/12\/economia-social-foto5.png&#8221; title_text=&#8221;economia social-foto5&#8243; align=&#8221;center&#8221; _builder_version=&#8221;4.17.4&#8243; _module_preset=&#8221;default&#8221; z_index=&#8221;40&#8243; custom_margin=&#8221;0px|0px|20px|0px|false|false&#8221; custom_padding=&#8221;|0px||0px|false|false&#8221; locked=&#8221;off&#8221; global_colors_info=&#8221;{}&#8221;][\/et_pb_image][et_pb_text _builder_version=&#8221;4.17.4&#8243; _module_preset=&#8221;default&#8221; text_font=&#8221;Gotham Medium|700|on||||||&#8221; text_text_color=&#8221;#7b5d41&#8243; text_font_size=&#8221;1em&#8221; text_orientation=&#8221;center&#8221; custom_margin=&#8221;0px||10px||false|false&#8221; locked=&#8221;off&#8221; global_colors_info=&#8221;{}&#8221;]<\/p>\n<p style=\"text-align: center;\"><strong>Seguir so\u00f1ando<\/strong><\/p>\n<p>[\/et_pb_text][et_pb_text _builder_version=&#8221;4.17.4&#8243; _module_preset=&#8221;default&#8221; text_font=&#8221;Gotham Light|500|||||||&#8221; text_text_color=&#8221;#606060&#8243; text_font_size=&#8221;1em&#8221; text_orientation=&#8221;center&#8221; custom_margin=&#8221;||0px||false|false&#8221; locked=&#8221;off&#8221; global_colors_info=&#8221;{}&#8221;]<\/p>\n<p><span>Lo nuevo que est\u00e1 construyendo es un local en el mismo terreno de su casa para poder dejar de atender en su living, tener m\u00e1s espacio para todos los servicios que ofrece y sumar m\u00e1s personas atendiendo con ella.<\/span><\/p>\n<p><span>\u201cMe gustar\u00eda hacer un local abajo y un aula arriba. Hice un curso de pedagog\u00eda para poder tambi\u00e9n dar clases. Los lunes, martes, jueves y s\u00e1bados tengo un grupo de 20 alumnas.\u201d<\/span><\/p>\n<p>[\/et_pb_text][et_pb_image src=&#8221;http:\/\/anuario.fundacionfranciscana.org\/2022\/wp-content\/uploads\/2022\/12\/economia-social-foto6.png&#8221; title_text=&#8221;economia social-foto6&#8243; align=&#8221;center&#8221; _builder_version=&#8221;4.17.4&#8243; _module_preset=&#8221;default&#8221; z_index=&#8221;40&#8243; custom_margin=&#8221;0px|0px|20px|0px|false|false&#8221; custom_padding=&#8221;|0px||0px|false|false&#8221; locked=&#8221;off&#8221; global_colors_info=&#8221;{}&#8221;][\/et_pb_image][et_pb_text _builder_version=&#8221;4.17.4&#8243; _module_preset=&#8221;default&#8221; text_font=&#8221;Gotham Light|500|||||||&#8221; text_text_color=&#8221;#606060&#8243; text_font_size=&#8221;1em&#8221; text_orientation=&#8221;center&#8221; custom_margin=&#8221;||50px||false|false&#8221; locked=&#8221;off&#8221; global_colors_info=&#8221;{}&#8221;]<\/p>\n<p>En febrero se va a ir de vacaciones a Mar del Plata con sus 4 hijos, las primeras vacaciones que se puede pagar ella.<\/p>\n<p><span>\u201cEsos son proyectos, logros de los que despu\u00e9s uno se siente orgulloso. Porque s\u00ed se puede, se puede salir adelante.\u201d<\/span><\/p>\n<p><span>Sue\u00f1a con tatuar, le encanta dibujar y ya estudi\u00f3 para hacer tatuajes.<\/span><\/p>\n<p>[\/et_pb_text][\/et_pb_column][\/et_pb_row][\/et_pb_section][et_pb_section fb_built=&#8221;1&#8243; _builder_version=&#8221;4.17.4&#8243; _module_preset=&#8221;default&#8221; min_height=&#8221;0px&#8221; height=&#8221;0px&#8221; max_height=&#8221;0px&#8221; custom_margin=&#8221;0px|0px|0px|0px|false|false&#8221; custom_padding=&#8221;0px|0px|0px|0px|false|false&#8221; custom_css_main_element=&#8221;visibility: hidden&#8221; global_colors_info=&#8221;{}&#8221;][et_pb_row _builder_version=&#8221;4.17.4&#8243; _module_preset=&#8221;default&#8221; min_height=&#8221;0px&#8221; height=&#8221;0px&#8221; max_height=&#8221;0px&#8221; custom_margin=&#8221;0px||0px||false|false&#8221; custom_padding=&#8221;0px||0px||false|false&#8221; global_colors_info=&#8221;{}&#8221;][et_pb_column type=&#8221;4_4&#8243; _builder_version=&#8221;4.17.4&#8243; _module_preset=&#8221;default&#8221; custom_padding=&#8221;0px||0px||false|false&#8221; global_colors_info=&#8221;{}&#8221;][et_pb_code _builder_version=&#8221;4.17.4&#8243; _module_preset=&#8221;default&#8221; min_height=&#8221;0px&#8221; height=&#8221;0px&#8221; max_height=&#8221;0px&#8221; global_colors_info=&#8221;{}&#8221;] <\/p>\n<style>.trescolumnas {<!-- [et_pb_line_break_holder] -->display: inline-block; <!-- [et_pb_line_break_holder] -->max-width :33.33%;<!-- [et_pb_line_break_holder] -->} <\/style>\n<p>[\/et_pb_code][\/et_pb_column][\/et_pb_row][\/et_pb_section][et_pb_section fb_built=&#8221;1&#8243; disabled_on=&#8221;off|off|on&#8221; _builder_version=&#8221;4.17.4&#8243; _module_preset=&#8221;default&#8221; background_color=&#8221;#64813d&#8221; custom_margin=&#8221;||||false|false&#8221; custom_padding=&#8221;0px|0px|0px|0px|false|false&#8221; global_colors_info=&#8221;{}&#8221;][et_pb_row _builder_version=&#8221;4.17.4&#8243; _module_preset=&#8221;default&#8221; global_colors_info=&#8221;{}&#8221;][et_pb_column type=&#8221;4_4&#8243; _builder_version=&#8221;4.17.4&#8243; _module_preset=&#8221;default&#8221; custom_padding=&#8221;||||false|false&#8221; global_colors_info=&#8221;{}&#8221;][et_pb_image src=&#8221;http:\/\/anuario.fundacionfranciscana.org\/2022\/wp-content\/uploads\/2022\/12\/economia-social.png&#8221; title_text=&#8221;economia social&#8221; show_bottom_space=&#8221;off&#8221; _builder_version=&#8221;4.17.4&#8243; _module_preset=&#8221;default&#8221; custom_margin=&#8221;-20px||||false|false&#8221; custom_padding=&#8221;0px||||false|false&#8221; global_colors_info=&#8221;{}&#8221;][\/et_pb_image][\/et_pb_column][\/et_pb_row][\/et_pb_section][et_pb_section fb_built=&#8221;1&#8243; disabled_on=&#8221;off|off|on&#8221; _builder_version=&#8221;4.17.4&#8243; _module_preset=&#8221;default&#8221; background_color=&#8221;#64813d&#8221; custom_margin=&#8221;||||false|false&#8221; custom_padding=&#8221;0px|20px|30px|20px|false|false&#8221; global_colors_info=&#8221;{}&#8221;][et_pb_row _builder_version=&#8221;4.17.4&#8243; _module_preset=&#8221;default&#8221; background_color=&#8221;#FFFFFF&#8221; width=&#8221;100%&#8221; custom_margin=&#8221;||||false|false&#8221; custom_padding=&#8221;10px|20px|10px|20px|true|true&#8221; global_colors_info=&#8221;{}&#8221;][et_pb_column type=&#8221;4_4&#8243; _builder_version=&#8221;4.17.4&#8243; _module_preset=&#8221;default&#8221; global_colors_info=&#8221;{}&#8221;][et_pb_image src=&#8221;http:\/\/anuario.fundacionfranciscana.org\/2022\/wp-content\/uploads\/2022\/12\/economia-social-titulo.png&#8221; title_text=&#8221;economia-social-titulo&#8221; align=&#8221;center&#8221; _builder_version=&#8221;4.17.4&#8243; _module_preset=&#8221;default&#8221; custom_margin=&#8221;20px||0px||false|false&#8221; custom_padding=&#8221;||||false|false&#8221; global_colors_info=&#8221;{}&#8221;][\/et_pb_image][et_pb_image src=&#8221;http:\/\/anuario.fundacionfranciscana.org\/2022\/wp-content\/uploads\/2022\/12\/educacion-linea.png&#8221; title_text=&#8221;educacion-linea&#8221; _builder_version=&#8221;4.17.4&#8243; _module_preset=&#8221;default&#8221; max_width=&#8221;70%&#8221; module_alignment=&#8221;center&#8221; custom_margin=&#8221;20px||10px||false|false&#8221; global_colors_info=&#8221;{}&#8221;][\/et_pb_image][et_pb_text _builder_version=&#8221;4.17.4&#8243; _module_preset=&#8221;default&#8221; text_font=&#8221;Gotham Light|500|||||||&#8221; text_text_color=&#8221;#606060&#8243; text_font_size=&#8221;1em&#8221; text_orientation=&#8221;center&#8221; custom_margin=&#8221;||||false|false&#8221; global_colors_info=&#8221;{}&#8221;]<\/p>\n<p><span>Los grupos de microcr\u00e9ditos del programa de Econom\u00eda Social funcionan desde el 2017. Anteriormente se dieron cr\u00e9ditos individuales desde el 0000. Nacieron con el objetivo de acompa\u00f1ar a las familias para que puedan mejorar la calidad de sus vidas. <strong><span style=\"color: #008000;\"><em>Hasta el 2022 se dieron 1620 microcr\u00e9ditos <\/em><\/span><\/strong>para mejoras habitacionales y tambi\u00e9n para acompa\u00f1ar el crecimiento de emprendimientos de nuestros barrios.<\/span><\/p>\n<p><span>Viviana es integrante y tesorera de uno de los grupos. Nos abri\u00f3 las puertas de su casa y de su emprendimiento de est\u00e9tica para contarnos sobre c\u00f3mo los cr\u00e9ditos grupales la ayudaron, c\u00f3mo funciona el grupo y lo que significa la Fundaci\u00f3n para ella.<\/span><\/p>\n<p>[\/et_pb_text][et_pb_image src=&#8221;http:\/\/anuario.fundacionfranciscana.org\/2022\/wp-content\/uploads\/2022\/12\/economia-social-frase1.png&#8221; title_text=&#8221;economia social-frase1&#8243; align=&#8221;center&#8221; _builder_version=&#8221;4.17.4&#8243; _module_preset=&#8221;default&#8221; z_index=&#8221;40&#8243; custom_margin=&#8221;|-20px||-20px|true|false&#8221; custom_padding=&#8221;|0px||0px|false|false&#8221; global_colors_info=&#8221;{}&#8221;][\/et_pb_image][et_pb_text _builder_version=&#8221;4.17.4&#8243; _module_preset=&#8221;default&#8221; text_font=&#8221;Gotham Light|500|||||||&#8221; text_text_color=&#8221;#606060&#8243; text_font_size=&#8221;1em&#8221; text_orientation=&#8221;center&#8221; custom_margin=&#8221;||||false|false&#8221; global_colors_info=&#8221;{}&#8221;]<\/p>\n<p><span>Viviana es del barrio Lomas de Maril\u00f3 y asiste a la Fundaci\u00f3n desde el 2018. Vive en su casa con su marido Alfredo y sus cuatro hijos: Priscila de 16 a\u00f1os, Tiziano de 12, Matheo de 10 e Ivonne de 7. \u201c<em><strong><span style=\"color: #008000;\">Somos un equipo, yo sin ellos no podr\u00eda<\/span><\/strong><\/em>\u201d nos comparte Viviana.<\/span><\/p>\n<p>[\/et_pb_text][et_pb_image src=&#8221;http:\/\/anuario.fundacionfranciscana.org\/2022\/wp-content\/uploads\/2022\/12\/economia-social-foto1.png&#8221; title_text=&#8221;economia social-foto1&#8243; align=&#8221;center&#8221; _builder_version=&#8221;4.17.4&#8243; _module_preset=&#8221;default&#8221; z_index=&#8221;40&#8243; custom_margin=&#8221;-30px|0px|0px|0px|false|false&#8221; custom_padding=&#8221;|0px||0px|false|false&#8221; global_colors_info=&#8221;{}&#8221;][\/et_pb_image][et_pb_text _builder_version=&#8221;4.17.4&#8243; _module_preset=&#8221;default&#8221; text_font=&#8221;Gotham Light|500|||||||&#8221; text_text_color=&#8221;#606060&#8243; text_font_size=&#8221;1em&#8221; text_orientation=&#8221;center&#8221; custom_margin=&#8221;||||false|false&#8221; global_colors_info=&#8221;{}&#8221;]<\/p>\n<p><span>En estos cuatro a\u00f1os, gracias a los microcr\u00e9ditos pudo hacer <strong><em><span style=\"color: #008000;\">mejoras en su casa<\/span><\/em><\/strong>. Fue armando y mejor\u00e1ndola, haciendo ampliaciones. Hizo dos dormitorios, el piso y mejor\u00f3 algunas partes de la cocina.<\/span><\/p>\n<p><span>\u201cCuando una vecina me invit\u00f3 al grupo yo no entend\u00eda nada. Y ella me dijo: \u201c<span style=\"color: #008000;\"><em><strong>Ven\u00ed Vivi que vos reci\u00e9n estas empezando, te van a ayudar.<\/strong><\/em><\/span>\u201d Y yo fui a ver qu\u00e9 onda. El primer microcr\u00e9dito que me dieron fue de $5000. Con eso arranqu\u00e9 a estudiar peluquer\u00eda.\u201d<\/span><\/p>\n<p>[\/et_pb_text][et_pb_image src=&#8221;http:\/\/anuario.fundacionfranciscana.org\/2022\/wp-content\/uploads\/2022\/12\/economia-social-foto2.png&#8221; title_text=&#8221;economia social-foto2&#8243; align=&#8221;center&#8221; _builder_version=&#8221;4.17.4&#8243; _module_preset=&#8221;default&#8221; z_index=&#8221;40&#8243; custom_margin=&#8221;0px|0px|20px|0px|false|false&#8221; custom_padding=&#8221;|0px||0px|false|false&#8221; global_colors_info=&#8221;{}&#8221;][\/et_pb_image][et_pb_text _builder_version=&#8221;4.17.4&#8243; _module_preset=&#8221;default&#8221; text_font=&#8221;Gotham Light|500|||||||&#8221; text_text_color=&#8221;#606060&#8243; text_font_size=&#8221;1em&#8221; text_orientation=&#8221;center&#8221; custom_margin=&#8221;||||false|false&#8221; global_colors_info=&#8221;{}&#8221;]<\/p>\n<p>Tambi\u00e9n pudo<span><span style=\"color: #008000;\"><em> <strong>estudiar y comprar materiales para su emprendimiento de est\u00e9tica y belleza<\/strong><\/em><\/span> (manicur\u00eda, pedicur\u00eda, depilaci\u00f3n laser y con cera, lifting de pesta\u00f1as)<\/span>. En cada renovaci\u00f3n de los microcr\u00e9ditos sigue comprando materiales y haciendo cursos de perfeccionamiento.<\/p>\n<p><span>\u201cEl \u00fanico apoyo que yo tuve durante este proceso en el que forj\u00e9 mi oficio fue la Fundaci\u00f3n. Cuando arranqu\u00e9 con las u\u00f1as yo vend\u00eda pan casero en la calle con mis nenes. As\u00ed me pagu\u00e9 el curso de u\u00f1as. Todav\u00eda no lo hab\u00eda terminado y ya ten\u00eda 10 clientas. A medida que pasaba el tiempo iba teniendo cada vez m\u00e1s clientas y comprando m\u00e1s materiales. Cada vez que tengo la posibilidad voy adquiriendo m\u00e1s herramientas de trabajo, sigo estudiando y capacit\u00e1ndome.\u201d<\/span><\/p>\n<p>[\/et_pb_text][et_pb_image src=&#8221;http:\/\/anuario.fundacionfranciscana.org\/2022\/wp-content\/uploads\/2022\/12\/economia-social-foto3.png&#8221; title_text=&#8221;economia social-foto3&#8243; align=&#8221;center&#8221; _builder_version=&#8221;4.17.4&#8243; _module_preset=&#8221;default&#8221; z_index=&#8221;40&#8243; custom_margin=&#8221;0px|0px|20px|0px|false|false&#8221; custom_padding=&#8221;|0px||0px|false|false&#8221; global_colors_info=&#8221;{}&#8221;][\/et_pb_image][et_pb_text _builder_version=&#8221;4.17.4&#8243; _module_preset=&#8221;default&#8221; text_font=&#8221;Gotham Medium|700|on||||||&#8221; text_text_color=&#8221;#7b5d41&#8243; text_font_size=&#8221;1em&#8221; text_orientation=&#8221;center&#8221; custom_margin=&#8221;||||false|false&#8221; global_colors_info=&#8221;{}&#8221;]<\/p>\n<p style=\"text-align: center;\">Las bases de los microcr\u00e9ditos:<br \/>el GRUPO y el EQUIPO<\/p>\n<p>[\/et_pb_text][et_pb_image src=&#8221;http:\/\/anuario.fundacionfranciscana.org\/2022\/wp-content\/uploads\/2022\/12\/economia-social-grupo.png&#8221; title_text=&#8221;economia social-grupo&#8221; align=&#8221;center&#8221; _builder_version=&#8221;4.17.4&#8243; _module_preset=&#8221;default&#8221; custom_margin=&#8221;|-10px||-10px|false|false&#8221; custom_padding=&#8221;|0px||0px|false|false&#8221; global_colors_info=&#8221;{}&#8221;][\/et_pb_image][et_pb_text _builder_version=&#8221;4.17.4&#8243; _module_preset=&#8221;default&#8221; text_font=&#8221;Gotham Light|500|||||||&#8221; text_text_color=&#8221;#606060&#8243; text_font_size=&#8221;1em&#8221; text_orientation=&#8221;center&#8221; custom_margin=&#8221;||||false|false&#8221; locked=&#8221;off&#8221; global_colors_info=&#8221;{}&#8221;]<\/p>\n<p><span>Cada grupo de microcr\u00e9ditos es armado por los\/as mismos\/as vecinos\/as, necesitan un m\u00ednimo de 5 integrantes para comenzar. Las claves son <span style=\"color: #008000;\"><em><strong>la co-responsabilidad y el compromiso<\/strong><\/em><\/span> ya que tienen que devolver la plata del cr\u00e9dito todos\/as juntos\/as en cuotas. Por eso tambi\u00e9n la asistencia a las reuniones quincenales es muy importante.<\/span><\/p>\n<p><span>\u201cEs un grupo muy responsable, pagamos todas juntas, somos 7 mujeres. Tratamos de acomodar los horarios entre todas, fij\u00e1ndonos de que todas puedan. Estoy muy contenta y muy agradecida con el grupo, y creo que todas.\u201d<\/span><\/p>\n<p>[\/et_pb_text][et_pb_image src=&#8221;http:\/\/anuario.fundacionfranciscana.org\/2022\/wp-content\/uploads\/2022\/12\/economia-social-equipo.png&#8221; title_text=&#8221;economia social-equipo&#8221; align=&#8221;center&#8221; _builder_version=&#8221;4.17.4&#8243; _module_preset=&#8221;default&#8221; custom_margin=&#8221;|-10px||-10px|false|false&#8221; custom_padding=&#8221;|0px||0px|false|false&#8221; global_colors_info=&#8221;{}&#8221;][\/et_pb_image][et_pb_text _builder_version=&#8221;4.17.4&#8243; _module_preset=&#8221;default&#8221; text_font=&#8221;Gotham Light|500|||||||&#8221; text_text_color=&#8221;#606060&#8243; text_font_size=&#8221;1em&#8221; text_orientation=&#8221;center&#8221; custom_margin=&#8221;||||false|false&#8221; locked=&#8221;off&#8221; global_colors_info=&#8221;{}&#8221;]<\/p>\n<p><span>El equipo del programa de Econom\u00eda Social: Lucas, el referente, y Maxi, un voluntario, son quienes acompa\u00f1an y asesoran a todos los grupos de microcr\u00e9ditos. Hacen visitas a las casas y se encuentran en reuniones para hacer un <span style=\"color: #008000;\"><em><strong>seguimiento<\/strong><\/em><\/span>.<\/span><\/p>\n<p>[\/et_pb_text][et_pb_image src=&#8221;http:\/\/anuario.fundacionfranciscana.org\/2022\/wp-content\/uploads\/2022\/12\/economia-social-foto4.png&#8221; title_text=&#8221;economia social-foto4&#8243; align=&#8221;center&#8221; _builder_version=&#8221;4.17.4&#8243; _module_preset=&#8221;default&#8221; z_index=&#8221;40&#8243; custom_margin=&#8221;0px|0px|20px|0px|false|false&#8221; custom_padding=&#8221;|0px||0px|false|false&#8221; global_colors_info=&#8221;{}&#8221;][\/et_pb_image][et_pb_text _builder_version=&#8221;4.17.4&#8243; _module_preset=&#8221;default&#8221; text_font=&#8221;Gotham Medium|700|on||||||&#8221; text_text_color=&#8221;#7b5d41&#8243; text_font_size=&#8221;1em&#8221; text_orientation=&#8221;center&#8221; custom_margin=&#8221;0px||10px||false|false&#8221; global_colors_info=&#8221;{}&#8221;]<\/p>\n<p style=\"text-align: center;\"><strong>Los frutos del trabajo <\/strong><\/p>\n<p>[\/et_pb_text][et_pb_text _builder_version=&#8221;4.17.4&#8243; _module_preset=&#8221;default&#8221; text_font=&#8221;Gotham Light|500|||||||&#8221; text_text_color=&#8221;#606060&#8243; text_font_size=&#8221;1em&#8221; text_orientation=&#8221;center&#8221; custom_margin=&#8221;||||false|false&#8221; locked=&#8221;off&#8221; global_colors_info=&#8221;{}&#8221;]<\/p>\n<p><span>\u201cYo soy consciente de que el pr\u00e9stamo es una motivaci\u00f3n, es un apoyo. A eso se le suma lo que uno va trabajando. Para m\u00ed la Fundaci\u00f3n es eso: motivaci\u00f3n, ganas, energ\u00eda y amor\u201d nos comparte Viviana.<\/span><\/p>\n<p>[\/et_pb_text][et_pb_image src=&#8221;http:\/\/anuario.fundacionfranciscana.org\/2022\/wp-content\/uploads\/2022\/12\/economia-social-foto5.png&#8221; title_text=&#8221;economia social-foto5&#8243; align=&#8221;center&#8221; _builder_version=&#8221;4.17.4&#8243; _module_preset=&#8221;default&#8221; z_index=&#8221;40&#8243; custom_margin=&#8221;0px|0px|20px|0px|false|false&#8221; custom_padding=&#8221;|0px||0px|false|false&#8221; global_colors_info=&#8221;{}&#8221;][\/et_pb_image][et_pb_text _builder_version=&#8221;4.17.4&#8243; _module_preset=&#8221;default&#8221; text_font=&#8221;Gotham Medium|700|on||||||&#8221; text_text_color=&#8221;#7b5d41&#8243; text_font_size=&#8221;1em&#8221; text_orientation=&#8221;center&#8221; custom_margin=&#8221;0px||10px||false|false&#8221; global_colors_info=&#8221;{}&#8221;]<\/p>\n<p style=\"text-align: center;\"><strong>Seguir so\u00f1ando<\/strong><\/p>\n<p>[\/et_pb_text][et_pb_text _builder_version=&#8221;4.17.4&#8243; _module_preset=&#8221;default&#8221; text_font=&#8221;Gotham Light|500|||||||&#8221; text_text_color=&#8221;#606060&#8243; text_font_size=&#8221;1em&#8221; text_orientation=&#8221;center&#8221; custom_margin=&#8221;||0px||false|false&#8221; locked=&#8221;off&#8221; global_colors_info=&#8221;{}&#8221;]<\/p>\n<p><span>Lo nuevo que est\u00e1 construyendo es un local en el mismo terreno de su casa para poder dejar de atender en su living, tener m\u00e1s espacio para todos los servicios que ofrece y sumar m\u00e1s personas atendiendo con ella.<\/span><\/p>\n<p><span>\u201cMe gustar\u00eda hacer un local abajo y un aula arriba. Hice un curso de pedagog\u00eda para poder tambi\u00e9n dar clases. Los lunes, martes, jueves y s\u00e1bados tengo un grupo de 20 alumnas.\u201d<\/span><\/p>\n<p>[\/et_pb_text][et_pb_image src=&#8221;http:\/\/anuario.fundacionfranciscana.org\/2022\/wp-content\/uploads\/2022\/12\/economia-social-foto6.png&#8221; title_text=&#8221;economia social-foto6&#8243; align=&#8221;center&#8221; _builder_version=&#8221;4.17.4&#8243; _module_preset=&#8221;default&#8221; z_index=&#8221;40&#8243; custom_margin=&#8221;0px|0px|20px|0px|false|false&#8221; custom_padding=&#8221;|0px||0px|false|false&#8221; global_colors_info=&#8221;{}&#8221;][\/et_pb_image][et_pb_text _builder_version=&#8221;4.17.4&#8243; _module_preset=&#8221;default&#8221; text_font=&#8221;Gotham Light|500|||||||&#8221; text_text_color=&#8221;#606060&#8243; text_font_size=&#8221;1em&#8221; text_orientation=&#8221;center&#8221; custom_margin=&#8221;||50px||false|false&#8221; locked=&#8221;off&#8221; global_colors_info=&#8221;{}&#8221;]<\/p>\n<p>En febrero se va a ir de vacaciones a Mar del Plata con sus 4 hijos, las primeras vacaciones que se puede pagar ella.<\/p>\n<p><span>\u201cEsos son proyectos, logros de los que despu\u00e9s uno se siente orgulloso. Porque s\u00ed se puede, se puede salir adelante.\u201d<\/span><\/p>\n<p><span>Sue\u00f1a con tatuar, le encanta dibujar y ya estudi\u00f3 para hacer tatuajes.<\/span><\/p>\n<p>[\/et_pb_text][\/et_pb_column][\/et_pb_row][\/et_pb_section][et_pb_section fb_built=&#8221;1&#8243; _builder_version=&#8221;4.17.4&#8243; _module_preset=&#8221;default&#8221; background_color=&#8221;#3a5027&#8243; custom_padding=&#8221;20px||0px||false|false&#8221; locked=&#8221;off&#8221; global_colors_info=&#8221;{}&#8221;][et_pb_row column_structure=&#8221;1_3,1_3,1_3&#8243; _builder_version=&#8221;4.17.4&#8243; _module_preset=&#8221;default&#8221; width=&#8221;100%&#8221; max_width=&#8221;100%&#8221; custom_margin=&#8221;0px|0px|0px|0px|false|false&#8221; custom_padding=&#8221;0px|0px|0px|0px|false|false&#8221; global_colors_info=&#8221;{}&#8221;][et_pb_column type=&#8221;1_3&#8243; module_class=&#8221;trescolumnas&#8221; _builder_version=&#8221;4.17.4&#8243; _module_preset=&#8221;default&#8221; global_colors_info=&#8221;{}&#8221;][et_pb_image src=&#8221;http:\/\/anuario.fundacionfranciscana.org\/2022\/wp-content\/uploads\/2022\/12\/fundacion-franciscana.png&#8221; title_text=&#8221;fundacion-franciscana&#8221; align=&#8221;center&#8221; _builder_version=&#8221;4.17.4&#8243; _module_preset=&#8221;default&#8221; custom_padding=&#8221;10px||10px||false|false&#8221; global_colors_info=&#8221;{}&#8221;][\/et_pb_image][\/et_pb_column][et_pb_column type=&#8221;1_3&#8243; module_class=&#8221;trescolumnas&#8221; _builder_version=&#8221;4.17.4&#8243; _module_preset=&#8221;default&#8221; global_colors_info=&#8221;{}&#8221;][et_pb_image src=&#8221;http:\/\/anuario.fundacionfranciscana.org\/2022\/wp-content\/uploads\/2022\/12\/volver.png&#8221; title_text=&#8221;volver&#8221; url=&#8221;@ET-DC@eyJkeW5hbWljIjp0cnVlLCJjb250ZW50IjoicG9zdF9saW5rX3VybF9wYWdlIiwic2V0dGluZ3MiOnsicG9zdF9pZCI6IjQwNyJ9fQ==@&#8221; align=&#8221;center&#8221; disabled_on=&#8221;on|on|off&#8221; _builder_version=&#8221;4.17.4&#8243; _dynamic_attributes=&#8221;url&#8221; _module_preset=&#8221;default&#8221; custom_margin=&#8221;||0px||false|false&#8221; custom_padding=&#8221;10px||||false|false&#8221; global_colors_info=&#8221;{}&#8221;][\/et_pb_image][et_pb_image src=&#8221;http:\/\/anuario.fundacionfranciscana.org\/2022\/wp-content\/uploads\/2022\/12\/volver.png&#8221; title_text=&#8221;volver&#8221; url=&#8221;@ET-DC@eyJkeW5hbWljIjp0cnVlLCJjb250ZW50IjoicG9zdF9saW5rX3VybF9wYWdlIiwic2V0dGluZ3MiOnsicG9zdF9pZCI6IjQ3In19@&#8221; align=&#8221;center&#8221; disabled_on=&#8221;off|off|on&#8221; _builder_version=&#8221;4.17.4&#8243; _dynamic_attributes=&#8221;url&#8221; _module_preset=&#8221;default&#8221; custom_padding=&#8221;10px||10px||false|false&#8221; global_colors_info=&#8221;{}&#8221;][\/et_pb_image][\/et_pb_column][et_pb_column type=&#8221;1_3&#8243; module_class=&#8221;trescolumnas&#8221; _builder_version=&#8221;4.17.4&#8243; _module_preset=&#8221;default&#8221; global_colors_info=&#8221;{}&#8221;][et_pb_image src=&#8221;http:\/\/anuario.fundacionfranciscana.org\/2022\/wp-content\/uploads\/2022\/12\/energy.png&#8221; title_text=&#8221;energy&#8221; align=&#8221;center&#8221; _builder_version=&#8221;4.17.4&#8243; _module_preset=&#8221;default&#8221; custom_padding=&#8221;10px||10px||false|false&#8221; global_colors_info=&#8221;{}&#8221;][\/et_pb_image][\/et_pb_column][\/et_pb_row][\/et_pb_section]<\/p>\n","protected":false},"excerpt":{"rendered":"<p>Los grupos de microcr\u00e9ditos del programa de Econom\u00eda Social funcionan desde el 2017. Anteriormente se dieron cr\u00e9ditos individuales desde el 0000. Nacieron con el objetivo de acompa\u00f1ar a las familias para que puedan mejorar la calidad de sus vidas. Hasta el 2022 se dieron 1620 microcr\u00e9ditos para mejoras habitacionales y tambi\u00e9n para acompa\u00f1ar el crecimiento [&hellip;]<\/p>\n","protected":false},"author":1,"featured_media":0,"parent":0,"menu_order":0,"comment_status":"closed","ping_status":"closed","template":"","meta":{"_et_pb_use_builder":"on","_et_pb_old_content":"","_et_gb_content_width":"","ngg_post_thumbnail":0,"iawp_total_views":83,"footnotes":""},"class_list":["post-241","page","type-page","status-publish","hentry"],"_links":{"self":[{"href":"http:\/\/anuario.fundacionfranciscana.org\/2022\/wp-json\/wp\/v2\/pages\/241","targetHints":{"allow":["GET"]}}],"collection":[{"href":"http:\/\/anuario.fundacionfranciscana.org\/2022\/wp-json\/wp\/v2\/pages"}],"about":[{"href":"http:\/\/anuario.fundacionfranciscana.org\/2022\/wp-json\/wp\/v2\/types\/page"}],"author":[{"embeddable":true,"href":"http:\/\/anuario.fundacionfranciscana.org\/2022\/wp-json\/wp\/v2\/users\/1"}],"replies":[{"embeddable":true,"href":"http:\/\/anuario.fundacionfranciscana.org\/2022\/wp-json\/wp\/v2\/comments?post=241"}],"version-history":[{"count":14,"href":"http:\/\/anuario.fundacionfranciscana.org\/2022\/wp-json\/wp\/v2\/pages\/241\/revisions"}],"predecessor-version":[{"id":910,"href":"http:\/\/anuario.fundacionfranciscana.org\/2022\/wp-json\/wp\/v2\/pages\/241\/revisions\/910"}],"wp:attachment":[{"href":"http:\/\/anuario.fundacionfranciscana.org\/2022\/wp-json\/wp\/v2\/media?parent=241"}],"curies":[{"name":"wp","href":"https:\/\/api.w.org\/{rel}","templated":true}]}}