{"id":273,"date":"2022-12-23T16:43:04","date_gmt":"2022-12-23T19:43:04","guid":{"rendered":"http:\/\/anuario.fundacionfranciscana.org\/2022\/?page_id=273"},"modified":"2022-12-30T09:50:56","modified_gmt":"2022-12-30T12:50:56","slug":"musica-2","status":"publish","type":"page","link":"http:\/\/anuario.fundacionfranciscana.org\/2022\/musica-2\/","title":{"rendered":"M\u00fasica"},"content":{"rendered":"<p>[et_pb_section fb_built=&#8221;1&#8243; disabled_on=&#8221;off|off|off&#8221; _builder_version=&#8221;4.17.4&#8243; _module_preset=&#8221;default&#8221; background_color=&#8221;#663913&#8243; custom_margin=&#8221;||||false|false&#8221; custom_margin_tablet=&#8221;&#8221; custom_margin_phone=&#8221;||||false|false&#8221; custom_margin_last_edited=&#8221;on|phone&#8221; custom_padding=&#8221;20px||0px||false|false&#8221; border_color_all=&#8221;RGBA(255,255,255,0)&#8221; locked=&#8221;off&#8221; global_colors_info=&#8221;{}&#8221;][et_pb_row column_structure=&#8221;1_3,1_3,1_3&#8243; _builder_version=&#8221;4.17.4&#8243; _module_preset=&#8221;default&#8221; width=&#8221;100%&#8221; max_width=&#8221;100%&#8221; custom_margin=&#8221;0px|0px|0px|0px|false|false&#8221; custom_padding=&#8221;0px|0px|0px|0px|false|false&#8221; global_colors_info=&#8221;{}&#8221;][et_pb_column type=&#8221;1_3&#8243; module_class=&#8221;trescolumnas&#8221; _builder_version=&#8221;4.17.4&#8243; _module_preset=&#8221;default&#8221; global_colors_info=&#8221;{}&#8221;][et_pb_image src=&#8221;http:\/\/anuario.fundacionfranciscana.org\/2022\/wp-content\/uploads\/2022\/12\/fundacion-franciscana.png&#8221; title_text=&#8221;fundacion-franciscana&#8221; align=&#8221;center&#8221; _builder_version=&#8221;4.17.4&#8243; _module_preset=&#8221;default&#8221; custom_padding=&#8221;10px||10px||false|false&#8221; global_colors_info=&#8221;{}&#8221;][\/et_pb_image][\/et_pb_column][et_pb_column type=&#8221;1_3&#8243; module_class=&#8221;trescolumnas&#8221; _builder_version=&#8221;4.17.4&#8243; _module_preset=&#8221;default&#8221; global_colors_info=&#8221;{}&#8221;][et_pb_image src=&#8221;http:\/\/anuario.fundacionfranciscana.org\/2022\/wp-content\/uploads\/2022\/12\/volver.png&#8221; title_text=&#8221;volver&#8221; url=&#8221;@ET-DC@eyJkeW5hbWljIjp0cnVlLCJjb250ZW50IjoicG9zdF9saW5rX3VybF9wYWdlIiwic2V0dGluZ3MiOnsicG9zdF9pZCI6IjQwNyJ9fQ==@&#8221; align=&#8221;center&#8221; disabled_on=&#8221;on|on|off&#8221; _builder_version=&#8221;4.17.4&#8243; _dynamic_attributes=&#8221;url&#8221; _module_preset=&#8221;default&#8221; custom_margin=&#8221;||0px||false|false&#8221; custom_padding=&#8221;10px||||false|false&#8221; global_colors_info=&#8221;{}&#8221;][\/et_pb_image][et_pb_image src=&#8221;http:\/\/anuario.fundacionfranciscana.org\/2022\/wp-content\/uploads\/2022\/12\/volver.png&#8221; title_text=&#8221;volver&#8221; url=&#8221;@ET-DC@eyJkeW5hbWljIjp0cnVlLCJjb250ZW50IjoicG9zdF9saW5rX3VybF9wYWdlIiwic2V0dGluZ3MiOnsicG9zdF9pZCI6IjQ3In19@&#8221; align=&#8221;center&#8221; disabled_on=&#8221;off|off|on&#8221; _builder_version=&#8221;4.17.4&#8243; _dynamic_attributes=&#8221;url&#8221; _module_preset=&#8221;default&#8221; custom_padding=&#8221;10px||10px||false|false&#8221; global_colors_info=&#8221;{}&#8221;][\/et_pb_image][\/et_pb_column][et_pb_column type=&#8221;1_3&#8243; module_class=&#8221;trescolumnas&#8221; _builder_version=&#8221;4.17.4&#8243; _module_preset=&#8221;default&#8221; global_colors_info=&#8221;{}&#8221;][et_pb_image src=&#8221;http:\/\/anuario.fundacionfranciscana.org\/2022\/wp-content\/uploads\/2022\/12\/energy.png&#8221; title_text=&#8221;energy&#8221; align=&#8221;center&#8221; _builder_version=&#8221;4.17.4&#8243; _module_preset=&#8221;default&#8221; custom_padding=&#8221;10px||10px||false|false&#8221; global_colors_info=&#8221;{}&#8221;][\/et_pb_image][\/et_pb_column][\/et_pb_row][\/et_pb_section][et_pb_section fb_built=&#8221;1&#8243; disabled_on=&#8221;on|on|off&#8221; _builder_version=&#8221;4.17.4&#8243; _module_preset=&#8221;default&#8221; custom_margin=&#8221;0px||||false|false&#8221; custom_padding=&#8221;0px||||false|false&#8221; locked=&#8221;off&#8221; global_colors_info=&#8221;{}&#8221;][et_pb_row column_structure=&#8221;2_5,3_5&#8243; make_equal=&#8221;on&#8221; _builder_version=&#8221;4.17.4&#8243; _module_preset=&#8221;default&#8221; width=&#8221;100%&#8221; max_width=&#8221;100%&#8221; custom_margin=&#8221;0px||||false|false&#8221; custom_padding=&#8221;0px|100px|||false|false&#8221; global_colors_info=&#8221;{}&#8221;][et_pb_column type=&#8221;2_5&#8243; _builder_version=&#8221;4.17.4&#8243; _module_preset=&#8221;default&#8221; background_color=&#8221;#d9b060&#8243; global_colors_info=&#8221;{}&#8221;][et_pb_image src=&#8221;http:\/\/anuario.fundacionfranciscana.org\/2022\/wp-content\/uploads\/2022\/12\/musica.png&#8221; title_text=&#8221;musica&#8221; show_bottom_space=&#8221;off&#8221; _builder_version=&#8221;4.17.4&#8243; _module_preset=&#8221;default&#8221; transform_rotate=&#8221;0deg|0deg|350deg&#8221; custom_margin=&#8221;30px||||false|false&#8221; custom_padding=&#8221;||||false|false&#8221; hover_enabled=&#8221;0&#8243; global_colors_info=&#8221;{}&#8221; sticky_position=&#8221;top&#8221; sticky_enabled=&#8221;0&#8243;][\/et_pb_image][\/et_pb_column][et_pb_column type=&#8221;3_5&#8243; _builder_version=&#8221;4.17.4&#8243; _module_preset=&#8221;default&#8221; global_colors_info=&#8221;{}&#8221;][et_pb_image src=&#8221;http:\/\/anuario.fundacionfranciscana.org\/2022\/wp-content\/uploads\/2022\/12\/musica-titulo.png&#8221; title_text=&#8221;musica-titulo&#8221; align=&#8221;center&#8221; _builder_version=&#8221;4.17.4&#8243; _module_preset=&#8221;default&#8221; custom_margin=&#8221;50px||||false|false&#8221; custom_padding=&#8221;||||false|false&#8221; locked=&#8221;off&#8221; global_colors_info=&#8221;{}&#8221;][\/et_pb_image][et_pb_image src=&#8221;http:\/\/anuario.fundacionfranciscana.org\/2022\/wp-content\/uploads\/2022\/12\/salud-linea.png&#8221; title_text=&#8221;salud-linea&#8221; _builder_version=&#8221;4.17.4&#8243; _module_preset=&#8221;default&#8221; max_width=&#8221;70%&#8221; module_alignment=&#8221;center&#8221; custom_margin=&#8221;20px||10px||false|false&#8221; locked=&#8221;off&#8221; global_colors_info=&#8221;{}&#8221;][\/et_pb_image][et_pb_text _builder_version=&#8221;4.17.4&#8243; _module_preset=&#8221;default&#8221; text_font=&#8221;Gotham Light|500|||||||&#8221; text_text_color=&#8221;#606060&#8243; text_font_size=&#8221;1em&#8221; text_orientation=&#8221;center&#8221; custom_margin=&#8221;20px||20px||false|false&#8221; locked=&#8221;off&#8221; global_colors_info=&#8221;{}&#8221;]<\/p>\n<p><span data-contrast=\"auto\">La m\u00fasica siempre forma parte de todos nuestros encuentros. Canciones que nos ayudan a poner en palabras mucho de lo que pensamos y so\u00f1amos. Melod\u00edas que nos hablan de nuestros sentimientos, de nuestro modo y nuestra esencia.\u00a0<\/span><span data-ccp-props=\"{}\">\u00a0<\/span><\/p>\n<p><span data-contrast=\"auto\">En celebraciones, festivales, reuniones de equipo, encuentros de los programas&#8230; en muchas ocasiones utilizamos la m\u00fasica como medio para expresarnos, como motivaci\u00f3n e inspiraci\u00f3n para hacer, movernos, bailar y festejar.\u00a0<\/span><span data-ccp-props=\"{}\">\u00a0<\/span><\/p>\n<p>[\/et_pb_text][et_pb_image src=&#8221;http:\/\/anuario.fundacionfranciscana.org\/2022\/wp-content\/uploads\/2022\/12\/musica-fotos.png&#8221; title_text=&#8221;musica-fotos&#8221; align=&#8221;center&#8221; _builder_version=&#8221;4.17.4&#8243; _module_preset=&#8221;default&#8221; locked=&#8221;off&#8221; global_colors_info=&#8221;{}&#8221;][\/et_pb_image][et_pb_text _builder_version=&#8221;4.17.4&#8243; _module_preset=&#8221;default&#8221; text_font=&#8221;Bubbler One|500|||||||&#8221; text_text_color=&#8221;#FFFFFF&#8221; text_font_size=&#8221;1.2em&#8221; background_color=&#8221;#a05e43&#8243; text_orientation=&#8221;center&#8221; custom_margin=&#8221;20px||0px||false|false&#8221; custom_padding=&#8221;10px|10px|10px|10px|false|true&#8221; locked=&#8221;off&#8221; global_colors_info=&#8221;{}&#8221;]<\/p>\n<p><span data-contrast=\"auto\" xml:lang=\"ES-ES\" lang=\"ES-ES\" class=\"TextRun SCXW104091977 BCX0\"><span class=\"NormalTextRun SCXW104091977 BCX0\">Para nuestros 10 a\u00f1os hicimos un cancionero con una recopilaci\u00f3n de canciones especiales para nuestra historia y tambi\u00e9n convertimos nuestro lema en una canci\u00f3n.<\/span><span class=\"NormalTextRun SCXW104091977 BCX0\"> \u00a1Te compartimos nuestra <\/span><span class=\"NormalTextRun SCXW104091977 BCX0\">playlist<\/span><span class=\"NormalTextRun SCXW104091977 BCX0\"> para que la escuches!<\/span><\/span><span class=\"EOP SCXW104091977 BCX0\" data-ccp-props=\"{}\">\u00a0<\/span><\/p>\n<p>[\/et_pb_text][et_pb_image src=&#8221;http:\/\/anuario.fundacionfranciscana.org\/2022\/wp-content\/uploads\/2022\/12\/bienvenida-cuadro.png&#8221; title_text=&#8221;bienvenida-cuadro&#8221; _builder_version=&#8221;4.17.4&#8243; _module_preset=&#8221;default&#8221; custom_margin=&#8221;0px||20px||false|false&#8221; custom_padding=&#8221;0px||||false|false&#8221; locked=&#8221;off&#8221; global_colors_info=&#8221;{}&#8221;][\/et_pb_image][et_pb_code _builder_version=&#8221;4.17.4&#8243; _module_preset=&#8221;default&#8221; max_width=&#8221;60%&#8221; module_alignment=&#8221;center&#8221; custom_margin=&#8221;50px||||false|false&#8221; locked=&#8221;off&#8221; global_colors_info=&#8221;{}&#8221;]<iframe style=\"border-radius:12px\" src=\"https:\/\/open.spotify.com\/embed\/track\/6zwsV9DFK8k3zFyjvJ4Z8c?utm_source=generator\" width=\"100%\" height=\"352\" frameBorder=\"0\" allowfullscreen=\"\" allow=\"autoplay; clipboard-write; encrypted-media; fullscreen; picture-in-picture\" loading=\"lazy\"><\/iframe>[\/et_pb_code][et_pb_code _builder_version=&#8221;4.17.4&#8243; _module_preset=&#8221;default&#8221; max_width=&#8221;60%&#8221; module_alignment=&#8221;center&#8221; custom_margin=&#8221;||60px||false|false&#8221; locked=&#8221;off&#8221; global_colors_info=&#8221;{}&#8221;]<iframe style=\"border-radius:12px\" src=\"https:\/\/open.spotify.com\/embed\/playlist\/4Beoy0R7igJNqb6zxKXZ7T?utm_source=generator&#038;theme=0\" width=\"100%\" height=\"352\" frameBorder=\"0\" allowfullscreen=\"\" allow=\"autoplay; clipboard-write; encrypted-media; fullscreen; picture-in-picture\" loading=\"lazy\"><\/iframe>[\/et_pb_code][\/et_pb_column][\/et_pb_row][\/et_pb_section][et_pb_section fb_built=&#8221;1&#8243; _builder_version=&#8221;4.17.4&#8243; _module_preset=&#8221;default&#8221; min_height=&#8221;0px&#8221; height=&#8221;0px&#8221; max_height=&#8221;0px&#8221; custom_margin=&#8221;0px|0px|0px|0px|false|false&#8221; custom_padding=&#8221;0px|0px|0px|0px|false|false&#8221; custom_css_main_element=&#8221;visibility: hidden&#8221; global_colors_info=&#8221;{}&#8221;][et_pb_row _builder_version=&#8221;4.17.4&#8243; _module_preset=&#8221;default&#8221; min_height=&#8221;0px&#8221; height=&#8221;0px&#8221; max_height=&#8221;0px&#8221; custom_margin=&#8221;0px||0px||false|false&#8221; custom_padding=&#8221;0px||0px||false|false&#8221; global_colors_info=&#8221;{}&#8221;][et_pb_column type=&#8221;4_4&#8243; _builder_version=&#8221;4.17.4&#8243; _module_preset=&#8221;default&#8221; custom_padding=&#8221;0px||0px||false|false&#8221; global_colors_info=&#8221;{}&#8221;][et_pb_code _builder_version=&#8221;4.17.4&#8243; _module_preset=&#8221;default&#8221; min_height=&#8221;0px&#8221; height=&#8221;0px&#8221; max_height=&#8221;0px&#8221; global_colors_info=&#8221;{}&#8221;] <\/p>\n<style>.trescolumnas {<!-- [et_pb_line_break_holder] -->display: inline-block; <!-- [et_pb_line_break_holder] -->max-width :33.33%;<!-- [et_pb_line_break_holder] -->} <\/style>\n<p>[\/et_pb_code][\/et_pb_column][\/et_pb_row][\/et_pb_section][et_pb_section fb_built=&#8221;1&#8243; disabled_on=&#8221;off|off|on&#8221; _builder_version=&#8221;4.17.4&#8243; _module_preset=&#8221;default&#8221; background_color=&#8221;#d9b060&#8243; custom_margin=&#8221;||||false|false&#8221; custom_padding=&#8221;0px|0px|0px|0px|false|false&#8221; global_colors_info=&#8221;{}&#8221;][et_pb_row _builder_version=&#8221;4.17.4&#8243; _module_preset=&#8221;default&#8221; global_colors_info=&#8221;{}&#8221;][et_pb_column type=&#8221;4_4&#8243; _builder_version=&#8221;4.17.4&#8243; _module_preset=&#8221;default&#8221; custom_padding=&#8221;||||false|false&#8221; global_colors_info=&#8221;{}&#8221;][et_pb_image src=&#8221;http:\/\/anuario.fundacionfranciscana.org\/2022\/wp-content\/uploads\/2022\/12\/musica.png&#8221; title_text=&#8221;musica&#8221; show_bottom_space=&#8221;off&#8221; _builder_version=&#8221;4.17.4&#8243; _module_preset=&#8221;default&#8221; transform_rotate=&#8221;0deg|0deg|352deg&#8221; custom_margin=&#8221;-20px||||false|false&#8221; custom_padding=&#8221;0px||||false|false&#8221; global_colors_info=&#8221;{}&#8221;][\/et_pb_image][\/et_pb_column][\/et_pb_row][\/et_pb_section][et_pb_section fb_built=&#8221;1&#8243; disabled_on=&#8221;off|off|on&#8221; _builder_version=&#8221;4.17.4&#8243; _module_preset=&#8221;default&#8221; background_color=&#8221;#d9b060&#8243; custom_margin=&#8221;||||false|false&#8221; custom_padding=&#8221;0px|20px|30px|20px|false|false&#8221; global_colors_info=&#8221;{}&#8221;][et_pb_row _builder_version=&#8221;4.17.4&#8243; _module_preset=&#8221;default&#8221; background_color=&#8221;#FFFFFF&#8221; width=&#8221;100%&#8221; custom_margin=&#8221;||||false|false&#8221; custom_padding=&#8221;10px|20px|10px|20px|true|true&#8221; global_colors_info=&#8221;{}&#8221;][et_pb_column type=&#8221;4_4&#8243; _builder_version=&#8221;4.17.4&#8243; _module_preset=&#8221;default&#8221; global_colors_info=&#8221;{}&#8221;][et_pb_image src=&#8221;http:\/\/anuario.fundacionfranciscana.org\/2022\/wp-content\/uploads\/2022\/12\/musica-titulo.png&#8221; title_text=&#8221;musica-titulo&#8221; align=&#8221;center&#8221; _builder_version=&#8221;4.17.4&#8243; _module_preset=&#8221;default&#8221; custom_margin=&#8221;20px||||false|false&#8221; custom_padding=&#8221;||||false|false&#8221; global_colors_info=&#8221;{}&#8221;][\/et_pb_image][et_pb_image src=&#8221;http:\/\/anuario.fundacionfranciscana.org\/2022\/wp-content\/uploads\/2022\/12\/salud-linea.png&#8221; title_text=&#8221;salud-linea&#8221; _builder_version=&#8221;4.17.4&#8243; _module_preset=&#8221;default&#8221; max_width=&#8221;70%&#8221; module_alignment=&#8221;center&#8221; custom_margin=&#8221;20px||10px||false|false&#8221; global_colors_info=&#8221;{}&#8221;][\/et_pb_image][et_pb_text _builder_version=&#8221;4.17.4&#8243; _module_preset=&#8221;default&#8221; text_font=&#8221;Gotham Light|500|||||||&#8221; text_text_color=&#8221;#606060&#8243; text_font_size=&#8221;1em&#8221; text_orientation=&#8221;center&#8221; custom_margin=&#8221;20px||20px||false|false&#8221; global_colors_info=&#8221;{}&#8221;]<\/p>\n<p><span data-contrast=\"auto\">La m\u00fasica siempre forma parte de todos nuestros encuentros. Canciones que nos ayudan a poner en palabras mucho de lo que pensamos y so\u00f1amos. Melod\u00edas que nos hablan de nuestros sentimientos, de nuestro modo y nuestra esencia.\u00a0<\/span><span data-ccp-props=\"{}\">\u00a0<\/span><\/p>\n<p><span data-contrast=\"auto\">En celebraciones, festivales, reuniones de equipo, encuentros de los programas&#8230; en muchas ocasiones utilizamos la m\u00fasica como medio para expresarnos, como motivaci\u00f3n e inspiraci\u00f3n para hacer, movernos, bailar y festejar.\u00a0<\/span><span data-ccp-props=\"{}\">\u00a0<\/span><\/p>\n<p>[\/et_pb_text][et_pb_image src=&#8221;http:\/\/anuario.fundacionfranciscana.org\/2022\/wp-content\/uploads\/2022\/12\/musica-fotos.png&#8221; title_text=&#8221;musica-fotos&#8221; align=&#8221;center&#8221; _builder_version=&#8221;4.17.4&#8243; _module_preset=&#8221;default&#8221; global_colors_info=&#8221;{}&#8221;][\/et_pb_image][et_pb_text _builder_version=&#8221;4.17.4&#8243; _module_preset=&#8221;default&#8221; text_font=&#8221;Bubbler One|500|||||||&#8221; text_text_color=&#8221;#FFFFFF&#8221; text_font_size=&#8221;1.2em&#8221; background_color=&#8221;#a05e43&#8243; text_orientation=&#8221;center&#8221; custom_margin=&#8221;20px||0px||false|false&#8221; custom_padding=&#8221;10px|10px|10px|10px|false|true&#8221; global_colors_info=&#8221;{}&#8221;]<\/p>\n<p><span data-contrast=\"auto\" xml:lang=\"ES-ES\" lang=\"ES-ES\" class=\"TextRun SCXW104091977 BCX0\"><span class=\"NormalTextRun SCXW104091977 BCX0\">Para nuestros 10 a\u00f1os hicimos un cancionero con una recopilaci\u00f3n de canciones especiales para nuestra historia y tambi\u00e9n convertimos nuestro lema en una canci\u00f3n.<\/span><span class=\"NormalTextRun SCXW104091977 BCX0\"> \u00a1Te compartimos nuestra <\/span><span class=\"NormalTextRun SCXW104091977 BCX0\">playlist<\/span><span class=\"NormalTextRun SCXW104091977 BCX0\"> para que la escuches!<\/span><\/span><span class=\"EOP SCXW104091977 BCX0\" data-ccp-props=\"{}\">\u00a0<\/span><\/p>\n<p>[\/et_pb_text][et_pb_image src=&#8221;http:\/\/anuario.fundacionfranciscana.org\/2022\/wp-content\/uploads\/2022\/12\/bienvenida-cuadro.png&#8221; title_text=&#8221;bienvenida-cuadro&#8221; _builder_version=&#8221;4.17.4&#8243; _module_preset=&#8221;default&#8221; custom_margin=&#8221;0px||20px||false|false&#8221; custom_padding=&#8221;0px||||false|false&#8221; global_colors_info=&#8221;{}&#8221;][\/et_pb_image][et_pb_code _builder_version=&#8221;4.17.4&#8243; _module_preset=&#8221;default&#8221; max_width=&#8221;80%&#8221; module_alignment=&#8221;center&#8221; custom_margin=&#8221;50px||||false|false&#8221; global_colors_info=&#8221;{}&#8221;]<iframe style=\"border-radius:12px\" src=\"https:\/\/open.spotify.com\/embed\/track\/6zwsV9DFK8k3zFyjvJ4Z8c?utm_source=generator\" width=\"100%\" height=\"352\" frameBorder=\"0\" allowfullscreen=\"\" allow=\"autoplay; clipboard-write; encrypted-media; fullscreen; picture-in-picture\" loading=\"lazy\"><\/iframe>[\/et_pb_code][et_pb_code _builder_version=&#8221;4.17.4&#8243; _module_preset=&#8221;default&#8221; max_width=&#8221;80%&#8221; module_alignment=&#8221;center&#8221; custom_margin=&#8221;||60px||false|false&#8221; global_colors_info=&#8221;{}&#8221;]<iframe style=\"border-radius:12px\" src=\"https:\/\/open.spotify.com\/embed\/playlist\/4Beoy0R7igJNqb6zxKXZ7T?utm_source=generator&#038;theme=0\" width=\"100%\" height=\"352\" frameBorder=\"0\" allowfullscreen=\"\" allow=\"autoplay; clipboard-write; encrypted-media; fullscreen; picture-in-picture\" loading=\"lazy\"><\/iframe>[\/et_pb_code][\/et_pb_column][\/et_pb_row][\/et_pb_section][et_pb_section fb_built=&#8221;1&#8243; disabled_on=&#8221;off|off|off&#8221; _builder_version=&#8221;4.17.4&#8243; _module_preset=&#8221;default&#8221; background_color=&#8221;#663913&#8243; custom_margin=&#8221;||||false|false&#8221; custom_margin_tablet=&#8221;&#8221; custom_margin_phone=&#8221;||||false|false&#8221; custom_margin_last_edited=&#8221;on|phone&#8221; custom_padding=&#8221;20px||0px||false|false&#8221; border_color_all=&#8221;RGBA(255,255,255,0)&#8221; locked=&#8221;off&#8221; global_colors_info=&#8221;{}&#8221;][et_pb_row column_structure=&#8221;1_3,1_3,1_3&#8243; _builder_version=&#8221;4.17.4&#8243; _module_preset=&#8221;default&#8221; width=&#8221;100%&#8221; max_width=&#8221;100%&#8221; custom_margin=&#8221;0px|0px|0px|0px|false|false&#8221; custom_padding=&#8221;0px|0px|0px|0px|false|false&#8221; global_colors_info=&#8221;{}&#8221;][et_pb_column type=&#8221;1_3&#8243; module_class=&#8221;trescolumnas&#8221; _builder_version=&#8221;4.17.4&#8243; _module_preset=&#8221;default&#8221; global_colors_info=&#8221;{}&#8221;][et_pb_image src=&#8221;http:\/\/anuario.fundacionfranciscana.org\/2022\/wp-content\/uploads\/2022\/12\/fundacion-franciscana.png&#8221; title_text=&#8221;fundacion-franciscana&#8221; align=&#8221;center&#8221; _builder_version=&#8221;4.17.4&#8243; _module_preset=&#8221;default&#8221; custom_padding=&#8221;10px||10px||false|false&#8221; global_colors_info=&#8221;{}&#8221;][\/et_pb_image][\/et_pb_column][et_pb_column type=&#8221;1_3&#8243; module_class=&#8221;trescolumnas&#8221; _builder_version=&#8221;4.17.4&#8243; _module_preset=&#8221;default&#8221; global_colors_info=&#8221;{}&#8221;][et_pb_image src=&#8221;http:\/\/anuario.fundacionfranciscana.org\/2022\/wp-content\/uploads\/2022\/12\/volver.png&#8221; title_text=&#8221;volver&#8221; url=&#8221;@ET-DC@eyJkeW5hbWljIjp0cnVlLCJjb250ZW50IjoicG9zdF9saW5rX3VybF9wYWdlIiwic2V0dGluZ3MiOnsicG9zdF9pZCI6IjQwNyJ9fQ==@&#8221; align=&#8221;center&#8221; disabled_on=&#8221;on|on|off&#8221; _builder_version=&#8221;4.17.4&#8243; _dynamic_attributes=&#8221;url&#8221; _module_preset=&#8221;default&#8221; custom_margin=&#8221;||0px||false|false&#8221; custom_padding=&#8221;10px||||false|false&#8221; global_colors_info=&#8221;{}&#8221;][\/et_pb_image][et_pb_image src=&#8221;http:\/\/anuario.fundacionfranciscana.org\/2022\/wp-content\/uploads\/2022\/12\/volver.png&#8221; title_text=&#8221;volver&#8221; url=&#8221;@ET-DC@eyJkeW5hbWljIjp0cnVlLCJjb250ZW50IjoicG9zdF9saW5rX3VybF9wYWdlIiwic2V0dGluZ3MiOnsicG9zdF9pZCI6IjQ3In19@&#8221; align=&#8221;center&#8221; disabled_on=&#8221;off|off|on&#8221; _builder_version=&#8221;4.17.4&#8243; _dynamic_attributes=&#8221;url&#8221; _module_preset=&#8221;default&#8221; custom_padding=&#8221;10px||10px||false|false&#8221; global_colors_info=&#8221;{}&#8221;][\/et_pb_image][\/et_pb_column][et_pb_column type=&#8221;1_3&#8243; module_class=&#8221;trescolumnas&#8221; _builder_version=&#8221;4.17.4&#8243; _module_preset=&#8221;default&#8221; global_colors_info=&#8221;{}&#8221;][et_pb_image src=&#8221;http:\/\/anuario.fundacionfranciscana.org\/2022\/wp-content\/uploads\/2022\/12\/energy.png&#8221; title_text=&#8221;energy&#8221; align=&#8221;center&#8221; _builder_version=&#8221;4.17.4&#8243; _module_preset=&#8221;default&#8221; custom_padding=&#8221;10px||10px||false|false&#8221; global_colors_info=&#8221;{}&#8221;][\/et_pb_image][\/et_pb_column][\/et_pb_row][\/et_pb_section]<\/p>\n","protected":false},"excerpt":{"rendered":"<p>La m\u00fasica siempre forma parte de todos nuestros encuentros. Canciones que nos ayudan a poner en palabras mucho de lo que pensamos y so\u00f1amos. Melod\u00edas que nos hablan de nuestros sentimientos, de nuestro modo y nuestra esencia.\u00a0\u00a0 En celebraciones, festivales, reuniones de equipo, encuentros de los programas&#8230; en muchas ocasiones utilizamos la m\u00fasica como medio [&hellip;]<\/p>\n","protected":false},"author":1,"featured_media":0,"parent":0,"menu_order":0,"comment_status":"closed","ping_status":"closed","template":"","meta":{"_et_pb_use_builder":"on","_et_pb_old_content":"","_et_gb_content_width":"","ngg_post_thumbnail":0,"iawp_total_views":32,"footnotes":""},"class_list":["post-273","page","type-page","status-publish","hentry"],"_links":{"self":[{"href":"http:\/\/anuario.fundacionfranciscana.org\/2022\/wp-json\/wp\/v2\/pages\/273","targetHints":{"allow":["GET"]}}],"collection":[{"href":"http:\/\/anuario.fundacionfranciscana.org\/2022\/wp-json\/wp\/v2\/pages"}],"about":[{"href":"http:\/\/anuario.fundacionfranciscana.org\/2022\/wp-json\/wp\/v2\/types\/page"}],"author":[{"embeddable":true,"href":"http:\/\/anuario.fundacionfranciscana.org\/2022\/wp-json\/wp\/v2\/users\/1"}],"replies":[{"embeddable":true,"href":"http:\/\/anuario.fundacionfranciscana.org\/2022\/wp-json\/wp\/v2\/comments?post=273"}],"version-history":[{"count":26,"href":"http:\/\/anuario.fundacionfranciscana.org\/2022\/wp-json\/wp\/v2\/pages\/273\/revisions"}],"predecessor-version":[{"id":916,"href":"http:\/\/anuario.fundacionfranciscana.org\/2022\/wp-json\/wp\/v2\/pages\/273\/revisions\/916"}],"wp:attachment":[{"href":"http:\/\/anuario.fundacionfranciscana.org\/2022\/wp-json\/wp\/v2\/media?parent=273"}],"curies":[{"name":"wp","href":"https:\/\/api.w.org\/{rel}","templated":true}]}}