{"id":290,"date":"2022-12-24T11:19:06","date_gmt":"2022-12-24T14:19:06","guid":{"rendered":"http:\/\/anuario.fundacionfranciscana.org\/2022\/?page_id=290"},"modified":"2022-12-30T12:24:14","modified_gmt":"2022-12-30T15:24:14","slug":"voluntariado-2","status":"publish","type":"page","link":"http:\/\/anuario.fundacionfranciscana.org\/2022\/voluntariado-2\/","title":{"rendered":"Voluntariado"},"content":{"rendered":"<p>[et_pb_section fb_built=&#8221;1&#8243; disabled_on=&#8221;off|off|off&#8221; _builder_version=&#8221;4.17.4&#8243; _module_preset=&#8221;default&#8221; background_color=&#8221;#d5b766&#8243; custom_margin=&#8221;||||false|false&#8221; custom_margin_tablet=&#8221;&#8221; custom_margin_phone=&#8221;||||false|false&#8221; custom_margin_last_edited=&#8221;on|phone&#8221; custom_padding=&#8221;20px||0px||false|false&#8221; border_color_all=&#8221;RGBA(255,255,255,0)&#8221; locked=&#8221;off&#8221; global_colors_info=&#8221;{}&#8221;][et_pb_row column_structure=&#8221;1_3,1_3,1_3&#8243; _builder_version=&#8221;4.17.4&#8243; _module_preset=&#8221;default&#8221; width=&#8221;100%&#8221; max_width=&#8221;100%&#8221; custom_margin=&#8221;0px|0px|0px|0px|false|false&#8221; custom_padding=&#8221;0px|0px|0px|0px|false|false&#8221; global_colors_info=&#8221;{}&#8221;][et_pb_column type=&#8221;1_3&#8243; module_class=&#8221;trescolumnas&#8221; _builder_version=&#8221;4.17.4&#8243; _module_preset=&#8221;default&#8221; global_colors_info=&#8221;{}&#8221;][et_pb_image src=&#8221;http:\/\/anuario.fundacionfranciscana.org\/2022\/wp-content\/uploads\/2022\/12\/fundacion-franciscana.png&#8221; title_text=&#8221;fundacion-franciscana&#8221; align=&#8221;center&#8221; _builder_version=&#8221;4.17.4&#8243; _module_preset=&#8221;default&#8221; custom_padding=&#8221;10px||10px||false|false&#8221; global_colors_info=&#8221;{}&#8221;][\/et_pb_image][\/et_pb_column][et_pb_column type=&#8221;1_3&#8243; module_class=&#8221;trescolumnas&#8221; _builder_version=&#8221;4.17.4&#8243; _module_preset=&#8221;default&#8221; global_colors_info=&#8221;{}&#8221;][et_pb_image src=&#8221;http:\/\/anuario.fundacionfranciscana.org\/2022\/wp-content\/uploads\/2022\/12\/volver.png&#8221; title_text=&#8221;volver&#8221; url=&#8221;@ET-DC@eyJkeW5hbWljIjp0cnVlLCJjb250ZW50IjoicG9zdF9saW5rX3VybF9wYWdlIiwic2V0dGluZ3MiOnsicG9zdF9pZCI6IjQwNyJ9fQ==@&#8221; align=&#8221;center&#8221; disabled_on=&#8221;on|on|off&#8221; _builder_version=&#8221;4.17.4&#8243; _dynamic_attributes=&#8221;url&#8221; _module_preset=&#8221;default&#8221; custom_margin=&#8221;||0px||false|false&#8221; custom_padding=&#8221;10px||||false|false&#8221; global_colors_info=&#8221;{}&#8221;][\/et_pb_image][et_pb_image src=&#8221;http:\/\/anuario.fundacionfranciscana.org\/2022\/wp-content\/uploads\/2022\/12\/volver.png&#8221; title_text=&#8221;volver&#8221; url=&#8221;@ET-DC@eyJkeW5hbWljIjp0cnVlLCJjb250ZW50IjoicG9zdF9saW5rX3VybF9wYWdlIiwic2V0dGluZ3MiOnsicG9zdF9pZCI6IjQ3In19@&#8221; align=&#8221;center&#8221; disabled_on=&#8221;off|off|on&#8221; _builder_version=&#8221;4.17.4&#8243; _dynamic_attributes=&#8221;url&#8221; _module_preset=&#8221;default&#8221; custom_padding=&#8221;10px||10px||false|false&#8221; global_colors_info=&#8221;{}&#8221;][\/et_pb_image][\/et_pb_column][et_pb_column type=&#8221;1_3&#8243; module_class=&#8221;trescolumnas&#8221; _builder_version=&#8221;4.17.4&#8243; _module_preset=&#8221;default&#8221; global_colors_info=&#8221;{}&#8221;][et_pb_image src=&#8221;http:\/\/anuario.fundacionfranciscana.org\/2022\/wp-content\/uploads\/2022\/12\/energy.png&#8221; title_text=&#8221;energy&#8221; align=&#8221;center&#8221; _builder_version=&#8221;4.17.4&#8243; _module_preset=&#8221;default&#8221; custom_padding=&#8221;10px||10px||false|false&#8221; global_colors_info=&#8221;{}&#8221;][\/et_pb_image][\/et_pb_column][\/et_pb_row][\/et_pb_section][et_pb_section fb_built=&#8221;1&#8243; disabled_on=&#8221;on|on|off&#8221; _builder_version=&#8221;4.17.4&#8243; _module_preset=&#8221;default&#8221; custom_margin=&#8221;0px||||false|false&#8221; custom_padding=&#8221;0px||||false|false&#8221; locked=&#8221;off&#8221; global_colors_info=&#8221;{}&#8221;][et_pb_row column_structure=&#8221;2_5,3_5&#8243; make_equal=&#8221;on&#8221; _builder_version=&#8221;4.17.4&#8243; _module_preset=&#8221;default&#8221; width=&#8221;100%&#8221; max_width=&#8221;100%&#8221; custom_margin=&#8221;0px||||false|false&#8221; custom_padding=&#8221;0px|100px|||false|false&#8221; global_colors_info=&#8221;{}&#8221;][et_pb_column type=&#8221;2_5&#8243; _builder_version=&#8221;4.17.4&#8243; _module_preset=&#8221;default&#8221; background_color=&#8221;#b49553&#8243; global_colors_info=&#8221;{}&#8221;][et_pb_image src=&#8221;http:\/\/anuario.fundacionfranciscana.org\/2022\/wp-content\/uploads\/2022\/12\/voluntariado.png&#8221; title_text=&#8221;voluntariado&#8221; show_bottom_space=&#8221;off&#8221; _builder_version=&#8221;4.17.4&#8243; _module_preset=&#8221;default&#8221; transform_rotate=&#8221;0deg|0deg|357deg&#8221; custom_margin=&#8221;50px|10px||10px|false|false&#8221; custom_padding=&#8221;||||false|false&#8221; sticky_position=&#8221;top&#8221; global_colors_info=&#8221;{}&#8221;][\/et_pb_image][\/et_pb_column][et_pb_column type=&#8221;3_5&#8243; _builder_version=&#8221;4.17.4&#8243; _module_preset=&#8221;default&#8221; global_colors_info=&#8221;{}&#8221;][et_pb_image src=&#8221;http:\/\/anuario.fundacionfranciscana.org\/2022\/wp-content\/uploads\/2022\/12\/voluntariado-titulo.png&#8221; title_text=&#8221;voluntariado-titulo&#8221; align=&#8221;center&#8221; _builder_version=&#8221;4.17.4&#8243; _module_preset=&#8221;default&#8221; custom_margin=&#8221;50px||-10px||false|false&#8221; custom_padding=&#8221;||||false|false&#8221; locked=&#8221;off&#8221; global_colors_info=&#8221;{}&#8221;][\/et_pb_image][et_pb_image src=&#8221;http:\/\/anuario.fundacionfranciscana.org\/2022\/wp-content\/uploads\/2022\/12\/salud-linea.png&#8221; title_text=&#8221;salud-linea&#8221; _builder_version=&#8221;4.17.4&#8243; _module_preset=&#8221;default&#8221; max_width=&#8221;70%&#8221; module_alignment=&#8221;center&#8221; custom_margin=&#8221;20px||10px||false|false&#8221; locked=&#8221;off&#8221; global_colors_info=&#8221;{}&#8221;][\/et_pb_image][et_pb_text _builder_version=&#8221;4.17.4&#8243; _module_preset=&#8221;default&#8221; text_font=&#8221;Gotham Light|500|||||||&#8221; text_text_color=&#8221;#606060&#8243; text_font_size=&#8221;1em&#8221; text_orientation=&#8221;center&#8221; custom_margin=&#8221;20px||0px||false|false&#8221; locked=&#8221;off&#8221; global_colors_info=&#8221;{}&#8221;]<\/p>\n<p><span>El voluntariado es el motor de nuestro trabajo: desde el inicio de nuestra historia cuando los\/as fundadores\/as eran voluntarios\/as, hasta nuestro presente en el que nos acompa\u00f1an m\u00e1s de 100 voluntarios\/as.<\/span><\/p>\n<p><span>Su entrega gratuita, comprometida, sincera y con entusiasmo nos permite acompa\u00f1ar a m\u00e1s familias, nos permite abrir m\u00e1s grupos y nos ayuda a darle fuerza a nuevos proyectos.<\/span><\/p>\n<p><span>Hay voluntarios\/as que contin\u00faan en la Fundaci\u00f3n hace muchos a\u00f1os, enamorados\/as del modo y de la propuesta. Hay estudiantes que nos conocen en la pr\u00e1ctica de su facultad y permanecen m\u00e1s tiempo en el espacio, donde se sienten c\u00f3modos\/as y acompa\u00f1ados\/as. Hay empresas que conf\u00edan a\u00f1o tras a\u00f1o para compartir con nosotros\/as un proyecto o venir a visitarnos. Hay profesionales que quieren poner su conocimiento al servicio. Somos muchas las personas que queremos compartir en comunidad y transformarnos en el encuentro. Esto es el voluntariado en Fundaci\u00f3n Franciscana. Ellas nos lo cuentan en primera persona.<\/span><\/p>\n<p>[\/et_pb_text][et_pb_text _builder_version=&#8221;4.17.4&#8243; _module_preset=&#8221;default&#8221; text_font=&#8221;Blooming flowers||||||||&#8221; text_text_color=&#8221;#905e46&#8243; text_font_size=&#8221;2em&#8221; text_orientation=&#8221;center&#8221; custom_margin=&#8221;0px||10px||false|false&#8221; custom_padding=&#8221;50px||||false|false&#8221; locked=&#8221;off&#8221; global_colors_info=&#8221;{}&#8221;]<\/p>\n<p>Mariela<\/p>\n<p>[\/et_pb_text][et_pb_image src=&#8221;http:\/\/anuario.fundacionfranciscana.org\/2022\/wp-content\/uploads\/2022\/12\/voluntariado-mariela.png&#8221; title_text=&#8221;voluntariado-mariela&#8221; align=&#8221;center&#8221; _builder_version=&#8221;4.17.4&#8243; _module_preset=&#8221;default&#8221; custom_margin=&#8221;||10px||false|false&#8221; custom_padding=&#8221;||||false|false&#8221; locked=&#8221;off&#8221; global_colors_info=&#8221;{}&#8221;][\/et_pb_image][et_pb_audio audio=&#8221;http:\/\/anuario.fundacionfranciscana.org\/2022\/wp-content\/uploads\/2022\/12\/volunatariado-mariela-1.ogg&#8221; _builder_version=&#8221;4.17.4&#8243; _module_preset=&#8221;default&#8221; background_color=&#8221;#9b9b9b&#8221; max_width=&#8221;50%&#8221; module_alignment=&#8221;center&#8221; custom_margin=&#8221;30px||||false|false&#8221; custom_padding=&#8221;10px|10px|10px|10px|true|true&#8221; border_radii=&#8221;on|20px|20px|20px|20px&#8221; locked=&#8221;off&#8221; global_colors_info=&#8221;{}&#8221;][\/et_pb_audio][et_pb_text _builder_version=&#8221;4.17.4&#8243; _module_preset=&#8221;default&#8221; text_font=&#8221;Blooming flowers||||||||&#8221; text_text_color=&#8221;#905e46&#8243; text_font_size=&#8221;2em&#8221; text_orientation=&#8221;center&#8221; custom_margin=&#8221;40px||10px||false|false&#8221; locked=&#8221;off&#8221; global_colors_info=&#8221;{}&#8221;]<\/p>\n<p>Iara<\/p>\n<p>[\/et_pb_text][et_pb_image src=&#8221;http:\/\/anuario.fundacionfranciscana.org\/2022\/wp-content\/uploads\/2022\/12\/voluntariado-iara.png&#8221; title_text=&#8221;voluntariado-iara&#8221; align=&#8221;center&#8221; _builder_version=&#8221;4.17.4&#8243; _module_preset=&#8221;default&#8221; custom_margin=&#8221;||10px||false|false&#8221; custom_padding=&#8221;||||false|false&#8221; locked=&#8221;off&#8221; global_colors_info=&#8221;{}&#8221;][\/et_pb_image][et_pb_audio audio=&#8221;http:\/\/anuario.fundacionfranciscana.org\/2022\/wp-content\/uploads\/2022\/12\/volunatariado-iara-3.ogg&#8221; _builder_version=&#8221;4.17.4&#8243; _module_preset=&#8221;default&#8221; background_color=&#8221;#9b9b9b&#8221; max_width=&#8221;50%&#8221; module_alignment=&#8221;center&#8221; custom_margin=&#8221;30px||||false|false&#8221; custom_padding=&#8221;10px|10px|10px|10px|true|true&#8221; border_radii=&#8221;on|20px|20px|20px|20px&#8221; locked=&#8221;off&#8221; global_colors_info=&#8221;{}&#8221;][\/et_pb_audio][et_pb_text _builder_version=&#8221;4.17.4&#8243; _module_preset=&#8221;default&#8221; text_font=&#8221;Blooming flowers||||||||&#8221; text_text_color=&#8221;#905e46&#8243; text_font_size=&#8221;2em&#8221; text_orientation=&#8221;center&#8221; custom_margin=&#8221;40px||10px||false|false&#8221; locked=&#8221;off&#8221; global_colors_info=&#8221;{}&#8221;]<\/p>\n<p>Josefina<\/p>\n<p>[\/et_pb_text][et_pb_image src=&#8221;http:\/\/anuario.fundacionfranciscana.org\/2022\/wp-content\/uploads\/2022\/12\/voluntariado-josefina.png&#8221; title_text=&#8221;voluntariado-josefina&#8221; align=&#8221;center&#8221; _builder_version=&#8221;4.17.4&#8243; _module_preset=&#8221;default&#8221; custom_margin=&#8221;||10px||false|false&#8221; custom_padding=&#8221;||||false|false&#8221; locked=&#8221;off&#8221; global_colors_info=&#8221;{}&#8221;][\/et_pb_image][et_pb_audio audio=&#8221;http:\/\/anuario.fundacionfranciscana.org\/2022\/wp-content\/uploads\/2022\/12\/volunatariado-josefina.mp3&#8243; _builder_version=&#8221;4.17.4&#8243; _module_preset=&#8221;default&#8221; background_color=&#8221;#9b9b9b&#8221; max_width=&#8221;50%&#8221; module_alignment=&#8221;center&#8221; custom_margin=&#8221;30px||||false|false&#8221; custom_padding=&#8221;10px|10px|10px|10px|true|true&#8221; border_radii=&#8221;on|20px|20px|20px|20px&#8221; locked=&#8221;off&#8221; global_colors_info=&#8221;{}&#8221;][\/et_pb_audio][et_pb_text _builder_version=&#8221;4.17.4&#8243; _module_preset=&#8221;default&#8221; text_font=&#8221;Blooming flowers||||||||&#8221; text_text_color=&#8221;#905e46&#8243; text_font_size=&#8221;2em&#8221; text_orientation=&#8221;center&#8221; custom_margin=&#8221;40px||10px||false|false&#8221; locked=&#8221;off&#8221; global_colors_info=&#8221;{}&#8221;]<\/p>\n<p>Juana<\/p>\n<p>[\/et_pb_text][et_pb_image src=&#8221;http:\/\/anuario.fundacionfranciscana.org\/2022\/wp-content\/uploads\/2022\/12\/voluntariado-juana.png&#8221; title_text=&#8221;voluntariado-juana&#8221; align=&#8221;center&#8221; _builder_version=&#8221;4.17.4&#8243; _module_preset=&#8221;default&#8221; custom_margin=&#8221;||10px||false|false&#8221; custom_padding=&#8221;||||false|false&#8221; locked=&#8221;off&#8221; global_colors_info=&#8221;{}&#8221;][\/et_pb_image][et_pb_audio audio=&#8221;http:\/\/anuario.fundacionfranciscana.org\/2022\/wp-content\/uploads\/2022\/12\/volunatariado-juana.mp3&#8243; _builder_version=&#8221;4.17.4&#8243; _module_preset=&#8221;default&#8221; background_color=&#8221;#9b9b9b&#8221; max_width=&#8221;50%&#8221; module_alignment=&#8221;center&#8221; custom_margin=&#8221;30px||||false|false&#8221; custom_padding=&#8221;10px|10px|10px|10px|true|true&#8221; border_radii=&#8221;on|20px|20px|20px|20px&#8221; locked=&#8221;off&#8221; global_colors_info=&#8221;{}&#8221;][\/et_pb_audio][et_pb_text _builder_version=&#8221;4.17.4&#8243; _module_preset=&#8221;default&#8221; text_font=&#8221;Blooming flowers||||||||&#8221; text_text_color=&#8221;#905e46&#8243; text_font_size=&#8221;2em&#8221; text_orientation=&#8221;center&#8221; custom_margin=&#8221;40px||10px||false|false&#8221; locked=&#8221;off&#8221; global_colors_info=&#8221;{}&#8221;]<\/p>\n<p>Celina<\/p>\n<p>[\/et_pb_text][et_pb_image src=&#8221;http:\/\/anuario.fundacionfranciscana.org\/2022\/wp-content\/uploads\/2022\/12\/voluntariado-celina.png&#8221; title_text=&#8221;voluntariado-celina&#8221; align=&#8221;center&#8221; _builder_version=&#8221;4.17.4&#8243; _module_preset=&#8221;default&#8221; custom_margin=&#8221;||10px||false|false&#8221; custom_padding=&#8221;||||false|false&#8221; locked=&#8221;off&#8221; global_colors_info=&#8221;{}&#8221;][\/et_pb_image][et_pb_audio audio=&#8221;http:\/\/anuario.fundacionfranciscana.org\/2022\/wp-content\/uploads\/2022\/12\/volunatariado-celina-1.ogg&#8221; _builder_version=&#8221;4.17.4&#8243; _module_preset=&#8221;default&#8221; background_color=&#8221;#9b9b9b&#8221; max_width=&#8221;50%&#8221; module_alignment=&#8221;center&#8221; custom_margin=&#8221;30px||||false|false&#8221; custom_padding=&#8221;10px|10px|10px|10px|true|true&#8221; border_radii=&#8221;on|20px|20px|20px|20px&#8221; locked=&#8221;off&#8221; global_colors_info=&#8221;{}&#8221;][\/et_pb_audio][et_pb_text _builder_version=&#8221;4.17.4&#8243; _module_preset=&#8221;default&#8221; text_font=&#8221;||||||||&#8221; text_text_color=&#8221;#a5612c&#8221; text_font_size=&#8221;1.4em&#8221; text_orientation=&#8221;center&#8221; global_colors_info=&#8221;{}&#8221;]<\/p>\n<p>\u00bfTe gustar\u00eda participar como voluntario\/a?<\/p>\n<p>[\/et_pb_text][et_pb_button button_url=&#8221;https:\/\/forms.office.com\/r\/Jh56eA0Sqb&#8221; button_text=&#8221;\u00a1Sumate! &#8221; button_alignment=&#8221;center&#8221; _builder_version=&#8221;4.17.4&#8243; _module_preset=&#8221;default&#8221; custom_button=&#8221;on&#8221; button_text_color=&#8221;#a5612c&#8221; button_border_width=&#8221;3px&#8221; button_border_radius=&#8221;18px&#8221; button_font=&#8221;|||on|||||&#8221; custom_margin=&#8221;||80px||false|false&#8221; custom_padding=&#8221;||||false|false&#8221; hover_enabled=&#8221;0&#8243; global_colors_info=&#8221;{}&#8221; url_new_window=&#8221;on&#8221; sticky_enabled=&#8221;0&#8243;][\/et_pb_button][\/et_pb_column][\/et_pb_row][\/et_pb_section][et_pb_section fb_built=&#8221;1&#8243; _builder_version=&#8221;4.17.4&#8243; _module_preset=&#8221;default&#8221; min_height=&#8221;0px&#8221; height=&#8221;0px&#8221; max_height=&#8221;0px&#8221; custom_margin=&#8221;0px|0px|0px|0px|false|false&#8221; custom_padding=&#8221;0px|0px|0px|0px|false|false&#8221; custom_css_main_element=&#8221;visibility: hidden&#8221; global_colors_info=&#8221;{}&#8221;][et_pb_row _builder_version=&#8221;4.17.4&#8243; _module_preset=&#8221;default&#8221; min_height=&#8221;0px&#8221; height=&#8221;0px&#8221; max_height=&#8221;0px&#8221; custom_margin=&#8221;0px||0px||false|false&#8221; custom_padding=&#8221;0px||0px||false|false&#8221; global_colors_info=&#8221;{}&#8221;][et_pb_column type=&#8221;4_4&#8243; _builder_version=&#8221;4.17.4&#8243; _module_preset=&#8221;default&#8221; custom_padding=&#8221;0px||0px||false|false&#8221; global_colors_info=&#8221;{}&#8221;][et_pb_code _builder_version=&#8221;4.17.4&#8243; _module_preset=&#8221;default&#8221; min_height=&#8221;0px&#8221; height=&#8221;0px&#8221; max_height=&#8221;0px&#8221; global_colors_info=&#8221;{}&#8221;] <\/p>\n<style>.trescolumnas {<!-- [et_pb_line_break_holder] -->display: inline-block; <!-- [et_pb_line_break_holder] -->max-width :33.33%;<!-- [et_pb_line_break_holder] -->} <\/style>\n<p>[\/et_pb_code][\/et_pb_column][\/et_pb_row][\/et_pb_section][et_pb_section fb_built=&#8221;1&#8243; disabled_on=&#8221;off|off|on&#8221; _builder_version=&#8221;4.17.4&#8243; _module_preset=&#8221;default&#8221; background_color=&#8221;#b49553&#8243; custom_margin=&#8221;||||false|false&#8221; custom_padding=&#8221;0px|0px|0px|0px|false|false&#8221; global_colors_info=&#8221;{}&#8221;][et_pb_row _builder_version=&#8221;4.17.4&#8243; _module_preset=&#8221;default&#8221; global_colors_info=&#8221;{}&#8221;][et_pb_column type=&#8221;4_4&#8243; _builder_version=&#8221;4.17.4&#8243; _module_preset=&#8221;default&#8221; custom_padding=&#8221;||||false|false&#8221; global_colors_info=&#8221;{}&#8221;][et_pb_image src=&#8221;http:\/\/anuario.fundacionfranciscana.org\/2022\/wp-content\/uploads\/2022\/12\/voluntariado.png&#8221; title_text=&#8221;voluntariado&#8221; show_bottom_space=&#8221;off&#8221; _builder_version=&#8221;4.17.4&#8243; _module_preset=&#8221;default&#8221; custom_margin=&#8221;-20px||||false|false&#8221; custom_padding=&#8221;0px||||false|false&#8221; global_colors_info=&#8221;{}&#8221;][\/et_pb_image][\/et_pb_column][\/et_pb_row][\/et_pb_section][et_pb_section fb_built=&#8221;1&#8243; disabled_on=&#8221;off|off|on&#8221; _builder_version=&#8221;4.17.4&#8243; _module_preset=&#8221;default&#8221; background_color=&#8221;#b49553&#8243; custom_margin=&#8221;||||false|false&#8221; custom_padding=&#8221;0px|20px|0px|20px|false|false&#8221; global_colors_info=&#8221;{}&#8221;][et_pb_row _builder_version=&#8221;4.17.4&#8243; _module_preset=&#8221;default&#8221; background_color=&#8221;#FFFFFF&#8221; width=&#8221;100%&#8221; custom_margin=&#8221;||||false|false&#8221; custom_padding=&#8221;10px|20px|10px|20px|true|true&#8221; global_colors_info=&#8221;{}&#8221;][et_pb_column type=&#8221;4_4&#8243; _builder_version=&#8221;4.17.4&#8243; _module_preset=&#8221;default&#8221; global_colors_info=&#8221;{}&#8221;][et_pb_image src=&#8221;http:\/\/anuario.fundacionfranciscana.org\/2022\/wp-content\/uploads\/2022\/12\/voluntariado-titulo.png&#8221; title_text=&#8221;voluntariado-titulo&#8221; align=&#8221;center&#8221; _builder_version=&#8221;4.17.4&#8243; _module_preset=&#8221;default&#8221; custom_margin=&#8221;20px||-10px||false|false&#8221; custom_padding=&#8221;||||false|false&#8221; global_colors_info=&#8221;{}&#8221;][\/et_pb_image][et_pb_image src=&#8221;http:\/\/anuario.fundacionfranciscana.org\/2022\/wp-content\/uploads\/2022\/12\/salud-linea.png&#8221; title_text=&#8221;salud-linea&#8221; _builder_version=&#8221;4.17.4&#8243; _module_preset=&#8221;default&#8221; max_width=&#8221;70%&#8221; module_alignment=&#8221;center&#8221; custom_margin=&#8221;20px||10px||false|false&#8221; global_colors_info=&#8221;{}&#8221;][\/et_pb_image][et_pb_text _builder_version=&#8221;4.17.4&#8243; _module_preset=&#8221;default&#8221; text_font=&#8221;Gotham Light|500|||||||&#8221; text_text_color=&#8221;#606060&#8243; text_font_size=&#8221;1em&#8221; text_orientation=&#8221;center&#8221; custom_margin=&#8221;20px||0px||false|false&#8221; global_colors_info=&#8221;{}&#8221;]<\/p>\n<p><span>El voluntariado es el motor de nuestro trabajo: desde el inicio de nuestra historia cuando los\/as fundadores\/as eran voluntarios\/as, hasta nuestro presente en el que nos acompa\u00f1an m\u00e1s de 100 voluntarios\/as.<\/span><\/p>\n<p><span>Su entrega gratuita, comprometida, sincera y con entusiasmo nos permite acompa\u00f1ar a m\u00e1s familias, nos permite abrir m\u00e1s grupos y nos ayuda a darle fuerza a nuevos proyectos.<\/span><\/p>\n<p><span>Hay voluntarios\/as que contin\u00faan en la Fundaci\u00f3n hace muchos a\u00f1os, enamorados\/as del modo y de la propuesta. Hay estudiantes que nos conocen en la pr\u00e1ctica de su facultad y permanecen m\u00e1s tiempo en el espacio, donde se sienten c\u00f3modos\/as y acompa\u00f1ados\/as. Hay empresas que conf\u00edan a\u00f1o tras a\u00f1o para compartir con nosotros\/as un proyecto o venir a visitarnos. Hay profesionales que quieren poner su conocimiento al servicio. Somos muchas las personas que queremos compartir en comunidad y transformarnos en el encuentro. Esto es el voluntariado en Fundaci\u00f3n Franciscana. Ellas nos lo cuentan en primera persona.<\/span><\/p>\n<p>[\/et_pb_text][\/et_pb_column][\/et_pb_row][\/et_pb_section][et_pb_section fb_built=&#8221;1&#8243; disabled_on=&#8221;off|off|on&#8221; _builder_version=&#8221;4.17.4&#8243; _module_preset=&#8221;default&#8221; background_color=&#8221;#b49553&#8243; custom_margin=&#8221;0px||0px||false|false&#8221; custom_padding=&#8221;0px|20px|0px|20px|false|false&#8221; global_colors_info=&#8221;{}&#8221;][et_pb_row _builder_version=&#8221;4.17.4&#8243; _module_preset=&#8221;default&#8221; background_color=&#8221;#FFFFFF&#8221; width=&#8221;100%&#8221; custom_margin=&#8221;||||false|false&#8221; custom_padding=&#8221;10px|20px|10px|20px|true|true&#8221; global_colors_info=&#8221;{}&#8221;][et_pb_column type=&#8221;4_4&#8243; _builder_version=&#8221;4.17.4&#8243; _module_preset=&#8221;default&#8221; global_colors_info=&#8221;{}&#8221;][et_pb_text _builder_version=&#8221;4.17.4&#8243; _module_preset=&#8221;default&#8221; text_font=&#8221;Blooming flowers||||||||&#8221; text_text_color=&#8221;#905e46&#8243; text_font_size=&#8221;2em&#8221; text_orientation=&#8221;center&#8221; custom_margin=&#8221;0px||10px||false|false&#8221; global_colors_info=&#8221;{}&#8221;]<\/p>\n<p>Mariela<\/p>\n<p>[\/et_pb_text][et_pb_image src=&#8221;http:\/\/anuario.fundacionfranciscana.org\/2022\/wp-content\/uploads\/2022\/12\/voluntariado-mariela.png&#8221; title_text=&#8221;voluntariado-mariela&#8221; align=&#8221;center&#8221; _builder_version=&#8221;4.17.4&#8243; _module_preset=&#8221;default&#8221; custom_margin=&#8221;||10px||false|false&#8221; custom_padding=&#8221;||||false|false&#8221; global_colors_info=&#8221;{}&#8221;][\/et_pb_image][et_pb_audio audio=&#8221;http:\/\/anuario.fundacionfranciscana.org\/2022\/wp-content\/uploads\/2022\/12\/volunatariado-mariela.mp3&#8243; _builder_version=&#8221;4.17.4&#8243; _module_preset=&#8221;default&#8221; background_color=&#8221;#9b9b9b&#8221; max_width=&#8221;70%&#8221; module_alignment=&#8221;center&#8221; custom_margin=&#8221;30px||||false|false&#8221; custom_padding=&#8221;15px|15px|15px|15px|false|false&#8221; border_radii=&#8221;on|20px|20px|20px|20px&#8221; locked=&#8221;off&#8221; global_colors_info=&#8221;{}&#8221;][\/et_pb_audio][\/et_pb_column][\/et_pb_row][\/et_pb_section][et_pb_section fb_built=&#8221;1&#8243; disabled_on=&#8221;off|off|on&#8221; _builder_version=&#8221;4.17.4&#8243; _module_preset=&#8221;default&#8221; background_color=&#8221;#b49553&#8243; custom_margin=&#8221;0px||0px||false|false&#8221; custom_padding=&#8221;0px|20px|0px|20px|false|false&#8221; global_colors_info=&#8221;{}&#8221;][et_pb_row _builder_version=&#8221;4.17.4&#8243; _module_preset=&#8221;default&#8221; background_color=&#8221;#FFFFFF&#8221; width=&#8221;100%&#8221; custom_margin=&#8221;||||false|false&#8221; custom_padding=&#8221;10px|20px|10px|20px|true|true&#8221; global_colors_info=&#8221;{}&#8221;][et_pb_column type=&#8221;4_4&#8243; _builder_version=&#8221;4.17.4&#8243; _module_preset=&#8221;default&#8221; global_colors_info=&#8221;{}&#8221;][et_pb_text _builder_version=&#8221;4.17.4&#8243; _module_preset=&#8221;default&#8221; text_font=&#8221;Blooming flowers||||||||&#8221; text_text_color=&#8221;#905e46&#8243; text_font_size=&#8221;2em&#8221; text_orientation=&#8221;center&#8221; custom_margin=&#8221;40px||10px||false|false&#8221; global_colors_info=&#8221;{}&#8221;]<\/p>\n<p>Iara<\/p>\n<p>[\/et_pb_text][et_pb_image src=&#8221;http:\/\/anuario.fundacionfranciscana.org\/2022\/wp-content\/uploads\/2022\/12\/voluntariado-iara.png&#8221; title_text=&#8221;voluntariado-iara&#8221; align=&#8221;center&#8221; _builder_version=&#8221;4.17.4&#8243; _module_preset=&#8221;default&#8221; custom_margin=&#8221;||10px||false|false&#8221; custom_padding=&#8221;||||false|false&#8221; global_colors_info=&#8221;{}&#8221;][\/et_pb_image][et_pb_audio audio=&#8221;http:\/\/anuario.fundacionfranciscana.org\/2022\/wp-content\/uploads\/2022\/12\/volunatariado-iara.mp3&#8243; _builder_version=&#8221;4.17.4&#8243; _module_preset=&#8221;default&#8221; background_color=&#8221;#9b9b9b&#8221; max_width=&#8221;70%&#8221; module_alignment=&#8221;center&#8221; custom_margin=&#8221;30px||||false|false&#8221; custom_padding=&#8221;15px|15px|15px|15px|false|false&#8221; border_radii=&#8221;on|20px|20px|20px|20px&#8221; locked=&#8221;off&#8221; global_colors_info=&#8221;{}&#8221;][\/et_pb_audio][\/et_pb_column][\/et_pb_row][\/et_pb_section][et_pb_section fb_built=&#8221;1&#8243; disabled_on=&#8221;off|off|on&#8221; _builder_version=&#8221;4.17.4&#8243; _module_preset=&#8221;default&#8221; background_color=&#8221;#b49553&#8243; custom_margin=&#8221;0px||0px||false|false&#8221; custom_padding=&#8221;0px|20px|0px|20px|false|false&#8221; global_colors_info=&#8221;{}&#8221;][et_pb_row _builder_version=&#8221;4.17.4&#8243; _module_preset=&#8221;default&#8221; background_color=&#8221;#FFFFFF&#8221; width=&#8221;100%&#8221; custom_margin=&#8221;||||false|false&#8221; custom_padding=&#8221;10px|20px|10px|20px|true|true&#8221; global_colors_info=&#8221;{}&#8221;][et_pb_column type=&#8221;4_4&#8243; _builder_version=&#8221;4.17.4&#8243; _module_preset=&#8221;default&#8221; global_colors_info=&#8221;{}&#8221;][et_pb_text _builder_version=&#8221;4.17.4&#8243; _module_preset=&#8221;default&#8221; text_font=&#8221;Blooming flowers||||||||&#8221; text_text_color=&#8221;#905e46&#8243; text_font_size=&#8221;2em&#8221; text_orientation=&#8221;center&#8221; custom_margin=&#8221;40px||10px||false|false&#8221; global_colors_info=&#8221;{}&#8221;]<\/p>\n<p>Josefina<\/p>\n<p>[\/et_pb_text][et_pb_image src=&#8221;http:\/\/anuario.fundacionfranciscana.org\/2022\/wp-content\/uploads\/2022\/12\/voluntariado-josefina.png&#8221; title_text=&#8221;voluntariado-josefina&#8221; align=&#8221;center&#8221; _builder_version=&#8221;4.17.4&#8243; _module_preset=&#8221;default&#8221; custom_margin=&#8221;||10px||false|false&#8221; custom_padding=&#8221;||||false|false&#8221; global_colors_info=&#8221;{}&#8221;][\/et_pb_image][et_pb_audio audio=&#8221;http:\/\/anuario.fundacionfranciscana.org\/2022\/wp-content\/uploads\/2022\/12\/volunatariado-josefina.mp3&#8243; _builder_version=&#8221;4.17.4&#8243; _module_preset=&#8221;default&#8221; background_color=&#8221;#9b9b9b&#8221; max_width=&#8221;70%&#8221; module_alignment=&#8221;center&#8221; custom_margin=&#8221;30px||||false|false&#8221; custom_padding=&#8221;15px|15px|15px|15px|false|false&#8221; border_radii=&#8221;on|20px|20px|20px|20px&#8221; locked=&#8221;off&#8221; global_colors_info=&#8221;{}&#8221;][\/et_pb_audio][\/et_pb_column][\/et_pb_row][et_pb_row _builder_version=&#8221;4.17.4&#8243; _module_preset=&#8221;default&#8221; background_color=&#8221;#FFFFFF&#8221; width=&#8221;100%&#8221; custom_margin=&#8221;||||false|false&#8221; custom_padding=&#8221;10px|20px|10px|20px|true|true&#8221; global_colors_info=&#8221;{}&#8221;][et_pb_column type=&#8221;4_4&#8243; _builder_version=&#8221;4.17.4&#8243; _module_preset=&#8221;default&#8221; global_colors_info=&#8221;{}&#8221;][et_pb_text _builder_version=&#8221;4.17.4&#8243; _module_preset=&#8221;default&#8221; text_font=&#8221;Blooming flowers||||||||&#8221; text_text_color=&#8221;#905e46&#8243; text_font_size=&#8221;2em&#8221; text_orientation=&#8221;center&#8221; custom_margin=&#8221;40px||10px||false|false&#8221; global_colors_info=&#8221;{}&#8221;]<\/p>\n<p>Juana<\/p>\n<p>[\/et_pb_text][et_pb_image src=&#8221;http:\/\/anuario.fundacionfranciscana.org\/2022\/wp-content\/uploads\/2022\/12\/voluntariado-juana.png&#8221; title_text=&#8221;voluntariado-juana&#8221; align=&#8221;center&#8221; _builder_version=&#8221;4.17.4&#8243; _module_preset=&#8221;default&#8221; custom_margin=&#8221;||10px||false|false&#8221; custom_padding=&#8221;||||false|false&#8221; global_colors_info=&#8221;{}&#8221;][\/et_pb_image][et_pb_audio audio=&#8221;http:\/\/anuario.fundacionfranciscana.org\/2022\/wp-content\/uploads\/2022\/12\/volunatariado-juana.mp3&#8243; _builder_version=&#8221;4.17.4&#8243; _module_preset=&#8221;default&#8221; background_color=&#8221;#9b9b9b&#8221; max_width=&#8221;70%&#8221; module_alignment=&#8221;center&#8221; custom_margin=&#8221;30px||||false|false&#8221; custom_padding=&#8221;15px|15px|15px|15px|false|false&#8221; border_radii=&#8221;on|20px|20px|20px|20px&#8221; locked=&#8221;off&#8221; global_colors_info=&#8221;{}&#8221;][\/et_pb_audio][\/et_pb_column][\/et_pb_row][et_pb_row _builder_version=&#8221;4.17.4&#8243; _module_preset=&#8221;default&#8221; background_color=&#8221;#FFFFFF&#8221; width=&#8221;100%&#8221; custom_margin=&#8221;||||false|false&#8221; custom_padding=&#8221;10px|20px|10px|20px|true|true&#8221; global_colors_info=&#8221;{}&#8221;][et_pb_column type=&#8221;4_4&#8243; _builder_version=&#8221;4.17.4&#8243; _module_preset=&#8221;default&#8221; global_colors_info=&#8221;{}&#8221;][et_pb_text _builder_version=&#8221;4.17.4&#8243; _module_preset=&#8221;default&#8221; text_font=&#8221;Blooming flowers||||||||&#8221; text_text_color=&#8221;#905e46&#8243; text_font_size=&#8221;2em&#8221; text_orientation=&#8221;center&#8221; custom_margin=&#8221;40px||10px||false|false&#8221; global_colors_info=&#8221;{}&#8221;]<\/p>\n<p>Celina<\/p>\n<p>[\/et_pb_text][et_pb_image src=&#8221;http:\/\/anuario.fundacionfranciscana.org\/2022\/wp-content\/uploads\/2022\/12\/voluntariado-celina.png&#8221; title_text=&#8221;voluntariado-celina&#8221; align=&#8221;center&#8221; _builder_version=&#8221;4.17.4&#8243; _module_preset=&#8221;default&#8221; custom_margin=&#8221;||10px||false|false&#8221; custom_padding=&#8221;||||false|false&#8221; global_colors_info=&#8221;{}&#8221;][\/et_pb_image][et_pb_audio audio=&#8221;http:\/\/anuario.fundacionfranciscana.org\/2022\/wp-content\/uploads\/2022\/12\/volunatariado-celina.mp3&#8243; _builder_version=&#8221;4.17.4&#8243; _module_preset=&#8221;default&#8221; background_color=&#8221;#9b9b9b&#8221; max_width=&#8221;70%&#8221; module_alignment=&#8221;center&#8221; custom_margin=&#8221;30px||60px||false|false&#8221; custom_padding=&#8221;15px|15px|15px|15px|false|false&#8221; border_radii=&#8221;on|20px|20px|20px|20px&#8221; locked=&#8221;off&#8221; global_colors_info=&#8221;{}&#8221;][\/et_pb_audio][\/et_pb_column][\/et_pb_row][et_pb_row _builder_version=&#8221;4.17.4&#8243; _module_preset=&#8221;default&#8221; global_colors_info=&#8221;{}&#8221;][et_pb_column type=&#8221;4_4&#8243; _builder_version=&#8221;4.17.4&#8243; _module_preset=&#8221;default&#8221; global_colors_info=&#8221;{}&#8221;][et_pb_text _builder_version=&#8221;4.17.4&#8243; _module_preset=&#8221;default&#8221; text_font=&#8221;||||||||&#8221; text_text_color=&#8221;#FFFFFF&#8221; text_font_size=&#8221;1.2em&#8221; text_orientation=&#8221;center&#8221; global_colors_info=&#8221;{}&#8221;]<\/p>\n<p>\u00bfTe gustar\u00eda participar como voluntario\/a?<\/p>\n<p>[\/et_pb_text][et_pb_button button_url=&#8221;https:\/\/forms.office.com\/r\/Jh56eA0Sqb&#8221; button_text=&#8221;\u00a1Sumate! &#8221; button_alignment=&#8221;center&#8221; _builder_version=&#8221;4.17.4&#8243; _module_preset=&#8221;default&#8221; custom_button=&#8221;on&#8221; button_text_color=&#8221;#FFFFFF&#8221; button_border_width=&#8221;3px&#8221; button_border_radius=&#8221;18px&#8221; button_font=&#8221;|||on|||||&#8221; hover_enabled=&#8221;0&#8243; global_colors_info=&#8221;{}&#8221; url_new_window=&#8221;on&#8221; sticky_enabled=&#8221;0&#8243;][\/et_pb_button][\/et_pb_column][\/et_pb_row][\/et_pb_section][et_pb_section fb_built=&#8221;1&#8243; disabled_on=&#8221;off|off|off&#8221; _builder_version=&#8221;4.17.4&#8243; _module_preset=&#8221;default&#8221; background_color=&#8221;#d5b766&#8243; custom_margin=&#8221;||||false|false&#8221; custom_margin_tablet=&#8221;&#8221; custom_margin_phone=&#8221;||||false|false&#8221; custom_margin_last_edited=&#8221;on|phone&#8221; custom_padding=&#8221;20px||0px||false|false&#8221; border_color_all=&#8221;RGBA(255,255,255,0)&#8221; locked=&#8221;off&#8221; global_colors_info=&#8221;{}&#8221;][et_pb_row column_structure=&#8221;1_3,1_3,1_3&#8243; _builder_version=&#8221;4.17.4&#8243; _module_preset=&#8221;default&#8221; width=&#8221;100%&#8221; max_width=&#8221;100%&#8221; custom_margin=&#8221;0px|0px|0px|0px|false|false&#8221; custom_padding=&#8221;0px|0px|0px|0px|false|false&#8221; global_colors_info=&#8221;{}&#8221;][et_pb_column type=&#8221;1_3&#8243; module_class=&#8221;trescolumnas&#8221; _builder_version=&#8221;4.17.4&#8243; _module_preset=&#8221;default&#8221; global_colors_info=&#8221;{}&#8221;][et_pb_image src=&#8221;http:\/\/anuario.fundacionfranciscana.org\/2022\/wp-content\/uploads\/2022\/12\/fundacion-franciscana.png&#8221; title_text=&#8221;fundacion-franciscana&#8221; align=&#8221;center&#8221; _builder_version=&#8221;4.17.4&#8243; _module_preset=&#8221;default&#8221; custom_padding=&#8221;10px||10px||false|false&#8221; global_colors_info=&#8221;{}&#8221;][\/et_pb_image][\/et_pb_column][et_pb_column type=&#8221;1_3&#8243; module_class=&#8221;trescolumnas&#8221; _builder_version=&#8221;4.17.4&#8243; _module_preset=&#8221;default&#8221; global_colors_info=&#8221;{}&#8221;][et_pb_image src=&#8221;http:\/\/anuario.fundacionfranciscana.org\/2022\/wp-content\/uploads\/2022\/12\/volver.png&#8221; title_text=&#8221;volver&#8221; url=&#8221;@ET-DC@eyJkeW5hbWljIjp0cnVlLCJjb250ZW50IjoicG9zdF9saW5rX3VybF9wYWdlIiwic2V0dGluZ3MiOnsicG9zdF9pZCI6IjQwNyJ9fQ==@&#8221; align=&#8221;center&#8221; disabled_on=&#8221;on|on|off&#8221; _builder_version=&#8221;4.17.4&#8243; _dynamic_attributes=&#8221;url&#8221; _module_preset=&#8221;default&#8221; custom_margin=&#8221;||0px||false|false&#8221; custom_padding=&#8221;10px||||false|false&#8221; global_colors_info=&#8221;{}&#8221;][\/et_pb_image][et_pb_image src=&#8221;http:\/\/anuario.fundacionfranciscana.org\/2022\/wp-content\/uploads\/2022\/12\/volver.png&#8221; title_text=&#8221;volver&#8221; url=&#8221;@ET-DC@eyJkeW5hbWljIjp0cnVlLCJjb250ZW50IjoicG9zdF9saW5rX3VybF9wYWdlIiwic2V0dGluZ3MiOnsicG9zdF9pZCI6IjQ3In19@&#8221; align=&#8221;center&#8221; disabled_on=&#8221;off|off|on&#8221; _builder_version=&#8221;4.17.4&#8243; _dynamic_attributes=&#8221;url&#8221; _module_preset=&#8221;default&#8221; custom_padding=&#8221;10px||10px||false|false&#8221; global_colors_info=&#8221;{}&#8221;][\/et_pb_image][\/et_pb_column][et_pb_column type=&#8221;1_3&#8243; module_class=&#8221;trescolumnas&#8221; _builder_version=&#8221;4.17.4&#8243; _module_preset=&#8221;default&#8221; global_colors_info=&#8221;{}&#8221;][et_pb_image src=&#8221;http:\/\/anuario.fundacionfranciscana.org\/2022\/wp-content\/uploads\/2022\/12\/energy.png&#8221; title_text=&#8221;energy&#8221; align=&#8221;center&#8221; _builder_version=&#8221;4.17.4&#8243; _module_preset=&#8221;default&#8221; custom_padding=&#8221;10px||10px||false|false&#8221; global_colors_info=&#8221;{}&#8221;][\/et_pb_image][\/et_pb_column][\/et_pb_row][\/et_pb_section]<\/p>\n","protected":false},"excerpt":{"rendered":"<p>El voluntariado es el motor de nuestro trabajo: desde el inicio de nuestra historia cuando los\/as fundadores\/as eran voluntarios\/as, hasta nuestro presente en el que nos acompa\u00f1an m\u00e1s de 100 voluntarios\/as. Su entrega gratuita, comprometida, sincera y con entusiasmo nos permite acompa\u00f1ar a m\u00e1s familias, nos permite abrir m\u00e1s grupos y nos ayuda a darle [&hellip;]<\/p>\n","protected":false},"author":1,"featured_media":0,"parent":0,"menu_order":0,"comment_status":"closed","ping_status":"closed","template":"","meta":{"_et_pb_use_builder":"on","_et_pb_old_content":"","_et_gb_content_width":"","ngg_post_thumbnail":0,"iawp_total_views":160,"footnotes":""},"class_list":["post-290","page","type-page","status-publish","hentry"],"_links":{"self":[{"href":"http:\/\/anuario.fundacionfranciscana.org\/2022\/wp-json\/wp\/v2\/pages\/290","targetHints":{"allow":["GET"]}}],"collection":[{"href":"http:\/\/anuario.fundacionfranciscana.org\/2022\/wp-json\/wp\/v2\/pages"}],"about":[{"href":"http:\/\/anuario.fundacionfranciscana.org\/2022\/wp-json\/wp\/v2\/types\/page"}],"author":[{"embeddable":true,"href":"http:\/\/anuario.fundacionfranciscana.org\/2022\/wp-json\/wp\/v2\/users\/1"}],"replies":[{"embeddable":true,"href":"http:\/\/anuario.fundacionfranciscana.org\/2022\/wp-json\/wp\/v2\/comments?post=290"}],"version-history":[{"count":25,"href":"http:\/\/anuario.fundacionfranciscana.org\/2022\/wp-json\/wp\/v2\/pages\/290\/revisions"}],"predecessor-version":[{"id":931,"href":"http:\/\/anuario.fundacionfranciscana.org\/2022\/wp-json\/wp\/v2\/pages\/290\/revisions\/931"}],"wp:attachment":[{"href":"http:\/\/anuario.fundacionfranciscana.org\/2022\/wp-json\/wp\/v2\/media?parent=290"}],"curies":[{"name":"wp","href":"https:\/\/api.w.org\/{rel}","templated":true}]}}