{"id":1915,"date":"2025-03-05T18:51:51","date_gmt":"2025-03-05T21:51:51","guid":{"rendered":"https:\/\/anuario.fundacionfranciscana.org\/2024\/?page_id=1915"},"modified":"2025-03-17T18:54:29","modified_gmt":"2025-03-17T21:54:29","slug":"como-participar","status":"publish","type":"page","link":"https:\/\/anuario.fundacionfranciscana.org\/2024\/como-participar\/","title":{"rendered":"C\u00f3mo participar"},"content":{"rendered":"<p>[et_pb_section fb_built=&#8221;1&#8243; disabled_on=&#8221;off|off|off&#8221; _builder_version=&#8221;4.27.4&#8243; _module_preset=&#8221;default&#8221; background_color=&#8221;#446274&#8243; custom_margin=&#8221;||0px||false|false&#8221; custom_margin_tablet=&#8221;&#8221; custom_margin_phone=&#8221;||-1px||false|false&#8221; custom_margin_last_edited=&#8221;on|phone&#8221; custom_padding=&#8221;10px||0px||false|false&#8221; border_color_all=&#8221;RGBA(255,255,255,0)&#8221; locked=&#8221;off&#8221; global_colors_info=&#8221;{}&#8221;][et_pb_row column_structure=&#8221;1_3,1_3,1_3&#8243; custom_padding_last_edited=&#8221;on|phone&#8221; _builder_version=&#8221;4.23.4&#8243; _module_preset=&#8221;default&#8221; width=&#8221;100%&#8221; max_width=&#8221;100%&#8221; custom_margin=&#8221;0px|0px|0px|0px|false|false&#8221; custom_padding=&#8221;20px|20px|20px|20px|false|false&#8221; custom_padding_tablet=&#8221;20px|20px|20px|20px|false|false&#8221; custom_padding_phone=&#8221;20px|20px|0px|20px|false|false&#8221; locked=&#8221;off&#8221; global_colors_info=&#8221;{}&#8221;][et_pb_column type=&#8221;1_3&#8243; module_class=&#8221;trescolumnas&#8221; _builder_version=&#8221;4.17.4&#8243; _module_preset=&#8221;default&#8221; global_colors_info=&#8221;{}&#8221;][et_pb_image src=&#8221;https:\/\/anuario.fundacionfranciscana.org\/2024\/wp-content\/uploads\/2025\/02\/fundacion-franciscana.png&#8221; title_text=&#8221;fundacion-franciscana&#8221; align=&#8221;center&#8221; _builder_version=&#8221;4.27.4&#8243; _module_preset=&#8221;default&#8221; width_tablet=&#8221;&#8221; width_phone=&#8221;&#8221; width_last_edited=&#8221;on|phone&#8221; custom_padding=&#8221;||10px||false|false&#8221; global_colors_info=&#8221;{}&#8221;][\/et_pb_image][\/et_pb_column][et_pb_column type=&#8221;1_3&#8243; module_class=&#8221;trescolumnas&#8221; _builder_version=&#8221;4.17.4&#8243; _module_preset=&#8221;default&#8221; global_colors_info=&#8221;{}&#8221;][et_pb_image src=&#8221;https:\/\/anuario.fundacionfranciscana.org\/2024\/wp-content\/uploads\/2025\/02\/bot-inicio.png&#8221; title_text=&#8221;bot &#8211; inicio&#8221; url=&#8221;@ET-DC@eyJkeW5hbWljIjp0cnVlLCJjb250ZW50IjoicG9zdF9saW5rX3VybF9wYWdlIiwic2V0dGluZ3MiOnsicG9zdF9pZCI6IjE1MTkifX0=@&#8221; align=&#8221;center&#8221; _builder_version=&#8221;4.27.4&#8243; _dynamic_attributes=&#8221;url&#8221; _module_preset=&#8221;default&#8221; max_width_tablet=&#8221;&#8221; max_width_phone=&#8221;90%&#8221; max_width_last_edited=&#8221;on|phone&#8221; module_alignment=&#8221;center&#8221; max_height=&#8221;65px&#8221; locked=&#8221;off&#8221; global_colors_info=&#8221;{}&#8221;][\/et_pb_image][\/et_pb_column][et_pb_column type=&#8221;1_3&#8243; module_class=&#8221;trescolumnas&#8221; _builder_version=&#8221;4.17.4&#8243; _module_preset=&#8221;default&#8221; global_colors_info=&#8221;{}&#8221;][et_pb_image src=&#8221;https:\/\/anuario.fundacionfranciscana.org\/2024\/wp-content\/uploads\/2025\/02\/bot-siguiente-seccion.png&#8221; title_text=&#8221;bot &#8211; siguiente seccion&#8221; url=&#8221;@ET-DC@eyJkeW5hbWljIjp0cnVlLCJjb250ZW50IjoicG9zdF9saW5rX3VybF9wYWdlIiwic2V0dGluZ3MiOnsicG9zdF9pZCI6IjE1MTkifX0=@&#8221; align=&#8221;center&#8221; _builder_version=&#8221;4.27.4&#8243; _dynamic_attributes=&#8221;url&#8221; _module_preset=&#8221;default&#8221; max_width_tablet=&#8221;&#8221; max_width_phone=&#8221;90%&#8221; max_width_last_edited=&#8221;on|phone&#8221; module_alignment=&#8221;center&#8221; max_height=&#8221;65px&#8221; locked=&#8221;off&#8221; global_colors_info=&#8221;{}&#8221;][\/et_pb_image][\/et_pb_column][\/et_pb_row][\/et_pb_section][et_pb_section fb_built=&#8221;1&#8243; make_equal=&#8221;on&#8221; specialty=&#8221;on&#8221; background_color_2=&#8221;#FFFFFF&#8221; padding_top_1=&#8221;0px&#8221; padding_top_2=&#8221;0px&#8221; padding_right_1=&#8221;0px&#8221; padding_right_2=&#8221;0px&#8221; padding_bottom_1=&#8221;0px&#8221; padding_bottom_2=&#8221;0px&#8221; padding_left_1=&#8221;0px&#8221; padding_left_2=&#8221;0px&#8221; padding_top_bottom_link_1=&#8221;false&#8221; padding_top_bottom_link_2=&#8221;false&#8221; padding_left_right_link_1=&#8221;false&#8221; padding_left_right_link_2=&#8221;false&#8221; disabled_on=&#8221;on|on|off&#8221; _builder_version=&#8221;4.27.4&#8243; _module_preset=&#8221;default&#8221; background_color=&#8221;#b2bdbe&#8221; background_image=&#8221;https:\/\/anuario.fundacionfranciscana.org\/2024\/wp-content\/uploads\/2025\/03\/pared-2.jpg&#8221; background_size=&#8221;initial&#8221; background_position=&#8221;top_left&#8221; background_repeat=&#8221;repeat&#8221; background_blend=&#8221;multiply&#8221; width=&#8221;100%&#8221; max_width=&#8221;100%&#8221; inner_width=&#8221;100%&#8221; inner_max_width=&#8221;100%&#8221; custom_margin=&#8221;0px|0px|0px|0px|false|false&#8221; custom_padding=&#8221;0px|0px|0px|0px|false|false&#8221; global_colors_info=&#8221;{}&#8221;][et_pb_column type=&#8221;1_3&#8243; _builder_version=&#8221;4.16&#8243; custom_padding=&#8221;|||&#8221; global_colors_info=&#8221;{}&#8221; custom_padding__hover=&#8221;|||&#8221;][et_pb_image src=&#8221;https:\/\/anuario.fundacionfranciscana.org\/2024\/wp-content\/uploads\/2025\/03\/afiche-financiamos.png&#8221; title_text=&#8221;afiche-financiamos&#8221; show_bottom_space=&#8221;off&#8221; align=&#8221;center&#8221; _builder_version=&#8221;4.27.4&#8243; _module_preset=&#8221;default&#8221; max_width=&#8221;70%&#8221; custom_margin=&#8221;50px||||false|false&#8221; custom_padding=&#8221;||||false|false&#8221; sticky_position=&#8221;top&#8221; sticky_position_tablet=&#8221;top&#8221; sticky_position_phone=&#8221;none&#8221; sticky_position_last_edited=&#8221;on|phone&#8221; locked=&#8221;off&#8221; global_colors_info=&#8221;{}&#8221;][\/et_pb_image][\/et_pb_column][et_pb_column type=&#8221;2_3&#8243; specialty_columns=&#8221;2&#8243; _builder_version=&#8221;4.16&#8243; custom_padding=&#8221;|||&#8221; global_colors_info=&#8221;{}&#8221; custom_padding__hover=&#8221;|||&#8221;][et_pb_row_inner admin_label=&#8221;Row&#8221; _builder_version=&#8221;4.27.4&#8243; _module_preset=&#8221;default&#8221; custom_margin=&#8221;0px||||false|false&#8221; custom_padding=&#8221;0px||||false|false&#8221; global_colors_info=&#8221;{}&#8221;][et_pb_column_inner saved_specialty_column_type=&#8221;2_3&#8243; _builder_version=&#8221;4.27.4&#8243; _module_preset=&#8221;default&#8221; global_colors_info=&#8221;{}&#8221;][et_pb_image src=&#8221;https:\/\/anuario.fundacionfranciscana.org\/2024\/wp-content\/uploads\/2025\/03\/como-participar-1.png&#8221; title_text=&#8221;como participar &#8211; 1&#8243; align=&#8221;center&#8221; _builder_version=&#8221;4.27.4&#8243; _module_preset=&#8221;default&#8221; max_width=&#8221;85%&#8221; max_width_tablet=&#8221;70%&#8221; max_width_phone=&#8221;90%&#8221; max_width_last_edited=&#8221;on|phone&#8221; custom_margin=&#8221;50px||0px||false|true&#8221; custom_margin_tablet=&#8221;50px||0px||false|false&#8221; custom_margin_phone=&#8221;||0px||false|false&#8221; custom_margin_last_edited=&#8221;on|phone&#8221; custom_padding=&#8221;20px||||false|false&#8221; locked=&#8221;off&#8221; global_colors_info=&#8221;{}&#8221;][\/et_pb_image][\/et_pb_column_inner][\/et_pb_row_inner][et_pb_row_inner admin_label=&#8221;Row&#8221; _builder_version=&#8221;4.27.4&#8243; _module_preset=&#8221;default&#8221; custom_margin=&#8221;||||false|true&#8221; custom_padding=&#8221;0px|5vw||5vw|false|true&#8221; global_colors_info=&#8221;{}&#8221;][et_pb_column_inner saved_specialty_column_type=&#8221;2_3&#8243; _builder_version=&#8221;4.27.4&#8243; _module_preset=&#8221;default&#8221; global_colors_info=&#8221;{}&#8221;][et_pb_text _builder_version=&#8221;4.27.4&#8243; _module_preset=&#8221;default&#8221; text_font=&#8221;Gotham Light|500|||||||&#8221; text_text_color=&#8221;#606060&#8243; background_enable_image=&#8221;off&#8221; background_size=&#8221;stretch&#8221; text_orientation=&#8221;center&#8221; custom_margin=&#8221;20px||20px||true|false&#8221; custom_padding=&#8221;||||true|true&#8221; locked=&#8221;off&#8221; global_colors_info=&#8221;{}&#8221;]<\/p>\n<p>Parte de nuestra visi\u00f3n como Fundaci\u00f3n es <span style=\"color: #003366;\"><strong>ser respuesta<\/strong><\/span> a las b\u00fasquedas de tantos\/as que quieren ser parte de una <strong><span style=\"color: #003366;\">transformaci\u00f3n<\/span><\/strong>. Para nosotros\/as la clave est\u00e1 en el <span style=\"color: #003366;\"><strong>trabajo en red<\/strong><\/span>, en<strong><span style=\"color: #003366;\"> crear comunidad<\/span><\/strong> para poder seguir <span style=\"color: #003366;\"><strong>construyendo<\/strong> <\/span>m\u00e1s y mejores <span style=\"color: #003366;\"><strong>oportunidades<\/strong><\/span>.<br \/><em><span style=\"color: #003366;\"><strong>\u00bfQuer\u00e9s sumarte a esta comunidad? <\/strong><\/span><\/em><\/p>\n<p>[\/et_pb_text][\/et_pb_column_inner][\/et_pb_row_inner][et_pb_row_inner _builder_version=&#8221;4.27.4&#8243; _module_preset=&#8221;default&#8221; hover_enabled=&#8221;0&#8243; global_colors_info=&#8221;{}&#8221; sticky_enabled=&#8221;0&#8243;][et_pb_column_inner saved_specialty_column_type=&#8221;2_3&#8243; _builder_version=&#8221;4.27.4&#8243; _module_preset=&#8221;default&#8221; global_colors_info=&#8221;{}&#8221;][et_pb_text _builder_version=&#8221;4.27.4&#8243; _module_preset=&#8221;default&#8221; text_font=&#8221;Gotham Light|500|||||||&#8221; text_text_color=&#8221;#606060&#8243; text_font_size=&#8221;1em&#8221; background_image=&#8221;https:\/\/anuario.fundacionfranciscana.org\/2024\/wp-content\/uploads\/2025\/03\/como-participar-bot1.png&#8221; background_size=&#8221;custom&#8221; background_image_width=&#8221;7vw&#8221; background_position=&#8221;center_left&#8221; background_horizontal_offset=&#8221;3%&#8221; text_orientation=&#8221;center&#8221; width=&#8221;90%&#8221; module_alignment=&#8221;center&#8221; custom_margin=&#8221;||||false|false&#8221; custom_padding=&#8221;|||180px|false|false&#8221; border_color_left=&#8221;#8aa47a&#8221; locked=&#8221;off&#8221; global_colors_info=&#8221;{}&#8221;]<\/p>\n<div style=\"border-left: #8aa47a solid 2px; padding-left: 40px; margin-bottom: -90px;\">\n<p><span style=\"color: #606060;\"><strong>\u00a1Te invitamos a sumarte a nuestra comunidad de donantes!<\/strong><\/span> Tu aporte nos permite transformar la realidad de m\u00e1s de 500 familias que est\u00e1n en situaci\u00f3n de vulnerabilidad social en Buenos Aires, C\u00f3rdoba y San Juan. A trav\u00e9s del trabajo profesional, integral e interdisciplinario, este a\u00f1o dictamos 39 programas, acompa\u00f1amos a 256 ni\u00f1os\/as en grupos de alfabetizaci\u00f3n y 68 adultos\/as se capacitaron en oficios con salida laboral.<\/p>\n<p><span style=\"color: #606060;\"><strong>Juntos\/as podemos seguir construyendo oportunidades<\/strong><\/span> a trav\u00e9s de proyectos que desarrollan la educaci\u00f3n, la salud y la econom\u00eda. <span style=\"color: #606060;\"><strong>Podes acompa\u00f1arnos mensualmente o realizar una donaci\u00f3n por \u00fanica vez.<\/strong><\/span><\/p>\n<p>&nbsp;<\/p>\n<p>&nbsp;<\/p>\n<\/div>\n<p>[\/et_pb_text][et_pb_button button_url=&#8221;https:\/\/donamos.org\/franciscana\/franciscana\/&#8221; button_text=&#8221;Sumate como donante&#8221; button_alignment=&#8221;center&#8221; _builder_version=&#8221;4.27.4&#8243; _module_preset=&#8221;default&#8221; custom_button=&#8221;on&#8221; button_text_color=&#8221;#FFFFFF&#8221; button_bg_color=&#8221;#8aa47a&#8221; button_border_width=&#8221;0px&#8221; button_border_color=&#8221;#3e485d&#8221; button_border_radius=&#8221;30px&#8221; button_font=&#8221;|600|||||||&#8221; custom_margin=&#8221;|||220px|false|false&#8221; custom_padding=&#8221;5px|60px||60px|false|true&#8221; locked=&#8221;off&#8221; global_colors_info=&#8221;{}&#8221;][\/et_pb_button][\/et_pb_column_inner][\/et_pb_row_inner][et_pb_row_inner _builder_version=&#8221;4.27.4&#8243; _module_preset=&#8221;default&#8221; global_colors_info=&#8221;{}&#8221;][et_pb_column_inner saved_specialty_column_type=&#8221;2_3&#8243; _builder_version=&#8221;4.27.4&#8243; _module_preset=&#8221;default&#8221; global_colors_info=&#8221;{}&#8221;][et_pb_text _builder_version=&#8221;4.27.4&#8243; _module_preset=&#8221;default&#8221; text_font=&#8221;Gotham Light|500|||||||&#8221; text_text_color=&#8221;#606060&#8243; text_font_size=&#8221;1em&#8221; background_image=&#8221;https:\/\/anuario.fundacionfranciscana.org\/2024\/wp-content\/uploads\/2025\/03\/como-participar-bot2.png&#8221; background_size=&#8221;custom&#8221; background_image_width=&#8221;5vw&#8221; background_position=&#8221;center_left&#8221; background_horizontal_offset=&#8221;5%&#8221; text_orientation=&#8221;center&#8221; width=&#8221;90%&#8221; module_alignment=&#8221;center&#8221; custom_margin=&#8221;||||false|false&#8221; custom_padding=&#8221;|||180px|false|false&#8221; border_color_left=&#8221;#8aa47a&#8221; locked=&#8221;off&#8221; global_colors_info=&#8221;{}&#8221;]<\/p>\n<div style=\"border-left: #606060 solid 2px; padding-left: 40px; margin-bottom: -90px;\">\n<p><span style=\"color: #606060;\"><strong>\u00a1<\/strong><\/span><span style=\"color: #606060;\"><strong>Empresas con prop\u00f3sito conf\u00edan y acompa\u00f1an nuestro trabajo<\/strong><\/span>. Pod\u00e9s sumarte sponsoreando un programa, aportando fondos para realizar proyectos con las familias del barrio o haciendo jornadas de voluntariado.<\/p>\n<p><strong><span style=\"color: #606060;\">\u00bfQuer\u00e9s construir comunidad con tu empresa?<\/span><\/strong> Escribinos a:<\/p>\n<p>&nbsp;<\/p>\n<p>&nbsp;<\/p>\n<\/div>\n<p>[\/et_pb_text][et_pb_button button_url=&#8221;mailto:desarrollo@fundacionfranciscana.org&#8221; button_text=&#8221;desarrollo@fundacionfranciscana.org&#8221; button_alignment=&#8221;center&#8221; _builder_version=&#8221;4.27.4&#8243; _module_preset=&#8221;default&#8221; custom_button=&#8221;on&#8221; button_text_color=&#8221;#FFFFFF&#8221; button_bg_color=&#8221;#cdb066&#8243; button_border_width=&#8221;0px&#8221; button_border_color=&#8221;#3e485d&#8221; button_border_radius=&#8221;30px&#8221; button_font=&#8221;|600|||||||&#8221; custom_margin=&#8221;|||220px|false|false&#8221; custom_padding=&#8221;5px|60px||60px|false|true&#8221; locked=&#8221;off&#8221; global_colors_info=&#8221;{}&#8221;][\/et_pb_button][\/et_pb_column_inner][\/et_pb_row_inner][et_pb_row_inner _builder_version=&#8221;4.27.4&#8243; _module_preset=&#8221;default&#8221; global_colors_info=&#8221;{}&#8221;][et_pb_column_inner saved_specialty_column_type=&#8221;2_3&#8243; _builder_version=&#8221;4.27.4&#8243; _module_preset=&#8221;default&#8221; global_colors_info=&#8221;{}&#8221;][et_pb_text _builder_version=&#8221;4.27.4&#8243; _module_preset=&#8221;default&#8221; text_font=&#8221;Gotham Light|500|||||||&#8221; text_text_color=&#8221;#606060&#8243; text_font_size=&#8221;1em&#8221; background_image=&#8221;https:\/\/anuario.fundacionfranciscana.org\/2024\/wp-content\/uploads\/2025\/03\/como-participar-bot3.png&#8221; background_size=&#8221;custom&#8221; background_image_width=&#8221;8vw&#8221; background_position=&#8221;center_left&#8221; background_horizontal_offset=&#8221;2%&#8221; text_orientation=&#8221;center&#8221; width=&#8221;90%&#8221; module_alignment=&#8221;center&#8221; custom_margin=&#8221;||||false|false&#8221; custom_padding=&#8221;|||180px|false|false&#8221; border_color_left=&#8221;#8aa47a&#8221; locked=&#8221;off&#8221; global_colors_info=&#8221;{}&#8221;]<\/p>\n<div style=\"border-left: #606060 solid 2px; padding-left: 40px; margin-bottom: -90px;\">\n<p>Fundaci\u00f3n Franciscana naci\u00f3 del coraz\u00f3n voluntario de un grupo de j\u00f3venes. Hoy, 17 a\u00f1os <span style=\"color: #606060;\"><strong>m\u00e1s tarde, m\u00e1s de 130 voluntarios\/as nos acompa\u00f1an con su entrega gratuita, comprometida y sincera<\/strong><\/span>. J\u00f3venes y adultos\/as que quieren poner sus vocaciones al servicio de la comunidad: <strong><span style=\"color: #606060;\">profesionales apasionados\/as de su vocaci\u00f3n y estudiantes con anhelos de transformar la realidad<\/span><\/strong>.<\/p>\n<p><span style=\"color: #606060;\"><strong>\u00bfQuer\u00e9s transformar la realidad con tu trabajo voluntario?<\/strong><\/span> Escribinos a:<\/p>\n<p>&nbsp;<\/p>\n<p>&nbsp;<\/p>\n<\/div>\n<p>[\/et_pb_text][et_pb_button button_url=&#8221;https:\/\/www.fundacionfranciscana.org\/sumate-como-voluntario&#8221; url_new_window=&#8221;on&#8221; button_text=&#8221;Sumate como voluntario&#8221; button_alignment=&#8221;center&#8221; _builder_version=&#8221;4.27.4&#8243; _module_preset=&#8221;default&#8221; custom_button=&#8221;on&#8221; button_text_color=&#8221;#FFFFFF&#8221; button_bg_color=&#8221;#5f3e1f&#8221; button_border_width=&#8221;0px&#8221; button_border_color=&#8221;#3e485d&#8221; button_border_radius=&#8221;30px&#8221; button_font=&#8221;|600|||||||&#8221; custom_margin=&#8221;|||220px|false|false&#8221; custom_padding=&#8221;5px|60px||60px|false|true&#8221; locked=&#8221;off&#8221; global_colors_info=&#8221;{}&#8221;][\/et_pb_button][\/et_pb_column_inner][\/et_pb_row_inner][et_pb_row_inner _builder_version=&#8221;4.27.4&#8243; _module_preset=&#8221;default&#8221; global_colors_info=&#8221;{}&#8221;][et_pb_column_inner saved_specialty_column_type=&#8221;2_3&#8243; _builder_version=&#8221;4.27.4&#8243; _module_preset=&#8221;default&#8221; global_colors_info=&#8221;{}&#8221;][et_pb_text _builder_version=&#8221;4.27.4&#8243; _module_preset=&#8221;default&#8221; text_font=&#8221;Gotham Light|500|||||||&#8221; text_text_color=&#8221;#606060&#8243; text_font_size=&#8221;1em&#8221; background_image=&#8221;https:\/\/anuario.fundacionfranciscana.org\/2024\/wp-content\/uploads\/2025\/03\/como-participar-bo4.png&#8221; background_size=&#8221;custom&#8221; background_image_width=&#8221;7vw&#8221; background_position=&#8221;center_left&#8221; background_horizontal_offset=&#8221;4%&#8221; text_orientation=&#8221;center&#8221; width=&#8221;90%&#8221; module_alignment=&#8221;center&#8221; custom_margin=&#8221;||||false|false&#8221; custom_padding=&#8221;|||180px|false|false&#8221; border_color_left=&#8221;#8aa47a&#8221; locked=&#8221;off&#8221; global_colors_info=&#8221;{}&#8221;]<\/p>\n<div style=\"border-left: #606060 solid 2px; padding-left: 40px; margin-bottom: -90px;\">\n<p><span style=\"color: #606060;\"><strong>Con un abordaje integral, profesional e interdisciplinario queremos ser respuesta para aquellos\/as que quieren transformar la realidad<\/strong><\/span>. Y lo hacemos con un equipo rentado de m\u00e1s de 60 personas de diversas disciplinas: educaci\u00f3n, psicolog\u00eda, psicopedagog\u00eda, terapia ocupacional, fonoaudiolog\u00eda, trabajo social, administraci\u00f3n, comunicaci\u00f3n y muchas m\u00e1s.<\/p>\n<p>Trabajamos en red y de manera transversal porque creemos que compartiendo nuestras vocaciones, formaciones y conocimientos podemos acompa\u00f1ar mejor a las familias de los barrios. <span style=\"color: #606060;\"><strong>Podes enviarnos tu CV y participar de futuras b\u00fasquedas a<\/strong><\/span>:<\/p>\n<p>&nbsp;<\/p>\n<p>&nbsp;<\/p>\n<\/div>\n<p>[\/et_pb_text][et_pb_button button_url=&#8221;mailto:busquedas@fundacionfranciscana.org&#8221; button_text=&#8221;busquedas@fundacionfranciscana.org&#8221; button_alignment=&#8221;center&#8221; _builder_version=&#8221;4.27.4&#8243; _module_preset=&#8221;default&#8221; custom_button=&#8221;on&#8221; button_text_color=&#8221;#FFFFFF&#8221; button_bg_color=&#8221;#869351&#8243; button_border_width=&#8221;0px&#8221; button_border_color=&#8221;#3e485d&#8221; button_border_radius=&#8221;30px&#8221; button_font=&#8221;|600|||||||&#8221; custom_margin=&#8221;|||220px|false|false&#8221; custom_padding=&#8221;5px|60px||60px|false|true&#8221; locked=&#8221;off&#8221; global_colors_info=&#8221;{}&#8221;][\/et_pb_button][\/et_pb_column_inner][\/et_pb_row_inner][et_pb_row_inner _builder_version=&#8221;4.27.4&#8243; _module_preset=&#8221;default&#8221; global_colors_info=&#8221;{}&#8221;][et_pb_column_inner saved_specialty_column_type=&#8221;2_3&#8243; _builder_version=&#8221;4.27.4&#8243; _module_preset=&#8221;default&#8221; global_colors_info=&#8221;{}&#8221;][et_pb_text _builder_version=&#8221;4.27.4&#8243; _module_preset=&#8221;default&#8221; text_font=&#8221;Gotham Light|500|||||||&#8221; text_text_color=&#8221;#606060&#8243; text_font_size=&#8221;1em&#8221; background_image=&#8221;https:\/\/anuario.fundacionfranciscana.org\/2024\/wp-content\/uploads\/2025\/03\/como-participar-bot4.png&#8221; background_size=&#8221;custom&#8221; background_image_width=&#8221;7vw&#8221; background_position=&#8221;center_left&#8221; background_horizontal_offset=&#8221;4%&#8221; text_orientation=&#8221;center&#8221; width=&#8221;90%&#8221; module_alignment=&#8221;center&#8221; custom_margin=&#8221;||||false|false&#8221; custom_padding=&#8221;|||180px|false|false&#8221; hover_enabled=&#8221;0&#8243; border_color_left=&#8221;#8aa47a&#8221; locked=&#8221;off&#8221; global_colors_info=&#8221;{}&#8221; sticky_enabled=&#8221;0&#8243;]<\/p>\n<div style=\"border-left: #606060 solid 2px; padding-left: 40px; margin-bottom: -90px;\">\n<p><span style=\"color: #606060;\"><strong>Tenemos una gran comunidad que nos acompa\u00f1a<\/strong><\/span><span style=\"color: #606060;\"> desde nuestros inicios <span style=\"color: #606060;\"><strong>a trav\u00e9s de nuestras redes, compartiendo nuestras buenas noticias, siguiendo nuestro trabajo diario<\/strong><\/span>.<br \/>Te invitamos a recibir nuestro <strong><span style=\"color: #606060;\">Newsletter mensual \u201cBuenas noticias\u201d<\/span><\/strong>. Una buena noticia alegra a quien la recibe tanto como a quien la vivi\u00f3. \u00a1Al compartir una buena noticia, se comparte alegr\u00eda, vida, historias, experiencias y mucho m\u00e1s! Todos los meses compartimos las buenas noticias de todas las sedes y programas, novedades y pr\u00f3ximos pasos. <strong><span style=\"color: #606060;\">\u00bfTe gustar\u00eda recibirlo?<\/span><\/strong><\/span>:<\/p>\n<\/div>\n<p>[\/et_pb_text][\/et_pb_column_inner][\/et_pb_row_inner][et_pb_row_inner _builder_version=&#8221;4.27.4&#8243; _module_preset=&#8221;default&#8221; custom_margin=&#8221;80px||0px||false|false&#8221; custom_padding=&#8221;0px||||false|false&#8221; hover_enabled=&#8221;0&#8243; global_colors_info=&#8221;{}&#8221; sticky_enabled=&#8221;0&#8243; background_color=&#8221;#FFFFFF&#8221;][et_pb_column_inner saved_specialty_column_type=&#8221;2_3&#8243; _builder_version=&#8221;4.27.4&#8243; _module_preset=&#8221;default&#8221; global_colors_info=&#8221;{}&#8221;][et_pb_code module_class=&#8221;your-container-class&#8221; _builder_version=&#8221;4.27.4&#8243; _module_preset=&#8221;default&#8221; custom_margin=&#8221;|40px||40px|false|true&#8221; custom_padding=&#8221;||||false|false&#8221; hover_enabled=&#8221;0&#8243; global_colors_info=&#8221;{}&#8221; sticky_enabled=&#8221;0&#8243;]<iframe <!-- [et_pb_line_break_holder] -->    width=&#8221;100%&#8221;    src=&#8221;https:\/\/forms.office.com\/r\/nuS3dRmb53?embed=true&#8221; <!-- [et_pb_line_break_holder] -->    frameborder=&#8221;0&#8243; <!-- [et_pb_line_break_holder] -->    marginwidth=&#8221;0&#8243; <!-- [et_pb_line_break_holder] -->    marginheight=&#8221;0&#8243; <!-- [et_pb_line_break_holder] -->    style=&#8221;border: none; width: 100%; height: 100vh; max-width: 100%; max-height: 100vh;&#8221; <!-- [et_pb_line_break_holder] -->    allowfullscreen <!-- [et_pb_line_break_holder] -->    webkitallowfullscreen <!-- [et_pb_line_break_holder] -->    mozallowfullscreen <!-- [et_pb_line_break_holder] -->    msallowfullscreen> <!-- [et_pb_line_break_holder] --><\/iframe><!-- [et_pb_line_break_holder] -->[\/et_pb_code][\/et_pb_column_inner][\/et_pb_row_inner][et_pb_row_inner admin_label=&#8221;Row&#8221; _builder_version=&#8221;4.27.4&#8243; _module_preset=&#8221;default&#8221; custom_margin=&#8221;0px||0px||false|true&#8221; custom_padding=&#8221;0px|5vw|0px|5vw|false|false&#8221; locked=&#8221;off&#8221; global_colors_info=&#8221;{}&#8221;][et_pb_column_inner saved_specialty_column_type=&#8221;2_3&#8243; _builder_version=&#8221;4.27.4&#8243; _module_preset=&#8221;default&#8221; global_colors_info=&#8221;{}&#8221;][et_pb_text _builder_version=&#8221;4.27.4&#8243; _module_preset=&#8221;default&#8221; text_font=&#8221;Gotham Light|500|||||||&#8221; text_text_color=&#8221;#606060&#8243; background_enable_image=&#8221;off&#8221; background_size=&#8221;stretch&#8221; text_orientation=&#8221;center&#8221; custom_margin=&#8221;20px||20px||true|false&#8221; custom_padding=&#8221;||||true|true&#8221; locked=&#8221;off&#8221; global_colors_info=&#8221;{}&#8221;]<span style=\"color: #606060;\"><strong>Tambi\u00e9n te invitamos a seguirnos en nuestras redes:<\/strong><\/span>[\/et_pb_text][\/et_pb_column_inner][\/et_pb_row_inner][et_pb_row_inner column_structure=&#8221;1_4,1_4,1_4,1_4&#8243; use_custom_gutter=&#8221;on&#8221; gutter_width=&#8221;1&#8243; _builder_version=&#8221;4.27.4&#8243; _module_preset=&#8221;default&#8221; width=&#8221;80%&#8221; module_alignment=&#8221;center&#8221; custom_margin=&#8221;||0px||false|false&#8221; custom_padding=&#8221;0px||||false|false&#8221; global_colors_info=&#8221;{}&#8221;][et_pb_column_inner type=&#8221;1_4&#8243; saved_specialty_column_type=&#8221;2_3&#8243; _builder_version=&#8221;4.27.4&#8243; _module_preset=&#8221;default&#8221; global_colors_info=&#8221;{}&#8221;][et_pb_icon font_icon=&#8221;&#xe0b1;||divi||400&#8243; icon_color=&#8221;#5d8c30&#8243; icon_width=&#8221;75px&#8221; url=&#8221;https:\/\/instagram.com\/franciscanaok&#8221; url_new_window=&#8221;on&#8221; _builder_version=&#8221;4.27.4&#8243; _module_preset=&#8221;default&#8221; global_colors_info=&#8221;{}&#8221;][\/et_pb_icon][et_pb_text _builder_version=&#8221;4.27.4&#8243; _module_preset=&#8221;default&#8221; text_orientation=&#8221;center&#8221; global_colors_info=&#8221;{}&#8221;]<\/p>\n<p>@franciscanaok<\/p>\n<p>[\/et_pb_text][\/et_pb_column_inner][et_pb_column_inner type=&#8221;1_4&#8243; saved_specialty_column_type=&#8221;2_3&#8243; _builder_version=&#8221;4.27.4&#8243; _module_preset=&#8221;default&#8221; global_colors_info=&#8221;{}&#8221;][et_pb_icon font_icon=&#8221;&#xe0aa;||divi||400&#8243; icon_color=&#8221;#5d8c30&#8243; icon_width=&#8221;75px&#8221; url=&#8221;http:\/\/www.facebook.com\/fundacionfranciscana&#8221; url_new_window=&#8221;on&#8221; _builder_version=&#8221;4.27.4&#8243; _module_preset=&#8221;default&#8221; global_colors_info=&#8221;{}&#8221;][\/et_pb_icon][et_pb_text _builder_version=&#8221;4.27.4&#8243; _module_preset=&#8221;default&#8221; text_line_height=&#8221;1.2em&#8221; text_orientation=&#8221;center&#8221; global_colors_info=&#8221;{}&#8221;]<\/p>\n<p>Fundaci\u00f3n Franciscana<\/p>\n<p>[\/et_pb_text][\/et_pb_column_inner][et_pb_column_inner type=&#8221;1_4&#8243; saved_specialty_column_type=&#8221;2_3&#8243; _builder_version=&#8221;4.27.4&#8243; _module_preset=&#8221;default&#8221; global_colors_info=&#8221;{}&#8221;][et_pb_icon font_icon=&#8221;&#xe0b4;||divi||400&#8243; icon_color=&#8221;#5d8c30&#8243; icon_width=&#8221;75px&#8221; url=&#8221;https:\/\/www.linkedin.com\/company\/fundaci%C3%B3n-franciscana&#8221; url_new_window=&#8221;on&#8221; _builder_version=&#8221;4.27.4&#8243; _module_preset=&#8221;default&#8221; global_colors_info=&#8221;{}&#8221;][\/et_pb_icon][et_pb_text _builder_version=&#8221;4.27.4&#8243; _module_preset=&#8221;default&#8221; text_line_height=&#8221;1.2em&#8221; text_orientation=&#8221;center&#8221; global_colors_info=&#8221;{}&#8221;]<\/p>\n<p>Fundaci\u00f3n Franciscana<\/p>\n<p>[\/et_pb_text][\/et_pb_column_inner][et_pb_column_inner type=&#8221;1_4&#8243; saved_specialty_column_type=&#8221;2_3&#8243; _builder_version=&#8221;4.27.4&#8243; _module_preset=&#8221;default&#8221; global_colors_info=&#8221;{}&#8221;][et_pb_icon font_icon=&#8221;&#xe0ba;||divi||400&#8243; icon_color=&#8221;#5d8c30&#8243; icon_width=&#8221;75px&#8221; url=&#8221;https:\/\/www.youtube.com\/fundacionfranciscana&#8221; url_new_window=&#8221;on&#8221; _builder_version=&#8221;4.27.4&#8243; _module_preset=&#8221;default&#8221; global_colors_info=&#8221;{}&#8221;][\/et_pb_icon][et_pb_text _builder_version=&#8221;4.27.4&#8243; _module_preset=&#8221;default&#8221; text_line_height=&#8221;1.2em&#8221; text_orientation=&#8221;center&#8221; global_colors_info=&#8221;{}&#8221;]<\/p>\n<p>Fundaci\u00f3n Franciscana<\/p>\n<p>[\/et_pb_text][\/et_pb_column_inner][\/et_pb_row_inner][et_pb_row_inner _builder_version=&#8221;4.27.4&#8243; _module_preset=&#8221;default&#8221; custom_margin=&#8221;||100px||false|false&#8221; custom_padding=&#8221;0px||||false|false&#8221; global_colors_info=&#8221;{}&#8221;][et_pb_column_inner saved_specialty_column_type=&#8221;2_3&#8243; _builder_version=&#8221;4.27.4&#8243; _module_preset=&#8221;default&#8221; global_colors_info=&#8221;{}&#8221;][et_pb_button button_url=&#8221;https:\/\/fundacionfranciscana.org&#8221; url_new_window=&#8221;on&#8221; button_text=&#8221;fundacionfranciscana.org&#8221; button_alignment=&#8221;center&#8221; _builder_version=&#8221;4.27.4&#8243; _module_preset=&#8221;default&#8221; custom_button=&#8221;on&#8221; button_text_color=&#8221;#FFFFFF&#8221; button_bg_color=&#8221;#425168&#8243; button_border_width=&#8221;0px&#8221; button_border_color=&#8221;#3e485d&#8221; button_border_radius=&#8221;30px&#8221; button_font=&#8221;|600|||||||&#8221; custom_margin=&#8221;0px||||false|false&#8221; custom_padding=&#8221;5px|60px||60px|false|true&#8221; locked=&#8221;off&#8221; global_colors_info=&#8221;{}&#8221;][\/et_pb_button][\/et_pb_column_inner][\/et_pb_row_inner][\/et_pb_column][\/et_pb_section][et_pb_section fb_built=&#8221;1&#8243; make_equal=&#8221;on&#8221; specialty=&#8221;on&#8221; background_color_2=&#8221;#FFFFFF&#8221; padding_top_1=&#8221;0px&#8221; padding_top_2=&#8221;0px&#8221; padding_right_1=&#8221;0px&#8221; padding_right_2=&#8221;0px&#8221; padding_bottom_1=&#8221;0px&#8221; padding_bottom_2=&#8221;0px&#8221; padding_left_1=&#8221;0px&#8221; padding_left_2=&#8221;0px&#8221; padding_top_bottom_link_1=&#8221;false&#8221; padding_top_bottom_link_2=&#8221;false&#8221; padding_left_right_link_1=&#8221;false&#8221; padding_left_right_link_2=&#8221;false&#8221; disabled_on=&#8221;off|off|on&#8221; _builder_version=&#8221;4.27.4&#8243; _module_preset=&#8221;default&#8221; background_color=&#8221;#b2bdbe&#8221; background_image=&#8221;https:\/\/anuario.fundacionfranciscana.org\/2024\/wp-content\/uploads\/2025\/03\/pared-2.jpg&#8221; background_size=&#8221;initial&#8221; background_position=&#8221;top_left&#8221; background_repeat=&#8221;repeat&#8221; background_blend=&#8221;multiply&#8221; width=&#8221;100%&#8221; max_width=&#8221;100%&#8221; inner_width=&#8221;100%&#8221; inner_max_width=&#8221;100%&#8221; custom_margin=&#8221;0px|0px|0px|0px|false|false&#8221; custom_padding=&#8221;0px|0px|0px|0px|false|false&#8221; global_colors_info=&#8221;{}&#8221;][et_pb_column type=&#8221;1_3&#8243; _builder_version=&#8221;4.16&#8243; custom_padding=&#8221;|||&#8221; global_colors_info=&#8221;{}&#8221; custom_padding__hover=&#8221;|||&#8221;][et_pb_image src=&#8221;https:\/\/anuario.fundacionfranciscana.org\/2024\/wp-content\/uploads\/2025\/03\/afiche-financiamos.png&#8221; title_text=&#8221;afiche-financiamos&#8221; show_bottom_space=&#8221;off&#8221; align=&#8221;center&#8221; _builder_version=&#8221;4.27.4&#8243; _module_preset=&#8221;default&#8221; max_width=&#8221;70%&#8221; custom_margin=&#8221;50px||||false|false&#8221; custom_padding=&#8221;||||false|false&#8221; sticky_position=&#8221;top&#8221; sticky_position_tablet=&#8221;top&#8221; sticky_position_phone=&#8221;none&#8221; sticky_position_last_edited=&#8221;on|phone&#8221; locked=&#8221;off&#8221; global_colors_info=&#8221;{}&#8221;][\/et_pb_image][\/et_pb_column][et_pb_column type=&#8221;2_3&#8243; specialty_columns=&#8221;2&#8243; _builder_version=&#8221;4.16&#8243; custom_padding=&#8221;|||&#8221; global_colors_info=&#8221;{}&#8221; custom_padding__hover=&#8221;|||&#8221;][et_pb_row_inner admin_label=&#8221;Row&#8221; _builder_version=&#8221;4.27.4&#8243; _module_preset=&#8221;default&#8221; custom_margin=&#8221;0px||||false|false&#8221; custom_padding=&#8221;0px||||false|false&#8221; global_colors_info=&#8221;{}&#8221;][et_pb_column_inner saved_specialty_column_type=&#8221;2_3&#8243; _builder_version=&#8221;4.27.4&#8243; _module_preset=&#8221;default&#8221; global_colors_info=&#8221;{}&#8221;][et_pb_image src=&#8221;https:\/\/anuario.fundacionfranciscana.org\/2024\/wp-content\/uploads\/2025\/03\/como-participar-1.png&#8221; title_text=&#8221;como participar &#8211; 1&#8243; align=&#8221;center&#8221; _builder_version=&#8221;4.27.4&#8243; _module_preset=&#8221;default&#8221; max_width=&#8221;85%&#8221; max_width_tablet=&#8221;70%&#8221; max_width_phone=&#8221;90%&#8221; max_width_last_edited=&#8221;on|phone&#8221; custom_margin=&#8221;50px||0px||false|true&#8221; custom_margin_tablet=&#8221;50px||0px||false|false&#8221; custom_margin_phone=&#8221;||0px||false|false&#8221; custom_margin_last_edited=&#8221;on|phone&#8221; custom_padding=&#8221;20px||||false|false&#8221; locked=&#8221;off&#8221; global_colors_info=&#8221;{}&#8221;][\/et_pb_image][\/et_pb_column_inner][\/et_pb_row_inner][et_pb_row_inner admin_label=&#8221;Row&#8221; _builder_version=&#8221;4.27.4&#8243; _module_preset=&#8221;default&#8221; custom_margin=&#8221;||||false|true&#8221; custom_padding=&#8221;0px|5vw||5vw|false|true&#8221; global_colors_info=&#8221;{}&#8221;][et_pb_column_inner saved_specialty_column_type=&#8221;2_3&#8243; _builder_version=&#8221;4.27.4&#8243; _module_preset=&#8221;default&#8221; global_colors_info=&#8221;{}&#8221;][et_pb_text _builder_version=&#8221;4.27.4&#8243; _module_preset=&#8221;default&#8221; text_font=&#8221;Gotham Light|500|||||||&#8221; text_text_color=&#8221;#606060&#8243; background_enable_image=&#8221;off&#8221; background_size=&#8221;stretch&#8221; text_orientation=&#8221;center&#8221; custom_margin=&#8221;20px||20px||true|false&#8221; custom_padding=&#8221;||||true|true&#8221; locked=&#8221;off&#8221; global_colors_info=&#8221;{}&#8221;]<\/p>\n<p>Parte de nuestra visi\u00f3n como Fundaci\u00f3n es <span style=\"color: #003366;\"><strong>ser respuesta<\/strong><\/span> a las b\u00fasquedas de tantos\/as que quieren ser parte de una <strong><span style=\"color: #003366;\">transformaci\u00f3n<\/span><\/strong>. Para nosotros\/as la clave est\u00e1 en el <span style=\"color: #003366;\"><strong>trabajo en red<\/strong><\/span>, en<strong><span style=\"color: #003366;\"> crear comunidad<\/span><\/strong> para poder seguir <span style=\"color: #003366;\"><strong>construyendo<\/strong> <\/span>m\u00e1s y mejores <span style=\"color: #003366;\"><strong>oportunidades<\/strong><\/span>.<br \/><em><span style=\"color: #003366;\"><strong>\u00bfQuer\u00e9s sumarte a esta comunidad? <\/strong><\/span><\/em><\/p>\n<p>[\/et_pb_text][\/et_pb_column_inner][\/et_pb_row_inner][et_pb_row_inner _builder_version=&#8221;4.27.4&#8243; _module_preset=&#8221;default&#8221; global_colors_info=&#8221;{}&#8221;][et_pb_column_inner saved_specialty_column_type=&#8221;2_3&#8243; _builder_version=&#8221;4.27.4&#8243; _module_preset=&#8221;default&#8221; global_colors_info=&#8221;{}&#8221;][et_pb_image src=&#8221;https:\/\/anuario.fundacionfranciscana.org\/2024\/wp-content\/uploads\/2025\/03\/como-participar-bot1.png&#8221; title_text=&#8221;como participar &#8211; bot1&#8243; align=&#8221;center&#8221; _builder_version=&#8221;4.27.4&#8243; _module_preset=&#8221;default&#8221; width=&#8221;100px&#8221; max_width=&#8221;100px&#8221; global_colors_info=&#8221;{}&#8221;][\/et_pb_image][et_pb_text _builder_version=&#8221;4.27.4&#8243; _module_preset=&#8221;default&#8221; text_font=&#8221;Gotham Light|500|||||||&#8221; text_text_color=&#8221;#606060&#8243; text_font_size=&#8221;1em&#8221; background_enable_image=&#8221;off&#8221; background_size=&#8221;initial&#8221; background_position=&#8221;center_left&#8221; text_orientation=&#8221;center&#8221; custom_margin=&#8221;0px|30px||30px|false|false&#8221; custom_padding=&#8221;30px||||false|true&#8221; border_width_top=&#8221;2px&#8221; border_color_top=&#8221;#8aa47a&#8221; border_color_bottom=&#8221;#8aa47a&#8221; border_color_left=&#8221;RGBA(255,255,255,0)&#8221; locked=&#8221;off&#8221; global_colors_info=&#8221;{}&#8221;]<\/p>\n<p><span style=\"color: #606060;\"><strong>\u00a1Te invitamos a sumarte a nuestra comunidad de donantes!<\/strong><\/span> Tu aporte nos permite transformar la realidad de m\u00e1s de 500 familias que est\u00e1n en situaci\u00f3n de vulnerabilidad social en Buenos Aires, C\u00f3rdoba y San Juan. A trav\u00e9s del trabajo profesional, integral e interdisciplinario, este a\u00f1o dictamos 39 programas, acompa\u00f1amos a 256 ni\u00f1os\/as en grupos de alfabetizaci\u00f3n y 68 adultos\/as se capacitaron en oficios con salida laboral.<\/p>\n<p><span style=\"color: #606060;\"><strong>Juntos\/as podemos seguir construyendo oportunidades<\/strong><\/span> a trav\u00e9s de proyectos que desarrollan la educaci\u00f3n, la salud y la econom\u00eda. <span style=\"color: #606060;\"><strong>Podes acompa\u00f1arnos mensualmente o realizar una donaci\u00f3n por \u00fanica vez.<\/strong><\/span><\/p>\n<p>[\/et_pb_text][et_pb_button button_url=&#8221;https:\/\/donamos.org\/franciscana\/franciscana\/&#8221; button_text=&#8221;Sumate como donante&#8221; button_alignment=&#8221;center&#8221; _builder_version=&#8221;4.27.4&#8243; _module_preset=&#8221;default&#8221; custom_button=&#8221;on&#8221; button_text_size=&#8221;16px&#8221; button_text_color=&#8221;#FFFFFF&#8221; button_bg_color=&#8221;#8aa47a&#8221; button_border_width=&#8221;0px&#8221; button_border_color=&#8221;#3e485d&#8221; button_border_radius=&#8221;30px&#8221; button_font=&#8221;|600|||||||&#8221; custom_margin=&#8221;|30px||30px|false|false&#8221; custom_padding=&#8221;5px|30px||30px|false|true&#8221; button_text_size_tablet=&#8221;16px&#8221; button_text_size_phone=&#8221;14px&#8221; button_text_size_last_edited=&#8221;on|phone&#8221; locked=&#8221;off&#8221; global_colors_info=&#8221;{}&#8221;][\/et_pb_button][\/et_pb_column_inner][\/et_pb_row_inner][et_pb_row_inner _builder_version=&#8221;4.27.4&#8243; _module_preset=&#8221;default&#8221; global_colors_info=&#8221;{}&#8221;][et_pb_column_inner saved_specialty_column_type=&#8221;2_3&#8243; _builder_version=&#8221;4.27.4&#8243; _module_preset=&#8221;default&#8221; global_colors_info=&#8221;{}&#8221;][et_pb_image src=&#8221;https:\/\/anuario.fundacionfranciscana.org\/2024\/wp-content\/uploads\/2025\/03\/como-participar-bot2.png&#8221; title_text=&#8221;como participar &#8211; bot2&#8243; align=&#8221;center&#8221; _builder_version=&#8221;4.27.4&#8243; _module_preset=&#8221;default&#8221; width=&#8221;80px&#8221; max_width=&#8221;80px&#8221; global_colors_info=&#8221;{}&#8221;][\/et_pb_image][et_pb_text _builder_version=&#8221;4.27.4&#8243; _module_preset=&#8221;default&#8221; text_font=&#8221;Gotham Light|500|||||||&#8221; text_text_color=&#8221;#606060&#8243; text_font_size=&#8221;1em&#8221; background_enable_image=&#8221;off&#8221; background_size=&#8221;initial&#8221; background_position=&#8221;center_left&#8221; text_orientation=&#8221;center&#8221; custom_margin=&#8221;0px|30px||30px|false|false&#8221; custom_padding=&#8221;30px||||false|true&#8221; border_width_top=&#8221;2px&#8221; border_color_top=&#8221;#8aa47a&#8221; border_color_bottom=&#8221;#8aa47a&#8221; border_color_left=&#8221;RGBA(255,255,255,0)&#8221; locked=&#8221;off&#8221; global_colors_info=&#8221;{}&#8221;]<\/p>\n<p><span style=\"color: #606060;\"><strong>\u00a1<\/strong><\/span><span style=\"color: #606060;\"><strong>Empresas con prop\u00f3sito conf\u00edan y acompa\u00f1an nuestro trabajo<\/strong><\/span>. Pod\u00e9s sumarte sponsoreando un programa, aportando fondos para realizar proyectos con las familias del barrio o haciendo jornadas de voluntariado.<\/p>\n<p><strong><span style=\"color: #606060;\">\u00bfQuer\u00e9s construir comunidad con tu empresa?<\/span><\/strong> Escribinos a:<\/p>\n<p>[\/et_pb_text][et_pb_button button_url=&#8221;mailto:desarrollo@fundacionfranciscana.org&#8221; button_text=&#8221;desarrollo@fundacionfranciscana.org&#8221; button_alignment=&#8221;center&#8221; _builder_version=&#8221;4.27.4&#8243; _module_preset=&#8221;default&#8221; custom_button=&#8221;on&#8221; button_text_size=&#8221;16px&#8221; button_text_color=&#8221;#FFFFFF&#8221; button_bg_color=&#8221;#cdb066&#8243; button_border_width=&#8221;0px&#8221; button_border_color=&#8221;#3e485d&#8221; button_border_radius=&#8221;30px&#8221; button_font=&#8221;|600|||||||&#8221; custom_margin=&#8221;|30px||30px|false|true&#8221; custom_padding=&#8221;5px|30px||30px|false|true&#8221; button_text_size_tablet=&#8221;16px&#8221; button_text_size_phone=&#8221;14px&#8221; button_text_size_last_edited=&#8221;on|phone&#8221; locked=&#8221;off&#8221; global_colors_info=&#8221;{}&#8221;][\/et_pb_button][\/et_pb_column_inner][\/et_pb_row_inner][et_pb_row_inner _builder_version=&#8221;4.27.4&#8243; _module_preset=&#8221;default&#8221; global_colors_info=&#8221;{}&#8221;][et_pb_column_inner saved_specialty_column_type=&#8221;2_3&#8243; _builder_version=&#8221;4.27.4&#8243; _module_preset=&#8221;default&#8221; global_colors_info=&#8221;{}&#8221;][et_pb_image src=&#8221;https:\/\/anuario.fundacionfranciscana.org\/2024\/wp-content\/uploads\/2025\/03\/como-participar-bot3.png&#8221; title_text=&#8221;como participar &#8211; bot3&#8243; align=&#8221;center&#8221; _builder_version=&#8221;4.27.4&#8243; _module_preset=&#8221;default&#8221; width=&#8221;120px&#8221; max_width=&#8221;120px&#8221; global_colors_info=&#8221;{}&#8221;][\/et_pb_image][et_pb_text _builder_version=&#8221;4.27.4&#8243; _module_preset=&#8221;default&#8221; text_font=&#8221;Gotham Light|500|||||||&#8221; text_text_color=&#8221;#606060&#8243; text_font_size=&#8221;1em&#8221; background_enable_image=&#8221;off&#8221; background_size=&#8221;initial&#8221; background_position=&#8221;center_left&#8221; text_orientation=&#8221;center&#8221; custom_margin=&#8221;0px|30px||30px|false|false&#8221; custom_padding=&#8221;30px||||false|true&#8221; border_width_top=&#8221;2px&#8221; border_color_top=&#8221;#8aa47a&#8221; border_color_bottom=&#8221;#8aa47a&#8221; border_color_left=&#8221;RGBA(255,255,255,0)&#8221; locked=&#8221;off&#8221; global_colors_info=&#8221;{}&#8221;]<\/p>\n<p>Fundaci\u00f3n Franciscana naci\u00f3 del coraz\u00f3n voluntario de un grupo de j\u00f3venes. Hoy, 17 a\u00f1os <span style=\"color: #606060;\"><strong>m\u00e1s tarde, m\u00e1s de 130 voluntarios\/as nos acompa\u00f1an con su entrega gratuita, comprometida y sincera<\/strong><\/span>. J\u00f3venes y adultos\/as que quieren poner sus vocaciones al servicio de la comunidad: <strong><span style=\"color: #606060;\">profesionales apasionados\/as de su vocaci\u00f3n y estudiantes con anhelos de transformar la realidad<\/span><\/strong>.<\/p>\n<p><span style=\"color: #606060;\"><strong>\u00bfQuer\u00e9s transformar la realidad con tu trabajo voluntario?<\/strong><\/span> Escribinos a:<\/p>\n<p>[\/et_pb_text][et_pb_button button_url=&#8221;https:\/\/www.fundacionfranciscana.org\/sumate-como-voluntario&#8221; url_new_window=&#8221;on&#8221; button_text=&#8221;Sumate como voluntario&#8221; button_alignment=&#8221;center&#8221; _builder_version=&#8221;4.27.4&#8243; _module_preset=&#8221;default&#8221; custom_button=&#8221;on&#8221; button_text_size=&#8221;16px&#8221; button_text_color=&#8221;#FFFFFF&#8221; button_bg_color=&#8221;#5f3e1f&#8221; button_border_width=&#8221;0px&#8221; button_border_color=&#8221;#3e485d&#8221; button_border_radius=&#8221;30px&#8221; button_font=&#8221;|600|||||||&#8221; custom_margin=&#8221;|30px||30px|false|true&#8221; custom_padding=&#8221;5px|30px||30px|false|true&#8221; button_text_size_tablet=&#8221;16px&#8221; button_text_size_phone=&#8221;14px&#8221; button_text_size_last_edited=&#8221;on|phone&#8221; locked=&#8221;off&#8221; global_colors_info=&#8221;{}&#8221;][\/et_pb_button][\/et_pb_column_inner][\/et_pb_row_inner][et_pb_row_inner _builder_version=&#8221;4.27.4&#8243; _module_preset=&#8221;default&#8221; global_colors_info=&#8221;{}&#8221;][et_pb_column_inner saved_specialty_column_type=&#8221;2_3&#8243; _builder_version=&#8221;4.27.4&#8243; _module_preset=&#8221;default&#8221; global_colors_info=&#8221;{}&#8221;][et_pb_image src=&#8221;https:\/\/anuario.fundacionfranciscana.org\/2024\/wp-content\/uploads\/2025\/03\/como-participar-bo4.png&#8221; title_text=&#8221;como participar &#8211; bo4&#8243; align=&#8221;center&#8221; _builder_version=&#8221;4.27.4&#8243; _module_preset=&#8221;default&#8221; width=&#8221;100px&#8221; max_width=&#8221;100px&#8221; global_colors_info=&#8221;{}&#8221;][\/et_pb_image][et_pb_text _builder_version=&#8221;4.27.4&#8243; _module_preset=&#8221;default&#8221; text_font=&#8221;Gotham Light|500|||||||&#8221; text_text_color=&#8221;#606060&#8243; text_font_size=&#8221;1em&#8221; background_enable_image=&#8221;off&#8221; background_size=&#8221;initial&#8221; background_position=&#8221;center_left&#8221; text_orientation=&#8221;center&#8221; custom_margin=&#8221;0px|30px||30px|false|false&#8221; custom_padding=&#8221;30px||||false|true&#8221; border_width_top=&#8221;2px&#8221; border_color_top=&#8221;#8aa47a&#8221; border_color_bottom=&#8221;#8aa47a&#8221; border_color_left=&#8221;RGBA(255,255,255,0)&#8221; locked=&#8221;off&#8221; global_colors_info=&#8221;{}&#8221;]<\/p>\n<p><span style=\"color: #606060;\"><strong>Con un abordaje integral, profesional e interdisciplinario queremos ser respuesta para aquellos\/as que quieren transformar la realidad<\/strong><\/span>. Y lo hacemos con un equipo rentado de m\u00e1s de 60 personas de diversas disciplinas: educaci\u00f3n, psicolog\u00eda, psicopedagog\u00eda, terapia ocupacional, fonoaudiolog\u00eda, trabajo social, administraci\u00f3n, comunicaci\u00f3n y muchas m\u00e1s.<\/p>\n<p>Trabajamos en red y de manera transversal porque creemos que compartiendo nuestras vocaciones, formaciones y conocimientos podemos acompa\u00f1ar mejor a las familias de los barrios. <span style=\"color: #606060;\"><strong>Podes enviarnos tu CV y participar de futuras b\u00fasquedas a<\/strong><\/span>:<\/p>\n<p>[\/et_pb_text][et_pb_button button_url=&#8221;mailto:busquedas@fundacionfranciscana.org&#8221; button_text=&#8221;busquedas@fundacionfranciscana.org&#8221; button_alignment=&#8221;center&#8221; _builder_version=&#8221;4.27.4&#8243; _module_preset=&#8221;default&#8221; custom_button=&#8221;on&#8221; button_text_size=&#8221;16px&#8221; button_text_color=&#8221;#FFFFFF&#8221; button_bg_color=&#8221;#869351&#8243; button_border_width=&#8221;0px&#8221; button_border_color=&#8221;#3e485d&#8221; button_border_radius=&#8221;30px&#8221; button_font=&#8221;|600|||||||&#8221; custom_margin=&#8221;|30px||30px|false|true&#8221; custom_padding=&#8221;5px|30px||30px|false|true&#8221; button_text_size_tablet=&#8221;16px&#8221; button_text_size_phone=&#8221;14px&#8221; button_text_size_last_edited=&#8221;on|phone&#8221; locked=&#8221;off&#8221; global_colors_info=&#8221;{}&#8221;][\/et_pb_button][\/et_pb_column_inner][\/et_pb_row_inner][et_pb_row_inner _builder_version=&#8221;4.27.4&#8243; _module_preset=&#8221;default&#8221; global_colors_info=&#8221;{}&#8221;][et_pb_column_inner saved_specialty_column_type=&#8221;2_3&#8243; _builder_version=&#8221;4.27.4&#8243; _module_preset=&#8221;default&#8221; global_colors_info=&#8221;{}&#8221;][et_pb_image src=&#8221;https:\/\/anuario.fundacionfranciscana.org\/2024\/wp-content\/uploads\/2025\/03\/como-participar-bot4.png&#8221; title_text=&#8221;como participar &#8211; bot4&#8243; align=&#8221;center&#8221; _builder_version=&#8221;4.27.4&#8243; _module_preset=&#8221;default&#8221; width=&#8221;100px&#8221; max_width=&#8221;100px&#8221; global_colors_info=&#8221;{}&#8221;][\/et_pb_image][et_pb_text _builder_version=&#8221;4.27.4&#8243; _module_preset=&#8221;default&#8221; text_font=&#8221;Gotham Light|500|||||||&#8221; text_text_color=&#8221;#606060&#8243; text_font_size=&#8221;1em&#8221; background_enable_image=&#8221;off&#8221; background_size=&#8221;initial&#8221; background_position=&#8221;center_left&#8221; text_orientation=&#8221;center&#8221; custom_margin=&#8221;0px|30px||30px|false|false&#8221; custom_padding=&#8221;30px||||false|true&#8221; border_width_top=&#8221;2px&#8221; border_color_top=&#8221;#8aa47a&#8221; border_color_bottom=&#8221;#8aa47a&#8221; border_color_left=&#8221;RGBA(255,255,255,0)&#8221; locked=&#8221;off&#8221; global_colors_info=&#8221;{}&#8221;]<\/p>\n<p><span style=\"color: #606060;\"><strong>Tenemos una gran comunidad que nos acompa\u00f1a<\/strong><\/span><span style=\"color: #606060;\"> desde nuestros inicios <strong>a trav\u00e9s de nuestras redes, compartiendo nuestras buenas noticias, siguiendo nuestro trabajo diario<\/strong>.<br \/>Te invitamos a recibir nuestro <strong>Newsletter mensual \u201cBuenas noticias\u201d<\/strong>. Una buena noticia alegra a quien la recibe tanto como a quien la vivi\u00f3. \u00a1Al compartir una buena noticia, se comparte alegr\u00eda, vida, historias, experiencias y mucho m\u00e1s! Todos los meses compartimos las buenas noticias de todas las sedes y programas, novedades y pr\u00f3ximos pasos. <strong>\u00bfTe gustar\u00eda recibirlo?<\/strong><\/span>:<\/p>\n<p>[\/et_pb_text][\/et_pb_column_inner][\/et_pb_row_inner][et_pb_row_inner admin_label=&#8221;Row&#8221; _builder_version=&#8221;4.27.4&#8243; _module_preset=&#8221;default&#8221; custom_margin=&#8221;0px||0px||false|true&#8221; custom_padding=&#8221;0px|5vw|0px|5vw|false|false&#8221; locked=&#8221;off&#8221; global_colors_info=&#8221;{}&#8221;][et_pb_column_inner saved_specialty_column_type=&#8221;2_3&#8243; _builder_version=&#8221;4.27.4&#8243; _module_preset=&#8221;default&#8221; global_colors_info=&#8221;{}&#8221;][et_pb_code module_class=&#8221;your-container-class&#8221; _builder_version=&#8221;4.27.4&#8243; _module_preset=&#8221;default&#8221; custom_margin=&#8221;|40px||40px|false|true&#8221; custom_padding=&#8221;||||false|false&#8221; locked=&#8221;off&#8221; global_colors_info=&#8221;{}&#8221;]<iframe <!-- [et_pb_line_break_holder] -->    width=&#8221;100%&#8221;    src=&#8221;https:\/\/forms.office.com\/r\/nuS3dRmb53?embed=true&#8221; <!-- [et_pb_line_break_holder] -->    frameborder=&#8221;0&#8243; <!-- [et_pb_line_break_holder] -->    marginwidth=&#8221;0&#8243; <!-- [et_pb_line_break_holder] -->    marginheight=&#8221;0&#8243; <!-- [et_pb_line_break_holder] -->    style=&#8221;border: none; width: 100%; height: 100vh; max-width: 100%; max-height: 100vh;&#8221; <!-- [et_pb_line_break_holder] -->    allowfullscreen <!-- [et_pb_line_break_holder] -->    webkitallowfullscreen <!-- [et_pb_line_break_holder] -->    mozallowfullscreen <!-- [et_pb_line_break_holder] -->    msallowfullscreen> <!-- [et_pb_line_break_holder] --><\/iframe><!-- [et_pb_line_break_holder] -->[\/et_pb_code][et_pb_text _builder_version=&#8221;4.27.4&#8243; _module_preset=&#8221;default&#8221; text_font=&#8221;Gotham Light|500|||||||&#8221; text_text_color=&#8221;#606060&#8243; background_enable_image=&#8221;off&#8221; background_size=&#8221;stretch&#8221; text_orientation=&#8221;center&#8221; custom_margin=&#8221;40px||20px||false|false&#8221; custom_padding=&#8221;||||true|true&#8221; locked=&#8221;off&#8221; global_colors_info=&#8221;{}&#8221;]<\/p>\n<p><span style=\"color: #606060;\"><strong>Tambi\u00e9n te invitamos a seguirnos en nuestras redes:<\/strong><\/span><\/p>\n<p>[\/et_pb_text][\/et_pb_column_inner][\/et_pb_row_inner][et_pb_row_inner column_structure=&#8221;1_4,1_4,1_4,1_4&#8243; use_custom_gutter=&#8221;on&#8221; gutter_width=&#8221;1&#8243; _builder_version=&#8221;4.27.4&#8243; _module_preset=&#8221;default&#8221; width=&#8221;80%&#8221; module_alignment=&#8221;center&#8221; custom_margin=&#8221;||0px||false|false&#8221; custom_padding=&#8221;0px||||false|false&#8221; global_colors_info=&#8221;{}&#8221;][et_pb_column_inner type=&#8221;1_4&#8243; saved_specialty_column_type=&#8221;2_3&#8243; _builder_version=&#8221;4.27.4&#8243; _module_preset=&#8221;default&#8221; global_colors_info=&#8221;{}&#8221;][et_pb_icon font_icon=&#8221;&#xe0b1;||divi||400&#8243; icon_color=&#8221;#5d8c30&#8243; icon_width=&#8221;66px&#8221; url=&#8221;https:\/\/instagram.com\/franciscanaok&#8221; url_new_window=&#8221;on&#8221; _builder_version=&#8221;4.27.4&#8243; _module_preset=&#8221;default&#8221; custom_margin=&#8221;||0px||false|false&#8221; global_colors_info=&#8221;{}&#8221;][\/et_pb_icon][et_pb_text _builder_version=&#8221;4.27.4&#8243; _module_preset=&#8221;default&#8221; text_orientation=&#8221;center&#8221; global_colors_info=&#8221;{}&#8221;]<\/p>\n<p>@franciscanaok<\/p>\n<p>[\/et_pb_text][\/et_pb_column_inner][et_pb_column_inner type=&#8221;1_4&#8243; saved_specialty_column_type=&#8221;2_3&#8243; _builder_version=&#8221;4.27.4&#8243; _module_preset=&#8221;default&#8221; global_colors_info=&#8221;{}&#8221;][et_pb_icon font_icon=&#8221;&#xe0aa;||divi||400&#8243; icon_color=&#8221;#5d8c30&#8243; icon_width=&#8221;66px&#8221; url=&#8221;http:\/\/www.facebook.com\/fundacionfranciscana&#8221; url_new_window=&#8221;on&#8221; _builder_version=&#8221;4.27.4&#8243; _module_preset=&#8221;default&#8221; custom_margin=&#8221;20px||0px||false|false&#8221; global_colors_info=&#8221;{}&#8221;][\/et_pb_icon][et_pb_text _builder_version=&#8221;4.27.4&#8243; _module_preset=&#8221;default&#8221; text_line_height=&#8221;1.2em&#8221; text_orientation=&#8221;center&#8221; global_colors_info=&#8221;{}&#8221;]<\/p>\n<p>Fundaci\u00f3n Franciscana<\/p>\n<p>[\/et_pb_text][\/et_pb_column_inner][et_pb_column_inner type=&#8221;1_4&#8243; saved_specialty_column_type=&#8221;2_3&#8243; _builder_version=&#8221;4.27.4&#8243; _module_preset=&#8221;default&#8221; global_colors_info=&#8221;{}&#8221;][et_pb_icon font_icon=&#8221;&#xe0b4;||divi||400&#8243; icon_color=&#8221;#5d8c30&#8243; icon_width=&#8221;66px&#8221; url=&#8221;https:\/\/www.linkedin.com\/company\/fundaci%C3%B3n-franciscana&#8221; url_new_window=&#8221;on&#8221; _builder_version=&#8221;4.27.4&#8243; _module_preset=&#8221;default&#8221; custom_margin=&#8221;20px||0px||false|false&#8221; global_colors_info=&#8221;{}&#8221;][\/et_pb_icon][et_pb_text _builder_version=&#8221;4.27.4&#8243; _module_preset=&#8221;default&#8221; text_line_height=&#8221;1.2em&#8221; text_orientation=&#8221;center&#8221; global_colors_info=&#8221;{}&#8221;]<\/p>\n<p>Fundaci\u00f3n Franciscana<\/p>\n<p>[\/et_pb_text][\/et_pb_column_inner][et_pb_column_inner type=&#8221;1_4&#8243; saved_specialty_column_type=&#8221;2_3&#8243; _builder_version=&#8221;4.27.4&#8243; _module_preset=&#8221;default&#8221; global_colors_info=&#8221;{}&#8221;][et_pb_icon font_icon=&#8221;&#xe0ba;||divi||400&#8243; icon_color=&#8221;#5d8c30&#8243; icon_width=&#8221;66px&#8221; url=&#8221;https:\/\/www.youtube.com\/fundacionfranciscana&#8221; url_new_window=&#8221;on&#8221; _builder_version=&#8221;4.27.4&#8243; _module_preset=&#8221;default&#8221; custom_margin=&#8221;20px||0px||false|false&#8221; global_colors_info=&#8221;{}&#8221;][\/et_pb_icon][et_pb_text _builder_version=&#8221;4.27.4&#8243; _module_preset=&#8221;default&#8221; text_line_height=&#8221;1.2em&#8221; text_orientation=&#8221;center&#8221; global_colors_info=&#8221;{}&#8221;]<\/p>\n<p>Fundaci\u00f3n Franciscana<\/p>\n<p>[\/et_pb_text][\/et_pb_column_inner][\/et_pb_row_inner][et_pb_row_inner _builder_version=&#8221;4.27.4&#8243; _module_preset=&#8221;default&#8221; custom_margin=&#8221;30px||100px||false|false&#8221; custom_padding=&#8221;0px||||false|false&#8221; global_colors_info=&#8221;{}&#8221;][et_pb_column_inner saved_specialty_column_type=&#8221;2_3&#8243; _builder_version=&#8221;4.27.4&#8243; _module_preset=&#8221;default&#8221; global_colors_info=&#8221;{}&#8221;][et_pb_button button_url=&#8221;https:\/\/fundacionfranciscana.org&#8221; url_new_window=&#8221;on&#8221; button_text=&#8221;fundacionfranciscana.org&#8221; button_alignment=&#8221;center&#8221; _builder_version=&#8221;4.27.4&#8243; _module_preset=&#8221;default&#8221; custom_button=&#8221;on&#8221; button_text_color=&#8221;#FFFFFF&#8221; button_bg_color=&#8221;#425168&#8243; button_border_width=&#8221;0px&#8221; button_border_color=&#8221;#3e485d&#8221; button_border_radius=&#8221;30px&#8221; button_font=&#8221;|600|||||||&#8221; custom_margin=&#8221;0px||||false|false&#8221; custom_padding=&#8221;5px|60px||60px|false|true&#8221; locked=&#8221;off&#8221; global_colors_info=&#8221;{}&#8221;][\/et_pb_button][\/et_pb_column_inner][\/et_pb_row_inner][\/et_pb_column][\/et_pb_section][et_pb_section fb_built=&#8221;1&#8243; _builder_version=&#8221;4.17.4&#8243; _module_preset=&#8221;default&#8221; min_height=&#8221;0px&#8221; height=&#8221;0px&#8221; max_height=&#8221;0px&#8221; custom_margin=&#8221;0px|0px|0px|0px|false|false&#8221; custom_padding=&#8221;0px|0px|0px|0px|false|false&#8221; custom_css_main_element=&#8221;visibility: hidden&#8221; global_colors_info=&#8221;{}&#8221;][et_pb_row _builder_version=&#8221;4.17.4&#8243; _module_preset=&#8221;default&#8221; min_height=&#8221;0px&#8221; height=&#8221;0px&#8221; max_height=&#8221;0px&#8221; custom_margin=&#8221;0px||0px||false|false&#8221; custom_padding=&#8221;0px||0px||false|false&#8221; global_colors_info=&#8221;{}&#8221;][et_pb_column type=&#8221;4_4&#8243; _builder_version=&#8221;4.17.4&#8243; _module_preset=&#8221;default&#8221; custom_padding=&#8221;0px||0px||false|false&#8221; global_colors_info=&#8221;{}&#8221;][et_pb_code _builder_version=&#8221;4.27.4&#8243; _module_preset=&#8221;default&#8221; min_height=&#8221;0px&#8221; height=&#8221;0px&#8221; max_height=&#8221;0px&#8221; global_colors_info=&#8221;{}&#8221;] <\/p>\n<style>.trescolumnas {<!-- [et_pb_line_break_holder] -->display: inline-block; <!-- [et_pb_line_break_holder] -->max-width :33.33%;<!-- [et_pb_line_break_holder] -->} <\/style>\n<p><!-- [et_pb_line_break_holder] --> <\/p>\n<style>.coluna33 {<!-- [et_pb_line_break_holder] -->display: inline-block; <!-- [et_pb_line_break_holder] -->max-width :33.33%;<!-- [et_pb_line_break_holder] -->} <\/style>\n<p><!-- [et_pb_line_break_holder] --> <\/p>\n<style>.coluna66 {<!-- [et_pb_line_break_holder] -->display: inline-block; <!-- [et_pb_line_break_holder] -->max-width :66.66%;<!-- [et_pb_line_break_holder] -->} <\/style>\n<p>[\/et_pb_code][\/et_pb_column][\/et_pb_row][\/et_pb_section][et_pb_section fb_built=&#8221;1&#8243; disabled_on=&#8221;on|on|off&#8221; _builder_version=&#8221;4.27.4&#8243; _module_preset=&#8221;default&#8221; background_color=&#8221;#446274&#8243; custom_margin=&#8221;||0px||false|false&#8221; custom_margin_tablet=&#8221;&#8221; custom_margin_phone=&#8221;||-1px||false|false&#8221; custom_margin_last_edited=&#8221;on|phone&#8221; custom_padding=&#8221;10px||0px|60px|false|false&#8221; border_color_all=&#8221;RGBA(255,255,255,0)&#8221; locked=&#8221;off&#8221; global_colors_info=&#8221;{}&#8221;][et_pb_row column_structure=&#8221;1_4,1_4,1_4,1_4&#8243; custom_padding_last_edited=&#8221;on|phone&#8221; _builder_version=&#8221;4.27.4&#8243; _module_preset=&#8221;default&#8221; width=&#8221;100%&#8221; max_width=&#8221;100%&#8221; custom_margin=&#8221;0px|0px|0px|0px|false|false&#8221; custom_padding=&#8221;20px|20px|20px|20px|false|false&#8221; custom_padding_tablet=&#8221;20px|20px|20px|20px|false|false&#8221; custom_padding_phone=&#8221;20px|20px|0px|20px|false|false&#8221; locked=&#8221;off&#8221; global_colors_info=&#8221;{}&#8221;][et_pb_column type=&#8221;1_4&#8243; _builder_version=&#8221;4.27.4&#8243; _module_preset=&#8221;default&#8221; global_colors_info=&#8221;{}&#8221;][\/et_pb_column][et_pb_column type=&#8221;1_4&#8243; module_class=&#8221;trescolumnas&#8221; _builder_version=&#8221;4.17.4&#8243; _module_preset=&#8221;default&#8221; global_colors_info=&#8221;{}&#8221;][et_pb_image src=&#8221;https:\/\/anuario.fundacionfranciscana.org\/2024\/wp-content\/uploads\/2025\/02\/fundacion-franciscana.png&#8221; title_text=&#8221;fundacion-franciscana&#8221; align=&#8221;center&#8221; _builder_version=&#8221;4.27.4&#8243; _module_preset=&#8221;default&#8221; width_tablet=&#8221;&#8221; width_phone=&#8221;&#8221; width_last_edited=&#8221;on|phone&#8221; custom_padding=&#8221;||10px||false|false&#8221; global_colors_info=&#8221;{}&#8221;][\/et_pb_image][\/et_pb_column][et_pb_column type=&#8221;1_4&#8243; module_class=&#8221;trescolumnas&#8221; _builder_version=&#8221;4.17.4&#8243; _module_preset=&#8221;default&#8221; global_colors_info=&#8221;{}&#8221;][et_pb_image src=&#8221;https:\/\/anuario.fundacionfranciscana.org\/2024\/wp-content\/uploads\/2025\/02\/bot-inicio.png&#8221; title_text=&#8221;bot &#8211; inicio&#8221; url=&#8221;@ET-DC@eyJkeW5hbWljIjp0cnVlLCJjb250ZW50IjoicG9zdF9saW5rX3VybF9wYWdlIiwic2V0dGluZ3MiOnsicG9zdF9pZCI6IjE1MTkifX0=@&#8221; align=&#8221;center&#8221; _builder_version=&#8221;4.27.4&#8243; _dynamic_attributes=&#8221;url&#8221; _module_preset=&#8221;default&#8221; max_width_tablet=&#8221;&#8221; max_width_phone=&#8221;90%&#8221; max_width_last_edited=&#8221;on|phone&#8221; module_alignment=&#8221;center&#8221; max_height=&#8221;65px&#8221; locked=&#8221;off&#8221; global_colors_info=&#8221;{}&#8221;][\/et_pb_image][\/et_pb_column][et_pb_column type=&#8221;1_4&#8243; module_class=&#8221;trescolumnas&#8221; _builder_version=&#8221;4.17.4&#8243; _module_preset=&#8221;default&#8221; global_colors_info=&#8221;{}&#8221;][et_pb_image src=&#8221;https:\/\/anuario.fundacionfranciscana.org\/2024\/wp-content\/uploads\/2025\/02\/bot-siguiente-seccion.png&#8221; title_text=&#8221;bot &#8211; siguiente seccion&#8221; url=&#8221;@ET-DC@eyJkeW5hbWljIjp0cnVlLCJjb250ZW50IjoicG9zdF9saW5rX3VybF9wYWdlIiwic2V0dGluZ3MiOnsicG9zdF9pZCI6IjE1MTkifX0=@&#8221; align=&#8221;center&#8221; _builder_version=&#8221;4.27.4&#8243; _dynamic_attributes=&#8221;url&#8221; _module_preset=&#8221;default&#8221; max_width_tablet=&#8221;&#8221; max_width_phone=&#8221;90%&#8221; max_width_last_edited=&#8221;on|phone&#8221; module_alignment=&#8221;center&#8221; max_height=&#8221;65px&#8221; locked=&#8221;off&#8221; global_colors_info=&#8221;{}&#8221;][\/et_pb_image][\/et_pb_column][\/et_pb_row][\/et_pb_section][et_pb_section fb_built=&#8221;1&#8243; disabled_on=&#8221;off|off|on&#8221; _builder_version=&#8221;4.27.4&#8243; _module_preset=&#8221;default&#8221; background_color=&#8221;#446274&#8243; custom_margin=&#8221;||0px||false|false&#8221; custom_margin_tablet=&#8221;&#8221; custom_margin_phone=&#8221;||-1px||false|false&#8221; custom_margin_last_edited=&#8221;on|phone&#8221; custom_padding=&#8221;10px||0px||false|false&#8221; border_color_all=&#8221;RGBA(255,255,255,0)&#8221; locked=&#8221;off&#8221; global_colors_info=&#8221;{}&#8221;][et_pb_row column_structure=&#8221;1_3,1_3,1_3&#8243; custom_padding_last_edited=&#8221;on|phone&#8221; _builder_version=&#8221;4.23.4&#8243; _module_preset=&#8221;default&#8221; width=&#8221;100%&#8221; max_width=&#8221;100%&#8221; custom_margin=&#8221;0px|0px|0px|0px|false|false&#8221; custom_padding=&#8221;20px|20px|20px|20px|false|false&#8221; custom_padding_tablet=&#8221;20px|20px|20px|20px|false|false&#8221; custom_padding_phone=&#8221;20px|20px|0px|20px|false|false&#8221; locked=&#8221;off&#8221; global_colors_info=&#8221;{}&#8221;][et_pb_column type=&#8221;1_3&#8243; module_class=&#8221;trescolumnas&#8221; _builder_version=&#8221;4.17.4&#8243; _module_preset=&#8221;default&#8221; global_colors_info=&#8221;{}&#8221;][et_pb_image src=&#8221;https:\/\/anuario.fundacionfranciscana.org\/2024\/wp-content\/uploads\/2025\/02\/fundacion-franciscana.png&#8221; title_text=&#8221;fundacion-franciscana&#8221; align=&#8221;center&#8221; _builder_version=&#8221;4.27.4&#8243; _module_preset=&#8221;default&#8221; width_tablet=&#8221;&#8221; width_phone=&#8221;&#8221; width_last_edited=&#8221;on|phone&#8221; custom_padding=&#8221;||10px||false|false&#8221; global_colors_info=&#8221;{}&#8221;][\/et_pb_image][\/et_pb_column][et_pb_column type=&#8221;1_3&#8243; module_class=&#8221;trescolumnas&#8221; _builder_version=&#8221;4.17.4&#8243; _module_preset=&#8221;default&#8221; global_colors_info=&#8221;{}&#8221;][et_pb_image src=&#8221;https:\/\/anuario.fundacionfranciscana.org\/2024\/wp-content\/uploads\/2025\/02\/bot-inicio.png&#8221; title_text=&#8221;bot &#8211; inicio&#8221; url=&#8221;@ET-DC@eyJkeW5hbWljIjp0cnVlLCJjb250ZW50IjoicG9zdF9saW5rX3VybF9wYWdlIiwic2V0dGluZ3MiOnsicG9zdF9pZCI6IjE1MTkifX0=@&#8221; align=&#8221;center&#8221; _builder_version=&#8221;4.27.4&#8243; _dynamic_attributes=&#8221;url&#8221; _module_preset=&#8221;default&#8221; max_width_tablet=&#8221;&#8221; max_width_phone=&#8221;90%&#8221; max_width_last_edited=&#8221;on|phone&#8221; module_alignment=&#8221;center&#8221; max_height=&#8221;65px&#8221; locked=&#8221;off&#8221; global_colors_info=&#8221;{}&#8221;][\/et_pb_image][\/et_pb_column][et_pb_column type=&#8221;1_3&#8243; module_class=&#8221;trescolumnas&#8221; _builder_version=&#8221;4.17.4&#8243; _module_preset=&#8221;default&#8221; global_colors_info=&#8221;{}&#8221;][et_pb_image src=&#8221;https:\/\/anuario.fundacionfranciscana.org\/2024\/wp-content\/uploads\/2025\/02\/bot-siguiente-seccion.png&#8221; title_text=&#8221;bot &#8211; siguiente seccion&#8221; url=&#8221;@ET-DC@eyJkeW5hbWljIjp0cnVlLCJjb250ZW50IjoicG9zdF9saW5rX3VybF9wYWdlIiwic2V0dGluZ3MiOnsicG9zdF9pZCI6IjE1MTkifX0=@&#8221; align=&#8221;center&#8221; _builder_version=&#8221;4.27.4&#8243; _dynamic_attributes=&#8221;url&#8221; _module_preset=&#8221;default&#8221; max_width_tablet=&#8221;&#8221; max_width_phone=&#8221;90%&#8221; max_width_last_edited=&#8221;on|phone&#8221; module_alignment=&#8221;center&#8221; max_height=&#8221;65px&#8221; locked=&#8221;off&#8221; global_colors_info=&#8221;{}&#8221;][\/et_pb_image][\/et_pb_column][\/et_pb_row][\/et_pb_section]<\/p>\n","protected":false},"excerpt":{"rendered":"<p>Parte de nuestra visi\u00f3n como Fundaci\u00f3n es ser respuesta a las b\u00fasquedas de tantos\/as que quieren ser parte de una transformaci\u00f3n. Para nosotros\/as la clave est\u00e1 en el trabajo en red, en crear comunidad para poder seguir construyendo m\u00e1s y mejores oportunidades.\u00bfQuer\u00e9s sumarte a esta comunidad? \u00a1Te invitamos a sumarte a nuestra comunidad de donantes! [&hellip;]<\/p>\n","protected":false},"author":1,"featured_media":0,"parent":0,"menu_order":0,"comment_status":"closed","ping_status":"closed","template":"","meta":{"_et_pb_use_builder":"on","_et_pb_old_content":"","_et_gb_content_width":"","ngg_post_thumbnail":0,"iawp_total_views":143,"footnotes":""},"class_list":["post-1915","page","type-page","status-publish","hentry"],"_links":{"self":[{"href":"https:\/\/anuario.fundacionfranciscana.org\/2024\/wp-json\/wp\/v2\/pages\/1915","targetHints":{"allow":["GET"]}}],"collection":[{"href":"https:\/\/anuario.fundacionfranciscana.org\/2024\/wp-json\/wp\/v2\/pages"}],"about":[{"href":"https:\/\/anuario.fundacionfranciscana.org\/2024\/wp-json\/wp\/v2\/types\/page"}],"author":[{"embeddable":true,"href":"https:\/\/anuario.fundacionfranciscana.org\/2024\/wp-json\/wp\/v2\/users\/1"}],"replies":[{"embeddable":true,"href":"https:\/\/anuario.fundacionfranciscana.org\/2024\/wp-json\/wp\/v2\/comments?post=1915"}],"version-history":[{"count":33,"href":"https:\/\/anuario.fundacionfranciscana.org\/2024\/wp-json\/wp\/v2\/pages\/1915\/revisions"}],"predecessor-version":[{"id":2078,"href":"https:\/\/anuario.fundacionfranciscana.org\/2024\/wp-json\/wp\/v2\/pages\/1915\/revisions\/2078"}],"wp:attachment":[{"href":"https:\/\/anuario.fundacionfranciscana.org\/2024\/wp-json\/wp\/v2\/media?parent=1915"}],"curies":[{"name":"wp","href":"https:\/\/api.w.org\/{rel}","templated":true}]}}