{"id":587,"date":"2026-03-12T23:44:50","date_gmt":"2026-03-13T02:44:50","guid":{"rendered":"https:\/\/anuario.fundacionfranciscana.org\/2025\/?page_id=587"},"modified":"2026-03-20T15:10:05","modified_gmt":"2026-03-20T18:10:05","slug":"economia","status":"publish","type":"page","link":"https:\/\/anuario.fundacionfranciscana.org\/2025\/economia\/","title":{"rendered":"Econom\u00eda"},"content":{"rendered":"<p>[et_pb_section fb_built=&#8221;1&#8243; disabled_on=&#8221;on|on|off&#8221; _builder_version=&#8221;4.18.0&#8243; _module_preset=&#8221;default&#8221; background_color=&#8221;#425168&#8243; custom_padding=&#8221;10px||20px||false|false&#8221; da_disable_devices=&#8221;off|off|off&#8221; collapsed=&#8221;on&#8221; global_colors_info=&#8221;{}&#8221; da_is_popup=&#8221;off&#8221; da_exit_intent=&#8221;off&#8221; da_has_close=&#8221;on&#8221; da_alt_close=&#8221;off&#8221; da_dark_close=&#8221;off&#8221; da_not_modal=&#8221;on&#8221; da_is_singular=&#8221;off&#8221; da_with_loader=&#8221;off&#8221; da_has_shadow=&#8221;on&#8221;][et_pb_row column_structure=&#8221;1_3,1_3,1_3&#8243; _builder_version=&#8221;4.18.0&#8243; _module_preset=&#8221;default&#8221; width=&#8221;100%&#8221; global_colors_info=&#8221;{}&#8221;][et_pb_column type=&#8221;1_3&#8243; _builder_version=&#8221;4.18.0&#8243; _module_preset=&#8221;default&#8221; global_colors_info=&#8221;{}&#8221;][et_pb_image src=&#8221;https:\/\/anuario.fundacionfranciscana.org\/2025\/wp-content\/uploads\/2025\/11\/bot-volver.png&#8221; title_text=&#8221;bot-volver&#8221; url=&#8221;@ET-DC@eyJkeW5hbWljIjp0cnVlLCJjb250ZW50IjoicG9zdF9saW5rX3VybF9wYWdlIiwic2V0dGluZ3MiOnsicG9zdF9pZCI6IjMxMyJ9fQ==@&#8221; _builder_version=&#8221;4.18.0&#8243; _dynamic_attributes=&#8221;url&#8221; _module_preset=&#8221;default&#8221; max_width=&#8221;240px&#8221; custom_margin=&#8221;20px||||false|false&#8221; global_colors_info=&#8221;{}&#8221;][\/et_pb_image][\/et_pb_column][et_pb_column type=&#8221;1_3&#8243; _builder_version=&#8221;4.18.0&#8243; _module_preset=&#8221;default&#8221; global_colors_info=&#8221;{}&#8221;][et_pb_image src=&#8221;https:\/\/anuario.fundacionfranciscana.org\/2025\/wp-content\/uploads\/2025\/11\/Fundacion-Franciscana-LOGO.png&#8221; title_text=&#8221;Fundaci\u00f3n Franciscana LOGO&#8221; url=&#8221;@ET-DC@eyJkeW5hbWljIjp0cnVlLCJjb250ZW50IjoicG9zdF9saW5rX3VybF9wYWdlIiwic2V0dGluZ3MiOnsicG9zdF9pZCI6Ijg2OCJ9fQ==@&#8221; align=&#8221;center&#8221; _builder_version=&#8221;4.18.0&#8243; _dynamic_attributes=&#8221;url&#8221; _module_preset=&#8221;default&#8221; max_width=&#8221;220px&#8221; custom_margin=&#8221;0px||15px||false|false&#8221; custom_padding=&#8221;||||false|false&#8221; global_colors_info=&#8221;{}&#8221;][\/et_pb_image][et_pb_text _builder_version=&#8221;4.18.0&#8243; _module_preset=&#8221;default&#8221; header_text_color=&#8221;#FFFFFF&#8221; header_2_text_color=&#8221;#FFFFFF&#8221; header_4_text_color=&#8221;#FFFFFF&#8221; text_orientation=&#8221;center&#8221; custom_margin=&#8221;20px||10px||false|false&#8221; custom_padding=&#8221;||0px||false|false&#8221; global_colors_info=&#8221;{}&#8221;]<\/p>\n<h4>Llev\u00e1s le\u00eddo<\/h4>\n<p>[\/et_pb_text][et_pb_counters _builder_version=&#8221;4.18.0&#8243; _module_preset=&#8221;default&#8221; global_colors_info=&#8221;{}&#8221;][et_pb_counter percent=&#8221;70&#8243; bar_background_color=&#8221;#FFFFFF&#8221; _builder_version=&#8221;4.18.0&#8243; _module_preset=&#8221;default&#8221; background_color=&#8221;rgba(255,255,255,0.4)&#8221; background_enable_color=&#8221;on&#8221; border_radii=&#8221;on|20px|20px|20px|20px&#8221; global_colors_info=&#8221;{}&#8221; bar_background_color_default=&#8221;#7EBEC5&#8243; use_percentages=&#8221;on&#8221;][\/et_pb_counter][\/et_pb_counters][\/et_pb_column][et_pb_column type=&#8221;1_3&#8243; _builder_version=&#8221;4.18.0&#8243; _module_preset=&#8221;default&#8221; global_colors_info=&#8221;{}&#8221;][et_pb_image src=&#8221;https:\/\/anuario.fundacionfranciscana.org\/2025\/wp-content\/uploads\/2025\/11\/bot-siguiente.png&#8221; title_text=&#8221;bot-siguiente&#8221; url=&#8221;@ET-DC@eyJkeW5hbWljIjp0cnVlLCJjb250ZW50IjoicG9zdF9saW5rX3VybF9wYWdlIiwic2V0dGluZ3MiOnsicG9zdF9pZCI6IjcyMCJ9fQ==@&#8221; align=&#8221;right&#8221; _builder_version=&#8221;4.18.0&#8243; _dynamic_attributes=&#8221;url&#8221; _module_preset=&#8221;default&#8221; max_width=&#8221;240px&#8221; custom_margin=&#8221;20px||||false|false&#8221; global_colors_info=&#8221;{}&#8221;][\/et_pb_image][\/et_pb_column][\/et_pb_row][\/et_pb_section][et_pb_section fb_built=&#8221;1&#8243; disabled_on=&#8221;off|off|on&#8221; _builder_version=&#8221;4.18.0&#8243; _module_preset=&#8221;default&#8221; background_color=&#8221;#648185&#8243; custom_padding=&#8221;10px||20px||false|false&#8221; da_disable_devices=&#8221;off|off|off&#8221; locked=&#8221;off&#8221; collapsed=&#8221;on&#8221; global_colors_info=&#8221;{}&#8221; da_is_popup=&#8221;off&#8221; da_exit_intent=&#8221;off&#8221; da_has_close=&#8221;on&#8221; da_alt_close=&#8221;off&#8221; da_dark_close=&#8221;off&#8221; da_not_modal=&#8221;on&#8221; da_is_singular=&#8221;off&#8221; da_with_loader=&#8221;off&#8221; da_has_shadow=&#8221;on&#8221;][et_pb_row _builder_version=&#8221;4.18.0&#8243; _module_preset=&#8221;default&#8221; width=&#8221;100%&#8221; custom_padding=&#8221;10px||10px||false|false&#8221; global_colors_info=&#8221;{}&#8221;][et_pb_column type=&#8221;4_4&#8243; _builder_version=&#8221;4.18.0&#8243; _module_preset=&#8221;default&#8221; global_colors_info=&#8221;{}&#8221;][et_pb_image src=&#8221;https:\/\/anuario.fundacionfranciscana.org\/2025\/wp-content\/uploads\/2025\/11\/Fundacion-Franciscana-LOGO.png&#8221; title_text=&#8221;Fundaci\u00f3n Franciscana LOGO&#8221; url=&#8221;@ET-DC@eyJkeW5hbWljIjp0cnVlLCJjb250ZW50IjoicG9zdF9saW5rX3VybF9wYWdlIiwic2V0dGluZ3MiOnsicG9zdF9pZCI6Ijg2OCJ9fQ==@&#8221; align=&#8221;center&#8221; _builder_version=&#8221;4.18.0&#8243; _dynamic_attributes=&#8221;url&#8221; _module_preset=&#8221;default&#8221; max_width=&#8221;150px&#8221; max_width_tablet=&#8221;150px&#8221; max_width_phone=&#8221;150px&#8221; max_width_last_edited=&#8221;on|phone&#8221; custom_margin=&#8221;0px||10px||false|false&#8221; custom_padding=&#8221;||||false|false&#8221; global_colors_info=&#8221;{}&#8221;][\/et_pb_image][\/et_pb_column][\/et_pb_row][et_pb_row column_structure=&#8221;2_5,3_5&#8243; _builder_version=&#8221;4.18.0&#8243; _module_preset=&#8221;default&#8221; width=&#8221;100%&#8221; custom_padding=&#8221;0px|20px|0px|20px|false|false&#8221; custom_css_main_element=&#8221;display: flex;||flex-wrap: wrap;&#8221; global_colors_info=&#8221;{}&#8221;][et_pb_column type=&#8221;2_5&#8243; _builder_version=&#8221;4.18.0&#8243; _module_preset=&#8221;default&#8221; custom_css_main_element=&#8221;width: 33% !important;||margin: 0 !important;&#8221; global_colors_info=&#8221;{}&#8221;][et_pb_text _builder_version=&#8221;4.18.0&#8243; _module_preset=&#8221;default&#8221; header_text_color=&#8221;#FFFFFF&#8221; header_2_text_color=&#8221;#FFFFFF&#8221; header_4_text_color=&#8221;#FFFFFF&#8221; text_orientation=&#8221;center&#8221; custom_margin=&#8221;-2px||||false|false&#8221; custom_padding=&#8221;||||false|false&#8221; header_4_font_size_tablet=&#8221;&#8221; header_4_font_size_phone=&#8221;14px&#8221; header_4_font_size_last_edited=&#8221;on|phone&#8221; global_colors_info=&#8221;{}&#8221;]<\/p>\n<h4>Llev\u00e1s le\u00eddo<\/h4>\n<p>[\/et_pb_text][\/et_pb_column][et_pb_column type=&#8221;3_5&#8243; _builder_version=&#8221;4.18.0&#8243; _module_preset=&#8221;default&#8221; custom_css_main_element=&#8221;width: 60% !important;||margin: 0 !important;&#8221; global_colors_info=&#8221;{}&#8221;][et_pb_counters _builder_version=&#8221;4.18.0&#8243; _module_preset=&#8221;default&#8221; max_width=&#8221;300px&#8221; module_alignment=&#8221;center&#8221; custom_margin=&#8221;||||false|false&#8221; global_colors_info=&#8221;{}&#8221;][et_pb_counter percent=&#8221;70&#8243; bar_background_color=&#8221;#FFFFFF&#8221; _builder_version=&#8221;4.18.0&#8243; _module_preset=&#8221;default&#8221; background_color=&#8221;rgba(255,255,255,0.4)&#8221; background_enable_color=&#8221;on&#8221; max_height=&#8221;10px&#8221; border_radii=&#8221;on|20px|20px|20px|20px&#8221; global_colors_info=&#8221;{}&#8221; bar_background_color_default=&#8221;#7EBEC5&#8243; use_percentages=&#8221;on&#8221;][\/et_pb_counter][\/et_pb_counters][\/et_pb_column][\/et_pb_row][et_pb_row column_structure=&#8221;1_2,1_2&#8243; _builder_version=&#8221;4.18.0&#8243; _module_preset=&#8221;default&#8221; width=&#8221;100%&#8221; custom_margin=&#8221;||||false|false&#8221; custom_padding=&#8221;0px|30px|10px|20px|false|false&#8221; custom_css_main_element=&#8221;display: flex;||flex-wrap: wrap;&#8221; global_colors_info=&#8221;{}&#8221;][et_pb_column type=&#8221;1_2&#8243; _builder_version=&#8221;4.18.0&#8243; _module_preset=&#8221;default&#8221; custom_css_main_element=&#8221;width: 50% !important;||margin: 0 !important;&#8221; global_colors_info=&#8221;{}&#8221;][et_pb_image src=&#8221;https:\/\/anuario.fundacionfranciscana.org\/2025\/wp-content\/uploads\/2025\/11\/bot-volver.png&#8221; title_text=&#8221;bot-volver&#8221; url=&#8221;@ET-DC@eyJkeW5hbWljIjp0cnVlLCJjb250ZW50IjoicG9zdF9saW5rX3VybF9wYWdlIiwic2V0dGluZ3MiOnsicG9zdF9pZCI6IjMxMyJ9fQ==@&#8221; align=&#8221;center&#8221; _builder_version=&#8221;4.18.0&#8243; _dynamic_attributes=&#8221;url&#8221; _module_preset=&#8221;default&#8221; max_width=&#8221;240px&#8221; max_width_tablet=&#8221;240px&#8221; max_width_phone=&#8221;&#8221; max_width_last_edited=&#8221;on|phone&#8221; custom_margin=&#8221;||||false|false&#8221; custom_padding=&#8221;|20px||20px|false|true&#8221; global_colors_info=&#8221;{}&#8221;][\/et_pb_image][\/et_pb_column][et_pb_column type=&#8221;1_2&#8243; _builder_version=&#8221;4.18.0&#8243; _module_preset=&#8221;default&#8221; custom_css_main_element=&#8221;width: 50% !important;||margin: 0 !important;&#8221; global_colors_info=&#8221;{}&#8221;][et_pb_image src=&#8221;https:\/\/anuario.fundacionfranciscana.org\/2025\/wp-content\/uploads\/2025\/11\/bot-siguiente.png&#8221; title_text=&#8221;bot-siguiente&#8221; url=&#8221;@ET-DC@eyJkeW5hbWljIjp0cnVlLCJjb250ZW50IjoicG9zdF9saW5rX3VybF9wYWdlIiwic2V0dGluZ3MiOnsicG9zdF9pZCI6IjcyMCJ9fQ==@&#8221; align=&#8221;center&#8221; _builder_version=&#8221;4.18.0&#8243; _dynamic_attributes=&#8221;url&#8221; _module_preset=&#8221;default&#8221; max_width=&#8221;240px&#8221; max_width_tablet=&#8221;240px&#8221; max_width_phone=&#8221;240px&#8221; max_width_last_edited=&#8221;on|phone&#8221; custom_margin=&#8221;||||false|false&#8221; custom_padding=&#8221;|20px||20px|true|true&#8221; global_colors_info=&#8221;{}&#8221;][\/et_pb_image][\/et_pb_column][\/et_pb_row][\/et_pb_section][et_pb_section fb_built=&#8221;1&#8243; custom_padding_last_edited=&#8221;on|phone&#8221; _builder_version=&#8221;4.18.0&#8243; _module_preset=&#8221;default&#8221; background_color=&#8221;#fafafa&#8221; background_image=&#8221;https:\/\/anuario.fundacionfranciscana.org\/2025\/wp-content\/uploads\/2026\/02\/anillado.png&#8221; background_size=&#8221;initial&#8221; background_position=&#8221;center_left&#8221; background_repeat=&#8221;repeat-y&#8221; custom_margin=&#8221;||||false|false&#8221; custom_margin_tablet=&#8221;||||false|false&#8221; custom_margin_phone=&#8221;||||false|false&#8221; custom_margin_last_edited=&#8221;on|phone&#8221; custom_padding=&#8221;||0px||false|false&#8221; custom_padding_tablet=&#8221;||0px||false|false&#8221; custom_padding_phone=&#8221;0px||0px|20px|false|false&#8221; da_disable_devices=&#8221;off|off|off&#8221; global_colors_info=&#8221;{}&#8221; da_is_popup=&#8221;off&#8221; da_exit_intent=&#8221;off&#8221; da_has_close=&#8221;on&#8221; da_alt_close=&#8221;off&#8221; da_dark_close=&#8221;off&#8221; da_not_modal=&#8221;on&#8221; da_is_singular=&#8221;off&#8221; da_with_loader=&#8221;off&#8221; da_has_shadow=&#8221;on&#8221;][et_pb_row column_structure=&#8221;1_3,1_3,1_3&#8243; _builder_version=&#8221;4.18.0&#8243; _module_preset=&#8221;default&#8221; global_colors_info=&#8221;{}&#8221;][et_pb_column type=&#8221;1_3&#8243; _builder_version=&#8221;4.18.0&#8243; _module_preset=&#8221;default&#8221; global_colors_info=&#8221;{}&#8221;][et_pb_image src=&#8221;https:\/\/anuario.fundacionfranciscana.org\/2025\/wp-content\/uploads\/2026\/03\/economia-02.png&#8221; title_text=&#8221;economia-02&#8243; show_bottom_space=&#8221;off&#8221; align=&#8221;center&#8221; disabled_on=&#8221;on|on|off&#8221; _builder_version=&#8221;4.18.0&#8243; _module_preset=&#8221;default&#8221; custom_margin=&#8221;25%||25%||true|false&#8221; custom_margin_tablet=&#8221;25%||25%||true|false&#8221; custom_margin_phone=&#8221;0%||0%||true|false&#8221; custom_margin_last_edited=&#8221;on|phone&#8221; global_colors_info=&#8221;{}&#8221;][\/et_pb_image][\/et_pb_column][et_pb_column type=&#8221;1_3&#8243; _builder_version=&#8221;4.18.0&#8243; _module_preset=&#8221;default&#8221; global_colors_info=&#8221;{}&#8221;][et_pb_image src=&#8221;https:\/\/anuario.fundacionfranciscana.org\/2025\/wp-content\/uploads\/2026\/03\/economia-01.png&#8221; title_text=&#8221;salud-02&#8243; _builder_version=&#8221;4.18.0&#8243; _module_preset=&#8221;default&#8221; global_colors_info=&#8221;{}&#8221;][\/et_pb_image][\/et_pb_column][et_pb_column type=&#8221;1_3&#8243; _builder_version=&#8221;4.18.0&#8243; _module_preset=&#8221;default&#8221; global_colors_info=&#8221;{}&#8221;][et_pb_image src=&#8221;https:\/\/anuario.fundacionfranciscana.org\/2025\/wp-content\/uploads\/2026\/03\/economia-03.png&#8221; title_text=&#8221;economia-03&#8243; show_bottom_space=&#8221;off&#8221; align=&#8221;center&#8221; _builder_version=&#8221;4.18.0&#8243; _module_preset=&#8221;default&#8221; width_tablet=&#8221;&#8221; width_phone=&#8221;50px&#8221; width_last_edited=&#8221;on|phone&#8221; custom_margin=&#8221;25%||25%||true|false&#8221; custom_margin_tablet=&#8221;25%||25%||true|false&#8221; custom_margin_phone=&#8221;0%||0%||true|false&#8221; custom_margin_last_edited=&#8221;on|phone&#8221; global_colors_info=&#8221;{}&#8221;][\/et_pb_image][\/et_pb_column][\/et_pb_row][et_pb_row _builder_version=&#8221;4.18.0&#8243; _module_preset=&#8221;default&#8221; width_tablet=&#8221;&#8221; width_phone=&#8221;100%&#8221; width_last_edited=&#8221;on|phone&#8221; custom_margin=&#8221;||||false|false&#8221; custom_padding=&#8221;0px||||false|false&#8221; global_colors_info=&#8221;{}&#8221;][et_pb_column type=&#8221;4_4&#8243; _builder_version=&#8221;4.18.0&#8243; _module_preset=&#8221;default&#8221; global_colors_info=&#8221;{}&#8221;][et_pb_text _builder_version=&#8221;4.18.0&#8243; _module_preset=&#8221;default&#8221; text_orientation=&#8221;center&#8221; width=&#8221;80%&#8221; width_tablet=&#8221;80%&#8221; width_phone=&#8221;90%&#8221; width_last_edited=&#8221;on|phone&#8221; module_alignment=&#8221;center&#8221; custom_padding=&#8221;||||false|false&#8221; custom_padding_tablet=&#8221;|40px|||false|false&#8221; custom_padding_phone=&#8221;|0px||10px|false|false&#8221; custom_padding_last_edited=&#8221;on|phone&#8221; global_colors_info=&#8221;{}&#8221;]<\/p>\n<p>En la Fundaci\u00f3n Franciscana entendemos la <span style=\"color: #4c6273;\"><strong>econom\u00eda<\/strong> <\/span>como una <span style=\"color: #4c6273;\"><strong>herramienta<\/strong> <\/span>clave para fortalecer la<span style=\"color: #4c6273;\"><strong> autonom\u00eda, la dignidad y los proyectos de vida<\/strong><\/span> de las personas y familias que acompa\u00f1amos. Durante 2025, el eje de <span style=\"color: #4c6273;\"><strong>Econom\u00eda<\/strong> <\/span>impuls\u00f3 espacios de <span style=\"color: #4c6273;\"><strong>formaci\u00f3n, producci\u00f3n y acompa\u00f1amiento<\/strong><\/span> orientados a<span style=\"color: #4c6273;\"> <strong>generar oportunidades<\/strong><\/span> concretas de trabajo e ingresos, promoviendo una econom\u00eda con <span style=\"color: #4c6273;\"><strong>base comunitaria y sentido solidario<\/strong><\/span>.<\/p>\n<p>A lo largo del a\u00f1o, cada propuesta busc\u00f3 que el <span style=\"color: #4c6273;\"><strong>aprendizaje<\/strong> <\/span>se transforme en <span style=\"color: #4c6273;\"><strong>herramientas<\/strong> <\/span>para el <span style=\"color: #4c6273;\"><strong>desarrollo personal, familiar y comunitario<\/strong><\/span>.<\/p>\n<p>[\/et_pb_text][\/et_pb_column][\/et_pb_row][et_pb_row column_structure=&#8221;3_4,1_4&#8243; _builder_version=&#8221;4.18.0&#8243; _module_preset=&#8221;default&#8221; custom_margin=&#8221;||||false|false&#8221; custom_padding=&#8221;||0px||false|false&#8221; global_colors_info=&#8221;{}&#8221;][et_pb_column type=&#8221;3_4&#8243; _builder_version=&#8221;4.18.0&#8243; _module_preset=&#8221;default&#8221; global_colors_info=&#8221;{}&#8221;][et_pb_image src=&#8221;https:\/\/anuario.fundacionfranciscana.org\/2025\/wp-content\/uploads\/2026\/03\/economia-04.png&#8221; title_text=&#8221;salud-04&#8243; _builder_version=&#8221;4.18.0&#8243; _module_preset=&#8221;default&#8221; global_colors_info=&#8221;{}&#8221;][\/et_pb_image][\/et_pb_column][et_pb_column type=&#8221;1_4&#8243; _builder_version=&#8221;4.18.0&#8243; _module_preset=&#8221;default&#8221; global_colors_info=&#8221;{}&#8221;][et_pb_image src=&#8221;https:\/\/anuario.fundacionfranciscana.org\/2025\/wp-content\/uploads\/2026\/03\/economia-05.png&#8221; title_text=&#8221;economia-05&#8243; align=&#8221;center&#8221; disabled_on=&#8221;on|on|off&#8221; _builder_version=&#8221;4.18.0&#8243; _module_preset=&#8221;default&#8221; global_colors_info=&#8221;{}&#8221;][\/et_pb_image][\/et_pb_column][\/et_pb_row][\/et_pb_section][et_pb_section fb_built=&#8221;1&#8243; custom_padding_last_edited=&#8221;on|desktop&#8221; disabled_on=&#8221;off|off|off&#8221; _builder_version=&#8221;4.18.0&#8243; _module_preset=&#8221;default&#8221; background_color=&#8221;#fafafa&#8221; background_image=&#8221;https:\/\/anuario.fundacionfranciscana.org\/2025\/wp-content\/uploads\/2026\/02\/anillado.png&#8221; background_size=&#8221;initial&#8221; background_position=&#8221;center_left&#8221; background_repeat=&#8221;repeat-y&#8221; custom_margin=&#8221;||||false|false&#8221; custom_margin_tablet=&#8221;||||false|false&#8221; custom_margin_phone=&#8221;0px||0px||false|false&#8221; custom_margin_last_edited=&#8221;on|desktop&#8221; custom_padding=&#8221;40px||||false|false&#8221; custom_padding_tablet=&#8221;||0px||false|false&#8221; custom_padding_phone=&#8221;|||20px|false|false&#8221; da_disable_devices=&#8221;off|off|off&#8221; global_colors_info=&#8221;{}&#8221; da_is_popup=&#8221;off&#8221; da_exit_intent=&#8221;off&#8221; da_has_close=&#8221;on&#8221; da_alt_close=&#8221;off&#8221; da_dark_close=&#8221;off&#8221; da_not_modal=&#8221;on&#8221; da_is_singular=&#8221;off&#8221; da_with_loader=&#8221;off&#8221; da_has_shadow=&#8221;on&#8221;][et_pb_row column_structure=&#8221;3_5,2_5&#8243; _builder_version=&#8221;4.18.0&#8243; _module_preset=&#8221;default&#8221; custom_margin=&#8221;||||false|false&#8221; custom_padding=&#8221;0px||||false|false&#8221; global_colors_info=&#8221;{}&#8221;][et_pb_column type=&#8221;3_5&#8243; _builder_version=&#8221;4.18.0&#8243; _module_preset=&#8221;default&#8221; global_colors_info=&#8221;{}&#8221;][et_pb_text _builder_version=&#8221;4.18.0&#8243; _module_preset=&#8221;default&#8221; locked=&#8221;off&#8221; global_colors_info=&#8221;{}&#8221;]<\/p>\n<p class=\"cvGsUA direction-ltr align-center para-style-body\">Los espacios de formaci\u00f3n en oficios continuaron consolid\u00e1ndose como una de las propuestas con <span style=\"color: #c4a270;\"><strong>mayor participaci\u00f3n<\/strong><\/span> dentro de las sedes, reflejando la confianza construida con las comunidades y la <span style=\"color: #c4a270;\"><strong>necesidad creciente de acceder a herramientas laborales concretas<\/strong><\/span>.<\/p>\n<p>[\/et_pb_text][et_pb_text _builder_version=&#8221;4.18.0&#8243; _module_preset=&#8221;default&#8221; global_colors_info=&#8221;{}&#8221;]<\/p>\n<ul>\n<li class=\"cvGsUA direction-ltr align-center para-style-body\">En la sede Ej\u00e9rcito de los Andes, el <span style=\"color: #c4a270;\"><strong>taller de Peluquer\u00eda<\/strong><\/span>, realizado junto a <span style=\"color: #c4a270;\"><strong>Prana<\/strong> <\/span>Peluquer\u00eda y con el acompa\u00f1amiento de <span style=\"color: #c4a270;\"><strong>El Jumillano<\/strong><\/span> (Ivess), tuvo dos niveles de aprendizaje, donde el Nivel 1 fue de abril a junio y el Nivel 2 de julio a noviembre, incorporando pr\u00e1cticas abiertas a la comunidad que permitieron a las y los participantes <span style=\"color: #c4a270;\"><strong>adquirir experiencia laboral directa<\/strong><\/span>.<\/li>\n<\/ul>\n<p>[\/et_pb_text][et_pb_image src=&#8221;https:\/\/anuario.fundacionfranciscana.org\/2025\/wp-content\/uploads\/2026\/03\/economia-06.png&#8221; title_text=&#8221;economia-06&#8243; align=&#8221;right&#8221; align_tablet=&#8221;right&#8221; align_phone=&#8221;center&#8221; align_last_edited=&#8221;on|phone&#8221; _builder_version=&#8221;4.18.0&#8243; _module_preset=&#8221;default&#8221; global_colors_info=&#8221;{}&#8221;][\/et_pb_image][\/et_pb_column][et_pb_column type=&#8221;2_5&#8243; _builder_version=&#8221;4.18.0&#8243; _module_preset=&#8221;default&#8221; global_colors_info=&#8221;{}&#8221;][et_pb_gallery gallery_ids=&#8221;603,604,605,606,607,608,609,610,611&#8243; fullwidth=&#8221;on&#8221; _builder_version=&#8221;4.18.0&#8243; _module_preset=&#8221;default&#8221; custom_margin=&#8221;||||false|false&#8221; auto=&#8221;on&#8221; auto_speed=&#8221;3000&#8243; locked=&#8221;off&#8221; global_colors_info=&#8221;{}&#8221;][\/et_pb_gallery][\/et_pb_column][\/et_pb_row][et_pb_row column_structure=&#8221;2_5,3_5&#8243; disabled_on=&#8221;on|on|off&#8221; _builder_version=&#8221;4.18.0&#8243; _module_preset=&#8221;default&#8221; locked=&#8221;off&#8221; global_colors_info=&#8221;{}&#8221;][et_pb_column type=&#8221;2_5&#8243; _builder_version=&#8221;4.18.0&#8243; _module_preset=&#8221;default&#8221; global_colors_info=&#8221;{}&#8221;][et_pb_image src=&#8221;https:\/\/anuario.fundacionfranciscana.org\/2025\/wp-content\/uploads\/2026\/03\/economia-08.png&#8221; url=&#8221;#jere&#8221; use_overlay=&#8221;on&#8221; show_bottom_space=&#8221;off&#8221; align=&#8221;center&#8221; _builder_version=&#8221;4.18.0&#8243; _module_preset=&#8221;default&#8221; custom_margin=&#8221;-170px|-20px||-20px|false|false&#8221; custom_margin_tablet=&#8221;-170px|-20px||-20px|false|false&#8221; custom_margin_phone=&#8221;0px|-20px||-20px|false|false&#8221; custom_margin_last_edited=&#8221;on|phone&#8221; hover_enabled=&#8221;0&#8243; global_colors_info=&#8221;{}&#8221; sticky_enabled=&#8221;0&#8243; overlay_icon_color=&#8221;#ED7D31&#8243; hover_overlay_color=&#8221;rgba(255,255,255,0.5)&#8221;][\/et_pb_image][\/et_pb_column][et_pb_column type=&#8221;3_5&#8243; _builder_version=&#8221;4.18.0&#8243; _module_preset=&#8221;default&#8221; global_colors_info=&#8221;{}&#8221;][et_pb_text _builder_version=&#8221;4.18.0&#8243; _module_preset=&#8221;default&#8221; custom_margin=&#8221;20px||||false|false&#8221; custom_margin_tablet=&#8221;20px||||false|false&#8221; custom_margin_phone=&#8221;0px||||false|false&#8221; custom_margin_last_edited=&#8221;on|phone&#8221; text_orientation_tablet=&#8221;right&#8221; text_orientation_phone=&#8221;left&#8221; text_orientation_last_edited=&#8221;on|phone&#8221; global_colors_info=&#8221;{}&#8221;]<\/p>\n<ul>\n<li><span style=\"color: #c4a270;\"><strong>Compartimos la historia de Jere<\/strong><\/span>. \u00c9l particip\u00f3 del taller de peluquer\u00eda y confirm\u00f3 que<span style=\"color: #c4a270;\"><strong> cada aprendizaje busca abrir una puerta hacia el futuro, un oficio, un trabajo digno<\/strong><\/span>. Hoy,<span style=\"color: #c4a270;\"><strong> ese camino lo llev\u00f3 a Bariloche<\/strong><\/span>, junto a Prana, para compartir su oficio y acompa\u00f1ar a chicos en su viaje de egresados. La historia de Jere es una muestra de <strong><span style=\"color: #c4a270;\">todo lo que puede nacer cuando se brinda una oportunidad<\/span><\/strong>.<\/li>\n<\/ul>\n<p>[\/et_pb_text][\/et_pb_column][\/et_pb_row][et_pb_row column_structure=&#8221;3_5,2_5&#8243; disabled_on=&#8221;off|off|on&#8221; _builder_version=&#8221;4.18.0&#8243; _module_preset=&#8221;default&#8221; locked=&#8221;off&#8221; global_colors_info=&#8221;{}&#8221;][et_pb_column type=&#8221;3_5&#8243; _builder_version=&#8221;4.18.0&#8243; _module_preset=&#8221;default&#8221; global_colors_info=&#8221;{}&#8221;][et_pb_text _builder_version=&#8221;4.18.0&#8243; _module_preset=&#8221;default&#8221; custom_margin=&#8221;20px||||false|false&#8221; custom_margin_tablet=&#8221;20px||||false|false&#8221; custom_margin_phone=&#8221;0px||||false|false&#8221; custom_margin_last_edited=&#8221;on|phone&#8221; text_orientation_tablet=&#8221;right&#8221; text_orientation_phone=&#8221;left&#8221; text_orientation_last_edited=&#8221;on|phone&#8221; global_colors_info=&#8221;{}&#8221;]<\/p>\n<ul>\n<li><span style=\"color: #c4a270;\"><strong>Compartimos la historia de Jere<\/strong><\/span>. \u00c9l particip\u00f3 del taller de peluquer\u00eda y confirm\u00f3 que<span style=\"color: #c4a270;\"><strong> cada aprendizaje busca abrir una puerta hacia el futuro, un oficio, un trabajo digno<\/strong><\/span>. Hoy,<span style=\"color: #c4a270;\"><strong> ese camino lo llev\u00f3 a Bariloche<\/strong><\/span>, junto a Prana, para compartir su oficio y acompa\u00f1ar a chicos en su viaje de egresados. La historia de Jere es una muestra de <strong><span style=\"color: #c4a270;\">todo lo que puede nacer cuando se brinda una oportunidad<\/span><\/strong>.<\/li>\n<\/ul>\n<p>[\/et_pb_text][\/et_pb_column][et_pb_column type=&#8221;2_5&#8243; _builder_version=&#8221;4.18.0&#8243; _module_preset=&#8221;default&#8221; global_colors_info=&#8221;{}&#8221;][et_pb_image src=&#8221;https:\/\/anuario.fundacionfranciscana.org\/2025\/wp-content\/uploads\/2026\/03\/economia-08.png&#8221; url=&#8221;#jere&#8221; use_overlay=&#8221;on&#8221; show_bottom_space=&#8221;off&#8221; align=&#8221;center&#8221; _builder_version=&#8221;4.18.0&#8243; _module_preset=&#8221;default&#8221; custom_margin=&#8221;-170px|-20px||-20px|false|false&#8221; custom_margin_tablet=&#8221;-170px|-20px||-20px|false|false&#8221; custom_margin_phone=&#8221;-30px|-20px|-20px|-20px|false|false&#8221; custom_margin_last_edited=&#8221;on|phone&#8221; custom_padding=&#8221;||||false|false&#8221; global_colors_info=&#8221;{}&#8221;][\/et_pb_image][\/et_pb_column][\/et_pb_row][et_pb_row column_structure=&#8221;3_5,2_5&#8243; _builder_version=&#8221;4.18.0&#8243; _module_preset=&#8221;default&#8221; custom_margin=&#8221;||||false|false&#8221; custom_padding=&#8221;||0px||false|false&#8221; locked=&#8221;off&#8221; global_colors_info=&#8221;{}&#8221;][et_pb_column type=&#8221;3_5&#8243; _builder_version=&#8221;4.18.0&#8243; _module_preset=&#8221;default&#8221; global_colors_info=&#8221;{}&#8221;][et_pb_text _builder_version=&#8221;4.18.0&#8243; _module_preset=&#8221;default&#8221; custom_margin=&#8221;70px||||false|false&#8221; custom_margin_tablet=&#8221;20px||||false|false&#8221; custom_margin_phone=&#8221;0px||||false|false&#8221; custom_margin_last_edited=&#8221;on|desktop&#8221; text_orientation_tablet=&#8221;right&#8221; text_orientation_phone=&#8221;left&#8221; text_orientation_last_edited=&#8221;on|phone&#8221; global_colors_info=&#8221;{}&#8221;]<\/p>\n<ul>\n<li>Gracias al acompa\u00f1amiento de<span style=\"color: #c4a270;\"><strong> El Jumillano (Ivess)<\/strong><\/span>, llevamos adelante el <span style=\"color: #c4a270;\"><strong>curso de perfilado de cejas y lifting de pesta\u00f1as<\/strong><\/span> en la sede de Ej\u00e9rcito de los Andes, Ciudadela. Una nueva propuesta de formaci\u00f3n para generar oportunidades de inclusi\u00f3n laboral y crecimiento personal.<\/li>\n<\/ul>\n<p>[\/et_pb_text][et_pb_image src=&#8221;https:\/\/anuario.fundacionfranciscana.org\/2025\/wp-content\/uploads\/2026\/03\/economia-10.png&#8221; align=&#8221;right&#8221; align_tablet=&#8221;right&#8221; align_phone=&#8221;center&#8221; align_last_edited=&#8221;on|phone&#8221; _builder_version=&#8221;4.18.0&#8243; _module_preset=&#8221;default&#8221; custom_margin_tablet=&#8221;&#8221; custom_margin_phone=&#8221;-30px||30px||false|false&#8221; custom_margin_last_edited=&#8221;on|phone&#8221; custom_padding_tablet=&#8221;&#8221; custom_padding_phone=&#8221;||||false|false&#8221; custom_padding_last_edited=&#8221;on|phone&#8221; global_colors_info=&#8221;{}&#8221;][\/et_pb_image][\/et_pb_column][et_pb_column type=&#8221;2_5&#8243; _builder_version=&#8221;4.18.0&#8243; _module_preset=&#8221;default&#8221; global_colors_info=&#8221;{}&#8221;][et_pb_gallery gallery_ids=&#8221;1025,1026,1027,1028,1029,1030,1031&#8243; fullwidth=&#8221;on&#8221; _builder_version=&#8221;4.18.0&#8243; _module_preset=&#8221;default&#8221; custom_margin=&#8221;-50px||||false|false&#8221; custom_margin_tablet=&#8221;-50px||||false|false&#8221; custom_margin_phone=&#8221;|0px|||false|false&#8221; custom_margin_last_edited=&#8221;on|desktop&#8221; auto=&#8221;on&#8221; auto_speed=&#8221;3000&#8243; locked=&#8221;off&#8221; global_colors_info=&#8221;{}&#8221;][\/et_pb_gallery][et_pb_image src=&#8221;https:\/\/anuario.fundacionfranciscana.org\/2025\/wp-content\/uploads\/2026\/03\/economia-09.png&#8221; align=&#8221;right&#8221; _builder_version=&#8221;4.18.0&#8243; _module_preset=&#8221;default&#8221; positioning=&#8221;absolute&#8221; position_origin_a=&#8221;top_right&#8221; position_origin_r=&#8221;top_right&#8221; width=&#8221;100%&#8221; global_colors_info=&#8221;{}&#8221;][\/et_pb_image][\/et_pb_column][\/et_pb_row][et_pb_row column_structure=&#8221;2_5,3_5&#8243; disabled_on=&#8221;on|on|off&#8221; _builder_version=&#8221;4.18.0&#8243; _module_preset=&#8221;default&#8221; custom_padding=&#8221;0px||||false|false&#8221; locked=&#8221;off&#8221; global_colors_info=&#8221;{}&#8221;][et_pb_column type=&#8221;2_5&#8243; _builder_version=&#8221;4.18.0&#8243; _module_preset=&#8221;default&#8221; global_colors_info=&#8221;{}&#8221;][et_pb_image src=&#8221;https:\/\/anuario.fundacionfranciscana.org\/2025\/wp-content\/uploads\/2026\/03\/economia-24.png&#8221; url=&#8221;#electricidad&#8221; use_overlay=&#8221;on&#8221; overlay_icon_color=&#8221;#ED7D31&#8243; hover_overlay_color=&#8221;rgba(255,255,255,0.5)&#8221; show_bottom_space=&#8221;off&#8221; align=&#8221;right&#8221; _builder_version=&#8221;4.18.0&#8243; _module_preset=&#8221;default&#8221; custom_margin=&#8221;-70px||||false|false&#8221; hover_enabled=&#8221;0&#8243; global_colors_info=&#8221;{}&#8221; sticky_enabled=&#8221;0&#8243;][\/et_pb_image][et_pb_image src=&#8221;https:\/\/anuario.fundacionfranciscana.org\/2025\/wp-content\/uploads\/2026\/03\/economia-11.png&#8221; show_bottom_space=&#8221;off&#8221; _builder_version=&#8221;4.18.0&#8243; _module_preset=&#8221;default&#8221; positioning=&#8221;absolute&#8221; position_origin_a=&#8221;center_left&#8221; custom_margin=&#8221;|||-40px|false|false&#8221; global_colors_info=&#8221;{}&#8221;][\/et_pb_image][\/et_pb_column][et_pb_column type=&#8221;3_5&#8243; _builder_version=&#8221;4.18.0&#8243; _module_preset=&#8221;default&#8221; global_colors_info=&#8221;{}&#8221;][et_pb_text _builder_version=&#8221;4.18.0&#8243; _module_preset=&#8221;default&#8221; custom_margin=&#8221;50px||||false|false&#8221; custom_margin_tablet=&#8221;20px||||false|false&#8221; custom_margin_phone=&#8221;0px||||false|false&#8221; custom_margin_last_edited=&#8221;on|phone&#8221; custom_padding=&#8221;||||false|false&#8221; text_orientation_tablet=&#8221;right&#8221; text_orientation_phone=&#8221;left&#8221; text_orientation_last_edited=&#8221;on|phone&#8221; global_colors_info=&#8221;{}&#8221;]<\/p>\n<p class=\"cvGsUA direction-ltr align-justify para-style-body\">El taller de <span style=\"color: #c4a270;\"><strong>Electricidad Domiciliaria<\/strong><\/span>, en Ej\u00e9rcito de los Andes, desarrollado junto a la<strong><span style=\"color: #c4a270;\"> organizaci\u00f3n VAM<\/span><\/strong> (Volver a Martelli) y <span style=\"color: #c4a270;\"><strong>financiado por Western Union, brind\u00f3 herramientas pr\u00e1cticas<\/strong><\/span> para resolver necesidades en los hogares y abrir nuevas oportunidades laborales en <span style=\"color: #c4a270;\"><strong>un oficio de alta demanda<\/strong><\/span>.<\/p>\n<p>[\/et_pb_text][et_pb_image src=&#8221;https:\/\/anuario.fundacionfranciscana.org\/2025\/wp-content\/uploads\/2026\/03\/economia-13.png&#8221; show_bottom_space=&#8221;off&#8221; align_tablet=&#8221;&#8221; align_phone=&#8221;center&#8221; align_last_edited=&#8221;on|phone&#8221; _builder_version=&#8221;4.18.0&#8243; _module_preset=&#8221;default&#8221; width_tablet=&#8221;&#8221; width_phone=&#8221;70px&#8221; width_last_edited=&#8221;on|phone&#8221; custom_margin=&#8221;||||false|false&#8221; custom_padding=&#8221;||||false|false&#8221; global_colors_info=&#8221;{}&#8221;][\/et_pb_image][\/et_pb_column][\/et_pb_row][et_pb_row column_structure=&#8221;3_5,2_5&#8243; disabled_on=&#8221;off|off|on&#8221; _builder_version=&#8221;4.18.0&#8243; _module_preset=&#8221;default&#8221; custom_margin=&#8221;30px||||false|false&#8221; custom_padding=&#8221;0px||||false|false&#8221; locked=&#8221;off&#8221; global_colors_info=&#8221;{}&#8221;][et_pb_column type=&#8221;3_5&#8243; _builder_version=&#8221;4.18.0&#8243; _module_preset=&#8221;default&#8221; global_colors_info=&#8221;{}&#8221;][et_pb_text _builder_version=&#8221;4.18.0&#8243; _module_preset=&#8221;default&#8221; custom_margin=&#8221;50px||||false|false&#8221; custom_margin_tablet=&#8221;20px||||false|false&#8221; custom_margin_phone=&#8221;0px||||false|false&#8221; custom_margin_last_edited=&#8221;on|phone&#8221; custom_padding=&#8221;||||false|false&#8221; text_orientation_tablet=&#8221;right&#8221; text_orientation_phone=&#8221;left&#8221; text_orientation_last_edited=&#8221;on|phone&#8221; global_colors_info=&#8221;{}&#8221;]<\/p>\n<p class=\"cvGsUA direction-ltr align-justify para-style-body\">El taller de <span style=\"color: #c4a270;\"><strong>Electricidad Domiciliaria<\/strong><\/span>, en Ej\u00e9rcito de los Andes, desarrollado junto a la<strong><span style=\"color: #c4a270;\"> organizaci\u00f3n VAM<\/span><\/strong> (Volver a Martelli) y <span style=\"color: #c4a270;\"><strong>financiado por Western Union, brind\u00f3 herramientas pr\u00e1cticas<\/strong><\/span> para resolver necesidades en los hogares y abrir nuevas oportunidades laborales en <span style=\"color: #c4a270;\"><strong>un oficio de alta demanda<\/strong><\/span>.<\/p>\n<p>[\/et_pb_text][\/et_pb_column][et_pb_column type=&#8221;2_5&#8243; _builder_version=&#8221;4.18.0&#8243; _module_preset=&#8221;default&#8221; global_colors_info=&#8221;{}&#8221;][et_pb_image src=&#8221;https:\/\/anuario.fundacionfranciscana.org\/2025\/wp-content\/uploads\/2026\/03\/economia-24.png&#8221; url=&#8221;#electricidad&#8221; use_overlay=&#8221;on&#8221; overlay_icon_color=&#8221;#ED7D31&#8243; hover_overlay_color=&#8221;rgba(255,255,255,0.5)&#8221; show_bottom_space=&#8221;off&#8221; align=&#8221;right&#8221; _builder_version=&#8221;4.18.0&#8243; _module_preset=&#8221;default&#8221; custom_margin=&#8221;-20px||||false|false&#8221; global_colors_info=&#8221;{}&#8221;][\/et_pb_image][et_pb_image src=&#8221;https:\/\/anuario.fundacionfranciscana.org\/2025\/wp-content\/uploads\/2026\/03\/economia-11.png&#8221; show_bottom_space=&#8221;off&#8221; _builder_version=&#8221;4.18.0&#8243; _module_preset=&#8221;default&#8221; positioning=&#8221;absolute&#8221; position_origin_a=&#8221;center_left&#8221; custom_margin=&#8221;|||-40px|false|false&#8221; global_colors_info=&#8221;{}&#8221;][\/et_pb_image][\/et_pb_column][\/et_pb_row][et_pb_row column_structure=&#8221;3_5,2_5&#8243; custom_padding_last_edited=&#8221;on|phone&#8221; _builder_version=&#8221;4.18.0&#8243; _module_preset=&#8221;default&#8221; custom_margin=&#8221;0px||||false|false&#8221; custom_margin_tablet=&#8221;||||false|false&#8221; custom_margin_phone=&#8221;40px||||false|false&#8221; custom_margin_last_edited=&#8221;on|phone&#8221; custom_padding=&#8221;||0px||false|false&#8221; custom_padding_tablet=&#8221;||0px||false|false&#8221; custom_padding_phone=&#8221;0px||||false|false&#8221; locked=&#8221;off&#8221; global_colors_info=&#8221;{}&#8221;][et_pb_column type=&#8221;3_5&#8243; _builder_version=&#8221;4.18.0&#8243; _module_preset=&#8221;default&#8221; global_colors_info=&#8221;{}&#8221;][et_pb_text _builder_version=&#8221;4.18.0&#8243; _module_preset=&#8221;default&#8221; custom_margin=&#8221;20px||||false|false&#8221; custom_margin_tablet=&#8221;20px||||false|false&#8221; custom_margin_phone=&#8221;0px||||false|false&#8221; custom_margin_last_edited=&#8221;on|phone&#8221; text_orientation_tablet=&#8221;right&#8221; text_orientation_phone=&#8221;left&#8221; text_orientation_last_edited=&#8221;on|phone&#8221; global_colors_info=&#8221;{}&#8221;]<\/p>\n<ul>\n<li>Este a\u00f1o tambi\u00e9n se llev\u00f3 adelante un <span style=\"color: #c4a270;\"><strong>nuevo taller de pastas caseras<\/strong><\/span> en Ej\u00e9rcito de los Andes, donde las\/os vecinas\/os del barrio aprendieron a hacer pastas caseras con la profe Cristina.<br \/><span style=\"color: #c4a270;\"><strong>Gracias al apoyo de Santander<\/strong><\/span>, seguimos impulsando proyectos que fortalecen la econom\u00eda familiar y promueven el trabajo comunitario.<\/li>\n<\/ul>\n<p>[\/et_pb_text][et_pb_image src=&#8221;https:\/\/anuario.fundacionfranciscana.org\/2025\/wp-content\/uploads\/2026\/03\/economia-14.png&#8221; align=&#8221;right&#8221; _builder_version=&#8221;4.18.0&#8243; _module_preset=&#8221;default&#8221; global_colors_info=&#8221;{}&#8221;][\/et_pb_image][\/et_pb_column][et_pb_column type=&#8221;2_5&#8243; _builder_version=&#8221;4.18.0&#8243; _module_preset=&#8221;default&#8221; global_colors_info=&#8221;{}&#8221;][et_pb_image src=&#8221;https:\/\/anuario.fundacionfranciscana.org\/2025\/wp-content\/uploads\/2026\/03\/economia-25.png&#8221; url=&#8221;#pastas&#8221; use_overlay=&#8221;on&#8221; overlay_icon_color=&#8221;#ED7D31&#8243; hover_overlay_color=&#8221;rgba(255,255,255,0.5)&#8221; _builder_version=&#8221;4.18.0&#8243; _module_preset=&#8221;default&#8221; custom_margin=&#8221;-120px||||false|false&#8221; locked=&#8221;off&#8221; global_colors_info=&#8221;{}&#8221;][\/et_pb_image][\/et_pb_column][\/et_pb_row][et_pb_row column_structure=&#8221;1_2,1_2&#8243; disabled_on=&#8221;on|on|off&#8221; _builder_version=&#8221;4.18.0&#8243; _module_preset=&#8221;default&#8221; locked=&#8221;off&#8221; global_colors_info=&#8221;{}&#8221;][et_pb_column type=&#8221;1_2&#8243; _builder_version=&#8221;4.18.0&#8243; _module_preset=&#8221;default&#8221; global_colors_info=&#8221;{}&#8221;][et_pb_image src=&#8221;https:\/\/anuario.fundacionfranciscana.org\/2025\/wp-content\/uploads\/2026\/03\/economia-26.png&#8221; title_text=&#8221;economia-26&#8243; show_bottom_space=&#8221;off&#8221; align=&#8221;right&#8221; _builder_version=&#8221;4.18.0&#8243; _module_preset=&#8221;default&#8221; global_colors_info=&#8221;{}&#8221;][\/et_pb_image][\/et_pb_column][et_pb_column type=&#8221;1_2&#8243; _builder_version=&#8221;4.18.0&#8243; _module_preset=&#8221;default&#8221; global_colors_info=&#8221;{}&#8221;][et_pb_text _builder_version=&#8221;4.18.0&#8243; _module_preset=&#8221;default&#8221; custom_margin=&#8221;50px||||false|false&#8221; custom_margin_tablet=&#8221;20px||||false|false&#8221; custom_margin_phone=&#8221;0px||||false|false&#8221; custom_margin_last_edited=&#8221;on|phone&#8221; text_orientation_tablet=&#8221;right&#8221; text_orientation_phone=&#8221;left&#8221; text_orientation_last_edited=&#8221;on|phone&#8221; locked=&#8221;off&#8221; global_colors_info=&#8221;{}&#8221;]<\/p>\n<ul>\n<li class=\"cvGsUA direction-ltr align-justify para-style-body\">Realizamos el<span style=\"color: #c4a270;\"><strong> curso de Manipulaci\u00f3n de Alimentos<\/strong> <\/span>en Lomas de Maril\u00f3, con <strong><span style=\"color: #c4a270;\">entrega de certificaciones oficiales<\/span><\/strong>. Represent\u00f3 adem\u00e1s un paso importante para ampliar posibilidades de inserci\u00f3n laboral formal.<\/li>\n<\/ul>\n<p>[\/et_pb_text][\/et_pb_column][\/et_pb_row][et_pb_row column_structure=&#8221;1_2,1_2&#8243; disabled_on=&#8221;off|off|on&#8221; _builder_version=&#8221;4.18.0&#8243; _module_preset=&#8221;default&#8221; custom_margin=&#8221;50px||||false|false&#8221; locked=&#8221;off&#8221; global_colors_info=&#8221;{}&#8221;][et_pb_column type=&#8221;1_2&#8243; _builder_version=&#8221;4.18.0&#8243; _module_preset=&#8221;default&#8221; global_colors_info=&#8221;{}&#8221;][et_pb_text _builder_version=&#8221;4.18.0&#8243; _module_preset=&#8221;default&#8221; custom_margin=&#8221;50px||||false|false&#8221; custom_margin_tablet=&#8221;20px||||false|false&#8221; custom_margin_phone=&#8221;0px||||false|false&#8221; custom_margin_last_edited=&#8221;on|phone&#8221; text_orientation_tablet=&#8221;right&#8221; text_orientation_phone=&#8221;left&#8221; text_orientation_last_edited=&#8221;on|phone&#8221; locked=&#8221;off&#8221; global_colors_info=&#8221;{}&#8221;]<\/p>\n<ul>\n<li class=\"cvGsUA direction-ltr align-justify para-style-body\">Realizamos el<span style=\"color: #c4a270;\"><strong> curso de Manipulaci\u00f3n de Alimentos<\/strong> <\/span>en Lomas de Maril\u00f3, con <strong><span style=\"color: #c4a270;\">entrega de certificaciones oficiales<\/span><\/strong>. Represent\u00f3 adem\u00e1s un paso importante para ampliar posibilidades de inserci\u00f3n laboral formal.<\/li>\n<\/ul>\n<p>[\/et_pb_text][\/et_pb_column][et_pb_column type=&#8221;1_2&#8243; _builder_version=&#8221;4.18.0&#8243; _module_preset=&#8221;default&#8221; global_colors_info=&#8221;{}&#8221;][et_pb_image src=&#8221;https:\/\/anuario.fundacionfranciscana.org\/2025\/wp-content\/uploads\/2026\/03\/economia-26.png&#8221; title_text=&#8221;economia-26&#8243; show_bottom_space=&#8221;off&#8221; align=&#8221;right&#8221; _builder_version=&#8221;4.18.0&#8243; _module_preset=&#8221;default&#8221; global_colors_info=&#8221;{}&#8221;][\/et_pb_image][\/et_pb_column][\/et_pb_row][et_pb_row column_structure=&#8221;3_5,2_5&#8243; _builder_version=&#8221;4.18.0&#8243; _module_preset=&#8221;default&#8221; custom_margin=&#8221;||||false|false&#8221; custom_padding=&#8221;||0px||false|false&#8221; locked=&#8221;off&#8221; global_colors_info=&#8221;{}&#8221;][et_pb_column type=&#8221;3_5&#8243; _builder_version=&#8221;4.18.0&#8243; _module_preset=&#8221;default&#8221; global_colors_info=&#8221;{}&#8221;][et_pb_text _builder_version=&#8221;4.18.0&#8243; _module_preset=&#8221;default&#8221; width=&#8221;70%&#8221; width_tablet=&#8221;70%&#8221; width_phone=&#8221;100%&#8221; width_last_edited=&#8221;on|phone&#8221; module_alignment=&#8221;right&#8221; custom_margin=&#8221;20px||||false|false&#8221; custom_margin_tablet=&#8221;20px||||false|false&#8221; custom_margin_phone=&#8221;0px||||false|false&#8221; custom_margin_last_edited=&#8221;on|phone&#8221; text_orientation_tablet=&#8221;right&#8221; text_orientation_phone=&#8221;left&#8221; text_orientation_last_edited=&#8221;on|phone&#8221; global_colors_info=&#8221;{}&#8221;]<\/p>\n<ul>\n<li>En Lomas de Maril\u00f3, <strong><span style=\"color: #c4a270;\">el taller de Pasteler\u00eda<\/span><\/strong> realizado junto a las madres del espacio de alfabetizaci\u00f3n, con el <span style=\"color: #c4a270;\"><strong>acompa\u00f1amiento de Adveniat<\/strong><\/span>, promovi\u00f3 experiencias de aprendizaje compartido que <span style=\"color: #c4a270;\"><strong>integraron formaci\u00f3n t\u00e9cnica y encuentro comunitario<\/strong><\/span>.<\/li>\n<\/ul>\n<p>[\/et_pb_text][et_pb_image src=&#8221;https:\/\/anuario.fundacionfranciscana.org\/2025\/wp-content\/uploads\/2026\/03\/economia-16.png&#8221; show_bottom_space=&#8221;off&#8221; disabled_on=&#8221;on|on|off&#8221; _builder_version=&#8221;4.18.0&#8243; _module_preset=&#8221;default&#8221; positioning=&#8221;absolute&#8221; position_origin_a=&#8221;center_left&#8221; horizontal_offset=&#8221;0px&#8221; width=&#8221;100%&#8221; custom_margin=&#8221;-50px||||false|false&#8221; global_colors_info=&#8221;{}&#8221;][\/et_pb_image][et_pb_image src=&#8221;https:\/\/anuario.fundacionfranciscana.org\/2025\/wp-content\/uploads\/2026\/03\/economia-17.png&#8221; show_bottom_space=&#8221;off&#8221; align=&#8221;right&#8221; _builder_version=&#8221;4.18.0&#8243; _module_preset=&#8221;default&#8221; max_width_tablet=&#8221;&#8221; max_width_phone=&#8221;40px&#8221; max_width_last_edited=&#8221;on|phone&#8221; custom_margin=&#8221;-60px||80px||false|false&#8221; global_colors_info=&#8221;{}&#8221;][\/et_pb_image][\/et_pb_column][et_pb_column type=&#8221;2_5&#8243; _builder_version=&#8221;4.18.0&#8243; _module_preset=&#8221;default&#8221; global_colors_info=&#8221;{}&#8221;][et_pb_gallery gallery_ids=&#8221;644,645,646,647,648,649&#8243; fullwidth=&#8221;on&#8221; _builder_version=&#8221;4.18.0&#8243; _module_preset=&#8221;default&#8221; custom_margin=&#8221;-100px||||false|false&#8221; auto=&#8221;on&#8221; auto_speed=&#8221;3000&#8243; locked=&#8221;off&#8221; global_colors_info=&#8221;{}&#8221;][\/et_pb_gallery][\/et_pb_column][\/et_pb_row][et_pb_row column_structure=&#8221;2_5,3_5&#8243; disabled_on=&#8221;on|on|off&#8221; _builder_version=&#8221;4.18.0&#8243; _module_preset=&#8221;default&#8221; custom_padding=&#8221;0px||||false|false&#8221; locked=&#8221;off&#8221; global_colors_info=&#8221;{}&#8221;][et_pb_column type=&#8221;2_5&#8243; _builder_version=&#8221;4.18.0&#8243; _module_preset=&#8221;default&#8221; global_colors_info=&#8221;{}&#8221;][et_pb_gallery gallery_ids=&#8221;652,653,654,655,656,657&#8243; fullwidth=&#8221;on&#8221; _builder_version=&#8221;4.18.0&#8243; _module_preset=&#8221;default&#8221; width=&#8221;80%&#8221; module_alignment=&#8221;right&#8221; custom_margin=&#8221;-60px||||false|false&#8221; custom_margin_tablet=&#8221;-60px||||false|false&#8221; custom_margin_phone=&#8221;25px||||false|false&#8221; custom_margin_last_edited=&#8221;on|phone&#8221; auto=&#8221;on&#8221; auto_speed=&#8221;3000&#8243; locked=&#8221;off&#8221; global_colors_info=&#8221;{}&#8221;][\/et_pb_gallery][et_pb_image src=&#8221;https:\/\/anuario.fundacionfranciscana.org\/2025\/wp-content\/uploads\/2026\/03\/economia-18.png&#8221; title_text=&#8221;economia-18&#8243; show_bottom_space=&#8221;off&#8221; _builder_version=&#8221;4.18.0&#8243; _module_preset=&#8221;default&#8221; positioning=&#8221;absolute&#8221; position_origin_a=&#8221;center_left&#8221; width=&#8221;100%&#8221; custom_margin=&#8221;|||-40px|false|false&#8221; global_colors_info=&#8221;{}&#8221;][\/et_pb_image][\/et_pb_column][et_pb_column type=&#8221;3_5&#8243; _builder_version=&#8221;4.18.0&#8243; _module_preset=&#8221;default&#8221; global_colors_info=&#8221;{}&#8221;][et_pb_text _builder_version=&#8221;4.18.0&#8243; _module_preset=&#8221;default&#8221; custom_margin=&#8221;50px||||false|false&#8221; custom_margin_tablet=&#8221;20px||||false|false&#8221; custom_margin_phone=&#8221;0px||||false|false&#8221; custom_margin_last_edited=&#8221;on|phone&#8221; custom_padding=&#8221;||||false|false&#8221; text_orientation_tablet=&#8221;right&#8221; text_orientation_phone=&#8221;left&#8221; text_orientation_last_edited=&#8221;on|phone&#8221; global_colors_info=&#8221;{}&#8221;]<\/p>\n<p class=\"cvGsUA direction-ltr align-justify para-style-body\">En la sede Lomas de Maril\u00f3, se llev\u00f3 adelante el <span style=\"color: #c4a270;\"><strong>curso de Barber\u00eda<\/strong><\/span>, tambi\u00e9n en el marco del proyecto Adveniat. Se desarroll\u00f3 entre los meses de octubre y diciembre, brindando a los\/as participantes <span style=\"color: #c4a270;\"><strong>conocimientos y herramientas b\u00e1sicas del oficio<\/strong><\/span>, orientadas a fortalecer oportunidades de formaci\u00f3n e inserci\u00f3n laboral. El curso estuvo a cargo de <span style=\"color: #c4a270;\"><strong>Maxi, ex participante de varios programas de la Fundaci\u00f3n<\/strong><\/span>, junto a Cristian, quienes compartieron su experiencia y acompa\u00f1aron el proceso de aprendizaje pr\u00e1ctico a lo largo de los encuentros.<\/p>\n<p>[\/et_pb_text][et_pb_image src=&#8221;https:\/\/anuario.fundacionfranciscana.org\/2025\/wp-content\/uploads\/2026\/03\/economia-19.png&#8221; title_text=&#8221;economia-19&#8243; show_bottom_space=&#8221;off&#8221; align_tablet=&#8221;&#8221; align_phone=&#8221;center&#8221; align_last_edited=&#8221;on|phone&#8221; _builder_version=&#8221;4.18.0&#8243; _module_preset=&#8221;default&#8221; width_tablet=&#8221;&#8221; width_phone=&#8221;50px&#8221; width_last_edited=&#8221;on|phone&#8221; custom_margin=&#8221;||||false|false&#8221; custom_padding=&#8221;||||false|false&#8221; global_colors_info=&#8221;{}&#8221;][\/et_pb_image][\/et_pb_column][\/et_pb_row][et_pb_row column_structure=&#8221;3_5,2_5&#8243; disabled_on=&#8221;off|off|on&#8221; _builder_version=&#8221;4.18.0&#8243; _module_preset=&#8221;default&#8221; custom_margin=&#8221;40px||||false|false&#8221; custom_padding=&#8221;0px||||false|false&#8221; locked=&#8221;off&#8221; global_colors_info=&#8221;{}&#8221;][et_pb_column type=&#8221;3_5&#8243; _builder_version=&#8221;4.18.0&#8243; _module_preset=&#8221;default&#8221; global_colors_info=&#8221;{}&#8221;][et_pb_text _builder_version=&#8221;4.18.0&#8243; _module_preset=&#8221;default&#8221; custom_margin=&#8221;50px||||false|false&#8221; custom_margin_tablet=&#8221;20px||||false|false&#8221; custom_margin_phone=&#8221;0px||||false|false&#8221; custom_margin_last_edited=&#8221;on|phone&#8221; custom_padding=&#8221;||||false|false&#8221; text_orientation_tablet=&#8221;right&#8221; text_orientation_phone=&#8221;left&#8221; text_orientation_last_edited=&#8221;on|phone&#8221; global_colors_info=&#8221;{}&#8221;]<\/p>\n<p class=\"cvGsUA direction-ltr align-justify para-style-body\">En la sede Lomas de Maril\u00f3, se llev\u00f3 adelante el <span style=\"color: #c4a270;\"><strong>curso de Barber\u00eda<\/strong><\/span>, tambi\u00e9n en el marco del proyecto Adveniat. Se desarroll\u00f3 entre los meses de octubre y diciembre, brindando a los\/as participantes <span style=\"color: #c4a270;\"><strong>conocimientos y herramientas b\u00e1sicas del oficio<\/strong><\/span>, orientadas a fortalecer oportunidades de formaci\u00f3n e inserci\u00f3n laboral. El curso estuvo a cargo de <span style=\"color: #c4a270;\"><strong>Maxi, ex participante de varios programas de la Fundaci\u00f3n<\/strong><\/span>, junto a Cristian, quienes compartieron su experiencia y acompa\u00f1aron el proceso de aprendizaje pr\u00e1ctico a lo largo de los encuentros.<\/p>\n<p>[\/et_pb_text][et_pb_image src=&#8221;https:\/\/anuario.fundacionfranciscana.org\/2025\/wp-content\/uploads\/2026\/03\/economia-19.png&#8221; title_text=&#8221;economia-19&#8243; show_bottom_space=&#8221;off&#8221; align_tablet=&#8221;&#8221; align_phone=&#8221;center&#8221; align_last_edited=&#8221;on|phone&#8221; _builder_version=&#8221;4.18.0&#8243; _module_preset=&#8221;default&#8221; width_tablet=&#8221;&#8221; width_phone=&#8221;50px&#8221; width_last_edited=&#8221;on|phone&#8221; custom_margin=&#8221;||||false|false&#8221; custom_margin_tablet=&#8221;||||false|false&#8221; custom_margin_phone=&#8221;-20px||-20px||true|false&#8221; custom_margin_last_edited=&#8221;on|phone&#8221; custom_padding=&#8221;||||false|false&#8221; custom_padding_tablet=&#8221;||||false|false&#8221; custom_padding_phone=&#8221;0px||0px||false|false&#8221; custom_padding_last_edited=&#8221;on|phone&#8221; global_colors_info=&#8221;{}&#8221;][\/et_pb_image][\/et_pb_column][et_pb_column type=&#8221;2_5&#8243; _builder_version=&#8221;4.18.0&#8243; _module_preset=&#8221;default&#8221; global_colors_info=&#8221;{}&#8221;][et_pb_gallery gallery_ids=&#8221;652,653,654,655,656,657&#8243; fullwidth=&#8221;on&#8221; _builder_version=&#8221;4.18.0&#8243; _module_preset=&#8221;default&#8221; module_alignment=&#8221;right&#8221; custom_margin=&#8221;-60px||||false|false&#8221; custom_margin_tablet=&#8221;-60px||||false|false&#8221; custom_margin_phone=&#8221;25px||||false|false&#8221; custom_margin_last_edited=&#8221;on|phone&#8221; auto=&#8221;on&#8221; auto_speed=&#8221;3000&#8243; locked=&#8221;off&#8221; global_colors_info=&#8221;{}&#8221;][\/et_pb_gallery][\/et_pb_column][\/et_pb_row][et_pb_row column_structure=&#8221;3_5,2_5&#8243; custom_padding_last_edited=&#8221;on|phone&#8221; _builder_version=&#8221;4.18.0&#8243; _module_preset=&#8221;default&#8221; custom_margin=&#8221;||||false|false&#8221; custom_padding=&#8221;||0px||false|false&#8221; custom_padding_tablet=&#8221;||0px||false|false&#8221; custom_padding_phone=&#8221;0px||||false|false&#8221; locked=&#8221;off&#8221; global_colors_info=&#8221;{}&#8221;][et_pb_column type=&#8221;3_5&#8243; _builder_version=&#8221;4.18.0&#8243; _module_preset=&#8221;default&#8221; global_colors_info=&#8221;{}&#8221;][et_pb_image src=&#8221;https:\/\/anuario.fundacionfranciscana.org\/2025\/wp-content\/uploads\/2026\/03\/economia-20.png&#8221; title_text=&#8221;economia-20&#8243; show_bottom_space=&#8221;off&#8221; disabled_on=&#8221;on|on|off&#8221; _builder_version=&#8221;4.18.0&#8243; _module_preset=&#8221;default&#8221; positioning=&#8221;absolute&#8221; position_origin_a=&#8221;center_left&#8221; horizontal_offset=&#8221;0px&#8221; width=&#8221;100%&#8221; custom_margin=&#8221;-50px||||false|false&#8221; global_colors_info=&#8221;{}&#8221;][\/et_pb_image][et_pb_text _builder_version=&#8221;4.18.0&#8243; _module_preset=&#8221;default&#8221; width=&#8221;80%&#8221; width_tablet=&#8221;80%&#8221; width_phone=&#8221;100%&#8221; width_last_edited=&#8221;on|phone&#8221; module_alignment=&#8221;right&#8221; custom_margin=&#8221;20px||||false|false&#8221; custom_margin_tablet=&#8221;20px||||false|false&#8221; custom_margin_phone=&#8221;0px||||false|false&#8221; custom_margin_last_edited=&#8221;on|phone&#8221; text_orientation_tablet=&#8221;right&#8221; text_orientation_phone=&#8221;left&#8221; text_orientation_last_edited=&#8221;on|phone&#8221; global_colors_info=&#8221;{}&#8221;]<\/p>\n<ul>\n<li>Complementariamente, en Ej\u00e9rcito de los Andes y Lomas de Maril\u00f3 se llevaron adelante <span style=\"color: #c4a270;\"><strong>capacitaciones en empleabilidad y talleres de educaci\u00f3n financiera<\/strong><\/span>, fortaleciendo herramientas para la b\u00fasqueda laboral mediante el <span style=\"color: #c4a270;\"><strong>armado de curr\u00edculum y la preparaci\u00f3n para entrevistas<\/strong><\/span>.<\/li>\n<\/ul>\n<p>[\/et_pb_text][et_pb_image src=&#8221;https:\/\/anuario.fundacionfranciscana.org\/2025\/wp-content\/uploads\/2026\/03\/economia-21.png&#8221; title_text=&#8221;economia-21&#8243; align=&#8221;right&#8221; show_bottom_space_tablet=&#8221;&#8221; show_bottom_space_phone=&#8221;off&#8221; show_bottom_space_last_edited=&#8221;on|phone&#8221; _builder_version=&#8221;4.18.0&#8243; _module_preset=&#8221;default&#8221; width_tablet=&#8221;&#8221; width_phone=&#8221;20%&#8221; width_last_edited=&#8221;on|phone&#8221; custom_margin_tablet=&#8221;&#8221; custom_margin_phone=&#8221;-20px||70px||false|false&#8221; custom_margin_last_edited=&#8221;on|phone&#8221; module_alignment_tablet=&#8221;&#8221; module_alignment_phone=&#8221;center&#8221; module_alignment_last_edited=&#8221;on|phone&#8221; global_colors_info=&#8221;{}&#8221;][\/et_pb_image][\/et_pb_column][et_pb_column type=&#8221;2_5&#8243; _builder_version=&#8221;4.18.0&#8243; _module_preset=&#8221;default&#8221; global_colors_info=&#8221;{}&#8221;][et_pb_gallery gallery_ids=&#8221;659,660,661,662,663&#8243; fullwidth=&#8221;on&#8221; _builder_version=&#8221;4.18.0&#8243; _module_preset=&#8221;default&#8221; width=&#8221;90%&#8221; width_tablet=&#8221;90%&#8221; width_phone=&#8221;100%&#8221; width_last_edited=&#8221;on|phone&#8221; custom_margin=&#8221;-100px||||false|false&#8221; auto=&#8221;on&#8221; auto_speed=&#8221;3000&#8243; locked=&#8221;off&#8221; global_colors_info=&#8221;{}&#8221;][\/et_pb_gallery][\/et_pb_column][\/et_pb_row][et_pb_row column_structure=&#8221;3_5,2_5&#8243; _builder_version=&#8221;4.18.0&#8243; _module_preset=&#8221;default&#8221; custom_margin=&#8221;40px||||false|false&#8221; global_colors_info=&#8221;{}&#8221;][et_pb_column type=&#8221;3_5&#8243; _builder_version=&#8221;4.18.0&#8243; _module_preset=&#8221;default&#8221; global_colors_info=&#8221;{}&#8221;][et_pb_image src=&#8221;https:\/\/anuario.fundacionfranciscana.org\/2025\/wp-content\/uploads\/2026\/03\/economia-27.png&#8221; _builder_version=&#8221;4.18.0&#8243; _module_preset=&#8221;default&#8221; global_colors_info=&#8221;{}&#8221;][\/et_pb_image][\/et_pb_column][et_pb_column type=&#8221;2_5&#8243; _builder_version=&#8221;4.18.0&#8243; _module_preset=&#8221;default&#8221; global_colors_info=&#8221;{}&#8221;][et_pb_image src=&#8221;https:\/\/anuario.fundacionfranciscana.org\/2025\/wp-content\/uploads\/2026\/03\/economia-22-1.png&#8221; align=&#8221;center&#8221; _builder_version=&#8221;4.18.0&#8243; _module_preset=&#8221;default&#8221; width_tablet=&#8221;&#8221; width_phone=&#8221;60px&#8221; width_last_edited=&#8221;on|phone&#8221; global_colors_info=&#8221;{}&#8221;][\/et_pb_image][\/et_pb_column][\/et_pb_row][et_pb_row column_structure=&#8221;1_2,1_2&#8243; disabled_on=&#8221;on|on|off&#8221; _builder_version=&#8221;4.18.0&#8243; _module_preset=&#8221;default&#8221; locked=&#8221;off&#8221; global_colors_info=&#8221;{}&#8221;][et_pb_column type=&#8221;1_2&#8243; _builder_version=&#8221;4.18.0&#8243; _module_preset=&#8221;default&#8221; global_colors_info=&#8221;{}&#8221;][et_pb_gallery gallery_ids=&#8221;668,669,670,671,672,673,674,675,676,677,678,679&#8243; fullwidth=&#8221;on&#8221; _builder_version=&#8221;4.18.0&#8243; _module_preset=&#8221;default&#8221; width=&#8221;85%&#8221; width_tablet=&#8221;85%&#8221; width_phone=&#8221;100%&#8221; width_last_edited=&#8221;on|phone&#8221; module_alignment=&#8221;right&#8221; custom_margin=&#8221;-50px||||false|false&#8221; auto=&#8221;on&#8221; auto_speed=&#8221;3000&#8243; locked=&#8221;off&#8221; global_colors_info=&#8221;{}&#8221;][\/et_pb_gallery][\/et_pb_column][et_pb_column type=&#8221;1_2&#8243; _builder_version=&#8221;4.18.0&#8243; _module_preset=&#8221;default&#8221; custom_padding_tablet=&#8221;&#8221; custom_padding_phone=&#8221;||0px||false|false&#8221; custom_padding_last_edited=&#8221;on|phone&#8221; global_colors_info=&#8221;{}&#8221;][et_pb_text _builder_version=&#8221;4.18.0&#8243; _module_preset=&#8221;default&#8221; custom_margin=&#8221;50px||||false|false&#8221; custom_margin_tablet=&#8221;20px||||false|false&#8221; custom_margin_phone=&#8221;0px||||false|false&#8221; custom_margin_last_edited=&#8221;on|phone&#8221; text_orientation_tablet=&#8221;right&#8221; text_orientation_phone=&#8221;left&#8221; text_orientation_last_edited=&#8221;on|phone&#8221; locked=&#8221;off&#8221; global_colors_info=&#8221;{}&#8221;]<\/p>\n<ul>\n<li class=\"cvGsUA direction-ltr align-justify para-style-body\">Las <span style=\"color: #339966;\"><strong>ferias mensuales<\/strong><\/span>, especialmente en las sedes Lomas de Maril\u00f3, Las Quintas y Ej\u00e9rcito de los Andes, se consolidaron como<strong><span style=\"color: #339966;\"> espacios de encuentro y comercializaci\u00f3n para proyectos impulsados por familias<\/span> <\/strong>del barrio. En algunos casos, all\u00ed se ofrecieron <strong><span style=\"color: #339966;\">productos y servicios surgidos de los propios procesos formativos<\/span><\/strong>, favoreciendo la generaci\u00f3n de ingresos y el fortalecimiento de<strong><span style=\"color: #339966;\"> iniciativas econ\u00f3micas locales<\/span><\/strong>.<\/li>\n<\/ul>\n<p>[\/et_pb_text][et_pb_image src=&#8221;https:\/\/anuario.fundacionfranciscana.org\/2025\/wp-content\/uploads\/2026\/03\/economia-23.png&#8221; title_text=&#8221;economia-23&#8243; disabled_on=&#8221;on|on|off&#8221; _builder_version=&#8221;4.18.0&#8243; _module_preset=&#8221;default&#8221; global_colors_info=&#8221;{}&#8221;][\/et_pb_image][\/et_pb_column][\/et_pb_row][et_pb_row column_structure=&#8221;1_2,1_2&#8243; disabled_on=&#8221;off|off|on&#8221; _builder_version=&#8221;4.18.0&#8243; _module_preset=&#8221;default&#8221; custom_margin_tablet=&#8221;&#8221; custom_margin_phone=&#8221;-30px||||false|false&#8221; custom_margin_last_edited=&#8221;on|phone&#8221; locked=&#8221;off&#8221; global_colors_info=&#8221;{}&#8221;][et_pb_column type=&#8221;1_2&#8243; _builder_version=&#8221;4.18.0&#8243; _module_preset=&#8221;default&#8221; custom_padding_tablet=&#8221;&#8221; custom_padding_phone=&#8221;||0px||false|false&#8221; custom_padding_last_edited=&#8221;on|phone&#8221; global_colors_info=&#8221;{}&#8221;][et_pb_text _builder_version=&#8221;4.18.0&#8243; _module_preset=&#8221;default&#8221; custom_margin=&#8221;50px||||false|false&#8221; custom_margin_tablet=&#8221;20px||||false|false&#8221; custom_margin_phone=&#8221;0px||||false|false&#8221; custom_margin_last_edited=&#8221;on|phone&#8221; text_orientation_tablet=&#8221;right&#8221; text_orientation_phone=&#8221;left&#8221; text_orientation_last_edited=&#8221;on|phone&#8221; locked=&#8221;off&#8221; global_colors_info=&#8221;{}&#8221;]<\/p>\n<ul>\n<li class=\"cvGsUA direction-ltr align-justify para-style-body\">Las <span style=\"color: #339966;\"><strong>ferias mensuales<\/strong><\/span>, especialmente en las sedes Lomas de Maril\u00f3, Las Quintas y Ej\u00e9rcito de los Andes, se consolidaron como<strong><span style=\"color: #339966;\"> espacios de encuentro y comercializaci\u00f3n para proyectos impulsados por familias<\/span> <\/strong>del barrio. En algunos casos, all\u00ed se ofrecieron <strong><span style=\"color: #339966;\">productos y servicios surgidos de los propios procesos formativos<\/span><\/strong>, favoreciendo la generaci\u00f3n de ingresos y el fortalecimiento de<strong><span style=\"color: #339966;\"> iniciativas econ\u00f3micas locales<\/span><\/strong>.<\/li>\n<\/ul>\n<p>[\/et_pb_text][et_pb_image src=&#8221;https:\/\/anuario.fundacionfranciscana.org\/2025\/wp-content\/uploads\/2026\/03\/economia-23.png&#8221; title_text=&#8221;economia-23&#8243; disabled_on=&#8221;on|on|off&#8221; _builder_version=&#8221;4.18.0&#8243; _module_preset=&#8221;default&#8221; global_colors_info=&#8221;{}&#8221;][\/et_pb_image][\/et_pb_column][et_pb_column type=&#8221;1_2&#8243; _builder_version=&#8221;4.18.0&#8243; _module_preset=&#8221;default&#8221; global_colors_info=&#8221;{}&#8221;][et_pb_gallery gallery_ids=&#8221;668,669,670,671,672,673,674,675,676,677,678,679&#8243; fullwidth=&#8221;on&#8221; _builder_version=&#8221;4.18.0&#8243; _module_preset=&#8221;default&#8221; width=&#8221;85%&#8221; width_tablet=&#8221;85%&#8221; width_phone=&#8221;100%&#8221; width_last_edited=&#8221;on|phone&#8221; module_alignment=&#8221;right&#8221; custom_margin=&#8221;-50px||||false|false&#8221; auto=&#8221;on&#8221; auto_speed=&#8221;3000&#8243; locked=&#8221;off&#8221; global_colors_info=&#8221;{}&#8221;][\/et_pb_gallery][\/et_pb_column][\/et_pb_row][et_pb_row column_structure=&#8221;1_2,1_2&#8243; _builder_version=&#8221;4.18.0&#8243; _module_preset=&#8221;default&#8221; custom_margin=&#8221;||||false|false&#8221; custom_padding=&#8221;||0px||false|false&#8221; global_colors_info=&#8221;{}&#8221;][et_pb_column type=&#8221;1_2&#8243; disabled_on=&#8221;off|off|off&#8221; _builder_version=&#8221;4.18.0&#8243; _module_preset=&#8221;default&#8221; global_colors_info=&#8221;{}&#8221;][et_pb_image src=&#8221;https:\/\/anuario.fundacionfranciscana.org\/2025\/wp-content\/uploads\/2026\/03\/economia-28.png&#8221; align=&#8221;center&#8221; disabled_on=&#8221;on|on|off&#8221; _builder_version=&#8221;4.18.0&#8243; _module_preset=&#8221;default&#8221; width=&#8221;80px&#8221; global_colors_info=&#8221;{}&#8221;][\/et_pb_image][et_pb_image src=&#8221;https:\/\/anuario.fundacionfranciscana.org\/2025\/wp-content\/uploads\/2026\/03\/economia-31.png&#8221; title_text=&#8221;economia-31&#8243; show_bottom_space=&#8221;off&#8221; align=&#8221;center&#8221; disabled_on=&#8221;off|off|on&#8221; _builder_version=&#8221;4.18.0&#8243; _module_preset=&#8221;default&#8221; positioning=&#8221;absolute&#8221; position_origin_a=&#8221;bottom_left&#8221; width=&#8221;80px&#8221; width_tablet=&#8221;80px&#8221; width_phone=&#8221;60px&#8221; width_last_edited=&#8221;on|phone&#8221; custom_margin=&#8221;-30px||||false|false&#8221; custom_margin_tablet=&#8221;-30px||||false|false&#8221; custom_margin_phone=&#8221;0px||-50px||false|false&#8221; custom_margin_last_edited=&#8221;on|phone&#8221; global_colors_info=&#8221;{}&#8221;][\/et_pb_image][\/et_pb_column][et_pb_column type=&#8221;1_2&#8243; _builder_version=&#8221;4.18.0&#8243; _module_preset=&#8221;default&#8221; global_colors_info=&#8221;{}&#8221;][et_pb_image src=&#8221;https:\/\/anuario.fundacionfranciscana.org\/2025\/wp-content\/uploads\/2026\/03\/economia-29.png&#8221; align=&#8221;center&#8221; show_bottom_space_tablet=&#8221;&#8221; show_bottom_space_phone=&#8221;off&#8221; show_bottom_space_last_edited=&#8221;on|phone&#8221; align_tablet=&#8221;center&#8221; align_phone=&#8221;right&#8221; align_last_edited=&#8221;on|phone&#8221; _builder_version=&#8221;4.18.0&#8243; _module_preset=&#8221;default&#8221; width=&#8221;80px&#8221; width_tablet=&#8221;80px&#8221; width_phone=&#8221;60px&#8221; width_last_edited=&#8221;on|phone&#8221; custom_margin_tablet=&#8221;&#8221; custom_margin_phone=&#8221;-40px||||false|false&#8221; custom_margin_last_edited=&#8221;on|phone&#8221; global_colors_info=&#8221;{}&#8221;][\/et_pb_image][\/et_pb_column][\/et_pb_row][et_pb_row _builder_version=&#8221;4.18.0&#8243; _module_preset=&#8221;default&#8221; custom_margin=&#8221;||||false|false&#8221; custom_padding=&#8221;0px||0px||false|false&#8221; global_colors_info=&#8221;{}&#8221;][et_pb_column type=&#8221;4_4&#8243; _builder_version=&#8221;4.18.0&#8243; _module_preset=&#8221;default&#8221; global_colors_info=&#8221;{}&#8221;][et_pb_text _builder_version=&#8221;4.18.0&#8243; _module_preset=&#8221;default&#8221; custom_margin=&#8221;50px||||false|false&#8221; custom_margin_tablet=&#8221;20px||||false|false&#8221; custom_margin_phone=&#8221;0px||||false|false&#8221; custom_margin_last_edited=&#8221;on|phone&#8221; text_orientation_tablet=&#8221;right&#8221; text_orientation_phone=&#8221;left&#8221; text_orientation_last_edited=&#8221;on|phone&#8221; locked=&#8221;off&#8221; global_colors_info=&#8221;{}&#8221;]<\/p>\n<ul>\n<li class=\"cvGsUA direction-ltr align-justify para-style-body\">En la sede La Teja, continu\u00f3 el acompa\u00f1amiento <span style=\"color: #339966;\"><strong>al emprendimiento de mermeladas<\/strong><\/span> \u201cLa Cayetana\u201d, sostenido por <span style=\"color: #339966;\"><strong>mujeres de la comunidad<\/strong><\/span> que desarrollan producci\u00f3n artesanal de dulces frutales, fortaleciendo la <span style=\"color: #339966;\"><strong>organizaci\u00f3n productiva<\/strong><\/span> y la continuidad del proyecto.<\/li>\n<\/ul>\n<p>[\/et_pb_text][\/et_pb_column][\/et_pb_row][et_pb_row column_structure=&#8221;3_5,2_5&#8243; _builder_version=&#8221;4.18.0&#8243; _module_preset=&#8221;default&#8221; custom_margin=&#8221;||||false|false&#8221; custom_padding=&#8221;||0px||false|false&#8221; global_colors_info=&#8221;{}&#8221;][et_pb_column type=&#8221;3_5&#8243; _builder_version=&#8221;4.18.0&#8243; _module_preset=&#8221;default&#8221; global_colors_info=&#8221;{}&#8221;][et_pb_image src=&#8221;https:\/\/anuario.fundacionfranciscana.org\/2025\/wp-content\/uploads\/2026\/03\/economia-30.png&#8221; align=&#8221;center&#8221; _builder_version=&#8221;4.18.0&#8243; _module_preset=&#8221;default&#8221; global_colors_info=&#8221;{}&#8221;][\/et_pb_image][\/et_pb_column][et_pb_column type=&#8221;2_5&#8243; _builder_version=&#8221;4.18.0&#8243; _module_preset=&#8221;default&#8221; global_colors_info=&#8221;{}&#8221;][et_pb_image src=&#8221;https:\/\/anuario.fundacionfranciscana.org\/2025\/wp-content\/uploads\/2026\/03\/economia-31.png&#8221; title_text=&#8221;economia-31&#8243; show_bottom_space=&#8221;off&#8221; align=&#8221;center&#8221; disabled_on=&#8221;on|on|off&#8221; _builder_version=&#8221;4.18.0&#8243; _module_preset=&#8221;default&#8221; width=&#8221;80px&#8221; width_tablet=&#8221;80px&#8221; width_phone=&#8221;60px&#8221; width_last_edited=&#8221;on|phone&#8221; custom_margin=&#8221;-30px||||false|false&#8221; custom_margin_tablet=&#8221;-30px||||false|false&#8221; custom_margin_phone=&#8221;0px||10px||false|false&#8221; custom_margin_last_edited=&#8221;on|phone&#8221; global_colors_info=&#8221;{}&#8221;][\/et_pb_image][\/et_pb_column][\/et_pb_row][et_pb_row _builder_version=&#8221;4.18.0&#8243; _module_preset=&#8221;default&#8221; custom_margin=&#8221;||||false|false&#8221; custom_padding=&#8221;0px||0px||false|false&#8221; global_colors_info=&#8221;{}&#8221;][et_pb_column type=&#8221;4_4&#8243; _builder_version=&#8221;4.18.0&#8243; _module_preset=&#8221;default&#8221; global_colors_info=&#8221;{}&#8221;][et_pb_text _builder_version=&#8221;4.18.0&#8243; _module_preset=&#8221;default&#8221; custom_margin=&#8221;50px||||false|false&#8221; custom_margin_tablet=&#8221;20px||||false|false&#8221; custom_margin_phone=&#8221;0px||||false|false&#8221; custom_margin_last_edited=&#8221;on|phone&#8221; text_orientation_tablet=&#8221;right&#8221; text_orientation_phone=&#8221;left&#8221; text_orientation_last_edited=&#8221;on|phone&#8221; locked=&#8221;off&#8221; global_colors_info=&#8221;{}&#8221;]Durante 2025 se <span style=\"color: #cdb066;\"><strong>profundiz\u00f3 la articulaci\u00f3n<\/strong><\/span> entre el Programa de Econom\u00eda Social y otros espacios de la Fundaci\u00f3n.[\/et_pb_text][\/et_pb_column][\/et_pb_row][et_pb_row column_structure=&#8221;2_3,1_3&#8243; disabled_on=&#8221;off|off|off&#8221; _builder_version=&#8221;4.18.0&#8243; _module_preset=&#8221;default&#8221; locked=&#8221;off&#8221; global_colors_info=&#8221;{}&#8221;][et_pb_column type=&#8221;2_3&#8243; _builder_version=&#8221;4.18.0&#8243; _module_preset=&#8221;default&#8221; global_colors_info=&#8221;{}&#8221;][et_pb_text _builder_version=&#8221;4.18.0&#8243; _module_preset=&#8221;default&#8221; custom_margin=&#8221;0px|-40px|||false|false&#8221; custom_margin_tablet=&#8221;20px||||false|false&#8221; custom_margin_phone=&#8221;0px|0px|||false|false&#8221; custom_margin_last_edited=&#8221;on|phone&#8221; text_orientation_tablet=&#8221;right&#8221; text_orientation_phone=&#8221;left&#8221; text_orientation_last_edited=&#8221;on|phone&#8221; locked=&#8221;off&#8221; global_colors_info=&#8221;{}&#8221;]<\/p>\n<ul>\n<li>En Lomas de Maril\u00f3 este hito tuvo un valor especial: muchas de las <span style=\"color: #cdb066;\"><strong>meriendas de los programas<\/strong><\/span> fueron elaboradas por las pasteleras que realizaron el primer curso de <span style=\"color: #cdb066;\"><strong>pasteler\u00eda<\/strong> <\/span>en 2024. De este modo, los procesos formativos se fueron entrelazando, generando oportunidades reales y fortaleciendo los lazos comunitarios, donde <strong><span style=\"color: #cdb066;\">lo aprendido vuelve al barrio en forma de cuidado y encuentro<\/span><\/strong>.<\/li>\n<\/ul>\n<p>[\/et_pb_text][et_pb_image src=&#8221;https:\/\/anuario.fundacionfranciscana.org\/2025\/wp-content\/uploads\/2026\/03\/economia-32.png&#8221; title_text=&#8221;educacion-017&#8243; url=&#8221;#pasteleria&#8221; use_overlay=&#8221;on&#8221; overlay_icon_color=&#8221;#ED7D31&#8243; hover_overlay_color=&#8221;rgba(255,255,255,0.5)&#8221; align=&#8221;right&#8221; _builder_version=&#8221;4.18.0&#8243; _module_preset=&#8221;default&#8221; global_colors_info=&#8221;{}&#8221;][\/et_pb_image][et_pb_image src=&#8221;https:\/\/anuario.fundacionfranciscana.org\/2025\/wp-content\/uploads\/2026\/03\/economia-33.png&#8221; show_bottom_space=&#8221;off&#8221; _builder_version=&#8221;4.18.0&#8243; _module_preset=&#8221;default&#8221; positioning=&#8221;absolute&#8221; position_origin_a=&#8221;center_left&#8221; custom_margin=&#8221;170px|||-30px|false|false&#8221; global_colors_info=&#8221;{}&#8221;][\/et_pb_image][\/et_pb_column][et_pb_column type=&#8221;1_3&#8243; _builder_version=&#8221;4.18.0&#8243; _module_preset=&#8221;default&#8221; global_colors_info=&#8221;{}&#8221;][et_pb_image src=&#8221;https:\/\/anuario.fundacionfranciscana.org\/2025\/wp-content\/uploads\/2026\/02\/educacion-018.png&#8221; title_text=&#8221;educacion-018&#8243; show_bottom_space=&#8221;off&#8221; align_tablet=&#8221;&#8221; align_phone=&#8221;center&#8221; align_last_edited=&#8221;on|phone&#8221; _builder_version=&#8221;4.18.0&#8243; _module_preset=&#8221;default&#8221; width_tablet=&#8221;&#8221; width_phone=&#8221;&#8221; width_last_edited=&#8221;on|phone&#8221; max_width_tablet=&#8221;&#8221; max_width_phone=&#8221;100px&#8221; max_width_last_edited=&#8221;on|phone&#8221; custom_margin=&#8221;40px||||false|false&#8221; custom_margin_tablet=&#8221;-50px||||false|false&#8221; custom_margin_phone=&#8221;-30px||-30px||false|false&#8221; custom_margin_last_edited=&#8221;on|phone&#8221; global_colors_info=&#8221;{}&#8221;][\/et_pb_image][\/et_pb_column][\/et_pb_row][et_pb_row column_structure=&#8221;3_5,2_5&#8243; _builder_version=&#8221;4.18.0&#8243; _module_preset=&#8221;default&#8221; custom_margin=&#8221;||||false|false&#8221; custom_margin_tablet=&#8221;-70px||||false|false&#8221; custom_margin_phone=&#8221;0px||||false|false&#8221; custom_margin_last_edited=&#8221;on|phone&#8221; locked=&#8221;off&#8221; global_colors_info=&#8221;{}&#8221;][et_pb_column type=&#8221;3_5&#8243; _builder_version=&#8221;4.18.0&#8243; _module_preset=&#8221;default&#8221; global_colors_info=&#8221;{}&#8221;][et_pb_image src=&#8221;https:\/\/anuario.fundacionfranciscana.org\/2025\/wp-content\/uploads\/2026\/03\/economia-34.png&#8221; show_bottom_space=&#8221;off&#8221; align=&#8221;right&#8221; align_tablet=&#8221;right&#8221; align_phone=&#8221;center&#8221; align_last_edited=&#8221;on|phone&#8221; disabled_on=&#8221;on|on|off&#8221; _builder_version=&#8221;4.18.0&#8243; _module_preset=&#8221;default&#8221; width_tablet=&#8221;150px&#8221; width_phone=&#8221;50px&#8221; width_last_edited=&#8221;on|phone&#8221; custom_margin=&#8221;||50px||false|false&#8221; custom_margin_tablet=&#8221;-30px||50px||false|false&#8221; custom_margin_phone=&#8221;0px||20px||false|false&#8221; custom_margin_last_edited=&#8221;on|phone&#8221; locked=&#8221;off&#8221; global_colors_info=&#8221;{}&#8221;][\/et_pb_image][et_pb_text _builder_version=&#8221;4.18.0&#8243; _module_preset=&#8221;default&#8221; width=&#8221;90%&#8221; width_tablet=&#8221;90%&#8221; width_phone=&#8221;100%&#8221; width_last_edited=&#8221;on|phone&#8221; max_width_tablet=&#8221;&#8221; max_width_phone=&#8221;&#8221; max_width_last_edited=&#8221;on|phone&#8221; module_alignment=&#8221;right&#8221; custom_margin=&#8221;20px||||false|false&#8221; custom_margin_tablet=&#8221;20px||||false|false&#8221; custom_margin_phone=&#8221;0px||0px||false|false&#8221; custom_margin_last_edited=&#8221;on|phone&#8221; text_orientation_tablet=&#8221;right&#8221; text_orientation_phone=&#8221;left&#8221; text_orientation_last_edited=&#8221;on|phone&#8221; global_colors_info=&#8221;{}&#8221;]<\/p>\n<ul>\n<li>El <span style=\"color: #cdb066;\"><strong>taller de Costura<\/strong> <\/span>desarrollado en la sede Las Quintas, Rio Cuarto, se realiz\u00f3 en el marco del Programa de Empleabilidad para Mujeres<span style=\"color: #cdb066;\"><strong> junto a Santander<\/strong><\/span>. El taller gener\u00f3 un espacio de formaci\u00f3n laboral que se combin\u00f3 con <strong><span style=\"color: #cdb066;\">redes de apoyo, encuentro y participaci\u00f3n comunitaria<\/span><\/strong> con otros programas. Ellas fueron las encargadas de realizar la <strong><span style=\"color: #cdb066;\">vestimenta de los\/as ni\u00f1os\/as del programa de Folclore<\/span><\/strong>. \u00a1Un gesto que reafirma el valor de ser comunidad!<\/li>\n<\/ul>\n<p>[\/et_pb_text][et_pb_image src=&#8221;https:\/\/anuario.fundacionfranciscana.org\/2025\/wp-content\/uploads\/2026\/03\/economia-36.png&#8221; show_bottom_space=&#8221;off&#8221; align=&#8221;right&#8221; align_tablet=&#8221;right&#8221; align_phone=&#8221;center&#8221; align_last_edited=&#8221;on|phone&#8221; disabled_on=&#8221;on|on|off&#8221; _builder_version=&#8221;4.18.0&#8243; _module_preset=&#8221;default&#8221; width_tablet=&#8221;150px&#8221; width_phone=&#8221;50px&#8221; width_last_edited=&#8221;on|phone&#8221; custom_margin=&#8221;-30px||50px||false|false&#8221; custom_margin_tablet=&#8221;-30px||50px||false|false&#8221; custom_margin_phone=&#8221;0px||20px||false|false&#8221; custom_margin_last_edited=&#8221;on|phone&#8221; locked=&#8221;off&#8221; global_colors_info=&#8221;{}&#8221;][\/et_pb_image][et_pb_image src=&#8221;https:\/\/anuario.fundacionfranciscana.org\/2025\/wp-content\/uploads\/2026\/03\/economia-35.png&#8221; show_bottom_space=&#8221;off&#8221; disabled_on=&#8221;on|on|off&#8221; _builder_version=&#8221;4.18.0&#8243; _module_preset=&#8221;default&#8221; positioning=&#8221;absolute&#8221; position_origin_a=&#8221;center_left&#8221; width=&#8221;100%&#8221; custom_margin=&#8221;|||-30px|false|false&#8221; locked=&#8221;off&#8221; global_colors_info=&#8221;{}&#8221;][\/et_pb_image][\/et_pb_column][et_pb_column type=&#8221;2_5&#8243; _builder_version=&#8221;4.18.0&#8243; _module_preset=&#8221;default&#8221; global_colors_info=&#8221;{}&#8221;][et_pb_gallery gallery_ids=&#8221;694,695,696,697,699,700,701,702,703,704,705&#8243; fullwidth=&#8221;on&#8221; _builder_version=&#8221;4.18.0&#8243; _module_preset=&#8221;default&#8221; width=&#8221;90%&#8221; custom_margin=&#8221;||||false|false&#8221; auto=&#8221;on&#8221; auto_speed=&#8221;3000&#8243; locked=&#8221;off&#8221; global_colors_info=&#8221;{}&#8221;][\/et_pb_gallery][\/et_pb_column][\/et_pb_row][et_pb_row _builder_version=&#8221;4.18.0&#8243; _module_preset=&#8221;default&#8221; global_colors_info=&#8221;{}&#8221;][et_pb_column type=&#8221;4_4&#8243; _builder_version=&#8221;4.18.0&#8243; _module_preset=&#8221;default&#8221; global_colors_info=&#8221;{}&#8221;][et_pb_text _builder_version=&#8221;4.18.0&#8243; _module_preset=&#8221;default&#8221; text_orientation=&#8221;center&#8221; custom_margin=&#8221;||||false|false&#8221; custom_margin_tablet=&#8221;20px||||false|false&#8221; custom_margin_phone=&#8221;0px||||false|false&#8221; custom_margin_last_edited=&#8221;on|phone&#8221; text_orientation_tablet=&#8221;right&#8221; text_orientation_phone=&#8221;left&#8221; text_orientation_last_edited=&#8221;on|phone&#8221; locked=&#8221;off&#8221; global_colors_info=&#8221;{}&#8221;]<\/p>\n<p>Las<span style=\"color: #cdb066;\"><strong> actividades territoriales y convocatorias abiertas<\/strong><\/span> realizadas a lo largo del a\u00f1o permitieron ampliar la <span style=\"color: #cdb066;\"><strong>participaci\u00f3n de nuevas familias y fortalecer la presencia<\/strong> <\/span>de la Fundaci\u00f3n en los barrios&#8230;<\/p>\n<p>[\/et_pb_text][et_pb_text _builder_version=&#8221;4.18.0&#8243; _module_preset=&#8221;default&#8221; text_font=&#8221;Caveat Brush||||||||&#8221; text_text_color=&#8221;#337e3b&#8221; text_font_size=&#8221;2em&#8221; text_line_height=&#8221;1.2em&#8221; text_orientation=&#8221;center&#8221; max_width=&#8221;70%&#8221; module_alignment=&#8221;center&#8221; text_font_size_tablet=&#8221;2.6em&#8221; text_font_size_phone=&#8221;1.8em&#8221; text_font_size_last_edited=&#8221;on|phone&#8221; module_alignment_tablet=&#8221;center&#8221; module_alignment_phone=&#8221;left&#8221; module_alignment_last_edited=&#8221;on|phone&#8221; locked=&#8221;off&#8221; global_colors_info=&#8221;{}&#8221;]<\/p>\n<p>Reafirmando la importancia de generar oportunidades econ\u00f3micas desde el territorio y junto a las comunidades.<\/p>\n<p>[\/et_pb_text][et_pb_image src=&#8221;https:\/\/anuario.fundacionfranciscana.org\/2025\/wp-content\/uploads\/2026\/03\/economia-37.png&#8221; align=&#8221;right&#8221; _builder_version=&#8221;4.18.0&#8243; _module_preset=&#8221;default&#8221; positioning=&#8221;absolute&#8221; position_origin_a=&#8221;center_right&#8221; width=&#8221;100%&#8221; global_colors_info=&#8221;{}&#8221;][\/et_pb_image][\/et_pb_column][\/et_pb_row][\/et_pb_section][et_pb_section fb_built=&#8221;1&#8243; admin_label=&#8221;Popup &#8211; #jere&#8221; module_id=&#8221;jere&#8221; module_class=&#8221;popup&#8221; _builder_version=&#8221;4.18.0&#8243; _module_preset=&#8221;default&#8221; max_width=&#8221;450px&#8221; custom_margin=&#8221;||||false|false&#8221; custom_padding=&#8221;0px|0px|0px|0px|false|false&#8221; da_is_popup=&#8221;on&#8221; da_popup_slug=&#8221;jere&#8221; da_disable_devices=&#8221;off|off|off&#8221; global_colors_info=&#8221;{}&#8221; da_exit_intent=&#8221;off&#8221; da_has_close=&#8221;on&#8221; da_alt_close=&#8221;off&#8221; da_dark_close=&#8221;off&#8221; da_not_modal=&#8221;on&#8221; da_is_singular=&#8221;off&#8221; da_with_loader=&#8221;off&#8221; da_has_shadow=&#8221;on&#8221;][et_pb_row _builder_version=&#8221;4.18.0&#8243; _module_preset=&#8221;default&#8221; global_colors_info=&#8221;{}&#8221;][et_pb_column type=&#8221;4_4&#8243; _builder_version=&#8221;4.18.0&#8243; _module_preset=&#8221;default&#8221; global_colors_info=&#8221;{}&#8221;][et_pb_code _builder_version=&#8221;4.18.0&#8243; _module_preset=&#8221;default&#8221; global_colors_info=&#8221;{}&#8221;]<\/p>\n<blockquote class=\"instagram-media\" data-instgrm-captioned data-instgrm-permalink=\"https:\/\/www.instagram.com\/reel\/DPziTciDHs4\/?utm_source=ig_embed&#038;utm_campaign=loading\" data-instgrm-version=\"14\" style=\" background:#FFF; border:0; border-radius:3px; box-shadow:0 0 1px 0 rgba(0,0,0,0.5),0 1px 10px 0 rgba(0,0,0,0.15); margin: 1px; max-width:540px; min-width:326px; padding:0; width:99.375%; width:-webkit-calc(100% - 2px); width:calc(100% - 2px);\">\n<div style=\"padding:16px;\"> <a href=\"https:\/\/www.instagram.com\/reel\/DPziTciDHs4\/?utm_source=ig_embed&#038;utm_campaign=loading\" style=\" background:#FFFFFF; line-height:0; padding:0 0; text-align:center; text-decoration:none; width:100%;\" target=\"_blank\"> <\/p>\n<div style=\" display: flex; flex-direction: row; align-items: center;\">\n<div style=\"background-color: #F4F4F4; border-radius: 50%; flex-grow: 0; height: 40px; margin-right: 14px; width: 40px;\"><\/div>\n<div style=\"display: flex; flex-direction: column; flex-grow: 1; justify-content: center;\">\n<div style=\" background-color: #F4F4F4; border-radius: 4px; flex-grow: 0; height: 14px; margin-bottom: 6px; width: 100px;\"><\/div>\n<div style=\" background-color: #F4F4F4; border-radius: 4px; flex-grow: 0; height: 14px; width: 60px;\"><\/div>\n<\/div>\n<\/div>\n<div style=\"padding: 19% 0;\"><\/div>\n<div style=\"display:block; height:50px; margin:0 auto 12px; width:50px;\"><svg width=\"50px\" height=\"50px\" viewBox=\"0 0 60 60\" version=\"1.1\" xmlns=\"https:\/\/www.w3.org\/2000\/svg\" xmlns:xlink=\"https:\/\/www.w3.org\/1999\/xlink\"><g stroke=\"none\" stroke-width=\"1\" fill=\"none\" fill-rule=\"evenodd\"><g transform=\"translate(-511.000000, -20.000000)\" fill=\"#000000\"><g><path d=\"M556.869,30.41 C554.814,30.41 553.148,32.076 553.148,34.131 C553.148,36.186 554.814,37.852 556.869,37.852 C558.924,37.852 560.59,36.186 560.59,34.131 C560.59,32.076 558.924,30.41 556.869,30.41 M541,60.657 C535.114,60.657 530.342,55.887 530.342,50 C530.342,44.114 535.114,39.342 541,39.342 C546.887,39.342 551.658,44.114 551.658,50 C551.658,55.887 546.887,60.657 541,60.657 M541,33.886 C532.1,33.886 524.886,41.1 524.886,50 C524.886,58.899 532.1,66.113 541,66.113 C549.9,66.113 557.115,58.899 557.115,50 C557.115,41.1 549.9,33.886 541,33.886 M565.378,62.101 C565.244,65.022 564.756,66.606 564.346,67.663 C563.803,69.06 563.154,70.057 562.106,71.106 C561.058,72.155 560.06,72.803 558.662,73.347 C557.607,73.757 556.021,74.244 553.102,74.378 C549.944,74.521 548.997,74.552 541,74.552 C533.003,74.552 532.056,74.521 528.898,74.378 C525.979,74.244 524.393,73.757 523.338,73.347 C521.94,72.803 520.942,72.155 519.894,71.106 C518.846,70.057 518.197,69.06 517.654,67.663 C517.244,66.606 516.755,65.022 516.623,62.101 C516.479,58.943 516.448,57.996 516.448,50 C516.448,42.003 516.479,41.056 516.623,37.899 C516.755,34.978 517.244,33.391 517.654,32.338 C518.197,30.938 518.846,29.942 519.894,28.894 C520.942,27.846 521.94,27.196 523.338,26.654 C524.393,26.244 525.979,25.756 528.898,25.623 C532.057,25.479 533.004,25.448 541,25.448 C548.997,25.448 549.943,25.479 553.102,25.623 C556.021,25.756 557.607,26.244 558.662,26.654 C560.06,27.196 561.058,27.846 562.106,28.894 C563.154,29.942 563.803,30.938 564.346,32.338 C564.756,33.391 565.244,34.978 565.378,37.899 C565.522,41.056 565.552,42.003 565.552,50 C565.552,57.996 565.522,58.943 565.378,62.101 M570.82,37.631 C570.674,34.438 570.167,32.258 569.425,30.349 C568.659,28.377 567.633,26.702 565.965,25.035 C564.297,23.368 562.623,22.342 560.652,21.575 C558.743,20.834 556.562,20.326 553.369,20.18 C550.169,20.033 549.148,20 541,20 C532.853,20 531.831,20.033 528.631,20.18 C525.438,20.326 523.257,20.834 521.349,21.575 C519.376,22.342 517.703,23.368 516.035,25.035 C514.368,26.702 513.342,28.377 512.574,30.349 C511.834,32.258 511.326,34.438 511.181,37.631 C511.035,40.831 511,41.851 511,50 C511,58.147 511.035,59.17 511.181,62.369 C511.326,65.562 511.834,67.743 512.574,69.651 C513.342,71.625 514.368,73.296 516.035,74.965 C517.703,76.634 519.376,77.658 521.349,78.425 C523.257,79.167 525.438,79.673 528.631,79.82 C531.831,79.965 532.853,80.001 541,80.001 C549.148,80.001 550.169,79.965 553.369,79.82 C556.562,79.673 558.743,79.167 560.652,78.425 C562.623,77.658 564.297,76.634 565.965,74.965 C567.633,73.296 568.659,71.625 569.425,69.651 C570.167,67.743 570.674,65.562 570.82,62.369 C570.966,59.17 571,58.147 571,50 C571,41.851 570.966,40.831 570.82,37.631\"><\/path><\/g><\/g><\/g><\/svg><\/div>\n<div style=\"padding-top: 8px;\">\n<div style=\" color:#3897f0; font-family:Arial,sans-serif; font-size:14px; font-style:normal; font-weight:550; line-height:18px;\">Ver esta publicaci\u00f3n en Instagram<\/div>\n<\/div>\n<div style=\"padding: 12.5% 0;\"><\/div>\n<div style=\"display: flex; flex-direction: row; margin-bottom: 14px; align-items: center;\">\n<div>\n<div style=\"background-color: #F4F4F4; border-radius: 50%; height: 12.5px; width: 12.5px; transform: translateX(0px) translateY(7px);\"><\/div>\n<div style=\"background-color: #F4F4F4; height: 12.5px; transform: rotate(-45deg) translateX(3px) translateY(1px); width: 12.5px; flex-grow: 0; margin-right: 14px; margin-left: 2px;\"><\/div>\n<div style=\"background-color: #F4F4F4; border-radius: 50%; height: 12.5px; width: 12.5px; transform: translateX(9px) translateY(-18px);\"><\/div>\n<\/div>\n<div style=\"margin-left: 8px;\">\n<div style=\" background-color: #F4F4F4; border-radius: 50%; flex-grow: 0; height: 20px; width: 20px;\"><\/div>\n<div style=\" width: 0; height: 0; border-top: 2px solid transparent; border-left: 6px solid #f4f4f4; border-bottom: 2px solid transparent; transform: translateX(16px) translateY(-4px) rotate(30deg)\"><\/div>\n<\/div>\n<div style=\"margin-left: auto;\">\n<div style=\" width: 0px; border-top: 8px solid #F4F4F4; border-right: 8px solid transparent; transform: translateY(16px);\"><\/div>\n<div style=\" background-color: #F4F4F4; flex-grow: 0; height: 12px; width: 16px; transform: translateY(-4px);\"><\/div>\n<div style=\" width: 0; height: 0; border-top: 8px solid #F4F4F4; border-left: 8px solid transparent; transform: translateY(-4px) translateX(8px);\"><\/div>\n<\/div>\n<\/div>\n<div style=\"display: flex; flex-direction: column; flex-grow: 1; justify-content: center; margin-bottom: 24px;\">\n<div style=\" background-color: #F4F4F4; border-radius: 4px; flex-grow: 0; height: 14px; margin-bottom: 6px; width: 224px;\"><\/div>\n<div style=\" background-color: #F4F4F4; border-radius: 4px; flex-grow: 0; height: 14px; width: 144px;\"><\/div>\n<\/div>\n<p><\/a><pee style=\" color:#c9c8cd; font-family:Arial,sans-serif; font-size:14px; line-height:17px; margin-bottom:0; margin-top:8px; overflow:hidden; padding:8px 0 7px; text-align:center; text-overflow:ellipsis; white-space:nowrap;\"><a href=\"https:\/\/www.instagram.com\/reel\/DPziTciDHs4\/?utm_source=ig_embed&#038;utm_campaign=loading\" style=\" color:#c9c8cd; font-family:Arial,sans-serif; font-size:14px; font-style:normal; font-weight:normal; line-height:17px; text-decoration:none;\" target=\"_blank\">Una publicaci\u00f3n compartida de Fundacio\u0301n Franciscana (@franciscanaok)<\/a><\/pee><\/div>\n<\/blockquote>\n<p><!-- [et_pb_line_break_holder] --><script async src=\"\/\/www.instagram.com\/embed.js\"><\/script>[\/et_pb_code][\/et_pb_column][\/et_pb_row][\/et_pb_section][et_pb_section fb_built=&#8221;1&#8243; admin_label=&#8221;Popup &#8211; #electricidad&#8221; module_id=&#8221;electricidad&#8221; module_class=&#8221;popup&#8221; _builder_version=&#8221;4.18.0&#8243; _module_preset=&#8221;default&#8221; max_width=&#8221;450px&#8221; custom_margin=&#8221;||||false|false&#8221; custom_padding=&#8221;0px|0px|0px|0px|false|false&#8221; da_is_popup=&#8221;on&#8221; da_popup_slug=&#8221;electricidad&#8221; da_disable_devices=&#8221;off|off|off&#8221; global_colors_info=&#8221;{}&#8221; da_exit_intent=&#8221;off&#8221; da_has_close=&#8221;on&#8221; da_alt_close=&#8221;off&#8221; da_dark_close=&#8221;off&#8221; da_not_modal=&#8221;on&#8221; da_is_singular=&#8221;off&#8221; da_with_loader=&#8221;off&#8221; da_has_shadow=&#8221;on&#8221;][et_pb_row _builder_version=&#8221;4.18.0&#8243; _module_preset=&#8221;default&#8221; global_colors_info=&#8221;{}&#8221;][et_pb_column type=&#8221;4_4&#8243; _builder_version=&#8221;4.18.0&#8243; _module_preset=&#8221;default&#8221; global_colors_info=&#8221;{}&#8221;][et_pb_code _builder_version=&#8221;4.18.0&#8243; _module_preset=&#8221;default&#8221; global_colors_info=&#8221;{}&#8221;]<\/p>\n<blockquote class=\"instagram-media\" data-instgrm-captioned data-instgrm-permalink=\"https:\/\/www.instagram.com\/reel\/DQaJPJNj7n9\/?utm_source=ig_embed&#038;utm_campaign=loading\" data-instgrm-version=\"14\" style=\" background:#FFF; border:0; border-radius:3px; box-shadow:0 0 1px 0 rgba(0,0,0,0.5),0 1px 10px 0 rgba(0,0,0,0.15); margin: 1px; max-width:540px; min-width:326px; padding:0; width:99.375%; width:-webkit-calc(100% - 2px); width:calc(100% - 2px);\">\n<div style=\"padding:16px;\"> <a href=\"https:\/\/www.instagram.com\/reel\/DQaJPJNj7n9\/?utm_source=ig_embed&#038;utm_campaign=loading\" style=\" background:#FFFFFF; line-height:0; padding:0 0; text-align:center; text-decoration:none; width:100%;\" target=\"_blank\"> <\/p>\n<div style=\" display: flex; flex-direction: row; align-items: center;\">\n<div style=\"background-color: #F4F4F4; border-radius: 50%; flex-grow: 0; height: 40px; margin-right: 14px; width: 40px;\"><\/div>\n<div style=\"display: flex; flex-direction: column; flex-grow: 1; justify-content: center;\">\n<div style=\" background-color: #F4F4F4; border-radius: 4px; flex-grow: 0; height: 14px; margin-bottom: 6px; width: 100px;\"><\/div>\n<div style=\" background-color: #F4F4F4; border-radius: 4px; flex-grow: 0; height: 14px; width: 60px;\"><\/div>\n<\/div>\n<\/div>\n<div style=\"padding: 19% 0;\"><\/div>\n<div style=\"display:block; height:50px; margin:0 auto 12px; width:50px;\"><svg width=\"50px\" height=\"50px\" viewBox=\"0 0 60 60\" version=\"1.1\" xmlns=\"https:\/\/www.w3.org\/2000\/svg\" xmlns:xlink=\"https:\/\/www.w3.org\/1999\/xlink\"><g stroke=\"none\" stroke-width=\"1\" fill=\"none\" fill-rule=\"evenodd\"><g transform=\"translate(-511.000000, -20.000000)\" fill=\"#000000\"><g><path d=\"M556.869,30.41 C554.814,30.41 553.148,32.076 553.148,34.131 C553.148,36.186 554.814,37.852 556.869,37.852 C558.924,37.852 560.59,36.186 560.59,34.131 C560.59,32.076 558.924,30.41 556.869,30.41 M541,60.657 C535.114,60.657 530.342,55.887 530.342,50 C530.342,44.114 535.114,39.342 541,39.342 C546.887,39.342 551.658,44.114 551.658,50 C551.658,55.887 546.887,60.657 541,60.657 M541,33.886 C532.1,33.886 524.886,41.1 524.886,50 C524.886,58.899 532.1,66.113 541,66.113 C549.9,66.113 557.115,58.899 557.115,50 C557.115,41.1 549.9,33.886 541,33.886 M565.378,62.101 C565.244,65.022 564.756,66.606 564.346,67.663 C563.803,69.06 563.154,70.057 562.106,71.106 C561.058,72.155 560.06,72.803 558.662,73.347 C557.607,73.757 556.021,74.244 553.102,74.378 C549.944,74.521 548.997,74.552 541,74.552 C533.003,74.552 532.056,74.521 528.898,74.378 C525.979,74.244 524.393,73.757 523.338,73.347 C521.94,72.803 520.942,72.155 519.894,71.106 C518.846,70.057 518.197,69.06 517.654,67.663 C517.244,66.606 516.755,65.022 516.623,62.101 C516.479,58.943 516.448,57.996 516.448,50 C516.448,42.003 516.479,41.056 516.623,37.899 C516.755,34.978 517.244,33.391 517.654,32.338 C518.197,30.938 518.846,29.942 519.894,28.894 C520.942,27.846 521.94,27.196 523.338,26.654 C524.393,26.244 525.979,25.756 528.898,25.623 C532.057,25.479 533.004,25.448 541,25.448 C548.997,25.448 549.943,25.479 553.102,25.623 C556.021,25.756 557.607,26.244 558.662,26.654 C560.06,27.196 561.058,27.846 562.106,28.894 C563.154,29.942 563.803,30.938 564.346,32.338 C564.756,33.391 565.244,34.978 565.378,37.899 C565.522,41.056 565.552,42.003 565.552,50 C565.552,57.996 565.522,58.943 565.378,62.101 M570.82,37.631 C570.674,34.438 570.167,32.258 569.425,30.349 C568.659,28.377 567.633,26.702 565.965,25.035 C564.297,23.368 562.623,22.342 560.652,21.575 C558.743,20.834 556.562,20.326 553.369,20.18 C550.169,20.033 549.148,20 541,20 C532.853,20 531.831,20.033 528.631,20.18 C525.438,20.326 523.257,20.834 521.349,21.575 C519.376,22.342 517.703,23.368 516.035,25.035 C514.368,26.702 513.342,28.377 512.574,30.349 C511.834,32.258 511.326,34.438 511.181,37.631 C511.035,40.831 511,41.851 511,50 C511,58.147 511.035,59.17 511.181,62.369 C511.326,65.562 511.834,67.743 512.574,69.651 C513.342,71.625 514.368,73.296 516.035,74.965 C517.703,76.634 519.376,77.658 521.349,78.425 C523.257,79.167 525.438,79.673 528.631,79.82 C531.831,79.965 532.853,80.001 541,80.001 C549.148,80.001 550.169,79.965 553.369,79.82 C556.562,79.673 558.743,79.167 560.652,78.425 C562.623,77.658 564.297,76.634 565.965,74.965 C567.633,73.296 568.659,71.625 569.425,69.651 C570.167,67.743 570.674,65.562 570.82,62.369 C570.966,59.17 571,58.147 571,50 C571,41.851 570.966,40.831 570.82,37.631\"><\/path><\/g><\/g><\/g><\/svg><\/div>\n<div style=\"padding-top: 8px;\">\n<div style=\" color:#3897f0; font-family:Arial,sans-serif; font-size:14px; font-style:normal; font-weight:550; line-height:18px;\">Ver esta publicaci\u00f3n en Instagram<\/div>\n<\/div>\n<div style=\"padding: 12.5% 0;\"><\/div>\n<div style=\"display: flex; flex-direction: row; margin-bottom: 14px; align-items: center;\">\n<div>\n<div style=\"background-color: #F4F4F4; border-radius: 50%; height: 12.5px; width: 12.5px; transform: translateX(0px) translateY(7px);\"><\/div>\n<div style=\"background-color: #F4F4F4; height: 12.5px; transform: rotate(-45deg) translateX(3px) translateY(1px); width: 12.5px; flex-grow: 0; margin-right: 14px; margin-left: 2px;\"><\/div>\n<div style=\"background-color: #F4F4F4; border-radius: 50%; height: 12.5px; width: 12.5px; transform: translateX(9px) translateY(-18px);\"><\/div>\n<\/div>\n<div style=\"margin-left: 8px;\">\n<div style=\" background-color: #F4F4F4; border-radius: 50%; flex-grow: 0; height: 20px; width: 20px;\"><\/div>\n<div style=\" width: 0; height: 0; border-top: 2px solid transparent; border-left: 6px solid #f4f4f4; border-bottom: 2px solid transparent; transform: translateX(16px) translateY(-4px) rotate(30deg)\"><\/div>\n<\/div>\n<div style=\"margin-left: auto;\">\n<div style=\" width: 0px; border-top: 8px solid #F4F4F4; border-right: 8px solid transparent; transform: translateY(16px);\"><\/div>\n<div style=\" background-color: #F4F4F4; flex-grow: 0; height: 12px; width: 16px; transform: translateY(-4px);\"><\/div>\n<div style=\" width: 0; height: 0; border-top: 8px solid #F4F4F4; border-left: 8px solid transparent; transform: translateY(-4px) translateX(8px);\"><\/div>\n<\/div>\n<\/div>\n<div style=\"display: flex; flex-direction: column; flex-grow: 1; justify-content: center; margin-bottom: 24px;\">\n<div style=\" background-color: #F4F4F4; border-radius: 4px; flex-grow: 0; height: 14px; margin-bottom: 6px; width: 224px;\"><\/div>\n<div style=\" background-color: #F4F4F4; border-radius: 4px; flex-grow: 0; height: 14px; width: 144px;\"><\/div>\n<\/div>\n<p><\/a><pee style=\" color:#c9c8cd; font-family:Arial,sans-serif; font-size:14px; line-height:17px; margin-bottom:0; margin-top:8px; overflow:hidden; padding:8px 0 7px; text-align:center; text-overflow:ellipsis; white-space:nowrap;\"><a href=\"https:\/\/www.instagram.com\/reel\/DQaJPJNj7n9\/?utm_source=ig_embed&#038;utm_campaign=loading\" style=\" color:#c9c8cd; font-family:Arial,sans-serif; font-size:14px; font-style:normal; font-weight:normal; line-height:17px; text-decoration:none;\" target=\"_blank\">Una publicaci\u00f3n compartida de Fundacio\u0301n Franciscana (@franciscanaok)<\/a><\/pee><\/div>\n<\/blockquote>\n<p><!-- [et_pb_line_break_holder] --><script async src=\"\/\/www.instagram.com\/embed.js\"><\/script>[\/et_pb_code][\/et_pb_column][\/et_pb_row][\/et_pb_section][et_pb_section fb_built=&#8221;1&#8243; admin_label=&#8221;Popup &#8211; #pastas&#8221; module_id=&#8221;pastas&#8221; module_class=&#8221;popup&#8221; _builder_version=&#8221;4.18.0&#8243; _module_preset=&#8221;default&#8221; max_width=&#8221;450px&#8221; custom_margin=&#8221;||||false|false&#8221; custom_padding=&#8221;0px|0px|0px|0px|false|false&#8221; da_is_popup=&#8221;on&#8221; da_popup_slug=&#8221;pastas&#8221; da_disable_devices=&#8221;off|off|off&#8221; global_colors_info=&#8221;{}&#8221; da_exit_intent=&#8221;off&#8221; da_has_close=&#8221;on&#8221; da_alt_close=&#8221;off&#8221; da_dark_close=&#8221;off&#8221; da_not_modal=&#8221;on&#8221; da_is_singular=&#8221;off&#8221; da_with_loader=&#8221;off&#8221; da_has_shadow=&#8221;on&#8221;][et_pb_row _builder_version=&#8221;4.18.0&#8243; _module_preset=&#8221;default&#8221; global_colors_info=&#8221;{}&#8221;][et_pb_column type=&#8221;4_4&#8243; _builder_version=&#8221;4.18.0&#8243; _module_preset=&#8221;default&#8221; global_colors_info=&#8221;{}&#8221;][et_pb_code _builder_version=&#8221;4.18.0&#8243; _module_preset=&#8221;default&#8221; global_colors_info=&#8221;{}&#8221;]<\/p>\n<blockquote class=\"instagram-media\" data-instgrm-captioned data-instgrm-permalink=\"https:\/\/www.instagram.com\/reel\/DQ-LOb3EcmH\/?utm_source=ig_embed&#038;utm_campaign=loading\" data-instgrm-version=\"14\" style=\" background:#FFF; border:0; border-radius:3px; box-shadow:0 0 1px 0 rgba(0,0,0,0.5),0 1px 10px 0 rgba(0,0,0,0.15); margin: 1px; max-width:540px; min-width:326px; padding:0; width:99.375%; width:-webkit-calc(100% - 2px); width:calc(100% - 2px);\">\n<div style=\"padding:16px;\"> <a href=\"https:\/\/www.instagram.com\/reel\/DQ-LOb3EcmH\/?utm_source=ig_embed&#038;utm_campaign=loading\" style=\" background:#FFFFFF; line-height:0; padding:0 0; text-align:center; text-decoration:none; width:100%;\" target=\"_blank\"> <\/p>\n<div style=\" display: flex; flex-direction: row; align-items: center;\">\n<div style=\"background-color: #F4F4F4; border-radius: 50%; flex-grow: 0; height: 40px; margin-right: 14px; width: 40px;\"><\/div>\n<div style=\"display: flex; flex-direction: column; flex-grow: 1; justify-content: center;\">\n<div style=\" background-color: #F4F4F4; border-radius: 4px; flex-grow: 0; height: 14px; margin-bottom: 6px; width: 100px;\"><\/div>\n<div style=\" background-color: #F4F4F4; border-radius: 4px; flex-grow: 0; height: 14px; width: 60px;\"><\/div>\n<\/div>\n<\/div>\n<div style=\"padding: 19% 0;\"><\/div>\n<div style=\"display:block; height:50px; margin:0 auto 12px; width:50px;\"><svg width=\"50px\" height=\"50px\" viewBox=\"0 0 60 60\" version=\"1.1\" xmlns=\"https:\/\/www.w3.org\/2000\/svg\" xmlns:xlink=\"https:\/\/www.w3.org\/1999\/xlink\"><g stroke=\"none\" stroke-width=\"1\" fill=\"none\" fill-rule=\"evenodd\"><g transform=\"translate(-511.000000, -20.000000)\" fill=\"#000000\"><g><path d=\"M556.869,30.41 C554.814,30.41 553.148,32.076 553.148,34.131 C553.148,36.186 554.814,37.852 556.869,37.852 C558.924,37.852 560.59,36.186 560.59,34.131 C560.59,32.076 558.924,30.41 556.869,30.41 M541,60.657 C535.114,60.657 530.342,55.887 530.342,50 C530.342,44.114 535.114,39.342 541,39.342 C546.887,39.342 551.658,44.114 551.658,50 C551.658,55.887 546.887,60.657 541,60.657 M541,33.886 C532.1,33.886 524.886,41.1 524.886,50 C524.886,58.899 532.1,66.113 541,66.113 C549.9,66.113 557.115,58.899 557.115,50 C557.115,41.1 549.9,33.886 541,33.886 M565.378,62.101 C565.244,65.022 564.756,66.606 564.346,67.663 C563.803,69.06 563.154,70.057 562.106,71.106 C561.058,72.155 560.06,72.803 558.662,73.347 C557.607,73.757 556.021,74.244 553.102,74.378 C549.944,74.521 548.997,74.552 541,74.552 C533.003,74.552 532.056,74.521 528.898,74.378 C525.979,74.244 524.393,73.757 523.338,73.347 C521.94,72.803 520.942,72.155 519.894,71.106 C518.846,70.057 518.197,69.06 517.654,67.663 C517.244,66.606 516.755,65.022 516.623,62.101 C516.479,58.943 516.448,57.996 516.448,50 C516.448,42.003 516.479,41.056 516.623,37.899 C516.755,34.978 517.244,33.391 517.654,32.338 C518.197,30.938 518.846,29.942 519.894,28.894 C520.942,27.846 521.94,27.196 523.338,26.654 C524.393,26.244 525.979,25.756 528.898,25.623 C532.057,25.479 533.004,25.448 541,25.448 C548.997,25.448 549.943,25.479 553.102,25.623 C556.021,25.756 557.607,26.244 558.662,26.654 C560.06,27.196 561.058,27.846 562.106,28.894 C563.154,29.942 563.803,30.938 564.346,32.338 C564.756,33.391 565.244,34.978 565.378,37.899 C565.522,41.056 565.552,42.003 565.552,50 C565.552,57.996 565.522,58.943 565.378,62.101 M570.82,37.631 C570.674,34.438 570.167,32.258 569.425,30.349 C568.659,28.377 567.633,26.702 565.965,25.035 C564.297,23.368 562.623,22.342 560.652,21.575 C558.743,20.834 556.562,20.326 553.369,20.18 C550.169,20.033 549.148,20 541,20 C532.853,20 531.831,20.033 528.631,20.18 C525.438,20.326 523.257,20.834 521.349,21.575 C519.376,22.342 517.703,23.368 516.035,25.035 C514.368,26.702 513.342,28.377 512.574,30.349 C511.834,32.258 511.326,34.438 511.181,37.631 C511.035,40.831 511,41.851 511,50 C511,58.147 511.035,59.17 511.181,62.369 C511.326,65.562 511.834,67.743 512.574,69.651 C513.342,71.625 514.368,73.296 516.035,74.965 C517.703,76.634 519.376,77.658 521.349,78.425 C523.257,79.167 525.438,79.673 528.631,79.82 C531.831,79.965 532.853,80.001 541,80.001 C549.148,80.001 550.169,79.965 553.369,79.82 C556.562,79.673 558.743,79.167 560.652,78.425 C562.623,77.658 564.297,76.634 565.965,74.965 C567.633,73.296 568.659,71.625 569.425,69.651 C570.167,67.743 570.674,65.562 570.82,62.369 C570.966,59.17 571,58.147 571,50 C571,41.851 570.966,40.831 570.82,37.631\"><\/path><\/g><\/g><\/g><\/svg><\/div>\n<div style=\"padding-top: 8px;\">\n<div style=\" color:#3897f0; font-family:Arial,sans-serif; font-size:14px; font-style:normal; font-weight:550; line-height:18px;\">Ver esta publicaci\u00f3n en Instagram<\/div>\n<\/div>\n<div style=\"padding: 12.5% 0;\"><\/div>\n<div style=\"display: flex; flex-direction: row; margin-bottom: 14px; align-items: center;\">\n<div>\n<div style=\"background-color: #F4F4F4; border-radius: 50%; height: 12.5px; width: 12.5px; transform: translateX(0px) translateY(7px);\"><\/div>\n<div style=\"background-color: #F4F4F4; height: 12.5px; transform: rotate(-45deg) translateX(3px) translateY(1px); width: 12.5px; flex-grow: 0; margin-right: 14px; margin-left: 2px;\"><\/div>\n<div style=\"background-color: #F4F4F4; border-radius: 50%; height: 12.5px; width: 12.5px; transform: translateX(9px) translateY(-18px);\"><\/div>\n<\/div>\n<div style=\"margin-left: 8px;\">\n<div style=\" background-color: #F4F4F4; border-radius: 50%; flex-grow: 0; height: 20px; width: 20px;\"><\/div>\n<div style=\" width: 0; height: 0; border-top: 2px solid transparent; border-left: 6px solid #f4f4f4; border-bottom: 2px solid transparent; transform: translateX(16px) translateY(-4px) rotate(30deg)\"><\/div>\n<\/div>\n<div style=\"margin-left: auto;\">\n<div style=\" width: 0px; border-top: 8px solid #F4F4F4; border-right: 8px solid transparent; transform: translateY(16px);\"><\/div>\n<div style=\" background-color: #F4F4F4; flex-grow: 0; height: 12px; width: 16px; transform: translateY(-4px);\"><\/div>\n<div style=\" width: 0; height: 0; border-top: 8px solid #F4F4F4; border-left: 8px solid transparent; transform: translateY(-4px) translateX(8px);\"><\/div>\n<\/div>\n<\/div>\n<div style=\"display: flex; flex-direction: column; flex-grow: 1; justify-content: center; margin-bottom: 24px;\">\n<div style=\" background-color: #F4F4F4; border-radius: 4px; flex-grow: 0; height: 14px; margin-bottom: 6px; width: 224px;\"><\/div>\n<div style=\" background-color: #F4F4F4; border-radius: 4px; flex-grow: 0; height: 14px; width: 144px;\"><\/div>\n<\/div>\n<p><\/a><pee style=\" color:#c9c8cd; font-family:Arial,sans-serif; font-size:14px; line-height:17px; margin-bottom:0; margin-top:8px; overflow:hidden; padding:8px 0 7px; text-align:center; text-overflow:ellipsis; white-space:nowrap;\"><a href=\"https:\/\/www.instagram.com\/reel\/DQ-LOb3EcmH\/?utm_source=ig_embed&#038;utm_campaign=loading\" style=\" color:#c9c8cd; font-family:Arial,sans-serif; font-size:14px; font-style:normal; font-weight:normal; line-height:17px; text-decoration:none;\" target=\"_blank\">Una publicaci\u00f3n compartida de Fundacio\u0301n Franciscana (@franciscanaok)<\/a><\/pee><\/div>\n<\/blockquote>\n<p><!-- [et_pb_line_break_holder] --><script async src=\"\/\/www.instagram.com\/embed.js\"><\/script>[\/et_pb_code][\/et_pb_column][\/et_pb_row][\/et_pb_section][et_pb_section fb_built=&#8221;1&#8243; admin_label=&#8221;Popup &#8211; #pasteleria&#8221; module_id=&#8221;pasteleria&#8221; module_class=&#8221;popup&#8221; _builder_version=&#8221;4.18.0&#8243; _module_preset=&#8221;default&#8221; max_width=&#8221;800px&#8221; custom_margin=&#8221;||||false|false&#8221; custom_padding=&#8221;0px|0px|0px|0px|false|false&#8221; da_is_popup=&#8221;on&#8221; da_popup_slug=&#8221;pasteleria&#8221; da_disable_devices=&#8221;off|off|off&#8221; global_colors_info=&#8221;{}&#8221; da_exit_intent=&#8221;off&#8221; da_has_close=&#8221;on&#8221; da_alt_close=&#8221;off&#8221; da_dark_close=&#8221;off&#8221; da_not_modal=&#8221;on&#8221; da_is_singular=&#8221;off&#8221; da_with_loader=&#8221;off&#8221; da_has_shadow=&#8221;on&#8221;][et_pb_row _builder_version=&#8221;4.18.0&#8243; _module_preset=&#8221;default&#8221; width=&#8221;100%&#8221; custom_margin=&#8221;||||false|false&#8221; custom_padding=&#8221;0px||0px||false|false&#8221; global_colors_info=&#8221;{}&#8221;][et_pb_column type=&#8221;4_4&#8243; _builder_version=&#8221;4.18.0&#8243; _module_preset=&#8221;default&#8221; global_colors_info=&#8221;{}&#8221;][et_pb_video src=&#8221;https:\/\/www.youtube.com\/watch?v=LJoLrRT1IYA&#8221; _builder_version=&#8221;4.18.0&#8243; _module_preset=&#8221;default&#8221; global_colors_info=&#8221;{}&#8221;][\/et_pb_video][\/et_pb_column][\/et_pb_row][\/et_pb_section][et_pb_section fb_built=&#8221;1&#8243; disabled_on=&#8221;on|on|off&#8221; _builder_version=&#8221;4.18.0&#8243; _module_preset=&#8221;default&#8221; background_color=&#8221;#425168&#8243; custom_padding=&#8221;10px||20px||false|false&#8221; da_disable_devices=&#8221;off|off|off&#8221; locked=&#8221;off&#8221; collapsed=&#8221;on&#8221; global_colors_info=&#8221;{}&#8221; da_is_popup=&#8221;off&#8221; da_exit_intent=&#8221;off&#8221; da_has_close=&#8221;on&#8221; da_alt_close=&#8221;off&#8221; da_dark_close=&#8221;off&#8221; da_not_modal=&#8221;on&#8221; da_is_singular=&#8221;off&#8221; da_with_loader=&#8221;off&#8221; da_has_shadow=&#8221;on&#8221;][et_pb_row column_structure=&#8221;1_3,1_3,1_3&#8243; _builder_version=&#8221;4.18.0&#8243; _module_preset=&#8221;default&#8221; width=&#8221;100%&#8221; global_colors_info=&#8221;{}&#8221;][et_pb_column type=&#8221;1_3&#8243; _builder_version=&#8221;4.18.0&#8243; _module_preset=&#8221;default&#8221; global_colors_info=&#8221;{}&#8221;][et_pb_image src=&#8221;https:\/\/anuario.fundacionfranciscana.org\/2025\/wp-content\/uploads\/2025\/11\/bot-volver.png&#8221; title_text=&#8221;bot-volver&#8221; url=&#8221;@ET-DC@eyJkeW5hbWljIjp0cnVlLCJjb250ZW50IjoicG9zdF9saW5rX3VybF9wYWdlIiwic2V0dGluZ3MiOnsicG9zdF9pZCI6IjMxMyJ9fQ==@&#8221; _builder_version=&#8221;4.18.0&#8243; _dynamic_attributes=&#8221;url&#8221; _module_preset=&#8221;default&#8221; max_width=&#8221;240px&#8221; custom_margin=&#8221;20px||||false|false&#8221; global_colors_info=&#8221;{}&#8221;][\/et_pb_image][\/et_pb_column][et_pb_column type=&#8221;1_3&#8243; _builder_version=&#8221;4.18.0&#8243; _module_preset=&#8221;default&#8221; global_colors_info=&#8221;{}&#8221;][et_pb_image src=&#8221;https:\/\/anuario.fundacionfranciscana.org\/2025\/wp-content\/uploads\/2025\/11\/Fundacion-Franciscana-LOGO.png&#8221; title_text=&#8221;Fundaci\u00f3n Franciscana LOGO&#8221; align=&#8221;center&#8221; _builder_version=&#8221;4.18.0&#8243; _module_preset=&#8221;default&#8221; max_width=&#8221;220px&#8221; custom_margin=&#8221;0px||15px||false|false&#8221; custom_padding=&#8221;||||false|false&#8221; global_colors_info=&#8221;{}&#8221;][\/et_pb_image][et_pb_text _builder_version=&#8221;4.18.0&#8243; _module_preset=&#8221;default&#8221; header_text_color=&#8221;#FFFFFF&#8221; header_2_text_color=&#8221;#FFFFFF&#8221; header_4_text_color=&#8221;#FFFFFF&#8221; text_orientation=&#8221;center&#8221; custom_margin=&#8221;20px||10px||false|false&#8221; custom_padding=&#8221;||0px||false|false&#8221; global_colors_info=&#8221;{}&#8221;]<\/p>\n<h4>Llev\u00e1s le\u00eddo<\/h4>\n<p>[\/et_pb_text][et_pb_counters _builder_version=&#8221;4.18.0&#8243; _module_preset=&#8221;default&#8221; global_colors_info=&#8221;{}&#8221;][et_pb_counter percent=&#8221;70&#8243; bar_background_color=&#8221;#FFFFFF&#8221; _builder_version=&#8221;4.18.0&#8243; _module_preset=&#8221;default&#8221; background_color=&#8221;rgba(255,255,255,0.4)&#8221; background_enable_color=&#8221;on&#8221; border_radii=&#8221;on|20px|20px|20px|20px&#8221; global_colors_info=&#8221;{}&#8221; bar_background_color_default=&#8221;#7EBEC5&#8243; use_percentages=&#8221;on&#8221;][\/et_pb_counter][\/et_pb_counters][\/et_pb_column][et_pb_column type=&#8221;1_3&#8243; _builder_version=&#8221;4.18.0&#8243; _module_preset=&#8221;default&#8221; global_colors_info=&#8221;{}&#8221;][et_pb_image src=&#8221;https:\/\/anuario.fundacionfranciscana.org\/2025\/wp-content\/uploads\/2025\/11\/bot-siguiente.png&#8221; title_text=&#8221;bot-siguiente&#8221; url=&#8221;@ET-DC@eyJkeW5hbWljIjp0cnVlLCJjb250ZW50IjoicG9zdF9saW5rX3VybF9wYWdlIiwic2V0dGluZ3MiOnsicG9zdF9pZCI6IjcyMCJ9fQ==@&#8221; align=&#8221;right&#8221; _builder_version=&#8221;4.18.0&#8243; _dynamic_attributes=&#8221;url&#8221; _module_preset=&#8221;default&#8221; max_width=&#8221;240px&#8221; custom_margin=&#8221;20px||||false|false&#8221; global_colors_info=&#8221;{}&#8221;][\/et_pb_image][\/et_pb_column][\/et_pb_row][\/et_pb_section][et_pb_section fb_built=&#8221;1&#8243; disabled_on=&#8221;off|off|on&#8221; _builder_version=&#8221;4.18.0&#8243; _module_preset=&#8221;default&#8221; background_color=&#8221;#648185&#8243; custom_padding=&#8221;10px||20px||false|false&#8221; da_disable_devices=&#8221;off|off|off&#8221; locked=&#8221;off&#8221; collapsed=&#8221;on&#8221; global_colors_info=&#8221;{}&#8221; da_is_popup=&#8221;off&#8221; da_exit_intent=&#8221;off&#8221; da_has_close=&#8221;on&#8221; da_alt_close=&#8221;off&#8221; da_dark_close=&#8221;off&#8221; da_not_modal=&#8221;on&#8221; da_is_singular=&#8221;off&#8221; da_with_loader=&#8221;off&#8221; da_has_shadow=&#8221;on&#8221;][et_pb_row _builder_version=&#8221;4.18.0&#8243; _module_preset=&#8221;default&#8221; width=&#8221;100%&#8221; custom_padding=&#8221;10px||10px||false|false&#8221; global_colors_info=&#8221;{}&#8221;][et_pb_column type=&#8221;4_4&#8243; _builder_version=&#8221;4.18.0&#8243; _module_preset=&#8221;default&#8221; global_colors_info=&#8221;{}&#8221;][et_pb_image src=&#8221;https:\/\/anuario.fundacionfranciscana.org\/2025\/wp-content\/uploads\/2025\/11\/Fundacion-Franciscana-LOGO.png&#8221; title_text=&#8221;Fundaci\u00f3n Franciscana LOGO&#8221; url=&#8221;@ET-DC@eyJkeW5hbWljIjp0cnVlLCJjb250ZW50IjoicG9zdF9saW5rX3VybF9wYWdlIiwic2V0dGluZ3MiOnsicG9zdF9pZCI6Ijg2OCJ9fQ==@&#8221; align=&#8221;center&#8221; _builder_version=&#8221;4.18.0&#8243; _dynamic_attributes=&#8221;url&#8221; _module_preset=&#8221;default&#8221; max_width=&#8221;150px&#8221; max_width_tablet=&#8221;150px&#8221; max_width_phone=&#8221;150px&#8221; max_width_last_edited=&#8221;on|phone&#8221; custom_margin=&#8221;0px||10px||false|false&#8221; custom_padding=&#8221;||||false|false&#8221; global_colors_info=&#8221;{}&#8221;][\/et_pb_image][\/et_pb_column][\/et_pb_row][et_pb_row column_structure=&#8221;2_5,3_5&#8243; _builder_version=&#8221;4.18.0&#8243; _module_preset=&#8221;default&#8221; width=&#8221;100%&#8221; custom_padding=&#8221;0px|20px|0px|20px|false|false&#8221; custom_css_main_element=&#8221;display: flex;||flex-wrap: wrap;&#8221; global_colors_info=&#8221;{}&#8221;][et_pb_column type=&#8221;2_5&#8243; _builder_version=&#8221;4.18.0&#8243; _module_preset=&#8221;default&#8221; custom_css_main_element=&#8221;width: 33% !important;||margin: 0 !important;&#8221; global_colors_info=&#8221;{}&#8221;][et_pb_text _builder_version=&#8221;4.18.0&#8243; _module_preset=&#8221;default&#8221; header_text_color=&#8221;#FFFFFF&#8221; header_2_text_color=&#8221;#FFFFFF&#8221; header_4_text_color=&#8221;#FFFFFF&#8221; text_orientation=&#8221;center&#8221; custom_margin=&#8221;-2px||||false|false&#8221; custom_padding=&#8221;||||false|false&#8221; header_4_font_size_tablet=&#8221;&#8221; header_4_font_size_phone=&#8221;14px&#8221; header_4_font_size_last_edited=&#8221;on|phone&#8221; global_colors_info=&#8221;{}&#8221;]<\/p>\n<h4>Llev\u00e1s le\u00eddo<\/h4>\n<p>[\/et_pb_text][\/et_pb_column][et_pb_column type=&#8221;3_5&#8243; _builder_version=&#8221;4.18.0&#8243; _module_preset=&#8221;default&#8221; custom_css_main_element=&#8221;width: 60% !important;||margin: 0 !important;&#8221; global_colors_info=&#8221;{}&#8221;][et_pb_counters _builder_version=&#8221;4.18.0&#8243; _module_preset=&#8221;default&#8221; max_width=&#8221;300px&#8221; module_alignment=&#8221;center&#8221; custom_margin=&#8221;||||false|false&#8221; global_colors_info=&#8221;{}&#8221;][et_pb_counter percent=&#8221;70&#8243; bar_background_color=&#8221;#FFFFFF&#8221; _builder_version=&#8221;4.18.0&#8243; _module_preset=&#8221;default&#8221; background_color=&#8221;rgba(255,255,255,0.4)&#8221; background_enable_color=&#8221;on&#8221; max_height=&#8221;10px&#8221; border_radii=&#8221;on|20px|20px|20px|20px&#8221; global_colors_info=&#8221;{}&#8221; bar_background_color_default=&#8221;#7EBEC5&#8243; use_percentages=&#8221;on&#8221;][\/et_pb_counter][\/et_pb_counters][\/et_pb_column][\/et_pb_row][et_pb_row column_structure=&#8221;1_2,1_2&#8243; _builder_version=&#8221;4.18.0&#8243; _module_preset=&#8221;default&#8221; width=&#8221;100%&#8221; custom_margin=&#8221;||||false|false&#8221; custom_padding=&#8221;0px|30px|10px|20px|false|false&#8221; custom_css_main_element=&#8221;display: flex;||flex-wrap: wrap;&#8221; global_colors_info=&#8221;{}&#8221;][et_pb_column type=&#8221;1_2&#8243; _builder_version=&#8221;4.18.0&#8243; _module_preset=&#8221;default&#8221; custom_css_main_element=&#8221;width: 50% !important;||margin: 0 !important;&#8221; global_colors_info=&#8221;{}&#8221;][et_pb_image src=&#8221;https:\/\/anuario.fundacionfranciscana.org\/2025\/wp-content\/uploads\/2025\/11\/bot-volver.png&#8221; title_text=&#8221;bot-volver&#8221; url=&#8221;@ET-DC@eyJkeW5hbWljIjp0cnVlLCJjb250ZW50IjoicG9zdF9saW5rX3VybF9wYWdlIiwic2V0dGluZ3MiOnsicG9zdF9pZCI6IjMxMyJ9fQ==@&#8221; align=&#8221;center&#8221; _builder_version=&#8221;4.18.0&#8243; _dynamic_attributes=&#8221;url&#8221; _module_preset=&#8221;default&#8221; max_width=&#8221;240px&#8221; max_width_tablet=&#8221;240px&#8221; max_width_phone=&#8221;&#8221; max_width_last_edited=&#8221;on|phone&#8221; custom_margin=&#8221;||||false|false&#8221; custom_padding=&#8221;|20px||20px|false|true&#8221; global_colors_info=&#8221;{}&#8221;][\/et_pb_image][\/et_pb_column][et_pb_column type=&#8221;1_2&#8243; _builder_version=&#8221;4.18.0&#8243; _module_preset=&#8221;default&#8221; custom_css_main_element=&#8221;width: 50% !important;||margin: 0 !important;&#8221; global_colors_info=&#8221;{}&#8221;][et_pb_image src=&#8221;https:\/\/anuario.fundacionfranciscana.org\/2025\/wp-content\/uploads\/2025\/11\/bot-siguiente.png&#8221; title_text=&#8221;bot-siguiente&#8221; url=&#8221;@ET-DC@eyJkeW5hbWljIjp0cnVlLCJjb250ZW50IjoicG9zdF9saW5rX3VybF9wYWdlIiwic2V0dGluZ3MiOnsicG9zdF9pZCI6IjcyMCJ9fQ==@&#8221; align=&#8221;center&#8221; _builder_version=&#8221;4.18.0&#8243; _dynamic_attributes=&#8221;url&#8221; _module_preset=&#8221;default&#8221; max_width=&#8221;240px&#8221; max_width_tablet=&#8221;240px&#8221; max_width_phone=&#8221;240px&#8221; max_width_last_edited=&#8221;on|phone&#8221; custom_margin=&#8221;||||false|false&#8221; custom_padding=&#8221;|20px||20px|true|true&#8221; global_colors_info=&#8221;{}&#8221;][\/et_pb_image][\/et_pb_column][\/et_pb_row][\/et_pb_section]<\/p>\n","protected":false},"excerpt":{"rendered":"<p>Llev\u00e1s le\u00eddoLlev\u00e1s le\u00eddoEn la Fundaci\u00f3n Franciscana entendemos la econom\u00eda como una herramienta clave para fortalecer la autonom\u00eda, la dignidad y los proyectos de vida de las personas y familias que acompa\u00f1amos. Durante 2025, el eje de Econom\u00eda impuls\u00f3 espacios de formaci\u00f3n, producci\u00f3n y acompa\u00f1amiento orientados a generar oportunidades concretas de trabajo e ingresos, promoviendo una [&hellip;]<\/p>\n","protected":false},"author":1,"featured_media":0,"parent":0,"menu_order":0,"comment_status":"closed","ping_status":"closed","template":"","meta":{"_et_pb_use_builder":"on","_et_pb_old_content":"","_et_gb_content_width":"","iawp_total_views":160,"footnotes":""},"class_list":["post-587","page","type-page","status-publish","hentry"],"_links":{"self":[{"href":"https:\/\/anuario.fundacionfranciscana.org\/2025\/wp-json\/wp\/v2\/pages\/587","targetHints":{"allow":["GET"]}}],"collection":[{"href":"https:\/\/anuario.fundacionfranciscana.org\/2025\/wp-json\/wp\/v2\/pages"}],"about":[{"href":"https:\/\/anuario.fundacionfranciscana.org\/2025\/wp-json\/wp\/v2\/types\/page"}],"author":[{"embeddable":true,"href":"https:\/\/anuario.fundacionfranciscana.org\/2025\/wp-json\/wp\/v2\/users\/1"}],"replies":[{"embeddable":true,"href":"https:\/\/anuario.fundacionfranciscana.org\/2025\/wp-json\/wp\/v2\/comments?post=587"}],"version-history":[{"count":89,"href":"https:\/\/anuario.fundacionfranciscana.org\/2025\/wp-json\/wp\/v2\/pages\/587\/revisions"}],"predecessor-version":[{"id":1264,"href":"https:\/\/anuario.fundacionfranciscana.org\/2025\/wp-json\/wp\/v2\/pages\/587\/revisions\/1264"}],"wp:attachment":[{"href":"https:\/\/anuario.fundacionfranciscana.org\/2025\/wp-json\/wp\/v2\/media?parent=587"}],"curies":[{"name":"wp","href":"https:\/\/api.w.org\/{rel}","templated":true}]}}