{"id":6,"date":"2025-11-25T16:17:28","date_gmt":"2025-11-25T19:17:28","guid":{"rendered":"https:\/\/anuario.fundacionfranciscana.org\/2025\/?page_id=6"},"modified":"2026-03-19T16:10:41","modified_gmt":"2026-03-19T19:10:41","slug":"bienvenida","status":"publish","type":"page","link":"https:\/\/anuario.fundacionfranciscana.org\/2025\/bienvenida\/","title":{"rendered":"Bienvenida"},"content":{"rendered":"<p>[et_pb_section fb_built=&#8221;1&#8243; disabled_on=&#8221;on|on|off&#8221; _builder_version=&#8221;4.18.0&#8243; _module_preset=&#8221;default&#8221; background_color=&#8221;#648185&#8243; custom_padding=&#8221;10px||20px||false|false&#8221; da_disable_devices=&#8221;off|off|off&#8221; collapsed=&#8221;on&#8221; global_colors_info=&#8221;{}&#8221; da_is_popup=&#8221;off&#8221; da_exit_intent=&#8221;off&#8221; da_has_close=&#8221;on&#8221; da_alt_close=&#8221;off&#8221; da_dark_close=&#8221;off&#8221; da_not_modal=&#8221;on&#8221; da_is_singular=&#8221;off&#8221; da_with_loader=&#8221;off&#8221; da_has_shadow=&#8221;on&#8221;][et_pb_row column_structure=&#8221;1_3,1_3,1_3&#8243; _builder_version=&#8221;4.18.0&#8243; _module_preset=&#8221;default&#8221; width=&#8221;100%&#8221; global_colors_info=&#8221;{}&#8221;][et_pb_column type=&#8221;1_3&#8243; _builder_version=&#8221;4.18.0&#8243; _module_preset=&#8221;default&#8221; global_colors_info=&#8221;{}&#8221;][et_pb_image src=&#8221;https:\/\/anuario.fundacionfranciscana.org\/2025\/wp-content\/uploads\/2025\/11\/bot-volver.png&#8221; title_text=&#8221;bot-volver&#8221; url=&#8221;@ET-DC@eyJkeW5hbWljIjp0cnVlLCJjb250ZW50IjoicG9zdF9saW5rX3VybF9wYWdlIiwic2V0dGluZ3MiOnsicG9zdF9pZCI6Ijg2OCJ9fQ==@&#8221; _builder_version=&#8221;4.18.0&#8243; _dynamic_attributes=&#8221;url&#8221; _module_preset=&#8221;default&#8221; max_width=&#8221;240px&#8221; custom_margin=&#8221;20px||||false|false&#8221; global_colors_info=&#8221;{}&#8221;][\/et_pb_image][\/et_pb_column][et_pb_column type=&#8221;1_3&#8243; _builder_version=&#8221;4.18.0&#8243; _module_preset=&#8221;default&#8221; global_colors_info=&#8221;{}&#8221;][et_pb_image src=&#8221;https:\/\/anuario.fundacionfranciscana.org\/2025\/wp-content\/uploads\/2025\/11\/Fundacion-Franciscana-LOGO.png&#8221; title_text=&#8221;Fundaci\u00f3n Franciscana LOGO&#8221; url=&#8221;@ET-DC@eyJkeW5hbWljIjp0cnVlLCJjb250ZW50IjoicG9zdF9saW5rX3VybF9wYWdlIiwic2V0dGluZ3MiOnsicG9zdF9pZCI6Ijg2OCJ9fQ==@&#8221; align=&#8221;center&#8221; _builder_version=&#8221;4.18.0&#8243; _dynamic_attributes=&#8221;url&#8221; _module_preset=&#8221;default&#8221; max_width=&#8221;220px&#8221; custom_margin=&#8221;0px||15px||false|false&#8221; custom_padding=&#8221;||||false|false&#8221; global_colors_info=&#8221;{}&#8221;][\/et_pb_image][et_pb_text _builder_version=&#8221;4.18.0&#8243; _module_preset=&#8221;default&#8221; header_text_color=&#8221;#FFFFFF&#8221; header_2_text_color=&#8221;#FFFFFF&#8221; header_4_text_color=&#8221;#FFFFFF&#8221; text_orientation=&#8221;center&#8221; custom_margin=&#8221;20px||10px||false|false&#8221; custom_padding=&#8221;||0px||false|false&#8221; global_colors_info=&#8221;{}&#8221;]<\/p>\n<h4>Llev\u00e1s le\u00eddo<\/h4>\n<p>[\/et_pb_text][et_pb_counters _builder_version=&#8221;4.18.0&#8243; _module_preset=&#8221;default&#8221; global_colors_info=&#8221;{}&#8221;][et_pb_counter percent=&#8221;9&#8243; bar_background_color=&#8221;#FFFFFF&#8221; _builder_version=&#8221;4.18.0&#8243; _module_preset=&#8221;default&#8221; background_color=&#8221;rgba(255,255,255,0.4)&#8221; background_enable_color=&#8221;on&#8221; border_radii=&#8221;on|20px|20px|20px|20px&#8221; global_colors_info=&#8221;{}&#8221; bar_background_color_default=&#8221;#7EBEC5&#8243; use_percentages=&#8221;on&#8221;][\/et_pb_counter][\/et_pb_counters][\/et_pb_column][et_pb_column type=&#8221;1_3&#8243; _builder_version=&#8221;4.18.0&#8243; _module_preset=&#8221;default&#8221; global_colors_info=&#8221;{}&#8221;][et_pb_image src=&#8221;https:\/\/anuario.fundacionfranciscana.org\/2025\/wp-content\/uploads\/2025\/11\/bot-siguiente.png&#8221; title_text=&#8221;bot-siguiente&#8221; url=&#8221;@ET-DC@eyJkeW5hbWljIjp0cnVlLCJjb250ZW50IjoicG9zdF9saW5rX3VybF9wYWdlIiwic2V0dGluZ3MiOnsicG9zdF9pZCI6IjkxIn19@&#8221; align=&#8221;right&#8221; _builder_version=&#8221;4.18.0&#8243; _dynamic_attributes=&#8221;url&#8221; _module_preset=&#8221;default&#8221; max_width=&#8221;240px&#8221; custom_margin=&#8221;20px||||false|false&#8221; global_colors_info=&#8221;{}&#8221;][\/et_pb_image][\/et_pb_column][\/et_pb_row][\/et_pb_section][et_pb_section fb_built=&#8221;1&#8243; disabled_on=&#8221;off|off|on&#8221; _builder_version=&#8221;4.18.0&#8243; _module_preset=&#8221;default&#8221; background_color=&#8221;#648185&#8243; custom_padding=&#8221;10px||20px||false|false&#8221; da_disable_devices=&#8221;off|off|off&#8221; collapsed=&#8221;on&#8221; global_colors_info=&#8221;{}&#8221; da_is_popup=&#8221;off&#8221; da_exit_intent=&#8221;off&#8221; da_has_close=&#8221;on&#8221; da_alt_close=&#8221;off&#8221; da_dark_close=&#8221;off&#8221; da_not_modal=&#8221;on&#8221; da_is_singular=&#8221;off&#8221; da_with_loader=&#8221;off&#8221; da_has_shadow=&#8221;on&#8221;][et_pb_row _builder_version=&#8221;4.18.0&#8243; _module_preset=&#8221;default&#8221; width=&#8221;100%&#8221; custom_padding=&#8221;10px||10px||false|false&#8221; global_colors_info=&#8221;{}&#8221;][et_pb_column type=&#8221;4_4&#8243; _builder_version=&#8221;4.18.0&#8243; _module_preset=&#8221;default&#8221; global_colors_info=&#8221;{}&#8221;][et_pb_image src=&#8221;https:\/\/anuario.fundacionfranciscana.org\/2025\/wp-content\/uploads\/2025\/11\/Fundacion-Franciscana-LOGO.png&#8221; title_text=&#8221;Fundaci\u00f3n Franciscana LOGO&#8221; url=&#8221;@ET-DC@eyJkeW5hbWljIjp0cnVlLCJjb250ZW50IjoicG9zdF9saW5rX3VybF9wYWdlIiwic2V0dGluZ3MiOnsicG9zdF9pZCI6Ijg2OCJ9fQ==@&#8221; align=&#8221;center&#8221; _builder_version=&#8221;4.18.0&#8243; _dynamic_attributes=&#8221;url&#8221; _module_preset=&#8221;default&#8221; max_width=&#8221;150px&#8221; max_width_tablet=&#8221;150px&#8221; max_width_phone=&#8221;150px&#8221; max_width_last_edited=&#8221;on|phone&#8221; custom_margin=&#8221;0px||10px||false|false&#8221; custom_padding=&#8221;||||false|false&#8221; global_colors_info=&#8221;{}&#8221;][\/et_pb_image][\/et_pb_column][\/et_pb_row][et_pb_row column_structure=&#8221;2_5,3_5&#8243; _builder_version=&#8221;4.18.0&#8243; _module_preset=&#8221;default&#8221; width=&#8221;100%&#8221; custom_padding=&#8221;0px|20px|0px|20px|false|false&#8221; custom_css_main_element=&#8221;display: flex;||flex-wrap: wrap;&#8221; global_colors_info=&#8221;{}&#8221;][et_pb_column type=&#8221;2_5&#8243; _builder_version=&#8221;4.18.0&#8243; _module_preset=&#8221;default&#8221; custom_css_main_element=&#8221;width: 33% !important;||margin: 0 !important;&#8221; global_colors_info=&#8221;{}&#8221;][et_pb_text _builder_version=&#8221;4.18.0&#8243; _module_preset=&#8221;default&#8221; header_text_color=&#8221;#FFFFFF&#8221; header_2_text_color=&#8221;#FFFFFF&#8221; header_4_text_color=&#8221;#FFFFFF&#8221; text_orientation=&#8221;center&#8221; custom_margin=&#8221;-2px||||false|false&#8221; custom_padding=&#8221;||||false|false&#8221; header_4_font_size_tablet=&#8221;&#8221; header_4_font_size_phone=&#8221;14px&#8221; header_4_font_size_last_edited=&#8221;on|phone&#8221; global_colors_info=&#8221;{}&#8221;]<\/p>\n<h4>Llev\u00e1s le\u00eddo<\/h4>\n<p>[\/et_pb_text][\/et_pb_column][et_pb_column type=&#8221;3_5&#8243; _builder_version=&#8221;4.18.0&#8243; _module_preset=&#8221;default&#8221; custom_css_main_element=&#8221;width: 60% !important;||margin: 0 !important;&#8221; global_colors_info=&#8221;{}&#8221;][et_pb_counters _builder_version=&#8221;4.18.0&#8243; _module_preset=&#8221;default&#8221; max_width=&#8221;300px&#8221; module_alignment=&#8221;center&#8221; custom_margin=&#8221;||||false|false&#8221; global_colors_info=&#8221;{}&#8221;][et_pb_counter percent=&#8221;9&#8243; bar_background_color=&#8221;#FFFFFF&#8221; _builder_version=&#8221;4.18.0&#8243; _module_preset=&#8221;default&#8221; background_color=&#8221;rgba(255,255,255,0.4)&#8221; background_enable_color=&#8221;on&#8221; max_height=&#8221;10px&#8221; border_radii=&#8221;on|20px|20px|20px|20px&#8221; global_colors_info=&#8221;{}&#8221; bar_background_color_default=&#8221;#7EBEC5&#8243; use_percentages=&#8221;on&#8221;][\/et_pb_counter][\/et_pb_counters][\/et_pb_column][\/et_pb_row][et_pb_row column_structure=&#8221;1_2,1_2&#8243; _builder_version=&#8221;4.18.0&#8243; _module_preset=&#8221;default&#8221; width=&#8221;100%&#8221; custom_margin=&#8221;||||false|false&#8221; custom_padding=&#8221;0px|30px|10px|20px|false|false&#8221; custom_css_main_element=&#8221;display: flex;||flex-wrap: wrap;&#8221; global_colors_info=&#8221;{}&#8221;][et_pb_column type=&#8221;1_2&#8243; _builder_version=&#8221;4.18.0&#8243; _module_preset=&#8221;default&#8221; custom_css_main_element=&#8221;width: 50% !important;||margin: 0 !important;&#8221; global_colors_info=&#8221;{}&#8221;][et_pb_image src=&#8221;https:\/\/anuario.fundacionfranciscana.org\/2025\/wp-content\/uploads\/2025\/11\/bot-volver.png&#8221; title_text=&#8221;bot-volver&#8221; url=&#8221;@ET-DC@eyJkeW5hbWljIjp0cnVlLCJjb250ZW50IjoicG9zdF9saW5rX3VybF9wYWdlIiwic2V0dGluZ3MiOnsicG9zdF9pZCI6Ijg2OCJ9fQ==@&#8221; align=&#8221;center&#8221; _builder_version=&#8221;4.18.0&#8243; _dynamic_attributes=&#8221;url&#8221; _module_preset=&#8221;default&#8221; max_width=&#8221;240px&#8221; max_width_tablet=&#8221;240px&#8221; max_width_phone=&#8221;&#8221; max_width_last_edited=&#8221;on|phone&#8221; custom_margin=&#8221;||||false|false&#8221; custom_padding=&#8221;|20px||20px|false|true&#8221; global_colors_info=&#8221;{}&#8221;][\/et_pb_image][\/et_pb_column][et_pb_column type=&#8221;1_2&#8243; _builder_version=&#8221;4.18.0&#8243; _module_preset=&#8221;default&#8221; custom_css_main_element=&#8221;width: 50% !important;||margin: 0 !important;&#8221; global_colors_info=&#8221;{}&#8221;][et_pb_image src=&#8221;https:\/\/anuario.fundacionfranciscana.org\/2025\/wp-content\/uploads\/2025\/11\/bot-siguiente.png&#8221; title_text=&#8221;bot-siguiente&#8221; url=&#8221;@ET-DC@eyJkeW5hbWljIjp0cnVlLCJjb250ZW50IjoicG9zdF9saW5rX3VybF9wYWdlIiwic2V0dGluZ3MiOnsicG9zdF9pZCI6IjkxIn19@&#8221; align=&#8221;center&#8221; _builder_version=&#8221;4.18.0&#8243; _dynamic_attributes=&#8221;url&#8221; _module_preset=&#8221;default&#8221; max_width=&#8221;240px&#8221; max_width_tablet=&#8221;240px&#8221; max_width_phone=&#8221;240px&#8221; max_width_last_edited=&#8221;on|phone&#8221; custom_margin=&#8221;||||false|false&#8221; custom_padding=&#8221;|20px||20px|true|true&#8221; global_colors_info=&#8221;{}&#8221;][\/et_pb_image][\/et_pb_column][\/et_pb_row][\/et_pb_section][et_pb_section fb_built=&#8221;1&#8243; _builder_version=&#8221;4.18.0&#8243; _module_preset=&#8221;default&#8221; background_color=&#8221;#fafafa&#8221; background_image=&#8221;https:\/\/anuario.fundacionfranciscana.org\/2025\/wp-content\/uploads\/2026\/02\/anillado.png&#8221; background_size=&#8221;initial&#8221; background_position=&#8221;center_left&#8221; background_repeat=&#8221;repeat-y&#8221; custom_margin=&#8221;||||false|false&#8221; custom_padding=&#8221;||0px||false|false&#8221; da_disable_devices=&#8221;off|off|off&#8221; global_colors_info=&#8221;{}&#8221; da_is_popup=&#8221;off&#8221; da_exit_intent=&#8221;off&#8221; da_has_close=&#8221;on&#8221; da_alt_close=&#8221;off&#8221; da_dark_close=&#8221;off&#8221; da_not_modal=&#8221;on&#8221; da_is_singular=&#8221;off&#8221; da_with_loader=&#8221;off&#8221; da_has_shadow=&#8221;on&#8221;][et_pb_row _builder_version=&#8221;4.18.0&#8243; _module_preset=&#8221;default&#8221; custom_margin=&#8221;||||false|false&#8221; custom_padding=&#8221;0px||0px||false|false&#8221; global_colors_info=&#8221;{}&#8221;][et_pb_column type=&#8221;4_4&#8243; _builder_version=&#8221;4.18.0&#8243; _module_preset=&#8221;default&#8221; global_colors_info=&#8221;{}&#8221;][et_pb_image src=&#8221;https:\/\/anuario.fundacionfranciscana.org\/2025\/wp-content\/uploads\/2026\/02\/01-001.jpg&#8221; _builder_version=&#8221;4.18.0&#8243; _module_preset=&#8221;default&#8221; global_colors_info=&#8221;{}&#8221;][\/et_pb_image][et_pb_text _builder_version=&#8221;4.18.0&#8243; _module_preset=&#8221;default&#8221; custom_padding=&#8221;|40px|||false|false&#8221; custom_padding_tablet=&#8221;|40px|||false|false&#8221; custom_padding_phone=&#8221;|0px||10px|false|false&#8221; custom_padding_last_edited=&#8221;on|phone&#8221; global_colors_info=&#8221;{}&#8221;]<\/p>\n<p>Queremos agradecerles profundamente por <span style=\"color: #5d8c30;\"><strong>caminar junto a nosotros<\/strong><\/span> un a\u00f1o m\u00e1s.<br \/>El 2025 nos invit\u00f3 a seguir andando juntos\/as, a asumir el gran desaf\u00edo de sostener nuestros pasos con firmeza y con la certeza de que <span style=\"color: #5d8c30; background-color: #ffe8bd;\"><strong>la comunidad es nuestra respuesta<\/strong><\/span>. A\u00f1o a a\u00f1o seguimos fortaleci\u00e9ndonos y <span style=\"color: #5d8c30;\"><strong>creciendo como familia<\/strong><\/span>, presentes en Lomas de Maril\u00f3, Ej\u00e9rcito de los Andes, La Teja, R\u00edo Cuarto y San Juan.<br \/>Con la mirada puesta en cada persona, y guiados por el <span style=\"color: #5d8c30;\"><strong>modo de Francisco y Clara<\/strong><\/span>, nos animamos una vez m\u00e1s a acompa\u00f1ar de manera <span style=\"color: #5d8c30;\"><strong>integral y profesional<\/strong><\/span> a cada familia a trav\u00e9s de nuestros programas, convencidos de que el encuentro, la cercan\u00eda y el compromiso <span style=\"color: #5d8c30;\"><strong>transforman nuestras realidades<\/strong><\/span>.<br \/>Cerramos este a\u00f1o con el regalo inmenso de sabernos <span style=\"color: #5d8c30; background-color: #ffe8bd;\"><strong>comunidad<\/strong><\/span>: de reconocer que no caminamos solos, que cada desaf\u00edo pudo ser afrontado porque hubo una red fraterna que dio respuesta. <span style=\"color: #5d8c30;\"><strong>Y en esa comunidad est\u00e1s vos<\/strong><\/span>&#8230;<\/p>\n<p>[\/et_pb_text][et_pb_image src=&#8221;https:\/\/anuario.fundacionfranciscana.org\/2025\/wp-content\/uploads\/2026\/02\/01-002.png&#8221; title_text=&#8221;01-002&#8243; align=&#8221;right&#8221; _builder_version=&#8221;4.18.0&#8243; _module_preset=&#8221;default&#8221; width=&#8221;50%&#8221; custom_margin=&#8221;-60px|-40px|||false|false&#8221; custom_margin_tablet=&#8221;-60px|-40px|||false|false&#8221; custom_margin_phone=&#8221;-40px|0px|||false|false&#8221; custom_margin_last_edited=&#8221;on|phone&#8221; global_colors_info=&#8221;{}&#8221;][\/et_pb_image][et_pb_image src=&#8221;https:\/\/anuario.fundacionfranciscana.org\/2025\/wp-content\/uploads\/2026\/02\/01-003.png&#8221; title_text=&#8221;01-003&#8243; _builder_version=&#8221;4.18.0&#8243; _module_preset=&#8221;default&#8221; width=&#8221;50%&#8221; custom_margin=&#8221;-80px||-50px|-40px|false|false&#8221; custom_margin_tablet=&#8221;-80px||-50px|-40px|false|false&#8221; custom_margin_phone=&#8221;|||0px|false|false&#8221; custom_margin_last_edited=&#8221;on|phone&#8221; global_colors_info=&#8221;{}&#8221;][\/et_pb_image][\/et_pb_column][\/et_pb_row][et_pb_row column_structure=&#8221;1_4,3_4&#8243; use_custom_gutter=&#8221;on&#8221; gutter_width=&#8221;2&#8243; _builder_version=&#8221;4.18.0&#8243; _module_preset=&#8221;default&#8221; global_colors_info=&#8221;{}&#8221;][et_pb_column type=&#8221;1_4&#8243; _builder_version=&#8221;4.18.0&#8243; _module_preset=&#8221;default&#8221; global_colors_info=&#8221;{}&#8221;][et_pb_image src=&#8221;https:\/\/anuario.fundacionfranciscana.org\/2025\/wp-content\/uploads\/2026\/02\/01-Federico-Caserta.png&#8221; title_text=&#8221;Federico Caserta&#8221; align=&#8221;right&#8221; align_tablet=&#8221;right&#8221; align_phone=&#8221;center&#8221; align_last_edited=&#8221;on|phone&#8221; _builder_version=&#8221;4.18.0&#8243; _module_preset=&#8221;default&#8221; global_colors_info=&#8221;{}&#8221;][\/et_pb_image][\/et_pb_column][et_pb_column type=&#8221;3_4&#8243; _builder_version=&#8221;4.18.0&#8243; _module_preset=&#8221;default&#8221; global_colors_info=&#8221;{}&#8221;][et_pb_text _builder_version=&#8221;4.18.0&#8243; _module_preset=&#8221;default&#8221; header_3_font=&#8221;|700|||||||&#8221; header_3_text_align=&#8221;center&#8221; header_3_text_color=&#8221;#337e3b&#8221; header_4_font=&#8221;|700|||||||&#8221; header_4_text_align=&#8221;center&#8221; header_4_text_color=&#8221;#337e3b&#8221; header_4_font_size=&#8221;20px&#8221; custom_margin=&#8221;||10px||false|false&#8221; global_colors_info=&#8221;{}&#8221;]<\/p>\n<h4>Federico Caserta: Presidente<\/h4>\n<p>[\/et_pb_text][et_pb_image src=&#8221;https:\/\/anuario.fundacionfranciscana.org\/2025\/wp-content\/uploads\/2026\/02\/01-004.png&#8221; title_text=&#8221;01-004&#8243; align=&#8221;right&#8221; _builder_version=&#8221;4.18.0&#8243; _module_preset=&#8221;default&#8221; width=&#8221;50%&#8221; custom_margin=&#8221;-30px|-40px|-20px||false|false&#8221; custom_margin_tablet=&#8221;-30px|-40px|-20px||false|false&#8221; custom_margin_phone=&#8221;-20px|0px|0px||false|false&#8221; custom_margin_last_edited=&#8221;on|phone&#8221; global_colors_info=&#8221;{}&#8221;][\/et_pb_image][et_pb_text _builder_version=&#8221;4.18.0&#8243; _module_preset=&#8221;default&#8221; custom_padding=&#8221;|60px|||false|false&#8221; custom_padding_tablet=&#8221;|60px|||false|false&#8221; custom_padding_phone=&#8221;|10px||10px|false|false&#8221; custom_padding_last_edited=&#8221;on|phone&#8221; global_colors_info=&#8221;{}&#8221;]<\/p>\n<p style=\"text-align: justify;\"><em>Durante 2025, cada encuentro, cada jornada y cada acci\u00f3n desarrollada en nuestras sedes fue una confirmaci\u00f3n de que el trabajo que realizamos tiene sentido. En cada comunidad, la presencia de la Fundaci\u00f3n fue respuesta concreta a necesidades reales, y la entrega de nuestro equipo reafirm\u00f3 que el camino que elegimos vale la pena.<\/em><\/p>\n<p>[\/et_pb_text][\/et_pb_column][\/et_pb_row][\/et_pb_section][et_pb_section fb_built=&#8221;1&#8243; specialty=&#8221;on&#8221; _builder_version=&#8221;4.18.0&#8243; _module_preset=&#8221;default&#8221; background_color=&#8221;#fafafa&#8221; background_image=&#8221;https:\/\/anuario.fundacionfranciscana.org\/2025\/wp-content\/uploads\/2026\/02\/anillado.png&#8221; background_size=&#8221;initial&#8221; background_position=&#8221;center_left&#8221; background_repeat=&#8221;repeat-y&#8221; custom_margin=&#8221;0px||||false|false&#8221; custom_padding=&#8221;0px||||false|false&#8221; hover_enabled=&#8221;0&#8243; da_disable_devices=&#8221;off|off|off&#8221; global_colors_info=&#8221;{}&#8221; disabled_on=&#8221;on|on|off&#8221; sticky_enabled=&#8221;0&#8243; da_is_popup=&#8221;off&#8221; da_exit_intent=&#8221;off&#8221; da_has_close=&#8221;on&#8221; da_alt_close=&#8221;off&#8221; da_dark_close=&#8221;off&#8221; da_not_modal=&#8221;on&#8221; da_is_singular=&#8221;off&#8221; da_with_loader=&#8221;off&#8221; da_has_shadow=&#8221;on&#8221;][et_pb_column type=&#8221;3_4&#8243; specialty_columns=&#8221;3&#8243; _builder_version=&#8221;4.16&#8243; custom_padding=&#8221;|||&#8221; global_colors_info=&#8221;{}&#8221; custom_padding__hover=&#8221;|||&#8221;][et_pb_row_inner column_structure=&#8221;1_2,1_2&#8243; _builder_version=&#8221;4.18.0&#8243; _module_preset=&#8221;default&#8221; custom_margin=&#8221;||||false|false&#8221; global_colors_info=&#8221;{}&#8221;][et_pb_column_inner type=&#8221;1_2&#8243; saved_specialty_column_type=&#8221;3_4&#8243; _builder_version=&#8221;4.18.0&#8243; _module_preset=&#8221;default&#8221; global_colors_info=&#8221;{}&#8221;][et_pb_image src=&#8221;https:\/\/anuario.fundacionfranciscana.org\/2025\/wp-content\/uploads\/2026\/02\/01-005.png&#8221; title_text=&#8221;01-005&#8243; show_bottom_space=&#8221;off&#8221; _builder_version=&#8221;4.18.0&#8243; _module_preset=&#8221;default&#8221; width=&#8221;50%&#8221; custom_margin=&#8221;||-60px||false|false&#8221; custom_margin_tablet=&#8221;||-60px||false|false&#8221; custom_margin_phone=&#8221;||-40px||false|false&#8221; custom_margin_last_edited=&#8221;on|phone&#8221; global_colors_info=&#8221;{}&#8221;][\/et_pb_image][\/et_pb_column_inner][et_pb_column_inner type=&#8221;1_2&#8243; saved_specialty_column_type=&#8221;3_4&#8243; _builder_version=&#8221;4.18.0&#8243; _module_preset=&#8221;default&#8221; global_colors_info=&#8221;{}&#8221;][et_pb_image src=&#8221;https:\/\/anuario.fundacionfranciscana.org\/2025\/wp-content\/uploads\/2026\/02\/01-006.png&#8221; title_text=&#8221;01-006&#8243; show_bottom_space=&#8221;off&#8221; align=&#8221;center&#8221; disabled_on=&#8221;on|off|off&#8221; _builder_version=&#8221;4.18.0&#8243; _module_preset=&#8221;default&#8221; custom_margin=&#8221;-20px||-40px||false|false&#8221; global_colors_info=&#8221;{}&#8221;][\/et_pb_image][\/et_pb_column_inner][\/et_pb_row_inner][et_pb_row_inner _builder_version=&#8221;4.18.0&#8243; _module_preset=&#8221;default&#8221; custom_margin=&#8221;-100px||||false|false&#8221; custom_padding=&#8221;||||false|false&#8221; global_colors_info=&#8221;{}&#8221;][et_pb_column_inner saved_specialty_column_type=&#8221;3_4&#8243; _builder_version=&#8221;4.18.0&#8243; _module_preset=&#8221;default&#8221; custom_padding=&#8221;||||false|false&#8221; global_colors_info=&#8221;{}&#8221;][et_pb_text _builder_version=&#8221;4.18.0&#8243; _module_preset=&#8221;default&#8221; header_3_font=&#8221;|700|||||||&#8221; header_3_text_align=&#8221;center&#8221; header_3_text_color=&#8221;#337e3b&#8221; header_4_font=&#8221;|700|||||||&#8221; header_4_text_align=&#8221;center&#8221; header_4_text_color=&#8221;#ED7D31&#8243; header_4_font_size=&#8221;20px&#8221; module_alignment=&#8221;center&#8221; custom_margin=&#8221;||||false|false&#8221; custom_padding=&#8221;||||false|false&#8221; hover_enabled=&#8221;0&#8243; locked=&#8221;off&#8221; global_colors_info=&#8221;{}&#8221; sticky_enabled=&#8221;0&#8243;]<\/p>\n<h4>Teresita Thibaud: Secretaria<\/h4>\n<p>[\/et_pb_text][et_pb_text _builder_version=&#8221;4.18.0&#8243; _module_preset=&#8221;default&#8221; text_orientation=&#8221;justified&#8221; custom_padding=&#8221;|10px||10px|false|false&#8221; global_colors_info=&#8221;{}&#8221;]<\/p>\n<p><em>Este a\u00f1o sent\u00ed que la comunidad fue respuesta en gestos simples y profundos. La vi en la participaci\u00f3n comprometida de cada uno de los programas, en la mesa compartida durante los cierres de sede y en la entrega de las cajas de Navidad, donde la solidaridad tom\u00f3 forma de manos abiertas, de organizaci\u00f3n colectiva y de esperanza compartida y el tiempo se detuvo para mirarnos, agradecer y celebrar lo vivido juntos. <\/em><br \/><em>Tambi\u00e9n la experiment\u00e9 en nuestra participaci\u00f3n en el Cap\u00edtulo de la Orden Franciscana, confirmando que no caminamos solos, sino unidos a una fraternidad m\u00e1s grande. <\/em><br \/><em>Durante este a\u00f1o reconfirmo que la comunidad sostuvo, acompa\u00f1\u00f3 y dio sentido a nuestro andar, sabi\u00e9ndonos familia que acompa\u00f1a comprometida con el Evangelio vivido al estilo de Francisco y Clara.<\/em><\/p>\n<p>[\/et_pb_text][\/et_pb_column_inner][\/et_pb_row_inner][\/et_pb_column][et_pb_column type=&#8221;1_4&#8243; _builder_version=&#8221;4.16&#8243; custom_padding=&#8221;|||&#8221; global_colors_info=&#8221;{}&#8221; custom_padding__hover=&#8221;|||&#8221;][et_pb_image src=&#8221;https:\/\/anuario.fundacionfranciscana.org\/2025\/wp-content\/uploads\/2026\/02\/01-Teresita-Thibaud.png&#8221; title_text=&#8221;Teresita Thibaud&#8221; show_bottom_space=&#8221;off&#8221; align=&#8221;right&#8221; align_tablet=&#8221;right&#8221; align_phone=&#8221;center&#8221; align_last_edited=&#8221;on|phone&#8221; _builder_version=&#8221;4.18.0&#8243; _module_preset=&#8221;default&#8221; custom_margin_tablet=&#8221;&#8221; custom_margin_phone=&#8221;||50px||false|false&#8221; custom_margin_last_edited=&#8221;on|phone&#8221; locked=&#8221;off&#8221; global_colors_info=&#8221;{}&#8221;][\/et_pb_image][\/et_pb_column][\/et_pb_section][et_pb_section fb_built=&#8221;1&#8243; theme_builder_area=&#8221;post_content&#8221; _builder_version=&#8221;4.18.0&#8243; _module_preset=&#8221;default&#8221; background_color=&#8221;#fafafa&#8221; background_image=&#8221;https:\/\/anuario.fundacionfranciscana.org\/2025\/wp-content\/uploads\/2026\/02\/anillado.png&#8221; background_size=&#8221;initial&#8221; background_position=&#8221;center_left&#8221; background_repeat=&#8221;repeat-y&#8221; custom_margin=&#8221;||||false|false&#8221; custom_padding=&#8221;||0px||false|false&#8221; disabled_on=&#8221;off|off|on&#8221; hover_enabled=&#8221;0&#8243; sticky_enabled=&#8221;0&#8243; custom_margin_last_edited=&#8221;on|phone&#8221; custom_padding_last_edited=&#8221;on|phone&#8221; custom_margin_phone=&#8221;0px||||false|false&#8221; custom_padding_phone=&#8221;0px||||false|false&#8221; da_is_popup=&#8221;off&#8221; da_exit_intent=&#8221;off&#8221; da_has_close=&#8221;on&#8221; da_alt_close=&#8221;off&#8221; da_dark_close=&#8221;off&#8221; da_not_modal=&#8221;on&#8221; da_is_singular=&#8221;off&#8221; da_with_loader=&#8221;off&#8221; da_has_shadow=&#8221;on&#8221; da_disable_devices=&#8221;off|off|off&#8221; custom_margin_tablet=&#8221;||||false|false&#8221; custom_padding_tablet=&#8221;||0px||false|false&#8221;][et_pb_row column_structure=&#8221;1_4,3_4&#8243; use_custom_gutter=&#8221;on&#8221; gutter_width=&#8221;2&#8243; _builder_version=&#8221;4.18.0&#8243; _module_preset=&#8221;default&#8221; global_colors_info=&#8221;{}&#8221; locked=&#8221;off&#8221; theme_builder_area=&#8221;post_content&#8221;][et_pb_column type=&#8221;1_4&#8243; _builder_version=&#8221;4.18.0&#8243; _module_preset=&#8221;default&#8221; global_colors_info=&#8221;{}&#8221; theme_builder_area=&#8221;post_content&#8221;][et_pb_image src=&#8221;https:\/\/anuario.fundacionfranciscana.org\/2025\/wp-content\/uploads\/2026\/02\/01-Teresita-Thibaud.png&#8221; title_text=&#8221;Teresita Thibaud&#8221; show_bottom_space=&#8221;off&#8221; align=&#8221;right&#8221; align_tablet=&#8221;right&#8221; align_phone=&#8221;center&#8221; align_last_edited=&#8221;on|phone&#8221; _builder_version=&#8221;4.18.0&#8243; _module_preset=&#8221;default&#8221; custom_margin_tablet=&#8221;&#8221; custom_margin_phone=&#8221;||||false|false&#8221; custom_margin_last_edited=&#8221;on|phone&#8221; hover_enabled=&#8221;0&#8243; locked=&#8221;off&#8221; global_colors_info=&#8221;{}&#8221; theme_builder_area=&#8221;post_content&#8221; sticky_enabled=&#8221;0&#8243;][\/et_pb_image][\/et_pb_column][et_pb_column type=&#8221;3_4&#8243; _builder_version=&#8221;4.18.0&#8243; _module_preset=&#8221;default&#8221; global_colors_info=&#8221;{}&#8221; theme_builder_area=&#8221;post_content&#8221;][et_pb_text _builder_version=&#8221;4.18.0&#8243; _module_preset=&#8221;default&#8221; header_3_font=&#8221;|700|||||||&#8221; header_3_text_align=&#8221;center&#8221; header_3_text_color=&#8221;#337e3b&#8221; header_4_font=&#8221;|700|||||||&#8221; header_4_text_align=&#8221;center&#8221; header_4_text_color=&#8221;#ED7D31&#8243; header_4_font_size=&#8221;20px&#8221; module_alignment=&#8221;center&#8221; custom_margin=&#8221;||0px||false|false&#8221; custom_padding=&#8221;||||false|false&#8221; hover_enabled=&#8221;0&#8243; locked=&#8221;off&#8221; global_colors_info=&#8221;{}&#8221; sticky_enabled=&#8221;0&#8243; theme_builder_area=&#8221;post_content&#8221;]<\/p>\n<h4>Teresita Thibaud: Secretaria<\/h4>\n<p>[\/et_pb_text][et_pb_image src=&#8221;https:\/\/anuario.fundacionfranciscana.org\/2025\/wp-content\/uploads\/2026\/02\/01-006.png&#8221; title_text=&#8221;01-004&#8243; align=&#8221;center&#8221; _builder_version=&#8221;4.18.0&#8243; _module_preset=&#8221;default&#8221; width=&#8221;25%&#8221; custom_margin=&#8221;-30px|-40px|-20px||false|false&#8221; custom_margin_tablet=&#8221;-30px|-40px|-20px||false|false&#8221; custom_margin_phone=&#8221;0px|0px|0px||false|false&#8221; custom_margin_last_edited=&#8221;on|phone&#8221; hover_enabled=&#8221;0&#8243; global_colors_info=&#8221;{}&#8221; theme_builder_area=&#8221;post_content&#8221; sticky_enabled=&#8221;0&#8243; width_last_edited=&#8221;on|phone&#8221; width_phone=&#8221;40px&#8221; module_alignment=&#8221;center&#8221; width_tablet=&#8221;25%&#8221;][\/et_pb_image][et_pb_text _builder_version=&#8221;4.18.0&#8243; _module_preset=&#8221;default&#8221; custom_padding=&#8221;|60px|||false|false&#8221; custom_padding_tablet=&#8221;|60px|||false|false&#8221; custom_padding_phone=&#8221;|10px||10px|false|false&#8221; custom_padding_last_edited=&#8221;on|phone&#8221; hover_enabled=&#8221;0&#8243; global_colors_info=&#8221;{}&#8221; theme_builder_area=&#8221;post_content&#8221; custom_margin=&#8221;||30px||false|false&#8221; sticky_enabled=&#8221;0&#8243;]<\/p>\n<p><em>Este a\u00f1o sent\u00ed que la comunidad fue respuesta en gestos simples y profundos. La vi en la participaci\u00f3n comprometida de cada uno de los programas, en la mesa compartida durante los cierres de sede y en la entrega de las cajas de Navidad, donde la solidaridad tom\u00f3 forma de manos abiertas, de organizaci\u00f3n colectiva y de esperanza compartida y el tiempo se detuvo para mirarnos, agradecer y celebrar lo vivido juntos. <\/em><br \/><em>Tambi\u00e9n la experiment\u00e9 en nuestra participaci\u00f3n en el Cap\u00edtulo de la Orden Franciscana, confirmando que no caminamos solos, sino unidos a una fraternidad m\u00e1s grande. <\/em><br \/><em>Durante este a\u00f1o reconfirmo que la comunidad sostuvo, acompa\u00f1\u00f3 y dio sentido a nuestro andar, sabi\u00e9ndonos familia que acompa\u00f1a comprometida con el Evangelio vivido al estilo de Francisco y Clara.<\/em><\/p>\n<p>[\/et_pb_text][\/et_pb_column][\/et_pb_row][\/et_pb_section][et_pb_section fb_built=&#8221;1&#8243; specialty=&#8221;on&#8221; _builder_version=&#8221;4.18.0&#8243; _module_preset=&#8221;default&#8221; background_color=&#8221;#fafafa&#8221; background_image=&#8221;https:\/\/anuario.fundacionfranciscana.org\/2025\/wp-content\/uploads\/2026\/02\/anillado.png&#8221; background_size=&#8221;initial&#8221; background_position=&#8221;center_left&#8221; background_repeat=&#8221;repeat-y&#8221; custom_margin=&#8221;||20px||false|false&#8221; custom_padding=&#8221;0px||||false|false&#8221; da_disable_devices=&#8221;off|off|off&#8221; global_colors_info=&#8221;{}&#8221; da_is_popup=&#8221;off&#8221; da_exit_intent=&#8221;off&#8221; da_has_close=&#8221;on&#8221; da_alt_close=&#8221;off&#8221; da_dark_close=&#8221;off&#8221; da_not_modal=&#8221;on&#8221; da_is_singular=&#8221;off&#8221; da_with_loader=&#8221;off&#8221; da_has_shadow=&#8221;on&#8221;][et_pb_column type=&#8221;1_4&#8243; _builder_version=&#8221;4.16&#8243; custom_padding=&#8221;|||&#8221; global_colors_info=&#8221;{}&#8221; custom_padding__hover=&#8221;|||&#8221;][et_pb_image src=&#8221;https:\/\/anuario.fundacionfranciscana.org\/2025\/wp-content\/uploads\/2026\/02\/Mariela-Rodriguez-Bossio.png&#8221; title_text=&#8221;Mariela Rodr\u00edguez Bossio&#8221; align=&#8221;right&#8221; align_tablet=&#8221;right&#8221; align_phone=&#8221;center&#8221; align_last_edited=&#8221;on|phone&#8221; _builder_version=&#8221;4.18.0&#8243; _module_preset=&#8221;default&#8221; custom_margin_tablet=&#8221;&#8221; custom_margin_phone=&#8221;||-80px||false|false&#8221; custom_margin_last_edited=&#8221;on|phone&#8221; locked=&#8221;off&#8221; global_colors_info=&#8221;{}&#8221;][\/et_pb_image][\/et_pb_column][et_pb_column type=&#8221;3_4&#8243; specialty_columns=&#8221;3&#8243; _builder_version=&#8221;4.16&#8243; custom_padding=&#8221;|||&#8221; global_colors_info=&#8221;{}&#8221; custom_padding__hover=&#8221;|||&#8221;][et_pb_row_inner column_structure=&#8221;1_2,1_2&#8243; _builder_version=&#8221;4.18.0&#8243; _module_preset=&#8221;default&#8221; custom_margin=&#8221;||||false|false&#8221; locked=&#8221;off&#8221; collapsed=&#8221;off&#8221; global_colors_info=&#8221;{}&#8221;][et_pb_column_inner type=&#8221;1_2&#8243; saved_specialty_column_type=&#8221;3_4&#8243; _builder_version=&#8221;4.18.0&#8243; _module_preset=&#8221;default&#8221; global_colors_info=&#8221;{}&#8221;][et_pb_image src=&#8221;https:\/\/anuario.fundacionfranciscana.org\/2025\/wp-content\/uploads\/2026\/02\/01-007.png&#8221; title_text=&#8221;01-007&#8243; show_bottom_space=&#8221;off&#8221; _builder_version=&#8221;4.18.0&#8243; _module_preset=&#8221;default&#8221; width=&#8221;50%&#8221; custom_margin=&#8221;||-40px||false|false&#8221; hover_enabled=&#8221;0&#8243; global_colors_info=&#8221;{}&#8221; width_last_edited=&#8221;on|phone&#8221; width_phone=&#8221;50px&#8221; sticky_enabled=&#8221;0&#8243; width_tablet=&#8221;50%&#8221;][\/et_pb_image][\/et_pb_column_inner][et_pb_column_inner type=&#8221;1_2&#8243; saved_specialty_column_type=&#8221;3_4&#8243; _builder_version=&#8221;4.18.0&#8243; _module_preset=&#8221;default&#8221; global_colors_info=&#8221;{}&#8221;][et_pb_image src=&#8221;https:\/\/anuario.fundacionfranciscana.org\/2025\/wp-content\/uploads\/2026\/02\/01-008.png&#8221; title_text=&#8221;01-008&#8243; show_bottom_space=&#8221;off&#8221; align=&#8221;right&#8221; _builder_version=&#8221;4.18.0&#8243; _module_preset=&#8221;default&#8221; custom_margin=&#8221;-20px||-40px||false|false&#8221; custom_margin_tablet=&#8221;-20px||-40px||false|false&#8221; custom_margin_phone=&#8221;-50px||-40px||false|false&#8221; custom_margin_last_edited=&#8221;on|phone&#8221; hover_enabled=&#8221;0&#8243; global_colors_info=&#8221;{}&#8221; width_last_edited=&#8221;on|phone&#8221; width_phone=&#8221;50px&#8221; sticky_enabled=&#8221;0&#8243;][\/et_pb_image][\/et_pb_column_inner][\/et_pb_row_inner][et_pb_row_inner _builder_version=&#8221;4.18.0&#8243; _module_preset=&#8221;default&#8221; custom_margin=&#8221;-100px||||false|false&#8221; custom_padding=&#8221;||||false|false&#8221; locked=&#8221;off&#8221; global_colors_info=&#8221;{}&#8221;][et_pb_column_inner saved_specialty_column_type=&#8221;3_4&#8243; _builder_version=&#8221;4.18.0&#8243; _module_preset=&#8221;default&#8221; custom_padding=&#8221;||||false|false&#8221; global_colors_info=&#8221;{}&#8221;][et_pb_text _builder_version=&#8221;4.18.0&#8243; _module_preset=&#8221;default&#8221; header_3_font=&#8221;|700|||||||&#8221; header_3_text_align=&#8221;center&#8221; header_3_text_color=&#8221;#337e3b&#8221; header_4_font=&#8221;|700|||||||&#8221; header_4_text_align=&#8221;center&#8221; header_4_text_color=&#8221;#ce6b51&#8243; header_4_font_size=&#8221;20px&#8221; module_alignment=&#8221;center&#8221; custom_margin=&#8221;||||false|false&#8221; custom_margin_tablet=&#8221;||||false|false&#8221; custom_margin_phone=&#8221;20px||0px||false|false&#8221; custom_margin_last_edited=&#8221;on|phone&#8221; custom_padding=&#8221;||||false|false&#8221; locked=&#8221;off&#8221; global_colors_info=&#8221;{}&#8221;]<\/p>\n<h4>Mariela Rodr\u00edguez Bosio: Tesorera<\/h4>\n<p>[\/et_pb_text][et_pb_text _builder_version=&#8221;4.18.0&#8243; _module_preset=&#8221;default&#8221; text_orientation=&#8221;justified&#8221; custom_padding_tablet=&#8221;&#8221; custom_padding_phone=&#8221;|10px||10px|false|false&#8221; custom_padding_last_edited=&#8221;on|phone&#8221; global_colors_info=&#8221;{}&#8221;]<\/p>\n<p><em>Ser comunidad es SER con otros. La libertad de ser aut\u00e9nticamente uno mismo y sentirse recibido, con todo lo que uno trae (luces y sombras). En cada reuni\u00f3n de Consejo siento que la Comunidad es la respuesta porque con lo poco o mucho que cada uno es, trae y aporta, la vida cotidiana de la Fundaci\u00f3n, que nos llega, nos interpela, nos atraviesa y nos transforma.<\/em><\/p>\n<p>[\/et_pb_text][\/et_pb_column_inner][\/et_pb_row_inner][\/et_pb_column][\/et_pb_section][et_pb_section fb_built=&#8221;1&#8243; specialty=&#8221;on&#8221; _builder_version=&#8221;4.18.0&#8243; _module_preset=&#8221;default&#8221; background_color=&#8221;#fafafa&#8221; background_image=&#8221;https:\/\/anuario.fundacionfranciscana.org\/2025\/wp-content\/uploads\/2026\/02\/anillado.png&#8221; background_size=&#8221;initial&#8221; background_position=&#8221;center_left&#8221; background_repeat=&#8221;repeat-y&#8221; custom_margin=&#8221;0px||||false|false&#8221; custom_padding=&#8221;0px||||false|false&#8221; hover_enabled=&#8221;0&#8243; da_disable_devices=&#8221;off|off|off&#8221; global_colors_info=&#8221;{}&#8221; disabled_on=&#8221;on|on|off&#8221; sticky_enabled=&#8221;0&#8243; padding_1_last_edited=&#8221;on|phone&#8221; padding_1_phone=&#8221;0px||||false|false&#8221; padding_2_last_edited=&#8221;on|phone&#8221; padding_2_phone=&#8221;0px||||false|false&#8221; custom_margin_last_edited=&#8221;on|phone&#8221; custom_margin_phone=&#8221;-25px||||false|false&#8221; da_is_popup=&#8221;off&#8221; da_exit_intent=&#8221;off&#8221; da_has_close=&#8221;on&#8221; da_alt_close=&#8221;off&#8221; da_dark_close=&#8221;off&#8221; da_not_modal=&#8221;on&#8221; da_is_singular=&#8221;off&#8221; da_with_loader=&#8221;off&#8221; da_has_shadow=&#8221;on&#8221; custom_margin_tablet=&#8221;0px||||false|false&#8221;][et_pb_column type=&#8221;3_4&#8243; specialty_columns=&#8221;3&#8243; _builder_version=&#8221;4.16&#8243; custom_padding=&#8221;|||&#8221; global_colors_info=&#8221;{}&#8221; custom_padding__hover=&#8221;|||&#8221;][et_pb_row_inner column_structure=&#8221;1_2,1_2&#8243; _builder_version=&#8221;4.18.0&#8243; _module_preset=&#8221;default&#8221; custom_margin=&#8221;||||false|false&#8221; global_colors_info=&#8221;{}&#8221;][et_pb_column_inner type=&#8221;1_2&#8243; saved_specialty_column_type=&#8221;3_4&#8243; _builder_version=&#8221;4.18.0&#8243; _module_preset=&#8221;default&#8221; global_colors_info=&#8221;{}&#8221;][et_pb_image src=&#8221;https:\/\/anuario.fundacionfranciscana.org\/2025\/wp-content\/uploads\/2026\/02\/01-005.png&#8221; title_text=&#8221;01-005&#8243; show_bottom_space=&#8221;off&#8221; _builder_version=&#8221;4.18.0&#8243; _module_preset=&#8221;default&#8221; width=&#8221;50%&#8221; custom_margin=&#8221;||-60px||false|false&#8221; global_colors_info=&#8221;{}&#8221;][\/et_pb_image][\/et_pb_column_inner][et_pb_column_inner type=&#8221;1_2&#8243; saved_specialty_column_type=&#8221;3_4&#8243; _builder_version=&#8221;4.18.0&#8243; _module_preset=&#8221;default&#8221; global_colors_info=&#8221;{}&#8221;][et_pb_image src=&#8221;https:\/\/anuario.fundacionfranciscana.org\/2025\/wp-content\/uploads\/2026\/02\/01-009.png&#8221; title_text=&#8221;01-009&#8243; show_bottom_space=&#8221;off&#8221; align=&#8221;center&#8221; align_tablet=&#8221;center&#8221; align_phone=&#8221;right&#8221; align_last_edited=&#8221;on|phone&#8221; _builder_version=&#8221;4.18.0&#8243; _module_preset=&#8221;default&#8221; custom_margin=&#8221;-20px||-40px||false|false&#8221; custom_margin_tablet=&#8221;-20px||-40px||false|false&#8221; custom_margin_phone=&#8221;-50px||-40px||false|false&#8221; custom_margin_last_edited=&#8221;on|phone&#8221; global_colors_info=&#8221;{}&#8221;][\/et_pb_image][\/et_pb_column_inner][\/et_pb_row_inner][et_pb_row_inner _builder_version=&#8221;4.18.0&#8243; _module_preset=&#8221;default&#8221; custom_margin=&#8221;-100px||||false|false&#8221; custom_padding=&#8221;||||false|false&#8221; global_colors_info=&#8221;{}&#8221;][et_pb_column_inner saved_specialty_column_type=&#8221;3_4&#8243; _builder_version=&#8221;4.18.0&#8243; _module_preset=&#8221;default&#8221; custom_padding=&#8221;||||false|false&#8221; global_colors_info=&#8221;{}&#8221;][et_pb_text _builder_version=&#8221;4.18.0&#8243; _module_preset=&#8221;default&#8221; header_3_font=&#8221;|700|||||||&#8221; header_3_text_align=&#8221;center&#8221; header_3_text_color=&#8221;#337e3b&#8221; header_4_font=&#8221;|700|||||||&#8221; header_4_text_align=&#8221;center&#8221; header_4_text_color=&#8221;#e2b963&#8243; header_4_font_size=&#8221;20px&#8221; module_alignment=&#8221;center&#8221; custom_margin=&#8221;||||false|false&#8221; custom_margin_tablet=&#8221;||||false|false&#8221; custom_margin_phone=&#8221;20px||||false|false&#8221; custom_margin_last_edited=&#8221;on|phone&#8221; custom_padding=&#8221;||||false|false&#8221; locked=&#8221;off&#8221; global_colors_info=&#8221;{}&#8221;]<\/p>\n<h4>Ayel\u00e9n Russo: Vocal<\/h4>\n<p>[\/et_pb_text][et_pb_text _builder_version=&#8221;4.18.0&#8243; _module_preset=&#8221;default&#8221; text_orientation=&#8221;justified&#8221; custom_margin=&#8221;0px||||false|false&#8221; custom_padding=&#8221;|10px||10px|false|false&#8221; text_orientation_tablet=&#8221;&#8221; text_orientation_phone=&#8221;justified&#8221; text_orientation_last_edited=&#8221;on|phone&#8221; global_colors_info=&#8221;{}&#8221;]<\/p>\n<p><em>Entrego mi familia, mi profesi\u00f3n, mis momentos de descanso o trabajo en asistir al consejo en las cuestiones legales. <\/em><br \/><em>Sent\u00ed que la comunidad es la respuesta en todo momento cr\u00edtico donde las diferentes miradas permiten construir una decisi\u00f3n que trasluce mejor la voluntad del Padre. En dejarme impregnar de la mirada de otro que me suaviza, que me da ternura.<\/em><\/p>\n<p>[\/et_pb_text][\/et_pb_column_inner][\/et_pb_row_inner][\/et_pb_column][et_pb_column type=&#8221;1_4&#8243; _builder_version=&#8221;4.16&#8243; custom_padding=&#8221;|||&#8221; global_colors_info=&#8221;{}&#8221; custom_padding__hover=&#8221;|||&#8221;][et_pb_image src=&#8221;https:\/\/anuario.fundacionfranciscana.org\/2025\/wp-content\/uploads\/2026\/02\/Ayelen-Russo.png&#8221; title_text=&#8221;Ayel\u00e9n Russo&#8221; show_bottom_space=&#8221;off&#8221; align=&#8221;right&#8221; _builder_version=&#8221;4.18.0&#8243; _module_preset=&#8221;default&#8221; custom_margin_tablet=&#8221;&#8221; custom_margin_phone=&#8221;||40px||false|false&#8221; custom_margin_last_edited=&#8221;on|phone&#8221; locked=&#8221;off&#8221; global_colors_info=&#8221;{}&#8221;][\/et_pb_image][\/et_pb_column][\/et_pb_section][et_pb_section fb_built=&#8221;1&#8243; _builder_version=&#8221;4.18.0&#8243; _module_preset=&#8221;default&#8221; background_color=&#8221;#fafafa&#8221; background_image=&#8221;https:\/\/anuario.fundacionfranciscana.org\/2025\/wp-content\/uploads\/2026\/02\/anillado.png&#8221; background_size=&#8221;initial&#8221; background_position=&#8221;center_left&#8221; background_repeat=&#8221;repeat-y&#8221; custom_margin=&#8221;||||false|false&#8221; custom_padding=&#8221;||0px||false|false&#8221; disabled_on=&#8221;off|off|on&#8221; hover_enabled=&#8221;0&#8243; sticky_enabled=&#8221;0&#8243; locked=&#8221;off&#8221; custom_margin_last_edited=&#8221;on|phone&#8221; custom_padding_last_edited=&#8221;on|phone&#8221; custom_margin_phone=&#8221;-20px||||false|false&#8221; custom_padding_phone=&#8221;0px||||false|false&#8221; da_is_popup=&#8221;off&#8221; da_exit_intent=&#8221;off&#8221; da_has_close=&#8221;on&#8221; da_alt_close=&#8221;off&#8221; da_dark_close=&#8221;off&#8221; da_not_modal=&#8221;on&#8221; da_is_singular=&#8221;off&#8221; da_with_loader=&#8221;off&#8221; da_has_shadow=&#8221;on&#8221; da_disable_devices=&#8221;off|off|off&#8221; custom_margin_tablet=&#8221;||||false|false&#8221; custom_padding_tablet=&#8221;||0px||false|false&#8221;][et_pb_row column_structure=&#8221;1_4,3_4&#8243; use_custom_gutter=&#8221;on&#8221; gutter_width=&#8221;2&#8243; _builder_version=&#8221;4.18.0&#8243; _module_preset=&#8221;default&#8221; global_colors_info=&#8221;{}&#8221; locked=&#8221;off&#8221; theme_builder_area=&#8221;post_content&#8221;][et_pb_column type=&#8221;1_4&#8243; _builder_version=&#8221;4.18.0&#8243; _module_preset=&#8221;default&#8221; global_colors_info=&#8221;{}&#8221; theme_builder_area=&#8221;post_content&#8221;][et_pb_image src=&#8221;https:\/\/anuario.fundacionfranciscana.org\/2025\/wp-content\/uploads\/2026\/02\/Ayelen-Russo.png&#8221; title_text=&#8221;Ayel\u00e9n Russo&#8221; show_bottom_space=&#8221;off&#8221; align=&#8221;right&#8221; align_tablet=&#8221;right&#8221; align_phone=&#8221;center&#8221; align_last_edited=&#8221;on|phone&#8221; _builder_version=&#8221;4.18.0&#8243; _module_preset=&#8221;default&#8221; custom_margin_tablet=&#8221;&#8221; custom_margin_phone=&#8221;||||false|false&#8221; custom_margin_last_edited=&#8221;on|phone&#8221; hover_enabled=&#8221;0&#8243; locked=&#8221;off&#8221; global_colors_info=&#8221;{}&#8221; theme_builder_area=&#8221;post_content&#8221; sticky_enabled=&#8221;0&#8243;][\/et_pb_image][\/et_pb_column][et_pb_column type=&#8221;3_4&#8243; _builder_version=&#8221;4.18.0&#8243; _module_preset=&#8221;default&#8221; global_colors_info=&#8221;{}&#8221; theme_builder_area=&#8221;post_content&#8221;][et_pb_text _builder_version=&#8221;4.18.0&#8243; _module_preset=&#8221;default&#8221; header_3_font=&#8221;|700|||||||&#8221; header_3_text_align=&#8221;center&#8221; header_3_text_color=&#8221;#337e3b&#8221; header_4_font=&#8221;|700|||||||&#8221; header_4_text_align=&#8221;center&#8221; header_4_text_color=&#8221;#e2b963&#8243; header_4_font_size=&#8221;20px&#8221; module_alignment=&#8221;center&#8221; custom_margin=&#8221;||||false|false&#8221; custom_margin_tablet=&#8221;||||false|false&#8221; custom_margin_phone=&#8221;20px||0px||false|false&#8221; custom_margin_last_edited=&#8221;on|phone&#8221; custom_padding=&#8221;||||false|false&#8221; hover_enabled=&#8221;0&#8243; locked=&#8221;off&#8221; global_colors_info=&#8221;{}&#8221; theme_builder_area=&#8221;post_content&#8221; sticky_enabled=&#8221;0&#8243;]<\/p>\n<h4>Ayel\u00e9n Russo: Vocal<\/h4>\n<p>[\/et_pb_text][et_pb_image src=&#8221;https:\/\/anuario.fundacionfranciscana.org\/2025\/wp-content\/uploads\/2026\/02\/01-009.png&#8221; title_text=&#8221;01-004&#8243; align=&#8221;center&#8221; _builder_version=&#8221;4.18.0&#8243; _module_preset=&#8221;default&#8221; width=&#8221;25%&#8221; custom_margin=&#8221;-30px|-40px|-20px||false|false&#8221; custom_margin_tablet=&#8221;-30px|-40px|-20px||false|false&#8221; custom_margin_phone=&#8221;0px|0px|0px||false|false&#8221; custom_margin_last_edited=&#8221;on|phone&#8221; hover_enabled=&#8221;0&#8243; global_colors_info=&#8221;{}&#8221; theme_builder_area=&#8221;post_content&#8221; sticky_enabled=&#8221;0&#8243; width_last_edited=&#8221;on|phone&#8221; width_phone=&#8221;40px&#8221; module_alignment=&#8221;center&#8221; width_tablet=&#8221;25%&#8221;][\/et_pb_image][et_pb_text _builder_version=&#8221;4.18.0&#8243; _module_preset=&#8221;default&#8221; custom_padding=&#8221;|60px|||false|false&#8221; custom_padding_tablet=&#8221;|60px|||false|false&#8221; custom_padding_phone=&#8221;|10px||10px|false|false&#8221; custom_padding_last_edited=&#8221;on|phone&#8221; hover_enabled=&#8221;0&#8243; global_colors_info=&#8221;{}&#8221; theme_builder_area=&#8221;post_content&#8221; custom_margin=&#8221;||30px||false|false&#8221; sticky_enabled=&#8221;0&#8243;]<\/p>\n<p><em>Entrego mi familia, mi profesi\u00f3n, mis momentos de descanso o trabajo en asistir al consejo en las cuestiones legales. <\/em><br \/><em>Sent\u00ed que la comunidad es la respuesta en todo momento cr\u00edtico donde las diferentes miradas permiten construir una decisi\u00f3n que trasluce mejor la voluntad del Padre. En dejarme impregnar de la mirada de otro que me suaviza, que me da ternura.<\/em><\/p>\n<p>[\/et_pb_text][\/et_pb_column][\/et_pb_row][\/et_pb_section][et_pb_section fb_built=&#8221;1&#8243; specialty=&#8221;on&#8221; _builder_version=&#8221;4.18.0&#8243; _module_preset=&#8221;default&#8221; background_color=&#8221;#fafafa&#8221; background_image=&#8221;https:\/\/anuario.fundacionfranciscana.org\/2025\/wp-content\/uploads\/2026\/02\/anillado.png&#8221; background_size=&#8221;initial&#8221; background_position=&#8221;center_left&#8221; background_repeat=&#8221;repeat-y&#8221; custom_margin=&#8221;||20px||false|false&#8221; custom_padding=&#8221;0px||||false|false&#8221; da_disable_devices=&#8221;off|off|off&#8221; global_colors_info=&#8221;{}&#8221; da_is_popup=&#8221;off&#8221; da_exit_intent=&#8221;off&#8221; da_has_close=&#8221;on&#8221; da_alt_close=&#8221;off&#8221; da_dark_close=&#8221;off&#8221; da_not_modal=&#8221;on&#8221; da_is_singular=&#8221;off&#8221; da_with_loader=&#8221;off&#8221; da_has_shadow=&#8221;on&#8221;][et_pb_column type=&#8221;1_4&#8243; _builder_version=&#8221;4.16&#8243; custom_padding=&#8221;|||&#8221; global_colors_info=&#8221;{}&#8221; custom_padding__hover=&#8221;|||&#8221;][et_pb_image src=&#8221;https:\/\/anuario.fundacionfranciscana.org\/2025\/wp-content\/uploads\/2026\/02\/Lucia-Moline.png&#8221; title_text=&#8221;Luc\u00eda Molin\u00e9&#8221; align=&#8221;right&#8221; show_bottom_space_tablet=&#8221;&#8221; show_bottom_space_phone=&#8221;off&#8221; show_bottom_space_last_edited=&#8221;on|phone&#8221; _builder_version=&#8221;4.18.0&#8243; _module_preset=&#8221;default&#8221; custom_margin=&#8221;||-40px||false|false&#8221; locked=&#8221;off&#8221; global_colors_info=&#8221;{}&#8221;][\/et_pb_image][\/et_pb_column][et_pb_column type=&#8221;3_4&#8243; specialty_columns=&#8221;3&#8243; _builder_version=&#8221;4.16&#8243; custom_padding=&#8221;|||&#8221; global_colors_info=&#8221;{}&#8221; custom_padding__hover=&#8221;|||&#8221;][et_pb_row_inner column_structure=&#8221;1_2,1_2&#8243; _builder_version=&#8221;4.18.0&#8243; _module_preset=&#8221;default&#8221; custom_margin=&#8221;||||false|false&#8221; locked=&#8221;off&#8221; collapsed=&#8221;off&#8221; global_colors_info=&#8221;{}&#8221;][et_pb_column_inner type=&#8221;1_2&#8243; saved_specialty_column_type=&#8221;3_4&#8243; _builder_version=&#8221;4.18.0&#8243; _module_preset=&#8221;default&#8221; global_colors_info=&#8221;{}&#8221;][et_pb_image src=&#8221;https:\/\/anuario.fundacionfranciscana.org\/2025\/wp-content\/uploads\/2026\/02\/01-010.png&#8221; title_text=&#8221;01-010&#8243; show_bottom_space=&#8221;off&#8221; _builder_version=&#8221;4.18.0&#8243; _module_preset=&#8221;default&#8221; width=&#8221;50%&#8221; custom_margin=&#8221;||-40px||false|false&#8221; global_colors_info=&#8221;{}&#8221;][\/et_pb_image][\/et_pb_column_inner][et_pb_column_inner type=&#8221;1_2&#8243; saved_specialty_column_type=&#8221;3_4&#8243; _builder_version=&#8221;4.18.0&#8243; _module_preset=&#8221;default&#8221; global_colors_info=&#8221;{}&#8221;][et_pb_image src=&#8221;https:\/\/anuario.fundacionfranciscana.org\/2025\/wp-content\/uploads\/2026\/02\/01-004.png&#8221; title_text=&#8221;01-008&#8243; show_bottom_space=&#8221;off&#8221; align=&#8221;right&#8221; _builder_version=&#8221;4.18.0&#8243; _module_preset=&#8221;default&#8221; width_tablet=&#8221;&#8221; width_phone=&#8221;&#8221; width_last_edited=&#8221;on|phone&#8221; custom_margin=&#8221;-20px||-40px||false|false&#8221; custom_margin_tablet=&#8221;-20px||-40px||false|false&#8221; custom_margin_phone=&#8221;-40px||||false|false&#8221; custom_margin_last_edited=&#8221;on|phone&#8221; global_colors_info=&#8221;{}&#8221;][\/et_pb_image][\/et_pb_column_inner][\/et_pb_row_inner][et_pb_row_inner _builder_version=&#8221;4.18.0&#8243; _module_preset=&#8221;default&#8221; custom_margin=&#8221;-100px||||false|false&#8221; custom_padding=&#8221;||||false|false&#8221; locked=&#8221;off&#8221; global_colors_info=&#8221;{}&#8221;][et_pb_column_inner saved_specialty_column_type=&#8221;3_4&#8243; _builder_version=&#8221;4.18.0&#8243; _module_preset=&#8221;default&#8221; custom_padding=&#8221;||||false|false&#8221; global_colors_info=&#8221;{}&#8221;][et_pb_text _builder_version=&#8221;4.18.0&#8243; _module_preset=&#8221;default&#8221; header_3_font=&#8221;|700|||||||&#8221; header_3_text_align=&#8221;center&#8221; header_3_text_color=&#8221;#337e3b&#8221; header_4_font=&#8221;|700|||||||&#8221; header_4_text_align=&#8221;center&#8221; header_4_text_color=&#8221;#ce6b51&#8243; header_4_font_size=&#8221;20px&#8221; module_alignment=&#8221;center&#8221; custom_margin=&#8221;||||false|false&#8221; custom_margin_tablet=&#8221;||||false|false&#8221; custom_margin_phone=&#8221;20px||0px||false|false&#8221; custom_margin_last_edited=&#8221;on|phone&#8221; custom_padding=&#8221;||||false|false&#8221; locked=&#8221;off&#8221; global_colors_info=&#8221;{}&#8221;]<\/p>\n<h4>Luc\u00eda Molin\u00e9: Vocal<\/h4>\n<p>[\/et_pb_text][et_pb_text _builder_version=&#8221;4.18.0&#8243; _module_preset=&#8221;default&#8221; text_orientation=&#8221;justified&#8221; custom_padding_tablet=&#8221;&#8221; custom_padding_phone=&#8221;|||10px|false|false&#8221; custom_padding_last_edited=&#8221;on|phone&#8221; text_orientation_tablet=&#8221;&#8221; text_orientation_phone=&#8221;justified&#8221; text_orientation_last_edited=&#8221;on|phone&#8221; global_colors_info=&#8221;{}&#8221;]<\/p>\n<p><em>Este a\u00f1o la comunidad fue respuesta en muchos momentos de incertidumbre; fueron luz y gu\u00eda con su trabajo en equipo y entusiasmo sorprendi\u00e9ndonos con cada uno de sus logros y renovando nuestra esperanza. Esperamos seguir creciendo juntos en el 2026 con la bendici\u00f3n de Francisco.<\/em><\/p>\n<p>[\/et_pb_text][\/et_pb_column_inner][\/et_pb_row_inner][\/et_pb_column][\/et_pb_section][et_pb_section fb_built=&#8221;1&#8243; specialty=&#8221;on&#8221; _builder_version=&#8221;4.18.0&#8243; _module_preset=&#8221;default&#8221; background_color=&#8221;#fafafa&#8221; background_image=&#8221;https:\/\/anuario.fundacionfranciscana.org\/2025\/wp-content\/uploads\/2026\/02\/anillado.png&#8221; background_size=&#8221;initial&#8221; background_position=&#8221;center_left&#8221; background_repeat=&#8221;repeat-y&#8221; custom_margin=&#8221;0px||||false|false&#8221; custom_padding=&#8221;0px||||false|false&#8221; hover_enabled=&#8221;0&#8243; da_disable_devices=&#8221;off|off|off&#8221; global_colors_info=&#8221;{}&#8221; disabled_on=&#8221;on|on|off&#8221; sticky_enabled=&#8221;0&#8243; da_is_popup=&#8221;off&#8221; da_exit_intent=&#8221;off&#8221; da_has_close=&#8221;on&#8221; da_alt_close=&#8221;off&#8221; da_dark_close=&#8221;off&#8221; da_not_modal=&#8221;on&#8221; da_is_singular=&#8221;off&#8221; da_with_loader=&#8221;off&#8221; da_has_shadow=&#8221;on&#8221;][et_pb_column type=&#8221;3_4&#8243; specialty_columns=&#8221;3&#8243; _builder_version=&#8221;4.16&#8243; custom_padding=&#8221;|||&#8221; global_colors_info=&#8221;{}&#8221; custom_padding__hover=&#8221;|||&#8221;][et_pb_row_inner column_structure=&#8221;1_2,1_2&#8243; custom_padding_last_edited=&#8221;on|phone&#8221; _builder_version=&#8221;4.18.0&#8243; _module_preset=&#8221;default&#8221; custom_margin=&#8221;||||false|false&#8221; custom_margin_tablet=&#8221;||||false|false&#8221; custom_margin_phone=&#8221;0px||||false|false&#8221; custom_margin_last_edited=&#8221;on|phone&#8221; custom_padding_tablet=&#8221;&#8221; custom_padding_phone=&#8221;0px||||false|false&#8221; global_colors_info=&#8221;{}&#8221;][et_pb_column_inner type=&#8221;1_2&#8243; saved_specialty_column_type=&#8221;3_4&#8243; _builder_version=&#8221;4.18.0&#8243; _module_preset=&#8221;default&#8221; global_colors_info=&#8221;{}&#8221;][et_pb_image src=&#8221;https:\/\/anuario.fundacionfranciscana.org\/2025\/wp-content\/uploads\/2026\/02\/01-005.png&#8221; title_text=&#8221;01-005&#8243; show_bottom_space=&#8221;off&#8221; _builder_version=&#8221;4.18.0&#8243; _module_preset=&#8221;default&#8221; width=&#8221;50%&#8221; custom_margin=&#8221;||-60px||false|false&#8221; global_colors_info=&#8221;{}&#8221;][\/et_pb_image][\/et_pb_column_inner][et_pb_column_inner type=&#8221;1_2&#8243; saved_specialty_column_type=&#8221;3_4&#8243; _builder_version=&#8221;4.18.0&#8243; _module_preset=&#8221;default&#8221; global_colors_info=&#8221;{}&#8221;][et_pb_image src=&#8221;https:\/\/anuario.fundacionfranciscana.org\/2025\/wp-content\/uploads\/2026\/02\/01-011.png&#8221; title_text=&#8221;01-011&#8243; show_bottom_space=&#8221;off&#8221; align=&#8221;right&#8221; _builder_version=&#8221;4.18.0&#8243; _module_preset=&#8221;default&#8221; custom_margin=&#8221;-20px||-40px||false|false&#8221; custom_margin_tablet=&#8221;-20px||-40px||false|false&#8221; custom_margin_phone=&#8221;-80px||10px||false|false&#8221; custom_margin_last_edited=&#8221;on|phone&#8221; global_colors_info=&#8221;{}&#8221;][\/et_pb_image][\/et_pb_column_inner][\/et_pb_row_inner][et_pb_row_inner _builder_version=&#8221;4.18.0&#8243; _module_preset=&#8221;default&#8221; custom_margin=&#8221;-100px||||false|false&#8221; custom_padding=&#8221;||||false|false&#8221; global_colors_info=&#8221;{}&#8221;][et_pb_column_inner saved_specialty_column_type=&#8221;3_4&#8243; _builder_version=&#8221;4.18.0&#8243; _module_preset=&#8221;default&#8221; custom_padding=&#8221;||||false|false&#8221; global_colors_info=&#8221;{}&#8221;][et_pb_text _builder_version=&#8221;4.18.0&#8243; _module_preset=&#8221;default&#8221; header_3_font=&#8221;|700|||||||&#8221; header_3_text_align=&#8221;center&#8221; header_3_text_color=&#8221;#337e3b&#8221; header_4_font=&#8221;|700|||||||&#8221; header_4_text_align=&#8221;center&#8221; header_4_text_color=&#8221;#683b15&#8243; header_4_font_size=&#8221;20px&#8221; module_alignment=&#8221;center&#8221; custom_margin=&#8221;||||false|false&#8221; custom_margin_tablet=&#8221;||||false|false&#8221; custom_margin_phone=&#8221;||10px||false|false&#8221; custom_margin_last_edited=&#8221;on|phone&#8221; custom_padding=&#8221;||||false|false&#8221; text_orientation_tablet=&#8221;&#8221; text_orientation_phone=&#8221;left&#8221; text_orientation_last_edited=&#8221;on|phone&#8221; locked=&#8221;off&#8221; global_colors_info=&#8221;{}&#8221;]<\/p>\n<h4>Fr Claudio Equiza: Vocal<\/h4>\n<p>[\/et_pb_text][et_pb_text _builder_version=&#8221;4.18.0&#8243; _module_preset=&#8221;default&#8221; text_orientation=&#8221;justified&#8221; custom_padding_tablet=&#8221;&#8221; custom_padding_phone=&#8221;|10px||10px|false|false&#8221; custom_padding_last_edited=&#8221;on|phone&#8221; text_orientation_phone=&#8221;justified&#8221; text_orientation_last_edited=&#8221;off|desktop&#8221; global_colors_info=&#8221;{}&#8221;]<\/p>\n<p><em>\u201cLa comunidad es nuestra respuesta\u201d <\/em><br \/><em>Este a\u00f1o nos acompa\u00f1\u00f3 este lema, intentando m\u00e1s que lema a repetir, sea experiencia a compartir. <\/em><br \/><em>En la gran familia que es la Orden Franciscana nos atraves\u00f3 el centenario de la escritura del C\u00e1ntico de las Creaturas por Francisco. <\/em><br \/><em>Marco esto porque la respuesta de hacer comunidad, de vivir la fraternidad no se plenifica si no nos conduce a la acci\u00f3n de gracias. Y el C\u00e1ntico es eso, una enorme acci\u00f3n de gracias a todo, a todos. Que brota de hacer presente todo, todo, todos. <\/em><br \/><em>Brota la experiencia y hace presente la comunidad, es saber que no estamos solos. Que cada uno de los que formamos partes de esta gran comunidad, fraternidad, familia, queremos tener los ojos abiertos, el coraz\u00f3n atento y las manos dispuestas. Cada uno desde su particularidad y aportando desde su individualidad vamos formando esta obra bella que en Jes\u00fas y Francisco cobran sentido. <\/em><br \/><em>No estamos solos, no estamos de cualquier manera, no es indiferente el hermano. <\/em><br \/><em>Somos comunidad, estamos comprometidos y atentos, compasivos en una presencia activa y agradecida. Feliz Epifan\u00eda de Navidad!!! Feliz fin de A\u00f1o agradeciendo y feliz comienzo del nuevo Esperanzado!!!!<\/em><\/p>\n<p>[\/et_pb_text][\/et_pb_column_inner][\/et_pb_row_inner][\/et_pb_column][et_pb_column type=&#8221;1_4&#8243; _builder_version=&#8221;4.16&#8243; custom_padding=&#8221;|||&#8221; global_colors_info=&#8221;{}&#8221; custom_padding__hover=&#8221;|||&#8221;][et_pb_image src=&#8221;https:\/\/anuario.fundacionfranciscana.org\/2025\/wp-content\/uploads\/2026\/02\/Fr-Claudio-Equiza.png&#8221; title_text=&#8221;Fr Claudio Equiza&#8221; show_bottom_space=&#8221;off&#8221; align=&#8221;right&#8221; align_tablet=&#8221;right&#8221; align_phone=&#8221;center&#8221; align_last_edited=&#8221;on|phone&#8221; _builder_version=&#8221;4.18.0&#8243; _module_preset=&#8221;default&#8221; custom_margin_tablet=&#8221;&#8221; custom_margin_phone=&#8221;-20px||40px||false|false&#8221; custom_margin_last_edited=&#8221;on|phone&#8221; locked=&#8221;off&#8221; global_colors_info=&#8221;{}&#8221;][\/et_pb_image][\/et_pb_column][\/et_pb_section][et_pb_section fb_built=&#8221;1&#8243; _builder_version=&#8221;4.18.0&#8243; _module_preset=&#8221;default&#8221; background_color=&#8221;#fafafa&#8221; background_image=&#8221;https:\/\/anuario.fundacionfranciscana.org\/2025\/wp-content\/uploads\/2026\/02\/anillado.png&#8221; background_size=&#8221;initial&#8221; background_position=&#8221;center_left&#8221; background_repeat=&#8221;repeat-y&#8221; custom_margin=&#8221;||||false|false&#8221; custom_padding=&#8221;||0px||false|false&#8221; disabled_on=&#8221;off|off|on&#8221; hover_enabled=&#8221;0&#8243; sticky_enabled=&#8221;0&#8243; locked=&#8221;off&#8221; custom_margin_last_edited=&#8221;on|phone&#8221; custom_padding_last_edited=&#8221;on|phone&#8221; custom_margin_phone=&#8221;-30px||||false|false&#8221; custom_padding_phone=&#8221;0px||||false|false&#8221; da_is_popup=&#8221;off&#8221; da_exit_intent=&#8221;off&#8221; da_has_close=&#8221;on&#8221; da_alt_close=&#8221;off&#8221; da_dark_close=&#8221;off&#8221; da_not_modal=&#8221;on&#8221; da_is_singular=&#8221;off&#8221; da_with_loader=&#8221;off&#8221; da_has_shadow=&#8221;on&#8221; da_disable_devices=&#8221;off|off|off&#8221; custom_margin_tablet=&#8221;||||false|false&#8221; custom_padding_tablet=&#8221;||0px||false|false&#8221;][et_pb_row column_structure=&#8221;1_4,3_4&#8243; use_custom_gutter=&#8221;on&#8221; gutter_width=&#8221;2&#8243; _builder_version=&#8221;4.18.0&#8243; _module_preset=&#8221;default&#8221; global_colors_info=&#8221;{}&#8221; locked=&#8221;off&#8221; theme_builder_area=&#8221;post_content&#8221;][et_pb_column type=&#8221;1_4&#8243; _builder_version=&#8221;4.18.0&#8243; _module_preset=&#8221;default&#8221; global_colors_info=&#8221;{}&#8221; theme_builder_area=&#8221;post_content&#8221;][et_pb_image src=&#8221;https:\/\/anuario.fundacionfranciscana.org\/2025\/wp-content\/uploads\/2026\/02\/Fr-Claudio-Equiza.png&#8221; title_text=&#8221;Fr Claudio Equiza&#8221; show_bottom_space=&#8221;off&#8221; align=&#8221;right&#8221; align_tablet=&#8221;right&#8221; align_phone=&#8221;center&#8221; align_last_edited=&#8221;on|phone&#8221; _builder_version=&#8221;4.18.0&#8243; _module_preset=&#8221;default&#8221; custom_margin_tablet=&#8221;&#8221; custom_margin_phone=&#8221;||||false|false&#8221; custom_margin_last_edited=&#8221;on|phone&#8221; hover_enabled=&#8221;0&#8243; locked=&#8221;off&#8221; global_colors_info=&#8221;{}&#8221; theme_builder_area=&#8221;post_content&#8221; sticky_enabled=&#8221;0&#8243;][\/et_pb_image][\/et_pb_column][et_pb_column type=&#8221;3_4&#8243; _builder_version=&#8221;4.18.0&#8243; _module_preset=&#8221;default&#8221; global_colors_info=&#8221;{}&#8221; theme_builder_area=&#8221;post_content&#8221;][et_pb_text _builder_version=&#8221;4.18.0&#8243; _module_preset=&#8221;default&#8221; header_3_font=&#8221;|700|||||||&#8221; header_3_text_align=&#8221;center&#8221; header_3_text_color=&#8221;#337e3b&#8221; header_4_font=&#8221;|700|||||||&#8221; header_4_text_align=&#8221;center&#8221; header_4_text_color=&#8221;#683b15&#8243; header_4_font_size=&#8221;20px&#8221; module_alignment=&#8221;center&#8221; custom_margin=&#8221;||||false|false&#8221; custom_margin_tablet=&#8221;||||false|false&#8221; custom_margin_phone=&#8221;||10px||false|false&#8221; custom_margin_last_edited=&#8221;on|phone&#8221; custom_padding=&#8221;||||false|false&#8221; text_orientation_tablet=&#8221;&#8221; text_orientation_phone=&#8221;left&#8221; text_orientation_last_edited=&#8221;on|phone&#8221; locked=&#8221;off&#8221; global_colors_info=&#8221;{}&#8221; theme_builder_area=&#8221;post_content&#8221;]<\/p>\n<h4>Fr Claudio Equiza: Vocal<\/h4>\n<p>[\/et_pb_text][et_pb_image src=&#8221;https:\/\/anuario.fundacionfranciscana.org\/2025\/wp-content\/uploads\/2026\/02\/01-011.png&#8221; title_text=&#8221;01-004&#8243; align=&#8221;center&#8221; _builder_version=&#8221;4.18.0&#8243; _module_preset=&#8221;default&#8221; width=&#8221;25%&#8221; custom_margin=&#8221;-30px|-40px|-20px||false|false&#8221; custom_margin_tablet=&#8221;-30px|-40px|-20px||false|false&#8221; custom_margin_phone=&#8221;0px|0px|0px||false|false&#8221; custom_margin_last_edited=&#8221;on|phone&#8221; hover_enabled=&#8221;0&#8243; global_colors_info=&#8221;{}&#8221; theme_builder_area=&#8221;post_content&#8221; sticky_enabled=&#8221;0&#8243; width_last_edited=&#8221;on|phone&#8221; width_phone=&#8221;40px&#8221; module_alignment=&#8221;center&#8221; width_tablet=&#8221;25%&#8221;][\/et_pb_image][et_pb_text _builder_version=&#8221;4.18.0&#8243; _module_preset=&#8221;default&#8221; custom_padding=&#8221;|60px|||false|false&#8221; custom_padding_tablet=&#8221;|60px|||false|false&#8221; custom_padding_phone=&#8221;|10px||10px|false|false&#8221; custom_padding_last_edited=&#8221;on|phone&#8221; hover_enabled=&#8221;0&#8243; global_colors_info=&#8221;{}&#8221; theme_builder_area=&#8221;post_content&#8221; custom_margin=&#8221;||30px||false|false&#8221; sticky_enabled=&#8221;0&#8243;]<\/p>\n<p><em>\u201cLa comunidad es nuestra respuesta\u201d <\/em><br \/><em>Este a\u00f1o nos acompa\u00f1\u00f3 este lema, intentando m\u00e1s que lema a repetir, sea experiencia a compartir. <\/em><br \/><em>En la gran familia que es la Orden Franciscana nos atraves\u00f3 el centenario de la escritura del C\u00e1ntico de las Creaturas por Francisco. <\/em><br \/><em>Marco esto porque la respuesta de hacer comunidad, de vivir la fraternidad no se plenifica si no nos conduce a la acci\u00f3n de gracias. Y el C\u00e1ntico es eso, una enorme acci\u00f3n de gracias a todo, a todos. Que brota de hacer presente todo, todo, todos. <\/em><br \/><em>Brota la experiencia y hace presente la comunidad, es saber que no estamos solos. Que cada uno de los que formamos partes de esta gran comunidad, fraternidad, familia, queremos tener los ojos abiertos, el coraz\u00f3n atento y las manos dispuestas. Cada uno desde su particularidad y aportando desde su individualidad vamos formando esta obra bella que en Jes\u00fas y Francisco cobran sentido. <\/em><br \/><em>No estamos solos, no estamos de cualquier manera, no es indiferente el hermano. <\/em><br \/><em>Somos comunidad, estamos comprometidos y atentos, compasivos en una presencia activa y agradecida. Feliz Epifan\u00eda de Navidad!!! Feliz fin de A\u00f1o agradeciendo y feliz comienzo del nuevo Esperanzado!!!!<\/em><\/p>\n<p>[\/et_pb_text][\/et_pb_column][\/et_pb_row][\/et_pb_section][et_pb_section fb_built=&#8221;1&#8243; specialty=&#8221;on&#8221; _builder_version=&#8221;4.18.0&#8243; _module_preset=&#8221;default&#8221; background_color=&#8221;#fafafa&#8221; background_image=&#8221;https:\/\/anuario.fundacionfranciscana.org\/2025\/wp-content\/uploads\/2026\/02\/anillado.png&#8221; background_size=&#8221;initial&#8221; background_position=&#8221;center_left&#8221; background_repeat=&#8221;repeat-y&#8221; custom_margin=&#8221;||20px||false|false&#8221; custom_margin_tablet=&#8221;||20px||false|false&#8221; custom_margin_phone=&#8221;||0px||false|false&#8221; custom_margin_last_edited=&#8221;on|phone&#8221; custom_padding=&#8221;0px||||false|false&#8221; da_disable_devices=&#8221;off|off|off&#8221; global_colors_info=&#8221;{}&#8221; da_is_popup=&#8221;off&#8221; da_exit_intent=&#8221;off&#8221; da_has_close=&#8221;on&#8221; da_alt_close=&#8221;off&#8221; da_dark_close=&#8221;off&#8221; da_not_modal=&#8221;on&#8221; da_is_singular=&#8221;off&#8221; da_with_loader=&#8221;off&#8221; da_has_shadow=&#8221;on&#8221;][et_pb_column type=&#8221;1_4&#8243; _builder_version=&#8221;4.16&#8243; custom_padding=&#8221;|||&#8221; global_colors_info=&#8221;{}&#8221; custom_padding__hover=&#8221;|||&#8221;][et_pb_image src=&#8221;https:\/\/anuario.fundacionfranciscana.org\/2025\/wp-content\/uploads\/2026\/02\/Jorge-Del-Priore.png&#8221; title_text=&#8221;Jorge Del Priore&#8221; show_bottom_space=&#8221;off&#8221; align=&#8221;right&#8221; align_tablet=&#8221;right&#8221; align_phone=&#8221;center&#8221; align_last_edited=&#8221;on|phone&#8221; _builder_version=&#8221;4.18.0&#8243; _module_preset=&#8221;default&#8221; custom_margin_tablet=&#8221;&#8221; custom_margin_phone=&#8221;||-40px||false|false&#8221; custom_margin_last_edited=&#8221;on|phone&#8221; custom_padding=&#8221;||0px||false|false&#8221; locked=&#8221;off&#8221; global_colors_info=&#8221;{}&#8221;][\/et_pb_image][\/et_pb_column][et_pb_column type=&#8221;3_4&#8243; specialty_columns=&#8221;3&#8243; _builder_version=&#8221;4.16&#8243; custom_padding=&#8221;|||&#8221; global_colors_info=&#8221;{}&#8221; custom_padding__hover=&#8221;|||&#8221;][et_pb_row_inner column_structure=&#8221;1_2,1_2&#8243; _builder_version=&#8221;4.18.0&#8243; _module_preset=&#8221;default&#8221; custom_margin=&#8221;||||false|false&#8221; hover_enabled=&#8221;0&#8243; locked=&#8221;off&#8221; collapsed=&#8221;off&#8221; global_colors_info=&#8221;{}&#8221; custom_padding_last_edited=&#8221;on|phone&#8221; custom_padding_phone=&#8221;0px||||false|false&#8221; sticky_enabled=&#8221;0&#8243;][et_pb_column_inner type=&#8221;1_2&#8243; saved_specialty_column_type=&#8221;3_4&#8243; _builder_version=&#8221;4.18.0&#8243; _module_preset=&#8221;default&#8221; global_colors_info=&#8221;{}&#8221;][et_pb_image src=&#8221;https:\/\/anuario.fundacionfranciscana.org\/2025\/wp-content\/uploads\/2026\/02\/01-012.png&#8221; title_text=&#8221;01-012&#8243; show_bottom_space=&#8221;off&#8221; _builder_version=&#8221;4.18.0&#8243; _module_preset=&#8221;default&#8221; width=&#8221;50%&#8221; custom_margin=&#8221;||-30px||false|false&#8221; hover_enabled=&#8221;0&#8243; global_colors_info=&#8221;{}&#8221; width_last_edited=&#8221;on|phone&#8221; width_phone=&#8221;50px&#8221; custom_margin_last_edited=&#8221;on|phone&#8221; custom_margin_phone=&#8221;||0px||false|false&#8221; sticky_enabled=&#8221;0&#8243; width_tablet=&#8221;50%&#8221; custom_margin_tablet=&#8221;||-30px||false|false&#8221;][\/et_pb_image][\/et_pb_column_inner][et_pb_column_inner type=&#8221;1_2&#8243; saved_specialty_column_type=&#8221;3_4&#8243; _builder_version=&#8221;4.18.0&#8243; _module_preset=&#8221;default&#8221; global_colors_info=&#8221;{}&#8221;][et_pb_image src=&#8221;https:\/\/anuario.fundacionfranciscana.org\/2025\/wp-content\/uploads\/2026\/02\/01-013.png&#8221; title_text=&#8221;01-013&#8243; show_bottom_space=&#8221;off&#8221; align=&#8221;right&#8221; _builder_version=&#8221;4.18.0&#8243; _module_preset=&#8221;default&#8221; custom_margin=&#8221;0px||-50px||false|false&#8221; custom_margin_tablet=&#8221;0px||-50px||false|false&#8221; custom_margin_phone=&#8221;-70px||0px||false|false&#8221; custom_margin_last_edited=&#8221;on|phone&#8221; hover_enabled=&#8221;0&#8243; global_colors_info=&#8221;{}&#8221; width_last_edited=&#8221;on|phone&#8221; width_phone=&#8221;50px&#8221; sticky_enabled=&#8221;0&#8243;][\/et_pb_image][\/et_pb_column_inner][\/et_pb_row_inner][et_pb_row_inner _builder_version=&#8221;4.18.0&#8243; _module_preset=&#8221;default&#8221; custom_margin=&#8221;-100px||||false|false&#8221; custom_padding=&#8221;||||false|false&#8221; locked=&#8221;off&#8221; global_colors_info=&#8221;{}&#8221;][et_pb_column_inner saved_specialty_column_type=&#8221;3_4&#8243; _builder_version=&#8221;4.18.0&#8243; _module_preset=&#8221;default&#8221; custom_padding=&#8221;||||false|false&#8221; global_colors_info=&#8221;{}&#8221;][et_pb_text _builder_version=&#8221;4.18.0&#8243; _module_preset=&#8221;default&#8221; header_3_font=&#8221;|700|||||||&#8221; header_3_text_align=&#8221;center&#8221; header_3_text_color=&#8221;#337e3b&#8221; header_4_font=&#8221;|700|||||||&#8221; header_4_text_align=&#8221;center&#8221; header_4_text_color=&#8221;#425168&#8243; header_4_font_size=&#8221;20px&#8221; module_alignment=&#8221;center&#8221; custom_margin=&#8221;||||false|false&#8221; custom_margin_tablet=&#8221;||||false|false&#8221; custom_margin_phone=&#8221;-10px||10px||false|false&#8221; custom_margin_last_edited=&#8221;on|phone&#8221; custom_padding=&#8221;||||false|false&#8221; locked=&#8221;off&#8221; global_colors_info=&#8221;{}&#8221;]<\/p>\n<h4>\u00a0Jorge Del Priore: Vocal<\/h4>\n<p>[\/et_pb_text][et_pb_text _builder_version=&#8221;4.18.0&#8243; _module_preset=&#8221;default&#8221; custom_padding=&#8221;|10px||10px|false|false&#8221; text_orientation_tablet=&#8221;&#8221; text_orientation_phone=&#8221;justified&#8221; text_orientation_last_edited=&#8221;on|phone&#8221; global_colors_info=&#8221;{}&#8221;]<\/p>\n<p>Una de nuestras tarea es trabajar por la sustentabilidad de la Fundaci\u00f3n para poder seguir creciendo en comunidad.<\/p>\n<p>[\/et_pb_text][\/et_pb_column_inner][\/et_pb_row_inner][\/et_pb_column][\/et_pb_section][et_pb_section fb_built=&#8221;1&#8243; _builder_version=&#8221;4.18.0&#8243; _module_preset=&#8221;default&#8221; background_color=&#8221;#fafafa&#8221; background_image=&#8221;https:\/\/anuario.fundacionfranciscana.org\/2025\/wp-content\/uploads\/2026\/02\/anillado.png&#8221; background_size=&#8221;initial&#8221; background_position=&#8221;center_left&#8221; background_repeat=&#8221;repeat-y&#8221; custom_margin=&#8221;||||false|false&#8221; custom_padding=&#8221;0px||||false|false&#8221; da_disable_devices=&#8221;off|off|off&#8221; global_colors_info=&#8221;{}&#8221; da_is_popup=&#8221;off&#8221; da_exit_intent=&#8221;off&#8221; da_has_close=&#8221;on&#8221; da_alt_close=&#8221;off&#8221; da_dark_close=&#8221;off&#8221; da_not_modal=&#8221;on&#8221; da_is_singular=&#8221;off&#8221; da_with_loader=&#8221;off&#8221; da_has_shadow=&#8221;on&#8221;][et_pb_row _builder_version=&#8221;4.18.0&#8243; _module_preset=&#8221;default&#8221; custom_margin=&#8221;||||false|false&#8221; custom_padding=&#8221;|||20px|false|false&#8221; global_colors_info=&#8221;{}&#8221;][et_pb_column type=&#8221;4_4&#8243; _builder_version=&#8221;4.18.0&#8243; _module_preset=&#8221;default&#8221; global_colors_info=&#8221;{}&#8221;][et_pb_text _builder_version=&#8221;4.18.0&#8243; _module_preset=&#8221;default&#8221; header_4_text_align=&#8221;center&#8221; header_4_text_color=&#8221;#683b15&#8243; header_4_font_size=&#8221;1.3em&#8221; header_4_line_height=&#8221;1.3em&#8221; width=&#8221;80%&#8221; module_alignment=&#8221;center&#8221; global_colors_info=&#8221;{}&#8221;]<\/p>\n<h4>Gracias de coraz\u00f3n por ser parte, por caminar junto a nosotros, por sostenernos como hermanos y hermanas, y por mirarnos siempre con ternura.<\/h4>\n<p>[\/et_pb_text][et_pb_image src=&#8221;https:\/\/anuario.fundacionfranciscana.org\/2025\/wp-content\/uploads\/2026\/02\/01-consejo-de-administracion.png&#8221; title_text=&#8221;Consejo de administracion&#8221; align=&#8221;center&#8221; _builder_version=&#8221;4.18.0&#8243; _module_preset=&#8221;default&#8221; custom_margin=&#8221;||||false|false&#8221; global_colors_info=&#8221;{}&#8221;][\/et_pb_image][\/et_pb_column][\/et_pb_row][\/et_pb_section][et_pb_section fb_built=&#8221;1&#8243; disabled_on=&#8221;on|on|off&#8221; _builder_version=&#8221;4.18.0&#8243; _module_preset=&#8221;default&#8221; background_color=&#8221;#648185&#8243; custom_padding=&#8221;10px||20px||false|false&#8221; da_disable_devices=&#8221;off|off|off&#8221; locked=&#8221;off&#8221; collapsed=&#8221;on&#8221; global_colors_info=&#8221;{}&#8221; da_is_popup=&#8221;off&#8221; da_exit_intent=&#8221;off&#8221; da_has_close=&#8221;on&#8221; da_alt_close=&#8221;off&#8221; da_dark_close=&#8221;off&#8221; da_not_modal=&#8221;on&#8221; da_is_singular=&#8221;off&#8221; da_with_loader=&#8221;off&#8221; da_has_shadow=&#8221;on&#8221;][et_pb_row column_structure=&#8221;1_3,1_3,1_3&#8243; _builder_version=&#8221;4.18.0&#8243; _module_preset=&#8221;default&#8221; width=&#8221;100%&#8221; global_colors_info=&#8221;{}&#8221;][et_pb_column type=&#8221;1_3&#8243; _builder_version=&#8221;4.18.0&#8243; _module_preset=&#8221;default&#8221; global_colors_info=&#8221;{}&#8221;][et_pb_image src=&#8221;https:\/\/anuario.fundacionfranciscana.org\/2025\/wp-content\/uploads\/2025\/11\/bot-volver.png&#8221; title_text=&#8221;bot-volver&#8221; url=&#8221;@ET-DC@eyJkeW5hbWljIjp0cnVlLCJjb250ZW50IjoicG9zdF9saW5rX3VybF9wYWdlIiwic2V0dGluZ3MiOnsicG9zdF9pZCI6Ijg2OCJ9fQ==@&#8221; _builder_version=&#8221;4.18.0&#8243; _dynamic_attributes=&#8221;url&#8221; _module_preset=&#8221;default&#8221; max_width=&#8221;240px&#8221; custom_margin=&#8221;20px||||false|false&#8221; global_colors_info=&#8221;{}&#8221;][\/et_pb_image][\/et_pb_column][et_pb_column type=&#8221;1_3&#8243; _builder_version=&#8221;4.18.0&#8243; _module_preset=&#8221;default&#8221; global_colors_info=&#8221;{}&#8221;][et_pb_image src=&#8221;https:\/\/anuario.fundacionfranciscana.org\/2025\/wp-content\/uploads\/2025\/11\/Fundacion-Franciscana-LOGO.png&#8221; title_text=&#8221;Fundaci\u00f3n Franciscana LOGO&#8221; url=&#8221;@ET-DC@eyJkeW5hbWljIjp0cnVlLCJjb250ZW50IjoicG9zdF9saW5rX3VybF9wYWdlIiwic2V0dGluZ3MiOnsicG9zdF9pZCI6Ijg2OCJ9fQ==@&#8221; align=&#8221;center&#8221; _builder_version=&#8221;4.18.0&#8243; _dynamic_attributes=&#8221;url&#8221; _module_preset=&#8221;default&#8221; max_width=&#8221;220px&#8221; custom_margin=&#8221;0px||15px||false|false&#8221; custom_padding=&#8221;||||false|false&#8221; global_colors_info=&#8221;{}&#8221;][\/et_pb_image][et_pb_text _builder_version=&#8221;4.18.0&#8243; _module_preset=&#8221;default&#8221; header_text_color=&#8221;#FFFFFF&#8221; header_2_text_color=&#8221;#FFFFFF&#8221; header_4_text_color=&#8221;#FFFFFF&#8221; text_orientation=&#8221;center&#8221; custom_margin=&#8221;20px||10px||false|false&#8221; custom_padding=&#8221;||0px||false|false&#8221; global_colors_info=&#8221;{}&#8221;]<\/p>\n<h4>Llev\u00e1s le\u00eddo<\/h4>\n<p>[\/et_pb_text][et_pb_counters _builder_version=&#8221;4.18.0&#8243; _module_preset=&#8221;default&#8221; global_colors_info=&#8221;{}&#8221;][et_pb_counter percent=&#8221;9&#8243; bar_background_color=&#8221;#FFFFFF&#8221; _builder_version=&#8221;4.18.0&#8243; _module_preset=&#8221;default&#8221; background_color=&#8221;rgba(255,255,255,0.4)&#8221; background_enable_color=&#8221;on&#8221; border_radii=&#8221;on|20px|20px|20px|20px&#8221; global_colors_info=&#8221;{}&#8221; bar_background_color_default=&#8221;#7EBEC5&#8243; use_percentages=&#8221;on&#8221;][\/et_pb_counter][\/et_pb_counters][\/et_pb_column][et_pb_column type=&#8221;1_3&#8243; _builder_version=&#8221;4.18.0&#8243; _module_preset=&#8221;default&#8221; global_colors_info=&#8221;{}&#8221;][et_pb_image src=&#8221;https:\/\/anuario.fundacionfranciscana.org\/2025\/wp-content\/uploads\/2025\/11\/bot-siguiente.png&#8221; title_text=&#8221;bot-siguiente&#8221; url=&#8221;@ET-DC@eyJkeW5hbWljIjp0cnVlLCJjb250ZW50IjoicG9zdF9saW5rX3VybF9wYWdlIiwic2V0dGluZ3MiOnsicG9zdF9pZCI6IjkxIn19@&#8221; align=&#8221;right&#8221; _builder_version=&#8221;4.18.0&#8243; _dynamic_attributes=&#8221;url&#8221; _module_preset=&#8221;default&#8221; max_width=&#8221;240px&#8221; custom_margin=&#8221;20px||||false|false&#8221; global_colors_info=&#8221;{}&#8221;][\/et_pb_image][\/et_pb_column][\/et_pb_row][\/et_pb_section][et_pb_section fb_built=&#8221;1&#8243; disabled_on=&#8221;off|off|on&#8221; _builder_version=&#8221;4.18.0&#8243; _module_preset=&#8221;default&#8221; background_color=&#8221;#648185&#8243; custom_padding=&#8221;10px||20px||false|false&#8221; da_disable_devices=&#8221;off|off|off&#8221; locked=&#8221;off&#8221; collapsed=&#8221;on&#8221; global_colors_info=&#8221;{}&#8221; da_is_popup=&#8221;off&#8221; da_exit_intent=&#8221;off&#8221; da_has_close=&#8221;on&#8221; da_alt_close=&#8221;off&#8221; da_dark_close=&#8221;off&#8221; da_not_modal=&#8221;on&#8221; da_is_singular=&#8221;off&#8221; da_with_loader=&#8221;off&#8221; da_has_shadow=&#8221;on&#8221;][et_pb_row _builder_version=&#8221;4.18.0&#8243; _module_preset=&#8221;default&#8221; width=&#8221;100%&#8221; custom_padding=&#8221;10px||10px||false|false&#8221; global_colors_info=&#8221;{}&#8221;][et_pb_column type=&#8221;4_4&#8243; _builder_version=&#8221;4.18.0&#8243; _module_preset=&#8221;default&#8221; global_colors_info=&#8221;{}&#8221;][et_pb_image src=&#8221;https:\/\/anuario.fundacionfranciscana.org\/2025\/wp-content\/uploads\/2025\/11\/Fundacion-Franciscana-LOGO.png&#8221; title_text=&#8221;Fundaci\u00f3n Franciscana LOGO&#8221; url=&#8221;@ET-DC@eyJkeW5hbWljIjp0cnVlLCJjb250ZW50IjoicG9zdF9saW5rX3VybF9wYWdlIiwic2V0dGluZ3MiOnsicG9zdF9pZCI6Ijg2OCJ9fQ==@&#8221; align=&#8221;center&#8221; _builder_version=&#8221;4.18.0&#8243; _dynamic_attributes=&#8221;url&#8221; _module_preset=&#8221;default&#8221; max_width=&#8221;150px&#8221; max_width_tablet=&#8221;150px&#8221; max_width_phone=&#8221;150px&#8221; max_width_last_edited=&#8221;on|phone&#8221; custom_margin=&#8221;0px||10px||false|false&#8221; custom_padding=&#8221;||||false|false&#8221; global_colors_info=&#8221;{}&#8221;][\/et_pb_image][\/et_pb_column][\/et_pb_row][et_pb_row column_structure=&#8221;2_5,3_5&#8243; _builder_version=&#8221;4.18.0&#8243; _module_preset=&#8221;default&#8221; width=&#8221;100%&#8221; custom_padding=&#8221;0px|20px|0px|20px|false|false&#8221; custom_css_main_element=&#8221;display: flex;||flex-wrap: wrap;&#8221; global_colors_info=&#8221;{}&#8221;][et_pb_column type=&#8221;2_5&#8243; _builder_version=&#8221;4.18.0&#8243; _module_preset=&#8221;default&#8221; custom_css_main_element=&#8221;width: 33% !important;||margin: 0 !important;&#8221; global_colors_info=&#8221;{}&#8221;][et_pb_text _builder_version=&#8221;4.18.0&#8243; _module_preset=&#8221;default&#8221; header_text_color=&#8221;#FFFFFF&#8221; header_2_text_color=&#8221;#FFFFFF&#8221; header_4_text_color=&#8221;#FFFFFF&#8221; text_orientation=&#8221;center&#8221; custom_margin=&#8221;-2px||||false|false&#8221; custom_padding=&#8221;||||false|false&#8221; header_4_font_size_tablet=&#8221;&#8221; header_4_font_size_phone=&#8221;14px&#8221; header_4_font_size_last_edited=&#8221;on|phone&#8221; global_colors_info=&#8221;{}&#8221;]<\/p>\n<h4>Llev\u00e1s leido<\/h4>\n<p>[\/et_pb_text][\/et_pb_column][et_pb_column type=&#8221;3_5&#8243; _builder_version=&#8221;4.18.0&#8243; _module_preset=&#8221;default&#8221; custom_css_main_element=&#8221;width: 60% !important;||margin: 0 !important;&#8221; global_colors_info=&#8221;{}&#8221;][et_pb_counters _builder_version=&#8221;4.18.0&#8243; _module_preset=&#8221;default&#8221; max_width=&#8221;300px&#8221; module_alignment=&#8221;center&#8221; custom_margin=&#8221;||||false|false&#8221; global_colors_info=&#8221;{}&#8221;][et_pb_counter percent=&#8221;9&#8243; bar_background_color=&#8221;#FFFFFF&#8221; _builder_version=&#8221;4.18.0&#8243; _module_preset=&#8221;default&#8221; background_color=&#8221;rgba(255,255,255,0.4)&#8221; background_enable_color=&#8221;on&#8221; max_height=&#8221;10px&#8221; border_radii=&#8221;on|20px|20px|20px|20px&#8221; global_colors_info=&#8221;{}&#8221; bar_background_color_default=&#8221;#7EBEC5&#8243; use_percentages=&#8221;on&#8221;][\/et_pb_counter][\/et_pb_counters][\/et_pb_column][\/et_pb_row][et_pb_row column_structure=&#8221;1_2,1_2&#8243; _builder_version=&#8221;4.18.0&#8243; _module_preset=&#8221;default&#8221; width=&#8221;100%&#8221; custom_margin=&#8221;||||false|false&#8221; custom_padding=&#8221;0px|30px|10px|20px|false|false&#8221; custom_css_main_element=&#8221;display: flex;||flex-wrap: wrap;&#8221; global_colors_info=&#8221;{}&#8221;][et_pb_column type=&#8221;1_2&#8243; _builder_version=&#8221;4.18.0&#8243; _module_preset=&#8221;default&#8221; custom_css_main_element=&#8221;width: 50% !important;||margin: 0 !important;&#8221; global_colors_info=&#8221;{}&#8221;][et_pb_image src=&#8221;https:\/\/anuario.fundacionfranciscana.org\/2025\/wp-content\/uploads\/2025\/11\/bot-volver.png&#8221; title_text=&#8221;bot-volver&#8221; url=&#8221;@ET-DC@eyJkeW5hbWljIjp0cnVlLCJjb250ZW50IjoicG9zdF9saW5rX3VybF9wYWdlIiwic2V0dGluZ3MiOnsicG9zdF9pZCI6Ijg2OCJ9fQ==@&#8221; align=&#8221;center&#8221; _builder_version=&#8221;4.18.0&#8243; _dynamic_attributes=&#8221;url&#8221; _module_preset=&#8221;default&#8221; max_width=&#8221;240px&#8221; max_width_tablet=&#8221;240px&#8221; max_width_phone=&#8221;&#8221; max_width_last_edited=&#8221;on|phone&#8221; custom_margin=&#8221;||||false|false&#8221; custom_padding=&#8221;|20px||20px|false|true&#8221; global_colors_info=&#8221;{}&#8221;][\/et_pb_image][\/et_pb_column][et_pb_column type=&#8221;1_2&#8243; _builder_version=&#8221;4.18.0&#8243; _module_preset=&#8221;default&#8221; custom_css_main_element=&#8221;width: 50% !important;||margin: 0 !important;&#8221; global_colors_info=&#8221;{}&#8221;][et_pb_image src=&#8221;https:\/\/anuario.fundacionfranciscana.org\/2025\/wp-content\/uploads\/2025\/11\/bot-siguiente.png&#8221; title_text=&#8221;bot-siguiente&#8221; url=&#8221;@ET-DC@eyJkeW5hbWljIjp0cnVlLCJjb250ZW50IjoicG9zdF9saW5rX3VybF9wYWdlIiwic2V0dGluZ3MiOnsicG9zdF9pZCI6IjkxIn19@&#8221; align=&#8221;center&#8221; _builder_version=&#8221;4.18.0&#8243; _dynamic_attributes=&#8221;url&#8221; _module_preset=&#8221;default&#8221; max_width=&#8221;240px&#8221; max_width_tablet=&#8221;240px&#8221; max_width_phone=&#8221;240px&#8221; max_width_last_edited=&#8221;on|phone&#8221; custom_margin=&#8221;||||false|false&#8221; custom_padding=&#8221;|20px||20px|true|true&#8221; global_colors_info=&#8221;{}&#8221;][\/et_pb_image][\/et_pb_column][\/et_pb_row][\/et_pb_section]<\/p>\n","protected":false},"excerpt":{"rendered":"<p>Llev\u00e1s le\u00eddoLlev\u00e1s le\u00eddoQueremos agradecerles profundamente por caminar junto a nosotros un a\u00f1o m\u00e1s.El 2025 nos invit\u00f3 a seguir andando juntos\/as, a asumir el gran desaf\u00edo de sostener nuestros pasos con firmeza y con la certeza de que la comunidad es nuestra respuesta. A\u00f1o a a\u00f1o seguimos fortaleci\u00e9ndonos y creciendo como familia, presentes en Lomas de [&hellip;]<\/p>\n","protected":false},"author":1,"featured_media":0,"parent":0,"menu_order":0,"comment_status":"closed","ping_status":"closed","template":"","meta":{"_et_pb_use_builder":"on","_et_pb_old_content":"","_et_gb_content_width":"","iawp_total_views":70,"footnotes":""},"class_list":["post-6","page","type-page","status-publish","hentry"],"_links":{"self":[{"href":"https:\/\/anuario.fundacionfranciscana.org\/2025\/wp-json\/wp\/v2\/pages\/6","targetHints":{"allow":["GET"]}}],"collection":[{"href":"https:\/\/anuario.fundacionfranciscana.org\/2025\/wp-json\/wp\/v2\/pages"}],"about":[{"href":"https:\/\/anuario.fundacionfranciscana.org\/2025\/wp-json\/wp\/v2\/types\/page"}],"author":[{"embeddable":true,"href":"https:\/\/anuario.fundacionfranciscana.org\/2025\/wp-json\/wp\/v2\/users\/1"}],"replies":[{"embeddable":true,"href":"https:\/\/anuario.fundacionfranciscana.org\/2025\/wp-json\/wp\/v2\/comments?post=6"}],"version-history":[{"count":51,"href":"https:\/\/anuario.fundacionfranciscana.org\/2025\/wp-json\/wp\/v2\/pages\/6\/revisions"}],"predecessor-version":[{"id":1135,"href":"https:\/\/anuario.fundacionfranciscana.org\/2025\/wp-json\/wp\/v2\/pages\/6\/revisions\/1135"}],"wp:attachment":[{"href":"https:\/\/anuario.fundacionfranciscana.org\/2025\/wp-json\/wp\/v2\/media?parent=6"}],"curies":[{"name":"wp","href":"https:\/\/api.w.org\/{rel}","templated":true}]}}